{"id":22,"date":"2018-03-28T15:36:22","date_gmt":"2018-03-28T18:36:22","guid":{"rendered":"http:\/\/institucional.ufrrj.br\/sisgen\/?page_id=22"},"modified":"2021-04-20T19:32:32","modified_gmt":"2021-04-20T22:32:32","slug":"publicacoes","status":"publish","type":"page","link":"https:\/\/institucional.ufrrj.br\/sisgen\/publicacoes\/","title":{"rendered":"Publica\u00e7\u00f5es"},"content":{"rendered":"<h4><\/h4>\n<p>&nbsp;<\/p>\n<div id=\"ed88d927-f012-4a9b-9442-9156718744d9\" class=\"tile verde-escuro\">\n<h4 class=\"outstanding-header tile-content\"><strong>Em linguagem simples e acess\u00edvel, o <span style=\"color: #0000ff\">Manual da Lei da Biodiversidade<\/span>, que acaba de ser lan\u00e7ado pelo Instituto Escolhas, apresenta a Lei n\u00ba 13.123\/2015 (\u201cLei da Biodiversidade\u201d) e os instrumentos jur\u00eddicos editados para implement\u00e1-la.\u00a0<\/strong><\/h4>\n<div><\/div>\n<div class=\"outstanding-header tile-content\">Para fazer o download do documento, <span style=\"color: #0000ff\"><a style=\"color: #0000ff\" href=\"https:\/\/institucional.ufrrj.br\/sisgen\/files\/2021\/04\/Manual-LeiDaBiodiversidade.pdf\">clique aqui<\/a><strong>.<\/strong><\/span><\/div>\n<\/div>\n<p>&nbsp;<\/p>\n<p>&nbsp;<\/p>\n<p>&nbsp;<\/p>\n<div id=\"ed88d927-f012-4a9b-9442-9156718744d9\" class=\"tile verde-escuro\">\n<div class=\"outstanding-header tile-content\">\n<h4><strong>MAPA disponibiliza lista de Esp\u00e9cies Introduzidas no link:\u00a0 <a href=\"https:\/\/www.gov.br\/agricultura\/pt-br\/assuntos\/sustentabilidade\/recursos-geneticos-1\/especies-introduzidas\">https:\/\/www.gov.br\/agricultura\/pt-br\/assuntos\/sustentabilidade\/recursos-geneticos-1\/especies-introduzidas<\/a><\/strong><\/h4>\n<p>O escopo da nova legisla\u00e7\u00e3o aplica-se basicamente \u00e0s esp\u00e9cies nativas do Brasil. Contudo, a classifica\u00e7\u00e3o de uma esp\u00e9cie vegetal ou animal como ex\u00f3tica ou nativa n\u00e3o \u00e9 uma tarefa simples. Nesse sentido, visando uma aplica\u00e7\u00e3o uniforme e dirimir as poss\u00edveis d\u00favidas, o artigo 113 do Decreto n\u00ba 8.772, de 2016, que regulamenta a\u00a0<a href=\"http:\/\/www.planalto.gov.br\/ccivil_03\/_ato2015-2018\/2015\/lei\/l13123.htm\">Lei n\u00ba 13.123, de 2015<\/a>, determinou a elabora\u00e7\u00e3o de uma lista de esp\u00e9cies introduzidas no territ\u00f3rio nacional (ex\u00f3ticas).<\/p>\n<p>A pretens\u00e3o na elabora\u00e7\u00e3o dessa lista de esp\u00e9cies de plantas e animais \u00e9 assegurar aos usu\u00e1rios regras claras sobre para quais esp\u00e9cies N\u00c3O se aplicam as regras da Lei da Biodiversidade e, portanto, as pesquisas com essas esp\u00e9cies n\u00e3o devem ser cadastradas no SisGen.<\/p>\n<p>A lista de esp\u00e9cies vegetais introduzidas foi publicada pela\u00a0<a href=\"resolveuid\/bbf84f541cdd49ef9e7430de2e723cd7\">Instru\u00e7\u00e3o Normativa n\u00ba 23, de 14 de junho de 2017<\/a>\u00a0e atualizada e ampliada pela\u00a0<a href=\"resolveuid\/ba8d1e0d39d54b1b8fb272b2f261f289\">Instru\u00e7\u00e3o Normativa n\u00ba 3, de 20 de mar\u00e7o de 2019<\/a>.<\/p>\n<p>A lista de esp\u00e9cies animais dom\u00e9sticas publicada pela\u00a0<a href=\"resolveuid\/6511653913954b6686a43160be154ef5\">Instru\u00e7\u00e3o Normativa n\u00ba 19, de 16 de abril de 2018<\/a>,\u00a0foi\u00a0atualizada e ampliada com a inclus\u00e3o de esp\u00e9cies animais aqu\u00e1ticas e animais pragas de vegetais pela\u00a0<a href=\"resolveuid\/0b712b8e4a9345bea416d03ad47e0511\">Instru\u00e7\u00e3o\u00a0Normativa n\u00ba 16, de 4 de junho de 2019<\/a>.<\/p>\n<\/div>\n<\/div>\n<p>&nbsp;<\/p>\n<p>&nbsp;<\/p>\n<p>&nbsp;<\/p>\n<h5><strong>Mais uma vez agradecemos a participa\u00e7\u00e3o do Pesquisador Doutor Jerri Zilli (EMBRAPA Agrobiologia) que apresentou uma brilhante palestra intitulada &#8220;Os desafios frente ao acesso aos Recursos Gen\u00e9ticos&#8221;\u00a0no III Workshop sobre Acesso ao Patrim\u00f4nio Gen\u00e9tico e Conhecimento Tradicional Associado da UFRRJ que ocorreu em nossa Institui\u00e7\u00e3o no dia 11 de novembro de 2019.<\/strong><\/h5>\n<p>Os slides da palestra est\u00e3o dispon\u00edveis em nosso site neste link:\u00a0<a href=\"https:\/\/institucional.ufrrj.br\/sisgen\/files\/2019\/12\/Desafio-de-acesso-a-recursos-gen\u00e9ticos-01-11-JZilli-palestra-Rural-11-11.pdf\">&#8220;Os desafios frente ao acesso aos Recursos Gen\u00e9ticos&#8221;\u00a0<\/a><\/p>\n<h5><\/h5>\n<p>&nbsp;<\/p>\n<h5>A C\u00e2mara setorial da Academia do CGEN publicou uma rela\u00e7\u00e3o de perguntas frequentemente feitas pelos pesquisadores (estrangeiros ou brasileiros) sobre cole\u00e7\u00f5es biol\u00f3gicas. O arquivo pode ser acessado no link:\u00a0<a href=\"http:\/\/www.mma.gov.br\/images\/arquivo\/80043\/camara-setorial-academia\/links_e_documentos\/CSA_FAQ_collections_2019.pdf\" target=\"_blank\" rel=\"nofollow noopener noreferrer\">\u201cFrequent Asked Questions\u201d<\/a><\/h5>\n<p>&nbsp;<\/p>\n<h5><strong>Artigo<a href=\"https:\/\/institucional.ufrrj.br\/sisgen\/files\/2019\/03\/Hugo-Santos-et-al.-2018.pdf\"> &#8220;Os impactos da legisla\u00e7\u00e3o ambiental brasileira sobre as cole\u00e7\u00f5es biol\u00f3gicas&#8221;<\/a>, publicado na Revista\u00a0Diversidade e Gest\u00e3o em 2018<\/strong> aborda os impactos centrais destas legisla\u00e7\u00f5es nas atividades de curadoria de cole\u00e7\u00f5es biol\u00f3gicas destacando as principais dificuldades na interpreta\u00e7\u00e3o e cumprimento destas diretrizes.<\/h5>\n<p>&nbsp;<\/p>\n<h5><strong><a href=\"https:\/\/portal.fiocruz.br\/sites\/portal.fiocruz.br\/files\/documentos\/cartilha_para_a_academia_lei_13123_maio_2018.pdf\">Cartilha para a Academia<\/a> &#8211; Legisla\u00e7\u00e3o de acesso ao patrim\u00f4nio gen\u00e9tico e\u00a0conhecimento tradicional associado e reparti\u00e7\u00e3o de\u00a0benef\u00edcios<\/strong><\/h5>\n<p>&nbsp;<\/p>\n<h5><strong>Publica\u00e7\u00e3o sobre\u00a0 a nova Legisla\u00e7\u00e3o Brasileira para acesso a biodiversidade na: <a href=\"https:\/\/institucional.ufrrj.br\/sisgen\/files\/2018\/06\/Access-to-Brazilian-Biodiversity_New-Legislation.pdf\">Brazilian Journal of Microbiology. 2018. 49:1-4<\/a><\/strong><\/h5>\n<h5><\/h5>\n<p>&nbsp;<\/p>\n<h5><strong>Pesquisadores brasileiros publicam carta sobre a nova Lei da Biodiversidade Brasileira <\/strong>na Revista Science:\u00a0\u00a0<a href=\"https:\/\/institucional.ufrrj.br\/sisgen\/files\/2018\/06\/10.1126@science.aat7540.pdf\"><strong>Brazil\u2019s government attacks biodiversity.\u00a0<\/strong><\/a><\/h5>\n<h5><\/h5>\n<h5><\/h5>\n<h5><\/h5>\n<p>&nbsp;<\/p>\n<h5><strong>Cartilha sobre o Sistema de Cadastro do Acesso ao Patrim\u00f4nio Gen\u00e9tico e ao Conhecimento Tradicional Associado<\/strong><\/h5>\n<p>A comiss\u00e3o que coordena as a\u00e7\u00f5es internas da UFRRJ sobre o acesso ao Patrim\u00f4nio Gen\u00e9tico (PG) e ao Conhecimento Tradicional Associado (CTA)\u00a0elaborou uma <a href=\"https:\/\/institucional.ufrrj.br\/sisgen\/files\/2018\/05\/Cartilha-sobre-o-SisGen-1.pdf\">CARTILHA <\/a>para que\u00a0informa\u00e7\u00f5es importantes sobre o cadastro de pesquisadores e de seus acessos ao patrim\u00f4nio gen\u00e9tico e ao conhecimento tradicional associado estejam mais acess\u00edveis \u00e0 Comunidade Acad\u00eamica da\u00a0 UFRRJ.<\/p>\n<h5><\/h5>\n<h5><\/h5>\n<h5><\/h5>\n<h5><\/h5>\n<h5><\/h5>\n<h5><\/h5>\n<h5><\/h5>\n<h5><\/h5>\n<h5><\/h5>\n<h5><\/h5>\n<h5><\/h5>\n<h5><\/h5>\n<h5><\/h5>\n<h5><\/h5>\n<h5><\/h5>\n<h5><\/h5>\n<h5><\/h5>\n<h5><\/h5>\n<h5><\/h5>\n<h5><\/h5>\n<h5><\/h5>\n<h5><\/h5>\n<h5><\/h5>\n<h5><\/h5>\n<h5><\/h5>\n<h5><\/h5>\n<p>&nbsp;<\/p>\n<p>&nbsp;<\/p>\n","protected":false},"excerpt":{"rendered":"<p>&nbsp; Em linguagem simples e acess\u00edvel, o Manual da Lei da Biodiversidade, que acaba de ser lan\u00e7ado pelo Instituto Escolhas, <a class=\"read-more leiamais\" href=\"https:\/\/institucional.ufrrj.br\/sisgen\/publicacoes\/ \">&#8230; leia mais<\/a><\/p>\n","protected":false},"author":634,"featured_media":0,"parent":0,"menu_order":0,"comment_status":"closed","ping_status":"closed","template":"","meta":{"_acf_changed":false,"footnotes":""},"class_list":["post-22","page","type-page","status-publish","hentry"],"yoast_head":"<!-- This site is optimized with the Yoast SEO plugin v27.2 - https:\/\/yoast.com\/product\/yoast-seo-wordpress\/ -->\n<title>Publica\u00e7\u00f5es - Site da Comiss\u00e3o de Patrim\u00f4nio Gen\u00e9tico e do Conhecimento Tradicional Associado<\/title>\n<meta name=\"robots\" content=\"index, follow, max-snippet:-1, max-image-preview:large, max-video-preview:-1\" \/>\n<link rel=\"canonical\" href=\"https:\/\/institucional.ufrrj.br\/sisgen\/publicacoes\/\" \/>\n<meta property=\"og:locale\" content=\"pt_BR\" \/>\n<meta property=\"og:type\" content=\"article\" \/>\n<meta property=\"og:title\" content=\"Publica\u00e7\u00f5es - Site da Comiss\u00e3o de Patrim\u00f4nio Gen\u00e9tico e do Conhecimento Tradicional Associado\" \/>\n<meta property=\"og:description\" content=\"&nbsp; Em linguagem simples e acess\u00edvel, o Manual da Lei da Biodiversidade, que acaba de ser lan\u00e7ado pelo Instituto Escolhas, ... leia mais\" \/>\n<meta property=\"og:url\" content=\"https:\/\/institucional.ufrrj.br\/sisgen\/publicacoes\/\" \/>\n<meta property=\"og:site_name\" content=\"Site da Comiss\u00e3o de Patrim\u00f4nio Gen\u00e9tico e do Conhecimento Tradicional Associado\" \/>\n<meta property=\"article:modified_time\" content=\"2021-04-20T22:32:32+00:00\" \/>\n<meta name=\"twitter:card\" content=\"summary_large_image\" \/>\n<meta name=\"twitter:label1\" content=\"Est. tempo de leitura\" \/>\n\t<meta name=\"twitter:data1\" content=\"3 minutos\" \/>\n<script type=\"application\/ld+json\" class=\"yoast-schema-graph\">{\"@context\":\"https:\/\/schema.org\",\"@graph\":[{\"@type\":\"WebPage\",\"@id\":\"https:\/\/institucional.ufrrj.br\/sisgen\/publicacoes\/\",\"url\":\"https:\/\/institucional.ufrrj.br\/sisgen\/publicacoes\/\",\"name\":\"Publica\u00e7\u00f5es - Site da Comiss\u00e3o de Patrim\u00f4nio Gen\u00e9tico e do Conhecimento Tradicional Associado\",\"isPartOf\":{\"@id\":\"https:\/\/institucional.ufrrj.br\/sisgen\/#website\"},\"datePublished\":\"2018-03-28T18:36:22+00:00\",\"dateModified\":\"2021-04-20T22:32:32+00:00\",\"breadcrumb\":{\"@id\":\"https:\/\/institucional.ufrrj.br\/sisgen\/publicacoes\/#breadcrumb\"},\"inLanguage\":\"pt-BR\",\"potentialAction\":[{\"@type\":\"ReadAction\",\"target\":[\"https:\/\/institucional.ufrrj.br\/sisgen\/publicacoes\/\"]}]},{\"@type\":\"BreadcrumbList\",\"@id\":\"https:\/\/institucional.ufrrj.br\/sisgen\/publicacoes\/#breadcrumb\",\"itemListElement\":[{\"@type\":\"ListItem\",\"position\":1,\"name\":\"In\u00edcio\",\"item\":\"https:\/\/institucional.ufrrj.br\/sisgen\/\"},{\"@type\":\"ListItem\",\"position\":2,\"name\":\"Publica\u00e7\u00f5es\"}]},{\"@type\":\"WebSite\",\"@id\":\"https:\/\/institucional.ufrrj.br\/sisgen\/#website\",\"url\":\"https:\/\/institucional.ufrrj.br\/sisgen\/\",\"name\":\"Site da Comiss\u00e3o de Patrim\u00f4nio Gen\u00e9tico e do Conhecimento Tradicional Associado\",\"description\":\"S\u00f3 mais um site institucional.ufrrj.br\",\"potentialAction\":[{\"@type\":\"SearchAction\",\"target\":{\"@type\":\"EntryPoint\",\"urlTemplate\":\"https:\/\/institucional.ufrrj.br\/sisgen\/?s={search_term_string}\"},\"query-input\":{\"@type\":\"PropertyValueSpecification\",\"valueRequired\":true,\"valueName\":\"search_term_string\"}}],\"inLanguage\":\"pt-BR\"}]}<\/script>\n<!-- \/ Yoast SEO plugin. -->","yoast_head_json":{"title":"Publica\u00e7\u00f5es - Site da Comiss\u00e3o de Patrim\u00f4nio Gen\u00e9tico e do Conhecimento Tradicional Associado","robots":{"index":"index","follow":"follow","max-snippet":"max-snippet:-1","max-image-preview":"max-image-preview:large","max-video-preview":"max-video-preview:-1"},"canonical":"https:\/\/institucional.ufrrj.br\/sisgen\/publicacoes\/","og_locale":"pt_BR","og_type":"article","og_title":"Publica\u00e7\u00f5es - Site da Comiss\u00e3o de Patrim\u00f4nio Gen\u00e9tico e do Conhecimento Tradicional Associado","og_description":"&nbsp; Em linguagem simples e acess\u00edvel, o Manual da Lei da Biodiversidade, que acaba de ser lan\u00e7ado pelo Instituto Escolhas, ... leia mais","og_url":"https:\/\/institucional.ufrrj.br\/sisgen\/publicacoes\/","og_site_name":"Site da Comiss\u00e3o de Patrim\u00f4nio Gen\u00e9tico e do Conhecimento Tradicional Associado","article_modified_time":"2021-04-20T22:32:32+00:00","twitter_card":"summary_large_image","twitter_misc":{"Est. tempo de leitura":"3 minutos"},"schema":{"@context":"https:\/\/schema.org","@graph":[{"@type":"WebPage","@id":"https:\/\/institucional.ufrrj.br\/sisgen\/publicacoes\/","url":"https:\/\/institucional.ufrrj.br\/sisgen\/publicacoes\/","name":"Publica\u00e7\u00f5es - Site da Comiss\u00e3o de Patrim\u00f4nio Gen\u00e9tico e do Conhecimento Tradicional Associado","isPartOf":{"@id":"https:\/\/institucional.ufrrj.br\/sisgen\/#website"},"datePublished":"2018-03-28T18:36:22+00:00","dateModified":"2021-04-20T22:32:32+00:00","breadcrumb":{"@id":"https:\/\/institucional.ufrrj.br\/sisgen\/publicacoes\/#breadcrumb"},"inLanguage":"pt-BR","potentialAction":[{"@type":"ReadAction","target":["https:\/\/institucional.ufrrj.br\/sisgen\/publicacoes\/"]}]},{"@type":"BreadcrumbList","@id":"https:\/\/institucional.ufrrj.br\/sisgen\/publicacoes\/#breadcrumb","itemListElement":[{"@type":"ListItem","position":1,"name":"In\u00edcio","item":"https:\/\/institucional.ufrrj.br\/sisgen\/"},{"@type":"ListItem","position":2,"name":"Publica\u00e7\u00f5es"}]},{"@type":"WebSite","@id":"https:\/\/institucional.ufrrj.br\/sisgen\/#website","url":"https:\/\/institucional.ufrrj.br\/sisgen\/","name":"Site da Comiss\u00e3o de Patrim\u00f4nio Gen\u00e9tico e do Conhecimento Tradicional Associado","description":"S\u00f3 mais um site institucional.ufrrj.br","potentialAction":[{"@type":"SearchAction","target":{"@type":"EntryPoint","urlTemplate":"https:\/\/institucional.ufrrj.br\/sisgen\/?s={search_term_string}"},"query-input":{"@type":"PropertyValueSpecification","valueRequired":true,"valueName":"search_term_string"}}],"inLanguage":"pt-BR"}]}},"acf":[],"_links":{"self":[{"href":"https:\/\/institucional.ufrrj.br\/sisgen\/wp-json\/wp\/v2\/pages\/22","targetHints":{"allow":["GET"]}}],"collection":[{"href":"https:\/\/institucional.ufrrj.br\/sisgen\/wp-json\/wp\/v2\/pages"}],"about":[{"href":"https:\/\/institucional.ufrrj.br\/sisgen\/wp-json\/wp\/v2\/types\/page"}],"author":[{"embeddable":true,"href":"https:\/\/institucional.ufrrj.br\/sisgen\/wp-json\/wp\/v2\/users\/634"}],"replies":[{"embeddable":true,"href":"https:\/\/institucional.ufrrj.br\/sisgen\/wp-json\/wp\/v2\/comments?post=22"}],"version-history":[{"count":37,"href":"https:\/\/institucional.ufrrj.br\/sisgen\/wp-json\/wp\/v2\/pages\/22\/revisions"}],"predecessor-version":[{"id":463,"href":"https:\/\/institucional.ufrrj.br\/sisgen\/wp-json\/wp\/v2\/pages\/22\/revisions\/463"}],"wp:attachment":[{"href":"https:\/\/institucional.ufrrj.br\/sisgen\/wp-json\/wp\/v2\/media?parent=22"}],"curies":[{"name":"wp","href":"https:\/\/api.w.org\/{rel}","templated":true}]}}