{"id":20,"date":"2018-03-28T15:36:15","date_gmt":"2018-03-28T18:36:15","guid":{"rendered":"http:\/\/institucional.ufrrj.br\/sisgen\/?page_id=20"},"modified":"2024-11-08T16:01:53","modified_gmt":"2024-11-08T19:01:53","slug":"legislacao","status":"publish","type":"page","link":"https:\/\/institucional.ufrrj.br\/sisgen\/legislacao\/","title":{"rendered":"Legisla\u00e7\u00e3o"},"content":{"rendered":"<p align=\"justify\"><span style=\"color: #333333\"><span style=\"font-family: Times New Roman, serif\"><span style=\"font-size: large\"><b>LEGISLA\u00c7\u00c3O NACIONAL<\/b><\/span><\/span><\/span><\/p>\n<p align=\"justify\"><span style=\"color: #333333\"><span style=\"font-family: Times New Roman, serif\"><span style=\"font-size: medium\"><u><b>A LEI DA BIODIVERSIDADE<\/b><\/u><\/span><\/span><\/span><\/p>\n<p align=\"justify\"><span style=\"color: #3366ff\"><a style=\"color: #3366ff\" href=\"http:\/\/www.planalto.gov.br\/ccivil_03\/_Ato2015-2018\/2015\/Lei\/L13123.htm\"><span style=\"font-family: Times New Roman, serif\"><span style=\"font-size: medium\">Lei n\u00ba 13.123, de 20 de maio de 2015<\/span><\/span><\/a><\/span><\/p>\n<p align=\"justify\"><a href=\"https:\/\/institucional.ufrrj.br\/sisgen\/files\/2024\/10\/Arquivo-02.pdf\" target=\"_blank\" rel=\"noopener\"><span style=\"color: #0070c0\"><span style=\"font-family: Times New Roman, serif\"><span style=\"font-size: medium\"><span lang=\"en-US\">Law No. 13,123, dated May 20, 2015<\/span><\/span><\/span><\/span><\/a><\/p>\n<p align=\"justify\"><span style=\"color: #333333\"><span style=\"font-family: Times New Roman, serif\"><span style=\"font-size: medium\">Disp\u00f5e sobre o acesso ao patrim\u00f4nio gen\u00e9tico, sobre a prote\u00e7\u00e3o e o acesso ao <\/span><\/span><\/span><span style=\"font-family: Times New Roman, serif\"><span style=\"font-size: medium\">conhecimento tradicional associado e sobre a reparti\u00e7\u00e3o de benef\u00edcios para conserva\u00e7\u00e3o e uso sustent\u00e1vel da biodiversidade. A Lei da Biodiversidade revoga a <\/span><\/span><a href=\"https:\/\/institucional.ufrrj.br\/sisgen\/files\/2024\/10\/Arquivo-08.pdf\" target=\"_blank\" rel=\"noopener\"><span style=\"color: #0070c0\"><span style=\"font-family: Times New Roman, serif\"><span style=\"font-size: medium\">Medida Provis\u00f3ria n\u00ba 2.186-16, de 23 de agosto de 2001<\/span><\/span><\/span><\/a><span style=\"font-family: Times New Roman, serif\"><span style=\"font-size: medium\">, e d\u00e1 outras provid\u00eancias.<\/span><\/span><\/p>\n<hr \/>\n<p align=\"justify\"><span style=\"color: #333333\"><span style=\"font-family: Times New Roman, serif\"><span style=\"font-size: medium\"><u><b>DECRETOS QUE REGULAMENTAM A LEI DA BIODIVERSIDADE<\/b><\/u><\/span><\/span><\/span><\/p>\n<p align=\"justify\"><a href=\"https:\/\/institucional.ufrrj.br\/sisgen\/files\/2024\/10\/Arquivo-06.pdf\" target=\"_blank\" rel=\"noopener\"><span style=\"font-size: medium\"><span style=\"color: #0000ff\"><span style=\"color: #0070c0\"><span style=\"font-family: Times New Roman, serif\">Decreto n\u00ba 10.844, de 25 de outubro de 2021<\/span><\/span><\/span><\/span><\/a><\/p>\n<p align=\"justify\"><span style=\"font-family: Times New Roman, serif\"><span style=\"font-size: medium\"><span style=\"color: #000000\">Altera o <\/span><a href=\"https:\/\/www.planalto.gov.br\/ccivil_03\/_Ato2015-2018\/2016\/Decreto\/D8772.htm\"><span style=\"color: #0070c0\">Decreto n\u00ba 8.772, de 11\/05\/2016<\/span><\/a><span style=\"color: #000000\"> (ver abaixo) que disp\u00f5e sobre o acesso ao patrim\u00f4nio gen\u00e9tico, sobre a prote\u00e7\u00e3o e o acesso ao conhecimento tradicional associado e sobre a reparti\u00e7\u00e3o de benef\u00edcios para conserva\u00e7\u00e3o e uso sustent\u00e1vel da biodiversidade. O novo decreto prev\u00ea a cria\u00e7\u00e3o de um cadastro espec\u00edfico para as atividades de pesquisa sem explora\u00e7\u00e3o econ\u00f4mica. At\u00e9 o momento, o m\u00f3dulo de pesquisa do CNPq ainda n\u00e3o est\u00e1 dispon\u00edvel.<\/span><\/span><\/span><\/p>\n<p align=\"justify\"><a href=\"https:\/\/institucional.ufrrj.br\/sisgen\/files\/2024\/10\/Arquivo-07.pdf\" target=\"_blank\" rel=\"noopener\"><span style=\"font-size: medium\"><span style=\"color: #0000ff\"><span style=\"color: #0070c0\"><span style=\"font-family: Times New Roman, serif\">Decreto n\u00ba 8.772, de 11 de maio de 2016<\/span><\/span><\/span><\/span><\/a><\/p>\n<p align=\"justify\"><span style=\"color: #333333\"><span style=\"font-family: Times New Roman, serif\"><span style=\"font-size: medium\">Regulamenta a Lei n\u00ba 13.123, de 20 de maio de 2015, que disp\u00f5e sobre o acesso ao patrim\u00f4nio gen\u00e9tico, sobre a prote\u00e7\u00e3o e o acesso ao conhecimento tradicional associado e sobre a reparti\u00e7\u00e3o de benef\u00edcios para conserva\u00e7\u00e3o e uso sustent\u00e1vel da biodiversidade.<\/span><\/span><\/span><\/p>\n<hr \/>\n<p align=\"justify\"><span style=\"color: #333333\"><span style=\"font-family: Times New Roman, serif\"><span style=\"font-size: medium\"><u><b>ESP\u00c9CIES VEGETAIS E ANIMAIS N\u00c3O IDENTIFICADAS COMO PATRIM\u00d4NIO GEN\u00c9TICO<\/b><\/u><\/span><\/span><\/span><\/p>\n<p align=\"justify\"><span style=\"color: #333333\"><span style=\"font-family: Times New Roman, serif\"><span style=\"font-size: medium\">As Instru\u00e7\u00f5es Normativas abaixo listadas apresentam as esp\u00e9cies vegetais e animais que n\u00e3o s\u00e3o identificadas como Patrim\u00f4nio Gen\u00e9tico brasileiro pelo Minist\u00e9rio da Agricultura, Pecu\u00e1ria e Abastacimento (MAPA).<\/span><\/span><\/span><\/p>\n<p align=\"justify\"><a href=\"https:\/\/institucional.ufrrj.br\/sisgen\/files\/2018\/10\/INSTRU%C3%87%C3%83O-NORMATIVA-N%C2%B0-23-DE-14-DE-JUNHO-DE-2017.pdf\"><span style=\"color: #0498c8\"><span style=\"font-family: Times New Roman, serif\"><span style=\"font-size: medium\"><b>Instru\u00e7\u00e3o normativa n\u00b0 23, de 14 de junho de 2017<\/b><\/span><\/span><\/span><\/a><b> <\/b><\/p>\n<p align=\"justify\"><span style=\"color: #333333\"><span style=\"font-family: Times New Roman, serif\"><span style=\"font-size: medium\">Torna p\u00fablica a lista de refer\u00eancia de esp\u00e9cies vegetais domesticadas ou cultivadas que\u00a0foram introduzidas no territ\u00f3rio nacional. As esp\u00e9cies listadas no ANEXO I desta Instru\u00e7\u00e3o Normativa n\u00e3o s\u00e3o consideradas n\u00e3o s\u00e3o consideradas patrim\u00f4nio gen\u00e9tico encontrado em condi\u00e7\u00f5es <\/span><\/span><\/span><span style=\"color: #333333\"><span style=\"font-family: Times New Roman, serif\"><span style=\"font-size: medium\"><i>in situ<\/i><\/span><\/span><\/span><span style=\"color: #333333\"><span style=\"font-family: Times New Roman, serif\"><span style=\"font-size: medium\"> no territ\u00f3rio nacional. J\u00e1 a esp\u00e9cie listada no ANEXO II desta mesma Instru\u00e7\u00e3o Normativa \u00e9 considerada Patrim\u00f4nio Gen\u00e9tico brasileiro.<\/span><\/span><\/span><\/p>\n<p align=\"justify\"><a href=\"https:\/\/institucional.ufrrj.br\/sisgen\/files\/2024\/10\/Arquivo-04.pdf\"><span style=\"font-family: Times New Roman, serif\"><span style=\"font-size: medium\"><b><span style=\"color: #00b0f0\">Instru\u00e7\u00e3o normativa n\u00ba 19, de 16 de abril de 2018<\/span><\/b><\/span><\/span><\/a><\/p>\n<p align=\"justify\"><span style=\"font-family: Times New Roman, serif\"><span style=\"font-size: medium\"><span style=\"color: #333333\">Torna p\u00fablica a lista de refer\u00eancia de esp\u00e9cies animais que foram introduzidas no territ\u00f3rio nacional, na forma do Anexo desta Instru\u00e7\u00e3o Normativa. As esp\u00e9cies listadas nesta Instru\u00e7\u00e3o Normativa n\u00e3o s\u00e3o consideradas n\u00e3o s\u00e3o consideradas patrim\u00f4nio gen\u00e9tico encontrado em condi\u00e7\u00f5es <\/span><span style=\"color: #333333\"><i>in situ<\/i><\/span><span style=\"color: #333333\"> no territ\u00f3rio nacional.<\/span><\/span><\/span><\/p>\n<p align=\"justify\"><a href=\"https:\/\/institucional.ufrrj.br\/sisgen\/files\/2024\/10\/Arquivo-05.pdf\" target=\"_blank\" rel=\"noopener\"><span style=\"font-family: Times New Roman, serif\"><span style=\"font-size: medium\"><b><span style=\"color: #00b0f0\">Instru\u00e7\u00e3o normativa n\u00ba 50, de 12 de setembro de 2018<\/span><\/b><\/span><\/span><\/a><\/p>\n<p align=\"justify\"><span style=\"font-family: Times New Roman, serif\"><span style=\"font-size: medium\">Altera o Anexo da Instru\u00e7\u00e3o Normativa n\u00ba 19, de 16 de abril de 2018 (Instru\u00e7\u00e3o Normativa citada logo acima).<\/span><\/span><\/p>\n<hr \/>\n<p align=\"justify\"><span style=\"font-family: Times New Roman, serif\"><span style=\"font-size: medium\"><u><b>INFRA\u00c7\u00d5ES E SAN\u00c7\u00d5ES ADMINISTRATIVAS AO MEIO AMBIENTE<\/b><\/u><\/span><\/span><\/p>\n<p align=\"justify\"><span style=\"color: #3366ff\"><a style=\"color: #3366ff\" href=\"http:\/\/www.planalto.gov.br\/ccivil_03\/_Ato2007-2010\/2008\/Decreto\/D6514.htm\" target=\"_blank\" rel=\"noopener\"><span style=\"font-family: Times New Roman, serif\"><span style=\"font-size: medium\"><b>Decreto n\u00ba 6.514, de 22 de julho de 2008<\/b><\/span><\/span><\/a><\/span><\/p>\n<p align=\"justify\"><span style=\"color: #000000\"><span style=\"font-family: Times New Roman, serif\"><span style=\"font-size: medium\">Disp\u00f5e sobre as infra\u00e7\u00f5es e san\u00e7\u00f5es administrativas ao meio ambiente, estabelece o processo administrativo federal para apura\u00e7\u00e3o destas infra\u00e7\u00f5es, e d\u00e1 outras provid\u00eancias.<\/span><\/span><\/span><\/p>\n<hr \/>\n<p align=\"justify\"><span style=\"color: #333333\"><span style=\"font-family: Times New Roman, serif\"><span style=\"font-size: medium\"><b>LEGISLA\u00c7\u00c3O CGEN (CONSELHO DE GEST\u00c3O DO PATRIM\u00d4NIO GEN\u00c9TICO)<\/b><\/span><\/span><\/span><\/p>\n<p align=\"justify\"><a href=\"https:\/\/app.powerbi.com\/view?r=eyJrIjoiOWJlYjU0OWQtMTEwZC00NTEwLWI4NGYtYWY4MzJmMzM0NTQ1IiwidCI6IjM5NTdhMzY3LTZkMzgtNGMxZi1hNGJhLTMzZThmM2M1NTBlNyJ9\" target=\"_blank\" rel=\"noopener\"><span style=\"color: #0070c0\"><span style=\"font-family: Times New Roman, serif\"><span style=\"font-size: medium\">Link para consulta a Legisla\u00e7\u00e3o<\/span><\/span><\/span><\/a><\/p>\n<hr \/>\n<p><strong>LEGISLA\u00c7\u00c3O NACIONAL ORGANIZADA POR DATA &#8211; HIST\u00d3RICO<\/strong><\/p>\n<p align=\"justify\"><span style=\"color: #ff6600\"><strong><a style=\"color: #ff6600\" href=\"https:\/\/institucional.ufrrj.br\/sisgen\/files\/2024\/10\/Arquivo-12.pdf\" target=\"_blank\" rel=\"noopener\"><span style=\"font-size: medium\"><span style=\"font-family: Times New Roman, serif\">Decreto n\u00ba 12.044, de 5 de junho de 2024<\/span><\/span><\/a><\/strong><\/span><\/p>\n<p align=\"justify\">Fica institu\u00edda a Estrat\u00e9gia Nacional de Bioeconomia, com a finalidade de coordenar e implementar as pol\u00edticas p\u00fablicas destinadas ao desenvolvimento da bioeconomia, em articula\u00e7\u00e3o com a sociedade civil e o setor privado.<\/p>\n<p align=\"justify\"><strong><span style=\"color: #ff6600\"><a style=\"color: #ff6600\" href=\"https:\/\/institucional.ufrrj.br\/sisgen\/files\/2024\/10\/Arquivo-13.pdf\" target=\"_blank\" rel=\"noopener\"><span style=\"font-size: medium\"><span style=\"font-family: Times New Roman, serif\">Delibera\u00e7\u00e3o CGEN n\u00ba 66, de 24 de agosto de 2022<\/span><\/span><\/a><\/span><\/strong><\/p>\n<p align=\"justify\">Disp\u00f5e sobre o credenciamento do Conselho Nacional de Desenvolvimento Cient\u00edfico e Tecnol\u00f3gico &#8211; CNPq &#8211; como institui\u00e7\u00e3o nacional respons\u00e1vel pela cria\u00e7\u00e3o e manuten\u00e7\u00e3o de base de dados de que trata o inciso IX, do \u00a7 1\u00ba, do art. 6\u00ba da Lei n\u00ba 13.123, de 2015, para fins de cadastro simplificado com a finalidade exclusiva de pesquisa que n\u00e3o envolva explora\u00e7\u00e3o econ\u00f4mica, conforme disposto no Decreto n\u00ba 10.844, de 25 de outubro de 2021.<\/p>\n<p align=\"justify\"><span style=\"color: #ff6600\"><strong><a style=\"color: #ff6600\" href=\"https:\/\/institucional.ufrrj.br\/sisgen\/files\/2024\/10\/Arquivo-06.pdf\" target=\"_blank\" rel=\"noopener\"><span style=\"font-size: medium\"><span style=\"font-family: Times New Roman, serif\">Decreto n\u00ba 10.844, de 25 de outubro de 2021<\/span><\/span><\/a><\/strong><\/span><\/p>\n<p align=\"justify\">Altera o <a href=\"https:\/\/www.planalto.gov.br\/ccivil_03\/_Ato2015-2018\/2016\/Decreto\/D8772.htm\" target=\"_blank\" rel=\"noopener\">Decreto n\u00ba 8.772, de 11\/05\/2016<\/a> (ver abaixo) que disp\u00f5e sobre o acesso ao patrim\u00f4nio gen\u00e9tico, sobre a prote\u00e7\u00e3o e o acesso ao conhecimento tradicional associado e sobre a reparti\u00e7\u00e3o de benef\u00edcios para conserva\u00e7\u00e3o e uso sustent\u00e1vel da biodiversidade. O novo decreto prev\u00ea a cria\u00e7\u00e3o de um cadastro espec\u00edfico para as atividades de pesquisa sem explora\u00e7\u00e3o econ\u00f4mica. At\u00e9 o momento, o m\u00f3dulo de pesquisa do CNPq ainda n\u00e3o est\u00e1 dispon\u00edvel.<\/p>\n<p>&nbsp;<\/p>\n<p><strong><a href=\"https:\/\/institucional.ufrrj.br\/sisgen\/files\/2020\/06\/Portaria_MMA_n_199.pdf\">Portaria n\u00ba 199, de 22 de abril de 2020<\/a><\/strong><\/p>\n<p>Estabelece as condi\u00e7\u00f5es necess\u00e1rias \u00e0 assinatura de termo de compromisso por institui\u00e7\u00f5es estrangeiras e a Uni\u00e3o, para fins de regulariza\u00e7\u00e3o do acesso ao patrim\u00f4nio gen\u00e9tico e ao conhecimento tradicional associado, nos termos da Lei n\u00ba 13.123, de 2015.<\/p>\n<p>&nbsp;<\/p>\n<p><strong><a href=\"https:\/\/institucional.ufrrj.br\/sisgen\/files\/2020\/04\/PORTARIA-INTERMINISTERIAL-N\u00ba-155-DE-3-DE-ABRIL-DE-2020a.pdf\"><span style=\"text-decoration: none\">Portaria Interministerial n\u00ba 155, de 03 de abril de 2020<\/span><\/a><\/strong><\/p>\n<p style=\"margin: 0cm;margin-bottom: .0001pt\">Estabelece\u00a0 procedimento simplificado para a realiza\u00e7\u00e3o de remessa de\u00a0 patrim\u00f4nio\u00a0 gen\u00e9tico relacionado \u00e0 situa\u00e7\u00e3o de Emerg\u00eancia em Sa\u00fade\u00a0 P\u00fablica de\u00a0 Import\u00e2ncia Nacional &#8211; ESPIN, de que trata o Decreto n\u00ba\u00a0 7.616, de 17 de\u00a0 novembro de 2011, especificamente para o enfrentamento\u00a0 do estado de\u00a0 ESPIN em decorr\u00eancia da Infec\u00e7\u00e3o Humana pelo coronav\u00edrus\u00a0 (COVID-19).<\/p>\n<p style=\"margin: 0cm;margin-bottom: .0001pt\">Publica\u00e7\u00e3o no D.O.U.: 06\/04\/2020 &#8211; Se\u00e7\u00e3o 1 &#8211; P\u00e1g. 74<\/p>\n<p>&nbsp;<\/p>\n<p style=\"margin: 0cm;margin-bottom: .0001pt\"><strong><a href=\"https:\/\/institucional.ufrrj.br\/sisgen\/files\/2020\/04\/Portaria_143-2020.pdf\">Portaria n\u00ba 143, de 30 de mar\u00e7o de 2020<\/a><\/strong><\/p>\n<p style=\"margin: 0cm;margin-bottom: .0001pt\">Estabelece o formato para Declara\u00e7\u00e3o de informa\u00e7\u00e3o referente \u00e0 receita liquida obtida com a explora\u00e7\u00e3o econ\u00f4mica de produto acabado ou material reprodutivo oriundo do patrim\u00f4nio gen\u00e9tico ou do conhecimento tradicional associado; e revoga a portaria MMA n\u00b0 165, de 28 de maio de 2018.<\/p>\n<p style=\"margin: 0cm;margin-bottom: .0001pt\">Publica\u00e7\u00e3o no D.O.U.: 31\/03\/2020 &#8211; Se\u00e7\u00e3o 1 &#8211; P\u00e1g. 59<\/p>\n<p>&nbsp;<\/p>\n<p><strong><a href=\"https:\/\/institucional.ufrrj.br\/sisgen\/files\/2020\/06\/Portaria_MMA_n_81_de_05_03_2020.pdf\">Portaria n\u00ba 81, de 05 de mar\u00e7o de 2020<\/a><\/strong><\/p>\n<p>Estabelece a forma de reparti\u00e7\u00e3o de benef\u00edcios na modalidade n\u00e3o monet\u00e1ria nos casos de acesso ao patrim\u00f4nio gen\u00e9tico, conforme prev\u00ea o \u00a7 2\u00ba do art. 19 da Lei n\u00ba 13.123, de 20 de maio de 2015.<\/p>\n<p>&nbsp;<\/p>\n<p><strong><a href=\"https:\/\/institucional.ufrrj.br\/sisgen\/files\/2020\/04\/Resolu\u00e7\u00e3o-CGen-n\u00ba-23.pdf\">Resolu\u00e7\u00e3o n\u00ba 23, de 07 de agosto de 2019<\/a><\/strong><br \/>\nEstabelece a forma de cadastro da proced\u00eancia do patrim\u00f4nio gen\u00e9tico no Sistema Nacional de Gest\u00e3o do Patrim\u00f4nio Gen\u00e9tico e do Conhecimento Tradicional Associado &#8211; SisGen, quando n\u00e3o for poss\u00edvel informar o n\u00famero do cadastro de acesso que deu origem ao produto intermedi\u00e1rio obtido de terceiro.<br \/>\nPublica\u00e7\u00e3o no D.O.U.: 11\/10\/2019 &#8211; Se\u00e7\u00e3o 1 &#8211; P\u00e1g. 34<\/p>\n<p>&nbsp;<\/p>\n<p><strong><a href=\"https:\/\/institucional.ufrrj.br\/sisgen\/files\/2020\/04\/res22-cgen.pdf\">Resolu\u00e7\u00e3o n\u00ba 22, de 07 de agosto de 2019<\/a><\/strong><br \/>\nAltera a Resolu\u00e7\u00e3o CGen n\u00ba 09, de 20 de mar\u00e7o de 2018, para estabelecer a forma alternativa de identificar o patrim\u00f4nio gen\u00e9tico ou o conhecimento tradicional associado.<br \/>\nPublica\u00e7\u00e3o no D.O.U.: 18\/09\/2019 &#8211; Se\u00e7\u00e3o 1 &#8211; P\u00e1g. 57<\/p>\n<p>&nbsp;<\/p>\n<p style=\"margin: 0cm;margin-bottom: .0001pt\"><strong><a href=\"https:\/\/institucional.ufrrj.br\/sisgen\/files\/2019\/09\/Item_7_-_Minuta_de_Resolucao__RELATORIOS_autorizacoes_vigentes.pdf\">Resolu\u00e7\u00e3o n\u00ba 21, de 07 de agosto de 2019<\/a><\/strong><\/p>\n<p style=\"margin: 0cm;margin-bottom: .0001pt\">Estabelece forma de cumprimento da exig\u00eancia de apresenta\u00e7\u00e3o de Relat\u00f3rio de Atividades, prev\u00ea prazo para o descredenciamento das institui\u00e7\u00f5es credenciadas como fi\u00e9is deposit\u00e1rias, e d\u00e1 outras provid\u00eancias.<\/p>\n<p>&nbsp;<\/p>\n<p style=\"margin: 0cm;margin-bottom: .0001pt\"><strong><a href=\"https:\/\/institucional.ufrrj.br\/sisgen\/files\/2019\/09\/Item_6_-_Minuta_de_Resolucao_SecEx-CGen_-_CANCELAMENTO_de_cadastros.pdf\">Resolu\u00e7\u00e3o n\u00ba 20, de 07 de agosto de 2019<\/a><\/strong><\/p>\n<p style=\"margin: 0cm;margin-bottom: .0001pt\">Estabelece procedimentos para que a Secretaria-Executiva do CGen cancele os cadastros de acesso, de remessa, ou de notifica\u00e7\u00e3o de produto acabado ou material reprodutivo, nos casos em que especifica.<\/p>\n<p>&nbsp;<\/p>\n<p><strong><a href=\"https:\/\/institucional.ufrrj.br\/sisgen\/files\/2024\/10\/Arquivo-05.pdf\">Instru\u00e7\u00e3o Normativa n\u00ba50, de 12 setembro de 2018<\/a><\/strong><br \/>\nAltera o Anexo da Instru\u00e7\u00e3o Normativa n\u00ba 19, de 16 de abril de 2018 (Instru\u00e7\u00e3o Normativa citada logo acima), para incluir novas esp\u00e9cies animais aqu\u00e1ticas n\u00e3o consideradas Patrim\u00f4nio Gen\u00e9tico pelo MAPA.<\/p>\n<p>&nbsp;<\/p>\n<p><strong><a href=\"https:\/\/institucional.ufrrj.br\/sisgen\/files\/2018\/11\/RESOLU\u00c7\u00c3O-CGEN-N\u00ba-12-DE-18-DE-SETEMBRO-DE-2018.pdf\" target=\"_blank\" rel=\"noopener noreferrer\">Resolu\u00e7\u00e3o n\u00ba 12, de 18 de setembro de 2018<\/a><\/strong><br \/>\nAprova o modelo de Termo de Transfer\u00eancia de Material &#8211; TTM, e revoga a Resolu\u00e7\u00e3o CGen n\u00ba 05, de 2018.<br \/>\nPublica\u00e7\u00e3o no D.O.U.: 19\/10\/2018 &#8211; Se\u00e7\u00e3o 1 &#8211; P\u00e1g. 85<\/p>\n<p>&nbsp;<\/p>\n<p><strong><a href=\"https:\/\/institucional.ufrrj.br\/sisgen\/files\/2018\/11\/RESOLU\u00c7\u00c3O-CGEN-N\u00ba-13-DE-18-DE-SETEMBRO-DE-2018.pdf\" target=\"_blank\" rel=\"noopener noreferrer\">Resolu\u00e7\u00e3o n\u00ba 13, de 18 de setembro de 2018<\/a><\/strong><br \/>\nEstabelece forma alternativa de registrar no Sistema Nacional de Gest\u00e3o do Patrim\u00f4nio Gen\u00e9tico e do Conhecimento Tradicional Associado &#8211; SisGen &#8211; a identifica\u00e7\u00e3o do patrim\u00f4nio gen\u00e9tico e sua proced\u00eancia, nos casos de pesquisa ou desenvolvimento tecnol\u00f3gico em que as amostras de patrim\u00f4nio gen\u00e9tico tenham sido obtidas <strong><em>in silico<\/em><\/strong>.<br \/>\nPublica\u00e7\u00e3o no D.O.U.: 19\/10\/2018 &#8211; Se\u00e7\u00e3o 1 &#8211; P\u00e1g. 86<\/p>\n<p>&nbsp;<\/p>\n<p><strong><a href=\"https:\/\/institucional.ufrrj.br\/sisgen\/files\/2018\/11\/RESOLU\u00c7\u00c3O-CGEN-N\u00ba-14-DE-19-DE-SETEMBRO-DE-2018.pdf\" target=\"_blank\" rel=\"noopener noreferrer\">Resolu\u00e7\u00e3o n\u00ba 14, de 19 de setembro de 2018<\/a><\/strong><br \/>\nEstabelece a forma de cadastro da proced\u00eancia do patrim\u00f4nio gen\u00e9tico no Sistema Nacional de Gest\u00e3o do Patrim\u00f4nio Gen\u00e9tico e do Conhecimento Tradicional Associado &#8211; SisGen, quando n\u00e3o for poss\u00edvel informar o n\u00famero do cadastro de acesso que deu origem ao produto intermedi\u00e1rio obtido de terceiro.<br \/>\nPublica\u00e7\u00e3o no D.O.U.: 19\/10\/2018 &#8211; Se\u00e7\u00e3o 1 &#8211; P\u00e1g. 86<\/p>\n<p>&nbsp;<\/p>\n<p><strong><a href=\"https:\/\/institucional.ufrrj.br\/sisgen\/files\/2018\/11\/RESOLU\u00c7\u00c3O-N\u00ba-15-DE-9-DE-OUTUBRO-DE-2018.pdf\" target=\"_blank\" rel=\"noopener noreferrer\">Resolu\u00e7\u00e3o n\u00ba 15, de 09 de outubro de 2018<\/a><\/strong><br \/>\nEstabelece formas alternativas de cumprimento da obriga\u00e7\u00e3o de apresenta\u00e7\u00e3o de Termo de Transfer\u00eancia de Material &#8211; TTM &#8211; para cadastro de remessa para fins de regulariza\u00e7\u00e3o nos casos espec\u00edficos de que trata.<br \/>\nPublica\u00e7\u00e3o no D.O.U.: 26\/10\/2018 &#8211; Se\u00e7\u00e3o 1 &#8211; P\u00e1g. 75<\/p>\n<p>&nbsp;<\/p>\n<p><strong><a href=\"https:\/\/institucional.ufrrj.br\/sisgen\/files\/2018\/11\/RESOLU\u00c7\u00c3O-N\u00ba-16-DE-9-DE-OUTUBRO-DE-2018.pdf\" target=\"_blank\" rel=\"noopener noreferrer\">Resolu\u00e7\u00e3o n\u00ba 16, de 09 de outubro de 2018<\/a><\/strong><br \/>\nEstabelece prazo para cumprimento das obriga\u00e7\u00f5es previstas na Lei n\u00ba 13.123, de 2015, e seus regulamentos, relativas a variedades tradicionais locais ou crioulas e ra\u00e7as localmente adaptadas ou crioulas.<br \/>\nPublica\u00e7\u00e3o no D.O.U.: 26\/10\/2018 &#8211; Se\u00e7\u00e3o 1 &#8211; P\u00e1g. 75 e 76<\/p>\n<p>&nbsp;<\/p>\n<p><strong><a href=\"https:\/\/institucional.ufrrj.br\/sisgen\/files\/2018\/11\/RESOLU\u00c7\u00c3O-N\u00ba-17-DE-9-DE-OUTUBRO-DE-2018.pdf\" target=\"_blank\" rel=\"noopener noreferrer\">Resolu\u00e7\u00e3o n\u00ba 17, de 09 de outubro de 2018<\/a><\/strong><br \/>\nDefine o documento necess\u00e1rio para a comprova\u00e7\u00e3o da obten\u00e7\u00e3o do consentimento nos casos de regulariza\u00e7\u00e3o de acesso ao conhecimento tradicional associado (CTA) de origem identific\u00e1vel, e estabelece a forma de cadastramento do &#8220;Termo de Consentimento do Provedor&#8221; no Sistema Nacional de Gest\u00e3o do Patrim\u00f4nio Gen\u00e9tico e do Conhecimento Tradicional Assocaido &#8211; SisGen &#8211; para efeito de regulariza\u00e7\u00e3o.<br \/>\nPublica\u00e7\u00e3o no D.O.U.: 26\/10\/2018 &#8211; Se\u00e7\u00e3o 1 &#8211; P\u00e1g. 76<\/p>\n<p>&nbsp;<\/p>\n<p><strong><a href=\"https:\/\/institucional.ufrrj.br\/sisgen\/files\/2018\/11\/RESOLU\u00c7\u00c3O-N\u00ba-18-DE-10-DE-OUTUBRO-DE-2018.pdf\" target=\"_blank\" rel=\"noopener noreferrer\">Resolu\u00e7\u00e3o n\u00ba 18, de 10 de outubro de 2018<\/a><\/strong><br \/>\nEstabelece forma alternativa de cadastramento do Termo de Compromisso no Sistema Nacional de Gest\u00e3o do Patrim\u00f4nio Gen\u00e9tico e do Conhecimento Tradicional Associado &#8211; SisGen &#8211; para efeito dos cadastros de regulariza\u00e7\u00e3o em que seja exigido Termo de Compromisso.<br \/>\nPublica\u00e7\u00e3o no D.O.U.: 29\/10\/2018 &#8211; Se\u00e7\u00e3o 1 &#8211; P\u00e1g. 69<\/p>\n<p>&nbsp;<\/p>\n<p><strong><a href=\"https:\/\/institucional.ufrrj.br\/sisgen\/files\/2018\/11\/RESOLU\u00c7\u00c3O-CGEN-N\u00ba-19-DE-31-DE-OUTUBRO-DE-2018.pdf\" target=\"_blank\" rel=\"noopener noreferrer\">Resolu\u00e7\u00e3o n\u00ba 19, de 31 de outubro de 2018<\/a><\/strong><br \/>\nEstabelece forma alternativa de cumprimento da obriga\u00e7\u00e3o de regulariza\u00e7\u00e3o nas hip\u00f3teses de acesso ao patrim\u00f4nio gen\u00e9tico ou ao conhecimento tradicional associado unicamente para fins de pesquisa cient\u00edfica.<br \/>\nPublica\u00e7\u00e3o no D.O.U.:\u00a0Publicada no D.O.U. de 05.11.2018, Se\u00e7\u00e3o I, P\u00e1g. 91<\/p>\n<p>&nbsp;<\/p>\n<p><a href=\"https:\/\/institucional.ufrrj.br\/sisgen\/files\/2018\/10\/RESOLU\u00c7\u00c3O-N\u00ba-10-DE-19-DE-JUNHO-DE-2018.pdf\"><strong>Resolu\u00e7\u00e3o n\u00ba 10, de 19 de junho de 2018<\/strong><\/a><\/p>\n<p>Estabelece forma alternativa de registrar no Sistema Nacional de Gest\u00e3o do Patrim\u00f4nio Gen\u00e9tico e do Conhecimento Tradicional Associado &#8211; SisGen &#8211; a identifica\u00e7\u00e3o do patrim\u00f4nio gen\u00e9tico e sua proced\u00eancia, exclusivamente nos casos de pesquisa em filogenia, taxonomia, sistem\u00e1tica, ecologia, biogeografia e epidemiologia.<\/p>\n<p>&nbsp;<\/p>\n<p><a href=\"https:\/\/institucional.ufrrj.br\/sisgen\/files\/2018\/10\/Resolu\u00e7\u00e3o-CGEN-MMA-n\u00ba-11-de-19.06.2018.pdf\"><strong>Resolu\u00e7\u00e3o n\u00ba 11, de 19 de junho de 2018<\/strong><\/a><\/p>\n<p>Estabelece que a devolu\u00e7\u00e3o de amostras de patrim\u00f4nio gen\u00e9tico brasileiro emprestadas \u00e0s institui\u00e7\u00f5es nacionais\u00a0por institui\u00e7\u00f5es estrangeiras\u00a0mantenedoras de cole\u00e7\u00e3o\u00a0<em>ex situ\u00a0<\/em><strong>n\u00e3o<\/strong>\u00a0configura remessa,<br \/>\ne define os documentos necess\u00e1rios para a devolu\u00e7\u00e3o dessas amostras.<br \/>\nPublica\u00e7\u00e3o no D.O.U.<\/p>\n<p>&nbsp;<\/p>\n<p><a href=\"https:\/\/institucional.ufrrj.br\/sisgen\/files\/2018\/09\/in-19-lista-esp-animais-introduzidas.pdf\"><strong>Instru\u00e7\u00e3o normativa n\u00ba 19, de 16 de abril de 2018<\/strong><\/a><\/p>\n<p>Torna p\u00fablica a lista de refer\u00eancia de esp\u00e9cies animais que foram introduzidas no territ\u00f3rio nacional, na forma do Anexo desta Instru\u00e7\u00e3o Normativa.<\/p>\n<p>&nbsp;<\/p>\n<p><a href=\"https:\/\/institucional.ufrrj.br\/sisgen\/files\/2018\/06\/Resoluc\u0327a\u0303o-n.05-de-20-de-Marc\u0327o-de-2018-Novo-TTM.pdf\"><strong>Resolu\u00e7\u00e3o n\u00ba 5, de 20 de mar\u00e7o de 2018<\/strong><\/a><\/p>\n<p>Aprova o modelo de Termo de Transfer\u00eancia de Material &#8211; TTM, na forma do Anexo I desta Resolu\u00e7\u00e3o.<\/p>\n<p>&nbsp;<\/p>\n<p><a href=\"https:\/\/institucional.ufrrj.br\/sisgen\/files\/2018\/10\/resoluc\u0327a\u0303o-06-cgen-de-20.03.2018.pdf\"><strong>Resolu\u00e7\u00e3o n\u00ba 6, de 20 de mar\u00e7o de 2018<\/strong><\/a><\/p>\n<p>Estabelece o n\u00edvel taxon\u00f4mico mais estrito a ser informado nos casos de pesquisa com o objetivo de avaliar ou elucidar a diversidade gen\u00e9tica ou a hist\u00f3ria evolutiva de uma esp\u00e9cie ou grupo taxon\u00f4mico.<\/p>\n<p>&nbsp;<\/p>\n<p><a href=\"https:\/\/institucional.ufrrj.br\/sisgen\/files\/2018\/10\/RESOLU\u00c7\u00c3O-N\u00ba-7-DE-20-DE-MAR\u00c7O-DE-2018.pdf\"><strong>Resolu\u00e7\u00e3o n\u00ba 7, de 20 de mar\u00e7o de 2018<\/strong><\/a><\/p>\n<p>Estabelece a forma de indicar a localiza\u00e7\u00e3o geogr\u00e1fica mais espec\u00edfica poss\u00edvel nos casos em que o acesso seja exclusivamente para fins de pesquisa em que sejam necess\u00e1rios mais de cem registros de proced\u00eancia por cadastro.<\/p>\n<p>&nbsp;<\/p>\n<p><a href=\"https:\/\/institucional.ufrrj.br\/sisgen\/files\/2018\/10\/resoluc\u0327a\u0303o-8-cgen-de-20.03.2018.pdf\"><strong>Resolu\u00e7\u00e3o n\u00ba 8, de 20 de mar\u00e7o de 2018<\/strong><\/a><\/p>\n<p>Estabelece a forma de indicar o patrim\u00f4nio gen\u00e9tico nos casos de acesso a partir de amostras de substratos contendo microrganismos n\u00e3o isolados.<\/p>\n<p>&nbsp;<\/p>\n<p><a href=\"https:\/\/institucional.ufrrj.br\/sisgen\/files\/2018\/10\/resoluc\u0327a\u0303o-09-cgen-de-20.03.2018.pdf\"><strong>Resolu\u00e7\u00e3o n\u00ba 9, de 20 de mar\u00e7o de 2018<\/strong><\/a><\/p>\n<p>Estabelece a forma de identificar o patrim\u00f4nio gen\u00e9tico ou o\u00a0conhecimento tradicional associado acessado(s) nos casos de regulariza\u00e7\u00e3o.<\/p>\n<p>&nbsp;<\/p>\n<p><strong><a href=\"https:\/\/institucional.ufrrj.br\/sisgen\/files\/2018\/10\/INSTRU\u00c7\u00c3O-NORMATIVA-N\u00b0-23-DE-14-DE-JUNHO-DE-2017.pdf\">Instru\u00e7\u00e3o normativa n\u00b0 23, de 14 de junho de 2017<\/a><\/strong><\/p>\n<p>Torna p\u00fablica a lista de refer\u00eancia de esp\u00e9cies vegetais domesticadas ou cultivadas que\u00a0foram introduzidas no territ\u00f3rio nacional.<\/p>\n<p>&nbsp;<\/p>\n<p><a href=\"https:\/\/antigo.mma.gov.br\/images\/arquivo\/80043\/termo%20de%20compromisso\/Portaria%20422-Termos%20de%20Compromisso.pdf\" target=\"_blank\" rel=\"noopener\"><strong><u>Portaria 422, de 06 de novembro de 2017<\/u><\/strong><\/a><\/p>\n<p>Aprova os instrumentos de Termos de Compromisso a serem firmados entre o usu\u00e1rio e a Uni\u00e3o, para fins de regulariza\u00e7\u00e3o do acesso ao patrim\u00f4nio gen\u00e9tico e ao conhecimento tradicional associado, nos termos da Lei n\u00b0 13.123, de 20 de maio de 2015.<\/p>\n<p>&nbsp;<\/p>\n<p><a href=\"https:\/\/www.gov.br\/mma\/pt-br\/assuntos\/bioeconomia\/patrimonio-genetico\/conselho-de-gestao-do-patrimonio-genetico-cgen-1\/normas-do-cgen\/pdf\/parecer037.pdf\" target=\"_blank\" rel=\"noopener\"><strong><u>Parecer 037\/2017\/CONJURMMA\/CGU\/AGU, de 13 de janeiro de 2017<\/u><\/strong><\/a><\/p>\n<p>Nova concep\u00e7\u00e3o de atua\u00e7\u00e3o do estado diante da lei n\u00ba 13.123\/15. Pondera\u00e7\u00e3o de interesses constitucionais. Incentivo ao desenvolvimento cient\u00edfico. Omiss\u00e3o jur\u00eddico-normativa de decreto regulamentador (j\u00e1 suprida pelo decreto n\u00ba 8772\/2016) norma de aplicabilidade plena. Hip\u00f3teses. Viabilidade de pesquisa. Diferencia\u00e7\u00e3o entre envio e remessa de componente do patrim\u00f4nio gen\u00e9tico. Limites. Possibilidade do envio mesmo sem decreto regulamentador. Seguran\u00e7a jur\u00eddica.<\/p>\n<p>&nbsp;<\/p>\n<p><a href=\"https:\/\/antigo.mma.gov.br\/images\/arquivo\/80043\/ata\/ata3cgen.pdf\" target=\"_blank\" rel=\"noopener\"><strong>Ata da 3a Reuni\u00e3o Ordin\u00e1ria do CGEN, realizada em 4 e 5 de outubro de 2016<\/strong><\/a><\/p>\n<p>Trata do Termo de Transfer\u00eancia de Material &#8211; TTM<\/p>\n<p>&nbsp;<\/p>\n<p><a href=\"https:\/\/institucional.ufrrj.br\/sisgen\/files\/2018\/05\/res1-cgen.pdf\"><strong>Portaria\u00a0 n\u00ba 427, de 29 de setembro de 2016 (REVOGADO)<\/strong><\/a><\/p>\n<p><strong>Em 29 de setembro de 2016, O CONSELHO DE GEST\u00c3O DO PATRIM\u00d4NIO\u00a0GEN\u00c9TICO -CGen,\u00a0<\/strong>no uso das atribui\u00e7\u00f5es que lhe conferem a Lei n\u00ba\u00a013.123, de 20 de maio de 2015, e o Decreto n\u00ba 8.772, de 11 de maio\u00a0de 2016, e tendo em vista o disposto no seu Regimento Interno,\u00a0anexo \u00e0 Portaria MMA n\u00ba 427, de 29 de setembro de 2016, resolve:<\/p>\n<p>Art. 1\u00ba Aprovar o modelo de Termo de Transfer\u00eancia de\u00a0Material &#8211; TTM, na forma do anexo a esta Resolu\u00e7\u00e3o.<\/p>\n<p><a href=\"https:\/\/institucional.ufrrj.br\/sisgen\/files\/2018\/05\/anexo-res1-cgem-TTM.pdf\"><strong>Modelo termo de transfer\u00eancia de material<\/strong><\/a> &#8211;\u00a0ANEXO &#8211; RESOLU\u00c7\u00c3O CGen N\u00ba 1, DE 05.10.2016 &#8211; DOU DE 30.11.2016, SE\u00c7\u00c3O I, P\u00c1G. 76.<\/p>\n<p>&nbsp;<\/p>\n<p><strong><a href=\"http:\/\/www.planalto.gov.br\/ccivil_03\/_Ato2015-2018\/2016\/Decreto\/D8772.htm\">Decreto n\u00ba 8.772, de 11 de maio de 2016<\/a><\/strong><\/p>\n<p>Regulamenta a Lei n\u00ba 13.123, de 20 de maio de 2015, que disp\u00f5e sobre o acesso ao patrim\u00f4nio gen\u00e9tico, sobre a prote\u00e7\u00e3o e o acesso ao conhecimento tradicional associado e sobre a reparti\u00e7\u00e3o de benef\u00edcios para conserva\u00e7\u00e3o e uso sustent\u00e1vel da biodiversidade<\/p>\n<p>&nbsp;<\/p>\n<p><strong><a href=\"http:\/\/www.planalto.gov.br\/ccivil_03\/_Ato2015-2018\/2015\/Lei\/L13123.htm\">Lei n\u00ba 13.123, de 20 de maio de 2015<\/a><\/strong><\/p>\n<p>Disp\u00f5e sobre o acesso ao patrim\u00f4nio gen\u00e9tico, sobre a prote\u00e7\u00e3o e o acesso ao conhecimento tradicional associado e sobre a reparti\u00e7\u00e3o de benef\u00edcios para conserva\u00e7\u00e3o e uso sustent\u00e1vel da biodiversidade.<\/p>\n<p>&nbsp;<\/p>\n<p><a href=\"https:\/\/institucional.ufrrj.br\/sisgen\/files\/2018\/06\/Lei-13.123_in-english.pdf\"><strong>Lei n\u00ba 13.123, de 20 de maio de 2015 (<em>in English<\/em>)<\/strong><\/a><\/p>\n<p>&nbsp;<\/p>\n<p><strong><a href=\"https:\/\/institucional.ufrrj.br\/sisgen\/files\/2024\/10\/Arquivo-10.pdf\" target=\"_blank\" rel=\"noopener\">Decreto n\u00ba 6.514, de 22 de julho de 2008<\/a><\/strong><\/p>\n<p>Disp\u00f5e sobre as infra\u00e7\u00f5es e san\u00e7\u00f5es administrativas ao meio ambiente, estabelece o processo administrativo federal para apura\u00e7\u00e3o destas infra\u00e7\u00f5es, e d\u00e1 outras provid\u00eancias.<\/p>\n<p>&nbsp;<\/p>\n<p><a href=\"https:\/\/institucional.ufrrj.br\/sisgen\/files\/2018\/05\/Resoluc\u0327a\u0303o-29-do-MMA.pdf\"><strong>Resolu\u00e7\u00e3o n\u00ba 29, de 6 de dezembro de 2007<\/strong><\/a><\/p>\n<p>Disp\u00f5e sobre o enquadramento de \u00f3leos fixos, \u00f3leos\u00a0essenciais e extratos no \u00e2mbito da Medida Provis\u00f3ria n\u00ba\u00a02.186-16, de 23 de agosto de 2001.<\/p>\n<p>&nbsp;<\/p>\n<p><a href=\"https:\/\/institucional.ufrrj.br\/sisgen\/files\/2018\/05\/Resoluc\u0327a\u0303o-21-do-MMA.pdf\"><strong>Resolu\u00e7\u00e3o n\u00ba 21, de 31 de agosto de 2006<\/strong><\/a><\/p>\n<p>Descreve as pesquisas e atividades cient\u00edficas que <strong>N\u00c3O SE ENQUADRAM<\/strong> sob o conceito de\u00a0acesso ao patrim\u00f4nio gen\u00e9tico para as finalidades da Medida Provis\u00f3ria no 2.186-16, de 23 de agosto de\u00a02001.<\/p>\n<p>&nbsp;<\/p>\n<p><a href=\"https:\/\/institucional.ufrrj.br\/sisgen\/files\/2018\/05\/MP-2001-biodiversidade.pdf\"><strong>Medida provis\u00f3ria n\u00ba 2.186-16, de 23 de agosto de 2001<\/strong><\/a><\/p>\n<p>Disp\u00f5e sobre o\u00a0acesso ao patrim\u00f4nio gen\u00e9tico, a\u00a0prote\u00e7\u00e3o e o acesso ao conhecimento\u00a0tradicional associado, a\u00a0 reparti\u00e7\u00e3o de\u00a0benef\u00edcios e o acesso \u00e0 tecnologia e a\u00a0transfer\u00eancia de tecnologia para sua\u00a0conserva\u00e7\u00e3o e utiliza\u00e7\u00e3o, e d\u00e1 outras\u00a0provid\u00eancias.<\/p>\n<p>&nbsp;<\/p>\n<p><a href=\"https:\/\/institucional.ufrrj.br\/sisgen\/files\/2024\/10\/Arquivo-11.pdf\" target=\"_blank\" rel=\"noopener\"><strong>Lei n\u00ba 6.938, de 31 de agosto de 1981<\/strong><\/a><\/p>\n<p>Disp\u00f5e sobre a Pol\u00edtica Nacional do Meio Ambiente, seus fins e mecanismos de formula\u00e7\u00e3o e aplica\u00e7\u00e3o, e d\u00e1 outras provid\u00eancias.<\/p>\n<p>&nbsp;<\/p>\n<hr \/>\n<p><strong>LEGISLA\u00c7\u00c3O INTERNACIONAL<\/strong><\/p>\n<p><a href=\"https:\/\/institucional.ufrrj.br\/sisgen\/files\/2024\/10\/Arquivo-14.pdf\" target=\"_blank\" rel=\"noopener\"><strong>Protocolo de Nagoia<\/strong><\/a><\/p>\n<p>\u00c9 um acordo internacional que regulamenta o chamado \u201cAcesso a\u00a0Recursos Gen\u00e9ticos\u00a0e a\u00a0Reparti\u00e7\u00e3o Justa\u00a0e Equitativa\u00a0dos\u00a0Benef\u00edcios Advindos\u00a0de\u00a0sua Utiliza\u00e7\u00e3o\u201d\u00a0(Access and Benefit Sharing, na sigla em ingl\u00eas). Ou seja, estabelece as diretrizes para as rela\u00e7\u00f5es comerciais entre o pa\u00eds provedor de recursos gen\u00e9ticos e aquele que vai utiliz\u00e1-los, abrangendo pontos como pagamento de\u00a0royalties, estabelecimento de\u00a0joint ventures, direito a\u00a0transfer\u00eancia de tecnologias e capacita\u00e7\u00e3o. O acordo foi criado pela Confer\u00eancia das Partes da Conven\u00e7\u00e3o sobre Diversidade Biol\u00f3gica (CDB), em sua d\u00e9cima reuni\u00e3o (COP 10), que ocorreu em 29 de outubro de 2010, em Nagoia, no Jap\u00e3o, e entrou em vigor em 12 de outubro de 2014. O Brasil ratificou o Protocolo em 4 de mar\u00e7o de 2021, se juntando a outros 130 pa\u00edses.<\/p>\n<p>&nbsp;<\/p>\n<p><strong><a href=\"http:\/\/www.planalto.gov.br\/ccivil_03\/_Ato2007-2010\/2008\/Decreto\/D6476.htm\">TIRFAA<\/a><a href=\"http:\/\/www.planalto.gov.br\/ccivil_03\/_Ato2007-2010\/2008\/Decreto\/D6476.htm\"> &#8211; Tratado Internacional sobre Recursos Fitogen\u00e9ticos para a Alimenta\u00e7\u00e3o e a Agricultura <\/a>\u00a0<\/strong>\u2013\u00a0<strong>Promulgado pelo\u00a0<\/strong><a href=\"https:\/\/www.planalto.gov.br\/ccivil_03\/_ato2007-2010\/2008\/decreto\/d6476.htm\" target=\"_blank\" rel=\"noopener\">Decreto n\u00ba 6.476, de 5 de junho de 2008.<\/a><\/p>\n<p>&nbsp;<\/p>\n<p><a href=\"https:\/\/institucional.ufrrj.br\/sisgen\/files\/2024\/10\/Arquivo-15.pdf\" target=\"_blank\" rel=\"noopener\"><strong>Conven\u00e7\u00e3o sobre Diversidade Biol\u00f3gica (CDB)<\/strong><\/a><strong>\u00a0<\/strong>&#8211;\u00a0<strong>Promulgada pelo<\/strong>\u00a0<a href=\"https:\/\/institucional.ufrrj.br\/sisgen\/files\/2024\/10\/Arquivo-16.pdf\" target=\"_blank\" rel=\"noopener\">Decreto n\u00ba 2.519, de 16 de mar\u00e7o de 1998.<\/a><\/p>\n<p>&nbsp;<\/p>\n","protected":false},"excerpt":{"rendered":"<p>LEGISLA\u00c7\u00c3O NACIONAL A LEI DA BIODIVERSIDADE Lei n\u00ba 13.123, de 20 de maio de 2015 Law No. 13,123, dated May <a class=\"read-more leiamais\" href=\"https:\/\/institucional.ufrrj.br\/sisgen\/legislacao\/ \">&#8230; leia mais<\/a><\/p>\n","protected":false},"author":634,"featured_media":0,"parent":0,"menu_order":0,"comment_status":"closed","ping_status":"closed","template":"","meta":{"_acf_changed":false,"footnotes":""},"class_list":["post-20","page","type-page","status-publish","hentry"],"yoast_head":"<!-- This site is optimized with the Yoast SEO plugin v27.2 - https:\/\/yoast.com\/product\/yoast-seo-wordpress\/ -->\n<title>Legisla\u00e7\u00e3o - Site da Comiss\u00e3o de Patrim\u00f4nio Gen\u00e9tico e do Conhecimento Tradicional Associado<\/title>\n<meta name=\"robots\" content=\"index, follow, max-snippet:-1, max-image-preview:large, max-video-preview:-1\" \/>\n<link rel=\"canonical\" href=\"https:\/\/institucional.ufrrj.br\/sisgen\/legislacao\/\" \/>\n<meta property=\"og:locale\" content=\"pt_BR\" \/>\n<meta property=\"og:type\" content=\"article\" \/>\n<meta property=\"og:title\" content=\"Legisla\u00e7\u00e3o - Site da Comiss\u00e3o de Patrim\u00f4nio Gen\u00e9tico e do Conhecimento Tradicional Associado\" \/>\n<meta property=\"og:description\" content=\"LEGISLA\u00c7\u00c3O NACIONAL A LEI DA BIODIVERSIDADE Lei n\u00ba 13.123, de 20 de maio de 2015 Law No. 13,123, dated May ... leia mais\" \/>\n<meta property=\"og:url\" content=\"https:\/\/institucional.ufrrj.br\/sisgen\/legislacao\/\" \/>\n<meta property=\"og:site_name\" content=\"Site da Comiss\u00e3o de Patrim\u00f4nio Gen\u00e9tico e do Conhecimento Tradicional Associado\" \/>\n<meta property=\"article:modified_time\" content=\"2024-11-08T19:01:53+00:00\" \/>\n<meta name=\"twitter:card\" content=\"summary_large_image\" \/>\n<meta name=\"twitter:label1\" content=\"Est. tempo de leitura\" \/>\n\t<meta name=\"twitter:data1\" content=\"14 minutos\" \/>\n<script type=\"application\/ld+json\" class=\"yoast-schema-graph\">{\"@context\":\"https:\/\/schema.org\",\"@graph\":[{\"@type\":\"WebPage\",\"@id\":\"https:\/\/institucional.ufrrj.br\/sisgen\/legislacao\/\",\"url\":\"https:\/\/institucional.ufrrj.br\/sisgen\/legislacao\/\",\"name\":\"Legisla\u00e7\u00e3o - Site da Comiss\u00e3o de Patrim\u00f4nio Gen\u00e9tico e do Conhecimento Tradicional Associado\",\"isPartOf\":{\"@id\":\"https:\/\/institucional.ufrrj.br\/sisgen\/#website\"},\"datePublished\":\"2018-03-28T18:36:15+00:00\",\"dateModified\":\"2024-11-08T19:01:53+00:00\",\"breadcrumb\":{\"@id\":\"https:\/\/institucional.ufrrj.br\/sisgen\/legislacao\/#breadcrumb\"},\"inLanguage\":\"pt-BR\",\"potentialAction\":[{\"@type\":\"ReadAction\",\"target\":[\"https:\/\/institucional.ufrrj.br\/sisgen\/legislacao\/\"]}]},{\"@type\":\"BreadcrumbList\",\"@id\":\"https:\/\/institucional.ufrrj.br\/sisgen\/legislacao\/#breadcrumb\",\"itemListElement\":[{\"@type\":\"ListItem\",\"position\":1,\"name\":\"In\u00edcio\",\"item\":\"https:\/\/institucional.ufrrj.br\/sisgen\/\"},{\"@type\":\"ListItem\",\"position\":2,\"name\":\"Legisla\u00e7\u00e3o\"}]},{\"@type\":\"WebSite\",\"@id\":\"https:\/\/institucional.ufrrj.br\/sisgen\/#website\",\"url\":\"https:\/\/institucional.ufrrj.br\/sisgen\/\",\"name\":\"Site da Comiss\u00e3o de Patrim\u00f4nio Gen\u00e9tico e do Conhecimento Tradicional Associado\",\"description\":\"S\u00f3 mais um site institucional.ufrrj.br\",\"potentialAction\":[{\"@type\":\"SearchAction\",\"target\":{\"@type\":\"EntryPoint\",\"urlTemplate\":\"https:\/\/institucional.ufrrj.br\/sisgen\/?s={search_term_string}\"},\"query-input\":{\"@type\":\"PropertyValueSpecification\",\"valueRequired\":true,\"valueName\":\"search_term_string\"}}],\"inLanguage\":\"pt-BR\"}]}<\/script>\n<!-- \/ Yoast SEO plugin. -->","yoast_head_json":{"title":"Legisla\u00e7\u00e3o - Site da Comiss\u00e3o de Patrim\u00f4nio Gen\u00e9tico e do Conhecimento Tradicional Associado","robots":{"index":"index","follow":"follow","max-snippet":"max-snippet:-1","max-image-preview":"max-image-preview:large","max-video-preview":"max-video-preview:-1"},"canonical":"https:\/\/institucional.ufrrj.br\/sisgen\/legislacao\/","og_locale":"pt_BR","og_type":"article","og_title":"Legisla\u00e7\u00e3o - Site da Comiss\u00e3o de Patrim\u00f4nio Gen\u00e9tico e do Conhecimento Tradicional Associado","og_description":"LEGISLA\u00c7\u00c3O NACIONAL A LEI DA BIODIVERSIDADE Lei n\u00ba 13.123, de 20 de maio de 2015 Law No. 13,123, dated May ... leia mais","og_url":"https:\/\/institucional.ufrrj.br\/sisgen\/legislacao\/","og_site_name":"Site da Comiss\u00e3o de Patrim\u00f4nio Gen\u00e9tico e do Conhecimento Tradicional Associado","article_modified_time":"2024-11-08T19:01:53+00:00","twitter_card":"summary_large_image","twitter_misc":{"Est. tempo de leitura":"14 minutos"},"schema":{"@context":"https:\/\/schema.org","@graph":[{"@type":"WebPage","@id":"https:\/\/institucional.ufrrj.br\/sisgen\/legislacao\/","url":"https:\/\/institucional.ufrrj.br\/sisgen\/legislacao\/","name":"Legisla\u00e7\u00e3o - Site da Comiss\u00e3o de Patrim\u00f4nio Gen\u00e9tico e do Conhecimento Tradicional Associado","isPartOf":{"@id":"https:\/\/institucional.ufrrj.br\/sisgen\/#website"},"datePublished":"2018-03-28T18:36:15+00:00","dateModified":"2024-11-08T19:01:53+00:00","breadcrumb":{"@id":"https:\/\/institucional.ufrrj.br\/sisgen\/legislacao\/#breadcrumb"},"inLanguage":"pt-BR","potentialAction":[{"@type":"ReadAction","target":["https:\/\/institucional.ufrrj.br\/sisgen\/legislacao\/"]}]},{"@type":"BreadcrumbList","@id":"https:\/\/institucional.ufrrj.br\/sisgen\/legislacao\/#breadcrumb","itemListElement":[{"@type":"ListItem","position":1,"name":"In\u00edcio","item":"https:\/\/institucional.ufrrj.br\/sisgen\/"},{"@type":"ListItem","position":2,"name":"Legisla\u00e7\u00e3o"}]},{"@type":"WebSite","@id":"https:\/\/institucional.ufrrj.br\/sisgen\/#website","url":"https:\/\/institucional.ufrrj.br\/sisgen\/","name":"Site da Comiss\u00e3o de Patrim\u00f4nio Gen\u00e9tico e do Conhecimento Tradicional Associado","description":"S\u00f3 mais um site institucional.ufrrj.br","potentialAction":[{"@type":"SearchAction","target":{"@type":"EntryPoint","urlTemplate":"https:\/\/institucional.ufrrj.br\/sisgen\/?s={search_term_string}"},"query-input":{"@type":"PropertyValueSpecification","valueRequired":true,"valueName":"search_term_string"}}],"inLanguage":"pt-BR"}]}},"acf":[],"_links":{"self":[{"href":"https:\/\/institucional.ufrrj.br\/sisgen\/wp-json\/wp\/v2\/pages\/20","targetHints":{"allow":["GET"]}}],"collection":[{"href":"https:\/\/institucional.ufrrj.br\/sisgen\/wp-json\/wp\/v2\/pages"}],"about":[{"href":"https:\/\/institucional.ufrrj.br\/sisgen\/wp-json\/wp\/v2\/types\/page"}],"author":[{"embeddable":true,"href":"https:\/\/institucional.ufrrj.br\/sisgen\/wp-json\/wp\/v2\/users\/634"}],"replies":[{"embeddable":true,"href":"https:\/\/institucional.ufrrj.br\/sisgen\/wp-json\/wp\/v2\/comments?post=20"}],"version-history":[{"count":71,"href":"https:\/\/institucional.ufrrj.br\/sisgen\/wp-json\/wp\/v2\/pages\/20\/revisions"}],"predecessor-version":[{"id":823,"href":"https:\/\/institucional.ufrrj.br\/sisgen\/wp-json\/wp\/v2\/pages\/20\/revisions\/823"}],"wp:attachment":[{"href":"https:\/\/institucional.ufrrj.br\/sisgen\/wp-json\/wp\/v2\/media?parent=20"}],"curies":[{"name":"wp","href":"https:\/\/api.w.org\/{rel}","templated":true}]}}