{"id":21,"date":"2023-12-14T18:07:16","date_gmt":"2023-12-14T21:07:16","guid":{"rendered":"http:\/\/cursos.ufrrj.br\/grad\/psicologia\/?page_id=19"},"modified":"2023-12-14T18:07:17","modified_gmt":"2023-12-14T21:07:17","slug":"noticias","status":"publish","type":"page","link":"https:\/\/institucional.ufrrj.br\/sepsi\/noticias\/","title":{"rendered":"Not\u00edcias"},"content":{"rendered":"\n<p class=\" eplus-wrapper\"><strong>RESULTADO PARCIAL DA SELE\u00c7\u00c3O PARA BOLSA DE APOIO T\u00c9CNICO-ACAD\u00caMICO \/ SERVI\u00c7O ESCOLA DE PSICOLOGIA (SEPsi) \u2013 2024.1<\/strong><br>Edital n\u00ba 26\/2023 &#8211; PROAES<\/p>\n\n\n\n<p class=\" eplus-wrapper\"><strong>ETAPA 1 &#8211; INSCRITOS:<\/strong><br>1- Gabriel dos Santos Fonseca &#8211; Matr\u00edcula 20220039144 &#8211; Situa\u00e7\u00e3o: Documenta\u00e7\u00e3o incompleta<br>2- Ana Luiza Fidelis &#8211; Matr\u00edcula 20220029738 &#8211; Situa\u00e7\u00e3o: Documenta\u00e7\u00e3o incompleta<br>3 &#8211; Vict\u00f3ria Piller de Ara\u00fajo &#8211; Matr\u00edcula 20210026151 -Situa\u00e7\u00e3o: Documenta\u00e7\u00e3o completa<br>4 &#8211; Luiza Vasconcelos do Nascimento &#8211; Matr\u00edcula 20190067867 &#8211; Situa\u00e7\u00e3o: Documenta\u00e7\u00e3o incompleta<br>5 &#8211; Ana Carolina Teixeira Hil\u00e1rio &#8211; Matr\u00edcula 20210024569 &#8211; Situa\u00e7\u00e3o: Documenta\u00e7\u00e3o incompleta<br>6 &#8211; Carlos Germano Leite &#8211; Matr\u00edcula 20220032134 &#8211; Situa\u00e7\u00e3o: Documenta\u00e7\u00e3o incompleta<br><\/p>\n\n\n\n<p class=\" eplus-wrapper\"><strong>RESULTADO \/ Candidata aprovada para a Etapa 2:  Vict\u00f3ria Piller de Ara\u00fajo &#8211; Matr\u00edcula 20210026151<\/strong><\/p>\n\n\n\n<p class=\" eplus-wrapper\">Atenciosamente,<\/p>\n\n\n\n<p class=\" eplus-wrapper\">Coordena\u00e7\u00e3o SEPsi<\/p>\n","protected":false},"excerpt":{"rendered":"<p>RESULTADO PARCIAL DA SELE\u00c7\u00c3O PARA BOLSA DE APOIO T\u00c9CNICO-ACAD\u00caMICO \/ SERVI\u00c7O ESCOLA DE PSICOLOGIA (SEPsi) \u2013 2024.1Edital n\u00ba 26\/2023 &#8211; <a class=\"read-more\" href=\"https:\/\/institucional.ufrrj.br\/sepsi\/noticias\/ \" >&#8230; <span class=\"font-italic\">leia mais <i class=\"fas fa-angle-right\"><\/i><\/span><\/a><\/p>\n","protected":false},"author":634,"featured_media":0,"parent":0,"menu_order":0,"comment_status":"open","ping_status":"open","template":"","meta":{"_acf_changed":false,"footnotes":""},"class_list":["post-21","page","type-page","status-publish","hentry"],"yoast_head":"<!-- This site is optimized with the Yoast SEO plugin v27.2 - https:\/\/yoast.com\/product\/yoast-seo-wordpress\/ -->\n<title>Not\u00edcias - Servi\u00e7o de Psicologia Aplicada (SPA)<\/title>\n<meta name=\"robots\" content=\"index, follow, max-snippet:-1, max-image-preview:large, max-video-preview:-1\" \/>\n<link rel=\"canonical\" href=\"https:\/\/institucional.ufrrj.br\/sepsi\/noticias\/\" \/>\n<meta property=\"og:locale\" content=\"pt_BR\" \/>\n<meta property=\"og:type\" content=\"article\" \/>\n<meta property=\"og:title\" content=\"Not\u00edcias - Servi\u00e7o de Psicologia Aplicada (SPA)\" \/>\n<meta property=\"og:description\" content=\"RESULTADO PARCIAL DA SELE\u00c7\u00c3O PARA BOLSA DE APOIO T\u00c9CNICO-ACAD\u00caMICO \/ SERVI\u00c7O ESCOLA DE PSICOLOGIA (SEPsi) \u2013 2024.1Edital n\u00ba 26\/2023 &#8211; ... leia mais\" \/>\n<meta property=\"og:url\" content=\"https:\/\/institucional.ufrrj.br\/sepsi\/noticias\/\" \/>\n<meta property=\"og:site_name\" content=\"Servi\u00e7o de Psicologia Aplicada (SPA)\" \/>\n<meta property=\"article:modified_time\" content=\"2023-12-14T21:07:17+00:00\" \/>\n<meta name=\"twitter:card\" content=\"summary_large_image\" \/>\n<meta name=\"twitter:label1\" content=\"Est. tempo de leitura\" \/>\n\t<meta name=\"twitter:data1\" content=\"1 minuto\" \/>\n<script type=\"application\/ld+json\" class=\"yoast-schema-graph\">{\"@context\":\"https:\/\/schema.org\",\"@graph\":[{\"@type\":\"WebPage\",\"@id\":\"https:\/\/institucional.ufrrj.br\/sepsi\/noticias\/\",\"url\":\"https:\/\/institucional.ufrrj.br\/sepsi\/noticias\/\",\"name\":\"Not\u00edcias - Servi\u00e7o de Psicologia Aplicada (SPA)\",\"isPartOf\":{\"@id\":\"https:\/\/institucional.ufrrj.br\/sepsi\/#website\"},\"datePublished\":\"2023-12-14T21:07:16+00:00\",\"dateModified\":\"2023-12-14T21:07:17+00:00\",\"breadcrumb\":{\"@id\":\"https:\/\/institucional.ufrrj.br\/sepsi\/noticias\/#breadcrumb\"},\"inLanguage\":\"pt-BR\",\"potentialAction\":[{\"@type\":\"ReadAction\",\"target\":[\"https:\/\/institucional.ufrrj.br\/sepsi\/noticias\/\"]}]},{\"@type\":\"BreadcrumbList\",\"@id\":\"https:\/\/institucional.ufrrj.br\/sepsi\/noticias\/#breadcrumb\",\"itemListElement\":[{\"@type\":\"ListItem\",\"position\":1,\"name\":\"In\u00edcio\",\"item\":\"https:\/\/institucional.ufrrj.br\/sepsi\/\"},{\"@type\":\"ListItem\",\"position\":2,\"name\":\"Not\u00edcias\"}]},{\"@type\":\"WebSite\",\"@id\":\"https:\/\/institucional.ufrrj.br\/sepsi\/#website\",\"url\":\"https:\/\/institucional.ufrrj.br\/sepsi\/\",\"name\":\"Servi\u00e7o de Psicologia Aplicada (SPA)\",\"description\":\"S\u00f3 mais um site institucional.ufrrj.br\",\"potentialAction\":[{\"@type\":\"SearchAction\",\"target\":{\"@type\":\"EntryPoint\",\"urlTemplate\":\"https:\/\/institucional.ufrrj.br\/sepsi\/?s={search_term_string}\"},\"query-input\":{\"@type\":\"PropertyValueSpecification\",\"valueRequired\":true,\"valueName\":\"search_term_string\"}}],\"inLanguage\":\"pt-BR\"}]}<\/script>\n<!-- \/ Yoast SEO plugin. -->","yoast_head_json":{"title":"Not\u00edcias - Servi\u00e7o de Psicologia Aplicada (SPA)","robots":{"index":"index","follow":"follow","max-snippet":"max-snippet:-1","max-image-preview":"max-image-preview:large","max-video-preview":"max-video-preview:-1"},"canonical":"https:\/\/institucional.ufrrj.br\/sepsi\/noticias\/","og_locale":"pt_BR","og_type":"article","og_title":"Not\u00edcias - Servi\u00e7o de Psicologia Aplicada (SPA)","og_description":"RESULTADO PARCIAL DA SELE\u00c7\u00c3O PARA BOLSA DE APOIO T\u00c9CNICO-ACAD\u00caMICO \/ SERVI\u00c7O ESCOLA DE PSICOLOGIA (SEPsi) \u2013 2024.1Edital n\u00ba 26\/2023 &#8211; ... leia mais","og_url":"https:\/\/institucional.ufrrj.br\/sepsi\/noticias\/","og_site_name":"Servi\u00e7o de Psicologia Aplicada (SPA)","article_modified_time":"2023-12-14T21:07:17+00:00","twitter_card":"summary_large_image","twitter_misc":{"Est. tempo de leitura":"1 minuto"},"schema":{"@context":"https:\/\/schema.org","@graph":[{"@type":"WebPage","@id":"https:\/\/institucional.ufrrj.br\/sepsi\/noticias\/","url":"https:\/\/institucional.ufrrj.br\/sepsi\/noticias\/","name":"Not\u00edcias - Servi\u00e7o de Psicologia Aplicada (SPA)","isPartOf":{"@id":"https:\/\/institucional.ufrrj.br\/sepsi\/#website"},"datePublished":"2023-12-14T21:07:16+00:00","dateModified":"2023-12-14T21:07:17+00:00","breadcrumb":{"@id":"https:\/\/institucional.ufrrj.br\/sepsi\/noticias\/#breadcrumb"},"inLanguage":"pt-BR","potentialAction":[{"@type":"ReadAction","target":["https:\/\/institucional.ufrrj.br\/sepsi\/noticias\/"]}]},{"@type":"BreadcrumbList","@id":"https:\/\/institucional.ufrrj.br\/sepsi\/noticias\/#breadcrumb","itemListElement":[{"@type":"ListItem","position":1,"name":"In\u00edcio","item":"https:\/\/institucional.ufrrj.br\/sepsi\/"},{"@type":"ListItem","position":2,"name":"Not\u00edcias"}]},{"@type":"WebSite","@id":"https:\/\/institucional.ufrrj.br\/sepsi\/#website","url":"https:\/\/institucional.ufrrj.br\/sepsi\/","name":"Servi\u00e7o de Psicologia Aplicada (SPA)","description":"S\u00f3 mais um site institucional.ufrrj.br","potentialAction":[{"@type":"SearchAction","target":{"@type":"EntryPoint","urlTemplate":"https:\/\/institucional.ufrrj.br\/sepsi\/?s={search_term_string}"},"query-input":{"@type":"PropertyValueSpecification","valueRequired":true,"valueName":"search_term_string"}}],"inLanguage":"pt-BR"}]}},"acf":[],"_links":{"self":[{"href":"https:\/\/institucional.ufrrj.br\/sepsi\/wp-json\/wp\/v2\/pages\/21","targetHints":{"allow":["GET"]}}],"collection":[{"href":"https:\/\/institucional.ufrrj.br\/sepsi\/wp-json\/wp\/v2\/pages"}],"about":[{"href":"https:\/\/institucional.ufrrj.br\/sepsi\/wp-json\/wp\/v2\/types\/page"}],"author":[{"embeddable":true,"href":"https:\/\/institucional.ufrrj.br\/sepsi\/wp-json\/wp\/v2\/users\/634"}],"replies":[{"embeddable":true,"href":"https:\/\/institucional.ufrrj.br\/sepsi\/wp-json\/wp\/v2\/comments?post=21"}],"version-history":[{"count":3,"href":"https:\/\/institucional.ufrrj.br\/sepsi\/wp-json\/wp\/v2\/pages\/21\/revisions"}],"predecessor-version":[{"id":1766,"href":"https:\/\/institucional.ufrrj.br\/sepsi\/wp-json\/wp\/v2\/pages\/21\/revisions\/1766"}],"wp:attachment":[{"href":"https:\/\/institucional.ufrrj.br\/sepsi\/wp-json\/wp\/v2\/media?parent=21"}],"curies":[{"name":"wp","href":"https:\/\/api.w.org\/{rel}","templated":true}]}}