{"id":1549,"date":"2021-07-12T12:11:40","date_gmt":"2021-07-12T15:11:40","guid":{"rendered":"http:\/\/institucional.ufrrj.br\/sepsi\/?page_id=1549"},"modified":"2021-08-13T21:06:01","modified_gmt":"2021-08-14T00:06:01","slug":"projetos-desenvolvidos-no-sepsi","status":"publish","type":"page","link":"https:\/\/institucional.ufrrj.br\/sepsi\/projetos-desenvolvidos-no-sepsi\/","title":{"rendered":"Projetos desenvolvidos no SEPsi"},"content":{"rendered":"\n<p class=\"has-medium-font-size\"><strong>Extens\u00e3o:<\/strong><\/p>\n\n\n\n<p><strong>Rede de Atendimento Psicol\u00f3gico (RAP) &#8211; UFRRJ<\/strong>   (Coordena\u00e7\u00e3o: Prof\u00aa. Rosane Braga de Melo)<\/p>\n\n\n\n<p>O projeto oferta de forma gratuita aos discentes alojados da Rural atendimento psicol\u00f3gico online. O objetivo da RAP\/UFRRJ \u00e9 acolher e escutar demandas de quem precisa e deseja, diante da ang\u00fastia vivida frente \u00e0 pandemia do Covid-19.<\/p>\n\n\n\n<p>A RAP\/UFRRJ \u00e9 formada por profissionais volunt\u00e1rios, a maioria egressos do curso de Psicologia da UFRRJ, e alunos dos programas de p\u00f3s-gradua\u00e7\u00e3o da \u00e1rea.<\/p>\n\n\n\n<p>Contato: &nbsp;<a rel=\"noreferrer noopener\" href=\"mailto:ufrrj.rap@gmail.com\" target=\"_blank\">ufrrj.rap@gmail.com<\/a>. <\/p>\n\n\n\n<p><a href=\"https:\/\/coronavirus.ufrrj.br\/alunos-alojados-podem-solicitar-atendimento-psicologico-gratuito-na-ufrrj\/\">https:\/\/coronavirus.ufrrj.br\/alunos-alojados-podem-solicitar-atendimento-psicologico-gratuito-na-ufrrj\/<\/a><\/p>\n\n\n\n<p><\/p>\n\n\n\n<p><strong>Projeto Plant\u00e3o Psicol\u00f3gico<\/strong> <strong>&#8211; UFRRJ <\/strong>(Coordena\u00e7\u00e3o: Prof\u00aa. Carla Vicente e&nbsp;Prof\u00aa. Luciene Rocinholi)<\/p>\n\n\n\n<p>Projeto voltado para\natendimento da comunidade universit\u00e1ria da UFRRJ durante o per\u00edodo de pandemia,\nbaseado na escuta cl\u00ednica dos diversos sentidos do sofrimento ps\u00edquico em\nsitua\u00e7\u00e3o emergencial ou eventual. A proposta n\u00e3o \u00e9 realizar psicoterapia, mas\noferecer escuta e acolhimento \u00e0s pessoas em momentos de crises.<\/p>\n\n\n\n<p>O acesso ao servi\u00e7o \u00e9 atrav\u00e9s do formul\u00e1rio no link:\u00a0<a href=\"https:\/\/bit.ly\/33ZVpV2\">https:\/\/bit.ly\/33ZVpV2<\/a><\/p>\n\n\n\n<figure class=\"wp-block-embed-wordpress wp-block-embed is-type-wp-embed is-provider-portal-ufrrj\"><div class=\"wp-block-embed__wrapper\">\nhttps:\/\/portal.ufrrj.br\/projeto-plantao-psicologico-faz-atendimento-on-line-a-comunidade-ruralina\/\n<\/div><figcaption><a href=\"https:\/\/portal.ufrrj.br\/projeto-plantao-psicologico-faz-atendimento-on-line-a-comunidade-ruralina\/\">https:\/\/portal.ufrrj.br\/projeto-plantao-psicologico-faz-atendimento-on-line-a-comunidade-ruralina\/<\/a><\/figcaption><\/figure>\n","protected":false},"excerpt":{"rendered":"<p>Extens\u00e3o: Rede de Atendimento Psicol\u00f3gico (RAP) &#8211; UFRRJ (Coordena\u00e7\u00e3o: Prof\u00aa. Rosane Braga de Melo) O projeto oferta de forma gratuita <a class=\"read-more\" href=\"https:\/\/institucional.ufrrj.br\/sepsi\/projetos-desenvolvidos-no-sepsi\/ \" >&#8230; <span class=\"font-italic\">leia mais <i class=\"fas fa-angle-right\"><\/i><\/span><\/a><\/p>\n","protected":false},"author":634,"featured_media":0,"parent":0,"menu_order":0,"comment_status":"closed","ping_status":"closed","template":"","meta":{"_acf_changed":false,"footnotes":""},"class_list":["post-1549","page","type-page","status-publish","hentry"],"yoast_head":"<!-- This site is optimized with the Yoast SEO plugin v27.2 - https:\/\/yoast.com\/product\/yoast-seo-wordpress\/ -->\n<title>Projetos desenvolvidos no SEPsi - Servi\u00e7o de Psicologia Aplicada (SPA)<\/title>\n<meta name=\"robots\" content=\"index, follow, max-snippet:-1, max-image-preview:large, max-video-preview:-1\" \/>\n<link rel=\"canonical\" href=\"https:\/\/institucional.ufrrj.br\/sepsi\/projetos-desenvolvidos-no-sepsi\/\" \/>\n<meta property=\"og:locale\" content=\"pt_BR\" \/>\n<meta property=\"og:type\" content=\"article\" \/>\n<meta property=\"og:title\" content=\"Projetos desenvolvidos no SEPsi - Servi\u00e7o de Psicologia Aplicada (SPA)\" \/>\n<meta property=\"og:description\" content=\"Extens\u00e3o: Rede de Atendimento Psicol\u00f3gico (RAP) &#8211; UFRRJ (Coordena\u00e7\u00e3o: Prof\u00aa. Rosane Braga de Melo) O projeto oferta de forma gratuita ... leia mais\" \/>\n<meta property=\"og:url\" content=\"https:\/\/institucional.ufrrj.br\/sepsi\/projetos-desenvolvidos-no-sepsi\/\" \/>\n<meta property=\"og:site_name\" content=\"Servi\u00e7o de Psicologia Aplicada (SPA)\" \/>\n<meta property=\"article:modified_time\" content=\"2021-08-14T00:06:01+00:00\" \/>\n<meta name=\"twitter:card\" content=\"summary_large_image\" \/>\n<meta name=\"twitter:label1\" content=\"Est. tempo de leitura\" \/>\n\t<meta name=\"twitter:data1\" content=\"1 minuto\" \/>\n<script type=\"application\/ld+json\" class=\"yoast-schema-graph\">{\"@context\":\"https:\/\/schema.org\",\"@graph\":[{\"@type\":\"WebPage\",\"@id\":\"https:\/\/institucional.ufrrj.br\/sepsi\/projetos-desenvolvidos-no-sepsi\/\",\"url\":\"https:\/\/institucional.ufrrj.br\/sepsi\/projetos-desenvolvidos-no-sepsi\/\",\"name\":\"Projetos desenvolvidos no SEPsi - Servi\u00e7o de Psicologia Aplicada (SPA)\",\"isPartOf\":{\"@id\":\"https:\/\/institucional.ufrrj.br\/sepsi\/#website\"},\"datePublished\":\"2021-07-12T15:11:40+00:00\",\"dateModified\":\"2021-08-14T00:06:01+00:00\",\"breadcrumb\":{\"@id\":\"https:\/\/institucional.ufrrj.br\/sepsi\/projetos-desenvolvidos-no-sepsi\/#breadcrumb\"},\"inLanguage\":\"pt-BR\",\"potentialAction\":[{\"@type\":\"ReadAction\",\"target\":[\"https:\/\/institucional.ufrrj.br\/sepsi\/projetos-desenvolvidos-no-sepsi\/\"]}]},{\"@type\":\"BreadcrumbList\",\"@id\":\"https:\/\/institucional.ufrrj.br\/sepsi\/projetos-desenvolvidos-no-sepsi\/#breadcrumb\",\"itemListElement\":[{\"@type\":\"ListItem\",\"position\":1,\"name\":\"In\u00edcio\",\"item\":\"https:\/\/institucional.ufrrj.br\/sepsi\/\"},{\"@type\":\"ListItem\",\"position\":2,\"name\":\"Projetos desenvolvidos no SEPsi\"}]},{\"@type\":\"WebSite\",\"@id\":\"https:\/\/institucional.ufrrj.br\/sepsi\/#website\",\"url\":\"https:\/\/institucional.ufrrj.br\/sepsi\/\",\"name\":\"Servi\u00e7o de Psicologia Aplicada (SPA)\",\"description\":\"S\u00f3 mais um site institucional.ufrrj.br\",\"potentialAction\":[{\"@type\":\"SearchAction\",\"target\":{\"@type\":\"EntryPoint\",\"urlTemplate\":\"https:\/\/institucional.ufrrj.br\/sepsi\/?s={search_term_string}\"},\"query-input\":{\"@type\":\"PropertyValueSpecification\",\"valueRequired\":true,\"valueName\":\"search_term_string\"}}],\"inLanguage\":\"pt-BR\"}]}<\/script>\n<!-- \/ Yoast SEO plugin. -->","yoast_head_json":{"title":"Projetos desenvolvidos no SEPsi - Servi\u00e7o de Psicologia Aplicada (SPA)","robots":{"index":"index","follow":"follow","max-snippet":"max-snippet:-1","max-image-preview":"max-image-preview:large","max-video-preview":"max-video-preview:-1"},"canonical":"https:\/\/institucional.ufrrj.br\/sepsi\/projetos-desenvolvidos-no-sepsi\/","og_locale":"pt_BR","og_type":"article","og_title":"Projetos desenvolvidos no SEPsi - Servi\u00e7o de Psicologia Aplicada (SPA)","og_description":"Extens\u00e3o: Rede de Atendimento Psicol\u00f3gico (RAP) &#8211; UFRRJ (Coordena\u00e7\u00e3o: Prof\u00aa. Rosane Braga de Melo) O projeto oferta de forma gratuita ... leia mais","og_url":"https:\/\/institucional.ufrrj.br\/sepsi\/projetos-desenvolvidos-no-sepsi\/","og_site_name":"Servi\u00e7o de Psicologia Aplicada (SPA)","article_modified_time":"2021-08-14T00:06:01+00:00","twitter_card":"summary_large_image","twitter_misc":{"Est. tempo de leitura":"1 minuto"},"schema":{"@context":"https:\/\/schema.org","@graph":[{"@type":"WebPage","@id":"https:\/\/institucional.ufrrj.br\/sepsi\/projetos-desenvolvidos-no-sepsi\/","url":"https:\/\/institucional.ufrrj.br\/sepsi\/projetos-desenvolvidos-no-sepsi\/","name":"Projetos desenvolvidos no SEPsi - Servi\u00e7o de Psicologia Aplicada (SPA)","isPartOf":{"@id":"https:\/\/institucional.ufrrj.br\/sepsi\/#website"},"datePublished":"2021-07-12T15:11:40+00:00","dateModified":"2021-08-14T00:06:01+00:00","breadcrumb":{"@id":"https:\/\/institucional.ufrrj.br\/sepsi\/projetos-desenvolvidos-no-sepsi\/#breadcrumb"},"inLanguage":"pt-BR","potentialAction":[{"@type":"ReadAction","target":["https:\/\/institucional.ufrrj.br\/sepsi\/projetos-desenvolvidos-no-sepsi\/"]}]},{"@type":"BreadcrumbList","@id":"https:\/\/institucional.ufrrj.br\/sepsi\/projetos-desenvolvidos-no-sepsi\/#breadcrumb","itemListElement":[{"@type":"ListItem","position":1,"name":"In\u00edcio","item":"https:\/\/institucional.ufrrj.br\/sepsi\/"},{"@type":"ListItem","position":2,"name":"Projetos desenvolvidos no SEPsi"}]},{"@type":"WebSite","@id":"https:\/\/institucional.ufrrj.br\/sepsi\/#website","url":"https:\/\/institucional.ufrrj.br\/sepsi\/","name":"Servi\u00e7o de Psicologia Aplicada (SPA)","description":"S\u00f3 mais um site institucional.ufrrj.br","potentialAction":[{"@type":"SearchAction","target":{"@type":"EntryPoint","urlTemplate":"https:\/\/institucional.ufrrj.br\/sepsi\/?s={search_term_string}"},"query-input":{"@type":"PropertyValueSpecification","valueRequired":true,"valueName":"search_term_string"}}],"inLanguage":"pt-BR"}]}},"acf":[],"_links":{"self":[{"href":"https:\/\/institucional.ufrrj.br\/sepsi\/wp-json\/wp\/v2\/pages\/1549","targetHints":{"allow":["GET"]}}],"collection":[{"href":"https:\/\/institucional.ufrrj.br\/sepsi\/wp-json\/wp\/v2\/pages"}],"about":[{"href":"https:\/\/institucional.ufrrj.br\/sepsi\/wp-json\/wp\/v2\/types\/page"}],"author":[{"embeddable":true,"href":"https:\/\/institucional.ufrrj.br\/sepsi\/wp-json\/wp\/v2\/users\/634"}],"replies":[{"embeddable":true,"href":"https:\/\/institucional.ufrrj.br\/sepsi\/wp-json\/wp\/v2\/comments?post=1549"}],"version-history":[{"count":4,"href":"https:\/\/institucional.ufrrj.br\/sepsi\/wp-json\/wp\/v2\/pages\/1549\/revisions"}],"predecessor-version":[{"id":1624,"href":"https:\/\/institucional.ufrrj.br\/sepsi\/wp-json\/wp\/v2\/pages\/1549\/revisions\/1624"}],"wp:attachment":[{"href":"https:\/\/institucional.ufrrj.br\/sepsi\/wp-json\/wp\/v2\/media?parent=1549"}],"curies":[{"name":"wp","href":"https:\/\/api.w.org\/{rel}","templated":true}]}}