{"id":1541,"date":"2021-07-12T12:11:02","date_gmt":"2021-07-12T15:11:02","guid":{"rendered":"http:\/\/institucional.ufrrj.br\/sepsi\/?page_id=1541"},"modified":"2021-11-19T19:55:07","modified_gmt":"2021-11-19T22:55:07","slug":"supervisores-e-projetos-de-estagio-supervisionado","status":"publish","type":"page","link":"https:\/\/institucional.ufrrj.br\/sepsi\/supervisores-e-projetos-de-estagio-supervisionado\/","title":{"rendered":"Supervisores e Projetos de Est\u00e1gio Supervisionado Espec\u00edfico"},"content":{"rendered":"\n<p><\/p>\n\n\n\n<p><strong>PROJETOS DE EST\u00c1GIO EXCLUSIVOS DA \u00caNFASE PSICOLOGIA E PROCESSOS DE PROMO\u00c7\u00c3O E PREVEN\u00c7\u00c3O EM SA\u00daDE<\/strong>:<\/p>\n\n\n\n<p><strong><a href=\"https:\/\/drive.google.com\/file\/d\/1agaoN8ER_qCivL0HZpnLLoOjYYbyNpQe\/view?usp=sharing\" target=\"_blank\" rel=\"noreferrer noopener\" aria-label=\" (abre numa nova aba)\">Atendimento Cl\u00ednico e Apoio a V\u00edtimas de Viol\u00eancia em uma Perspectiva Cognitivo-Comportamental <\/a><\/strong>(Prof\u00aa. Ana Cl\u00e1udia de Azevedo Peixoto)<strong> <\/strong><\/p>\n\n\n\n<p><a href=\"https:\/\/drive.google.com\/file\/d\/16cPvc9bIF1kaqG9Ryza5LHtaB7H-CpXy\/view?usp=sharing\"><strong>Plant\u00e3o Psicol\u00f3gico<\/strong><\/a>  (Prof\u00aa.   Carla Cristine Vicente) <\/p>\n\n\n\n<p><strong><a rel=\"noreferrer noopener\" aria-label=\" (abre numa nova aba)\" href=\"https:\/\/drive.google.com\/file\/d\/1eq6dam7gtzah_w_b2My89p1_nDOaPqwJ\/view?usp=sharing\" target=\"_blank\">Cl\u00ednica de Grupo na abordagem Fenomenol\u00f3gica Existencial Humanista <\/a><\/strong>(Prof\u00aa.   Carla Cristine Vicente)<strong> <\/strong><\/p>\n\n\n\n<p><strong><a href=\"https:\/\/drive.google.com\/file\/d\/1gYqa02BPYp8h_zutI8xACO4uZ_qTGcO9\/view?usp=sharing\" target=\"_blank\" rel=\"noreferrer noopener\" aria-label=\" (abre numa nova aba)\">Neuropsicologia: Avalia\u00e7\u00e3o e Interven\u00e7\u00e3o<\/a><\/strong> (Prof\u00aa. Emmy Uehara Pires) <\/p>\n\n\n\n<p><strong><a rel=\"noreferrer noopener\" aria-label=\" (abre numa nova aba)\" href=\"https:\/\/drive.google.com\/file\/d\/1MYK-dBgVBEZaAv-pRMvhMkZeqIrNWapn\/view?usp=sharing\" target=\"_blank\">Psicologia da Sa\u00fade \/ Hospitalar<\/a><\/strong><a rel=\"noreferrer noopener\" aria-label=\" (abre numa nova aba)\" href=\"https:\/\/drive.google.com\/file\/d\/1MYK-dBgVBEZaAv-pRMvhMkZeqIrNWapn\/view?usp=sharing\" target=\"_blank\"> <\/a> (Prof\u00aa. Lilian Maria Borges Gonzalez)<\/p>\n\n\n\n<p><strong><a rel=\"noreferrer noopener\" aria-label=\"Cl\u00ednica psicanal\u00edtica com crian\u00e7as e adolescentes (abre numa nova aba)\" href=\"https:\/\/drive.google.com\/file\/d\/1jZdCVSPxk_VT-Pu8Z8RR85TKO2OVWdtV\/view?usp=sharing\" target=\"_blank\">Cl\u00ednica psicanal\u00edtica com crian\u00e7as e adolescentes<\/a><\/strong> (Prof\u00aa. Luna Rodrigues de Freitas Silva)<\/p>\n\n\n\n<p><strong><a rel=\"noreferrer noopener\" aria-label=\"An\u00e1lise Reichiana (abre numa nova aba)\" href=\"https:\/\/drive.google.com\/file\/d\/1e2iNRPMCRZ_a15Lj_uRbGGRyN-8XpRPj\/view?usp=sharing\" target=\"_blank\">An\u00e1lise Reichiana<\/a><\/strong> (Prof. Marcus Vin\u00edcius de Ara\u00fajo C\u00e2mara) <\/p>\n\n\n\n<p><strong><a href=\"https:\/\/drive.google.com\/file\/d\/1yVHThSr41rGRV22Hk6Yw8XuE3eFEY7OE\/view?usp=sharing\" target=\"_blank\" rel=\"noreferrer noopener\" aria-label=\"Atendimento psicanal\u00edtico a pessoas LGBTQIA+ (abre numa nova aba)\">Atendimento psicanal\u00edtico a pessoas LGBTQIA+<\/a><\/strong> (Prof\u00aa. Mariana Ferreira Pombo) <\/p>\n\n\n\n<p><strong><a rel=\"noreferrer noopener\" aria-label=\"Psicologia Cl\u00ednica Junguiana (abre numa nova aba)\" href=\"https:\/\/drive.google.com\/file\/d\/1JLyc0P2epkLE7chtYcFYeXa5j_Jpjxjv\/view?usp=sharing\" target=\"_blank\">Psicologia Cl\u00ednica<\/a><\/strong><a rel=\"noreferrer noopener\" aria-label=\"Psicologia Cl\u00ednica Junguiana (abre numa nova aba)\" href=\"https:\/\/drive.google.com\/file\/d\/1JLyc0P2epkLE7chtYcFYeXa5j_Jpjxjv\/view?usp=sharing\" target=\"_blank\"> J<\/a><strong><a rel=\"noreferrer noopener\" aria-label=\"Psicologia Cl\u00ednica Junguiana (abre numa nova aba)\" href=\"https:\/\/drive.google.com\/file\/d\/1JLyc0P2epkLE7chtYcFYeXa5j_Jpjxjv\/view?usp=sharing\" target=\"_blank\">unguiana<\/a><\/strong><a href=\"https:\/\/drive.google.com\/file\/d\/1JLyc0P2epkLE7chtYcFYeXa5j_Jpjxjv\/view?usp=sharing\"> <\/a>(Prof. Nilton Sousa da Silva)<\/p>\n\n\n\n<p><strong><a rel=\"noreferrer noopener\" aria-label=\"Cl\u00ednica Psicanal\u00edtica (abre numa nova aba)\" href=\"https:\/\/drive.google.com\/file\/d\/18czuLR3x8Apd72HH7n3MB94gy4PWaRbo\/view?usp=sharing\" target=\"_blank\">Cl\u00ednica Psicanal\u00edtica<\/a><\/strong> (Prof\u00aa. Rosane Braga de Melo)  <\/p>\n\n\n\n<p><strong><a rel=\"noreferrer noopener\" aria-label=\"Atendimento cl\u00ednico \u00e0 queixa escolar (abre numa nova aba)\" href=\"https:\/\/docs.google.com\/document\/d\/1mKPqNnoiGLp-kbbqPNWlUVngFJWptZCH\/edit?usp=sharing&amp;ouid=100769591800760933911&amp;rtpof=true&amp;sd=true\" target=\"_blank\">Atendimento cl\u00ednico \u00e0 queixa escolar<\/a> <\/strong>(Prof\u00aa. Rosane Braga de Melo)<\/p>\n\n\n\n<p><strong><a rel=\"noreferrer noopener\" aria-label=\"Promo\u00e7\u00e3o de Sa\u00fade e Bem-Estar no Esporte (abre numa nova aba)\" href=\"https:\/\/drive.google.com\/file\/d\/1fR-Eiy3EsCRzMw0BAZbbDnn9ZqRjooa2\/view?usp=sharing\" target=\"_blank\">Promo\u00e7\u00e3o de Sa\u00fade e Bem-Estar no Esporte<\/a> <\/strong>(Prof. Wanderson Fernandes de Souza) <\/p>\n\n\n\n<p><strong><a href=\"https:\/\/drive.google.com\/file\/d\/1j7VnnKZ38HxVmUTVG0pP9UObBZ79w6Sh\/view?usp=sharing\" target=\"_blank\" rel=\"noreferrer noopener\" aria-label=\"Atendimento Cl\u00ednico em Psicoterapia Cognitivo-Comportamental para Adultos (abre numa nova aba)\">Atendimento Cl\u00ednico em Psicoterapia Cognitivo-Comportamental para Adultos<\/a> <\/strong> (Prof. Wanderson Fernandes de Souza)<\/p>\n\n\n\n<p><strong><a href=\"https:\/\/drive.google.com\/file\/d\/19OVPVAkWXoRtjhaG353yZVpPXpFIjZLA\/view?usp=sharing\" target=\"_blank\" rel=\"noreferrer noopener\" aria-label=\"Preven\u00e7\u00e3o e promo\u00e7\u00e3o da sa\u00fade (abre numa nova aba)\">Preven\u00e7\u00e3o e promo\u00e7\u00e3o da sa\u00fade<\/a><\/strong> (Psic\u00f3loga Maria S. S. Ara\u00fajo e Psic\u00f3loga Joelma Lameu)<\/p>\n\n\n\n<p>&nbsp;<br><\/p>\n\n\n\n<p><\/p>\n\n\n\n<p><\/p>\n\n\n\n<p><\/p>\n\n\n\n<p><strong>PROJETOS DE EST\u00c1GIO EXCLUSIVOS DA \u00caNFASE PSICOLOGIA E PROCESSOS EDUCATIVOS<\/strong>:<\/p>\n\n\n\n<p>(No momento n\u00e3o h\u00e1 projetos exclusivos desta \u00eanfase)<\/p>\n\n\n\n<p><br><\/p>\n\n\n\n<p><\/p>\n\n\n\n<p><strong>PROJETOS DE EST\u00c1GIO COMUNS \u00c0S DUAS \u00caNFASES<\/strong>:<\/p>\n\n\n\n<p><strong><a rel=\"noreferrer noopener\" aria-label=\"Atua\u00e7\u00e3o profissional nas pol\u00edticas de diversidade sexual e de g\u00eanero (abre numa nova aba)\" href=\"https:\/\/drive.google.com\/file\/d\/1Bm5Bx4uHphipZ10f8CWKAKOUAnsnhxyR\/view?usp=sharing\" target=\"_blank\">Atua\u00e7\u00e3o profissional nas pol\u00edticas de diversidade sexual e de g\u00eanero<\/a><\/strong> (Prof. Aureliano Lopes da Silva Junior) <\/p>\n\n\n\n<p><strong><a href=\"https:\/\/drive.google.com\/file\/d\/1xbJitB0hcnZfn2errqFk8uMxGnt-vAO_\/view?usp=sharing\">Psicologia do Trabalho<\/a><\/strong> (Prof. Bernardo Bittencourt Suprani) <\/p>\n\n\n\n<p><strong><a rel=\"noreferrer noopener\" aria-label=\"Sa\u00fade Mental (abre numa nova aba)\" href=\"https:\/\/drive.google.com\/file\/d\/1Z5PEvkYoH4Qvg5_youP2PgQnfr-8Ky_F\/view?usp=sharing\" target=\"_blank\">Sa\u00fade Mental<\/a><\/strong> (Prof\u00aa. Deborah Uhr)  <\/p>\n\n\n\n<p><strong><a rel=\"noreferrer noopener\" aria-label=\"Cl\u00ednica transdisciplinar do Adolescente (abre numa nova aba)\" href=\"https:\/\/drive.google.com\/file\/d\/18BESGB3_q7ybPg-og1kw4Yk3qROHfr7q\/view?usp=sharing\" target=\"_blank\">Cl\u00ednica transdisciplinar do Adolescente<\/a><\/strong> (Prof\u00aa. Luciene de F\u00e1tima Rocinholi)&nbsp;&nbsp;<\/p>\n\n\n\n<p><strong><a rel=\"noreferrer noopener\" aria-label=\"Interven\u00e7\u00e3o Socioanal\u00edtico na Assist\u00eancia Social (abre numa nova aba)\" href=\"https:\/\/drive.google.com\/file\/d\/1BaxbE6D-l2WTlXQJq72q-zHaRBhqTDYa\/view?usp=sharing\" target=\"_blank\">Interven\u00e7\u00e3o Socioanal\u00edtico na Assist\u00eancia Social<\/a><\/strong> (Prof. Marcelo Princeswal e  Prof. Bernardo Bittencourt Suprani)<\/p>\n\n\n\n<p><strong><a rel=\"noreferrer noopener\" aria-label=\"Psicologia Social Comunit\u00e1ria, Pol\u00edticas P\u00fablicas e Psicologia Complexa (abre numa nova aba)\" href=\"https:\/\/docs.google.com\/document\/d\/1A1EfW24L2ITy8MkuOqdzWuacfvCn787K\/edit?usp=sharing&amp;ouid=100769591800760933911&amp;rtpof=true&amp;sd=true\" target=\"_blank\">Psicologia Social Comunit\u00e1ria, Pol\u00edticas P\u00fablicas e Psicologia Complexa<\/a><\/strong> (Prof. Nilton Sousa da Silva) <\/p>\n\n\n\n<p><\/p>\n\n\n\n<p><br><\/p>\n","protected":false},"excerpt":{"rendered":"<p>PROJETOS DE EST\u00c1GIO EXCLUSIVOS DA \u00caNFASE PSICOLOGIA E PROCESSOS DE PROMO\u00c7\u00c3O E PREVEN\u00c7\u00c3O EM SA\u00daDE: Atendimento Cl\u00ednico e Apoio a <a class=\"read-more\" href=\"https:\/\/institucional.ufrrj.br\/sepsi\/supervisores-e-projetos-de-estagio-supervisionado\/ \" >&#8230; <span class=\"font-italic\">leia mais <i class=\"fas fa-angle-right\"><\/i><\/span><\/a><\/p>\n","protected":false},"author":634,"featured_media":0,"parent":0,"menu_order":0,"comment_status":"closed","ping_status":"closed","template":"","meta":{"_acf_changed":false,"footnotes":""},"class_list":["post-1541","page","type-page","status-publish","hentry"],"yoast_head":"<!-- This site is optimized with the Yoast SEO plugin v27.2 - https:\/\/yoast.com\/product\/yoast-seo-wordpress\/ -->\n<title>Supervisores e Projetos de Est\u00e1gio Supervisionado Espec\u00edfico - Servi\u00e7o de Psicologia Aplicada (SPA)<\/title>\n<meta name=\"robots\" content=\"index, follow, max-snippet:-1, max-image-preview:large, max-video-preview:-1\" \/>\n<link rel=\"canonical\" href=\"https:\/\/institucional.ufrrj.br\/sepsi\/supervisores-e-projetos-de-estagio-supervisionado\/\" \/>\n<meta property=\"og:locale\" content=\"pt_BR\" \/>\n<meta property=\"og:type\" content=\"article\" \/>\n<meta property=\"og:title\" content=\"Supervisores e Projetos de Est\u00e1gio Supervisionado Espec\u00edfico - Servi\u00e7o de Psicologia Aplicada (SPA)\" \/>\n<meta property=\"og:description\" content=\"PROJETOS DE EST\u00c1GIO EXCLUSIVOS DA \u00caNFASE PSICOLOGIA E PROCESSOS DE PROMO\u00c7\u00c3O E PREVEN\u00c7\u00c3O EM SA\u00daDE: Atendimento Cl\u00ednico e Apoio a ... leia mais\" \/>\n<meta property=\"og:url\" content=\"https:\/\/institucional.ufrrj.br\/sepsi\/supervisores-e-projetos-de-estagio-supervisionado\/\" \/>\n<meta property=\"og:site_name\" content=\"Servi\u00e7o de Psicologia Aplicada (SPA)\" \/>\n<meta property=\"article:modified_time\" content=\"2021-11-19T22:55:07+00:00\" \/>\n<meta name=\"twitter:card\" content=\"summary_large_image\" \/>\n<meta name=\"twitter:label1\" content=\"Est. tempo de leitura\" \/>\n\t<meta name=\"twitter:data1\" content=\"2 minutos\" \/>\n<script type=\"application\/ld+json\" class=\"yoast-schema-graph\">{\"@context\":\"https:\/\/schema.org\",\"@graph\":[{\"@type\":\"WebPage\",\"@id\":\"https:\/\/institucional.ufrrj.br\/sepsi\/supervisores-e-projetos-de-estagio-supervisionado\/\",\"url\":\"https:\/\/institucional.ufrrj.br\/sepsi\/supervisores-e-projetos-de-estagio-supervisionado\/\",\"name\":\"Supervisores e Projetos de Est\u00e1gio Supervisionado Espec\u00edfico - Servi\u00e7o de Psicologia Aplicada (SPA)\",\"isPartOf\":{\"@id\":\"https:\/\/institucional.ufrrj.br\/sepsi\/#website\"},\"datePublished\":\"2021-07-12T15:11:02+00:00\",\"dateModified\":\"2021-11-19T22:55:07+00:00\",\"breadcrumb\":{\"@id\":\"https:\/\/institucional.ufrrj.br\/sepsi\/supervisores-e-projetos-de-estagio-supervisionado\/#breadcrumb\"},\"inLanguage\":\"pt-BR\",\"potentialAction\":[{\"@type\":\"ReadAction\",\"target\":[\"https:\/\/institucional.ufrrj.br\/sepsi\/supervisores-e-projetos-de-estagio-supervisionado\/\"]}]},{\"@type\":\"BreadcrumbList\",\"@id\":\"https:\/\/institucional.ufrrj.br\/sepsi\/supervisores-e-projetos-de-estagio-supervisionado\/#breadcrumb\",\"itemListElement\":[{\"@type\":\"ListItem\",\"position\":1,\"name\":\"In\u00edcio\",\"item\":\"https:\/\/institucional.ufrrj.br\/sepsi\/\"},{\"@type\":\"ListItem\",\"position\":2,\"name\":\"Supervisores e Projetos de Est\u00e1gio Supervisionado Espec\u00edfico\"}]},{\"@type\":\"WebSite\",\"@id\":\"https:\/\/institucional.ufrrj.br\/sepsi\/#website\",\"url\":\"https:\/\/institucional.ufrrj.br\/sepsi\/\",\"name\":\"Servi\u00e7o de Psicologia Aplicada (SPA)\",\"description\":\"S\u00f3 mais um site institucional.ufrrj.br\",\"potentialAction\":[{\"@type\":\"SearchAction\",\"target\":{\"@type\":\"EntryPoint\",\"urlTemplate\":\"https:\/\/institucional.ufrrj.br\/sepsi\/?s={search_term_string}\"},\"query-input\":{\"@type\":\"PropertyValueSpecification\",\"valueRequired\":true,\"valueName\":\"search_term_string\"}}],\"inLanguage\":\"pt-BR\"}]}<\/script>\n<!-- \/ Yoast SEO plugin. -->","yoast_head_json":{"title":"Supervisores e Projetos de Est\u00e1gio Supervisionado Espec\u00edfico - Servi\u00e7o de Psicologia Aplicada (SPA)","robots":{"index":"index","follow":"follow","max-snippet":"max-snippet:-1","max-image-preview":"max-image-preview:large","max-video-preview":"max-video-preview:-1"},"canonical":"https:\/\/institucional.ufrrj.br\/sepsi\/supervisores-e-projetos-de-estagio-supervisionado\/","og_locale":"pt_BR","og_type":"article","og_title":"Supervisores e Projetos de Est\u00e1gio Supervisionado Espec\u00edfico - Servi\u00e7o de Psicologia Aplicada (SPA)","og_description":"PROJETOS DE EST\u00c1GIO EXCLUSIVOS DA \u00caNFASE PSICOLOGIA E PROCESSOS DE PROMO\u00c7\u00c3O E PREVEN\u00c7\u00c3O EM SA\u00daDE: Atendimento Cl\u00ednico e Apoio a ... leia mais","og_url":"https:\/\/institucional.ufrrj.br\/sepsi\/supervisores-e-projetos-de-estagio-supervisionado\/","og_site_name":"Servi\u00e7o de Psicologia Aplicada (SPA)","article_modified_time":"2021-11-19T22:55:07+00:00","twitter_card":"summary_large_image","twitter_misc":{"Est. tempo de leitura":"2 minutos"},"schema":{"@context":"https:\/\/schema.org","@graph":[{"@type":"WebPage","@id":"https:\/\/institucional.ufrrj.br\/sepsi\/supervisores-e-projetos-de-estagio-supervisionado\/","url":"https:\/\/institucional.ufrrj.br\/sepsi\/supervisores-e-projetos-de-estagio-supervisionado\/","name":"Supervisores e Projetos de Est\u00e1gio Supervisionado Espec\u00edfico - Servi\u00e7o de Psicologia Aplicada (SPA)","isPartOf":{"@id":"https:\/\/institucional.ufrrj.br\/sepsi\/#website"},"datePublished":"2021-07-12T15:11:02+00:00","dateModified":"2021-11-19T22:55:07+00:00","breadcrumb":{"@id":"https:\/\/institucional.ufrrj.br\/sepsi\/supervisores-e-projetos-de-estagio-supervisionado\/#breadcrumb"},"inLanguage":"pt-BR","potentialAction":[{"@type":"ReadAction","target":["https:\/\/institucional.ufrrj.br\/sepsi\/supervisores-e-projetos-de-estagio-supervisionado\/"]}]},{"@type":"BreadcrumbList","@id":"https:\/\/institucional.ufrrj.br\/sepsi\/supervisores-e-projetos-de-estagio-supervisionado\/#breadcrumb","itemListElement":[{"@type":"ListItem","position":1,"name":"In\u00edcio","item":"https:\/\/institucional.ufrrj.br\/sepsi\/"},{"@type":"ListItem","position":2,"name":"Supervisores e Projetos de Est\u00e1gio Supervisionado Espec\u00edfico"}]},{"@type":"WebSite","@id":"https:\/\/institucional.ufrrj.br\/sepsi\/#website","url":"https:\/\/institucional.ufrrj.br\/sepsi\/","name":"Servi\u00e7o de Psicologia Aplicada (SPA)","description":"S\u00f3 mais um site institucional.ufrrj.br","potentialAction":[{"@type":"SearchAction","target":{"@type":"EntryPoint","urlTemplate":"https:\/\/institucional.ufrrj.br\/sepsi\/?s={search_term_string}"},"query-input":{"@type":"PropertyValueSpecification","valueRequired":true,"valueName":"search_term_string"}}],"inLanguage":"pt-BR"}]}},"acf":[],"_links":{"self":[{"href":"https:\/\/institucional.ufrrj.br\/sepsi\/wp-json\/wp\/v2\/pages\/1541","targetHints":{"allow":["GET"]}}],"collection":[{"href":"https:\/\/institucional.ufrrj.br\/sepsi\/wp-json\/wp\/v2\/pages"}],"about":[{"href":"https:\/\/institucional.ufrrj.br\/sepsi\/wp-json\/wp\/v2\/types\/page"}],"author":[{"embeddable":true,"href":"https:\/\/institucional.ufrrj.br\/sepsi\/wp-json\/wp\/v2\/users\/634"}],"replies":[{"embeddable":true,"href":"https:\/\/institucional.ufrrj.br\/sepsi\/wp-json\/wp\/v2\/comments?post=1541"}],"version-history":[{"count":26,"href":"https:\/\/institucional.ufrrj.br\/sepsi\/wp-json\/wp\/v2\/pages\/1541\/revisions"}],"predecessor-version":[{"id":1712,"href":"https:\/\/institucional.ufrrj.br\/sepsi\/wp-json\/wp\/v2\/pages\/1541\/revisions\/1712"}],"wp:attachment":[{"href":"https:\/\/institucional.ufrrj.br\/sepsi\/wp-json\/wp\/v2\/media?parent=1541"}],"curies":[{"name":"wp","href":"https:\/\/api.w.org\/{rel}","templated":true}]}}