{"id":1539,"date":"2021-07-12T12:10:52","date_gmt":"2021-07-12T15:10:52","guid":{"rendered":"http:\/\/institucional.ufrrj.br\/sepsi\/?page_id=1539"},"modified":"2022-08-31T21:24:55","modified_gmt":"2022-09-01T00:24:55","slug":"selecao-de-estagio","status":"publish","type":"page","link":"https:\/\/institucional.ufrrj.br\/sepsi\/selecao-de-estagio\/","title":{"rendered":"Sele\u00e7\u00e3o de est\u00e1gio"},"content":{"rendered":"\n<h2 class=\"wp-block-heading\">Informa\u00e7\u00f5es Gerais:<\/h2>\n\n\n\n<p>A sele\u00e7\u00e3o do est\u00e1gio obrigat\u00f3rio espec\u00edfico ocorre\ndurante o sexto per\u00edodo, ap\u00f3s realiza\u00e7\u00e3o do Semin\u00e1rio do SPA e da apresenta\u00e7\u00e3o\ndo plano de est\u00e1gio pelos professores orientadores. Atualmente ela \u00e9 feita por\nmeio de preenchimento de formul\u00e1rio google onde o aluno indica tr\u00eas op\u00e7\u00f5es de\nest\u00e1gio por ordem de prefer\u00eancia. A partir de ent\u00e3o passa pela(s) entrevista(s)\nde sele\u00e7\u00e3o, realizando uma ou mais a depender da aprova\u00e7\u00e3o nas op\u00e7\u00f5es\nrealizadas. O processo de sele\u00e7\u00e3o costuma ocorrer em junho de cada ano e nenhum\naluno fica sem est\u00e1gio obrigat\u00f3rio espec\u00edfico. Os crit\u00e9rios de an\u00e1lise s\u00e3o\ndefinidos por cada professor orientador.<\/p>\n\n\n\n<p>O tempo de perman\u00eancia varia de acordo com o plano de\nest\u00e1gio, sendo o prazo m\u00ednimo 1 (um) ano. No caso de o aluno desejar mudar de\nest\u00e1gio ap\u00f3s esse per\u00edodo, ele dever\u00e1 participar de novo processo de sele\u00e7\u00e3o.<\/p>\n\n\n\n<p>A\nregulariza\u00e7\u00e3o do est\u00e1gio \u00e9 feita pela Divis\u00e3o de Est\u00e1gio (DEST) mediante\nentrega de documenta\u00e7\u00e3o, de acordo com a normatiza\u00e7\u00e3o da universidade. Para\nmais informa\u00e7\u00f5es, vide&nbsp;<a href=\"https:\/\/institucional.ufrrj\/dest\/\">https:\/\/institucional.ufrrj\/dest\/<\/a><\/p>\n\n\n\n<p>Em 2016 o colegiado do curso de Psicologia optou pela n\u00e3o obrigatoriedade do conv\u00eanio de est\u00e1gio, mas \u00e0s vezes ele \u00e9 uma exig\u00eancia da institui\u00e7\u00e3o concedente. \u00c9 preciso que o discente se informe sobre o assunto junto \u00e0 institui\u00e7\u00e3o onde deseja estagiar. Al\u00e9m disso, a DEST tamb\u00e9m disponibiliza uma lista com as institui\u00e7\u00f5es conveniadas com a UFRRJ. Ela est\u00e1 dispon\u00edvel pelo link:&nbsp;<a href=\"https:\/\/institucional.ufrrj.br\/dest\/files\/2021\/08\/EMPRESAS-CONVENIADAS.pdf\">https:\/\/institucional.ufrrj.br\/dest\/files\/2021\/08\/EMPRESAS-CONVENIADAS.pdf<\/a><\/p>\n\n\n\n<h2 class=\"wp-block-heading\">Etapas da Sele\u00e7\u00e3o de Est\u00e1gio:<\/h2>\n\n\n\n<h4 class=\"wp-block-heading\"><strong>CRONOGRAMA DA SELE\u00c7\u00c3O DE EST\u00c1GIO 2022.2<\/strong><\/h4>\n\n\n\n<ul class=\"wp-block-list\"><li><a href=\"https:\/\/docs.google.com\/document\/d\/1PJB_5aNcSm3cTYQNFu6Cl6t2onmtubuy\/edit?usp=sharing&amp;ouid=100769591800760933911&amp;rtpof=true&amp;sd=true\">Vagas de est\u00e1gio para 2022.2<\/a><\/li><\/ul>\n\n\n\n<h4 class=\"wp-block-heading\">09\/08\/22 &#8211; Apresenta\u00e7\u00e3o dos campos de est\u00e1gio (pelo Google Meet)<\/h4>\n\n\n\n<ul class=\"wp-block-list\"><li> <a href=\"https:\/\/docs.google.com\/document\/d\/1hga1KHOD2uKJwGHj3B3CgFcg-nMSY101Sqz7TSYyLzA\/edit?usp=sharing\">Cronograma de apresenta\u00e7\u00e3o dos campos de est\u00e1gio <\/a><\/li><\/ul>\n\n\n\n<h4 class=\"wp-block-heading\">17 e 18\/08\/22 &#8211; Inscri\u00e7\u00e3o em modalidade de est\u00e1gio profissional e \u00eanfase de curso<\/h4>\n\n\n\n<p><strong>Acesse e preencha o formul\u00e1rio abaixo:<\/strong><\/p>\n\n\n\n<p><a href=\"https:\/\/forms.gle\/unB88E9YZkedahYv7\">Credenciamento para Est\u00e1gio Profissional &#8211; 2022.2<\/a><\/p>\n\n\n\n<h4 class=\"wp-block-heading\">22\/08 a 25\/08\/22 &#8211; realiza\u00e7\u00e3o das entrevistas de sele\u00e7\u00e3o de est\u00e1gio (pela internet)<\/h4>\n\n\n\n<h4 class=\"wp-block-heading\"> 29\/08\/22 \u2013 Divulga\u00e7\u00e3o do resultado da sele\u00e7\u00e3o de est\u00e1gio <\/h4>\n\n\n\n<p><a href=\"https:\/\/docs.google.com\/document\/d\/19Yvoe2Q3PWYz-Yyj3FzMwUX96CHBeMfU\/edit?usp=sharing&amp;ouid=100769591800760933911&amp;rtpof=true&amp;sd=true\">Resultado da sele\u00e7\u00e3o de est\u00e1gio profissional &#8211; 2022.2<\/a><\/p>\n\n\n\n<p><strong>01 a 03\/09\/22 &#8211; Inscri\u00e7\u00e3o para concluintes em um segundo Est\u00e1gio Profissional &#8211; 2022.2 &#8211; (concomitante)<\/strong><\/p>\n\n\n\n<p>Alunos concluintes que precisarem se inscrever em um segundo est\u00e1gio profissional concomitante poder\u00e3o fazer a inscri\u00e7\u00e3o atrav\u00e9s do link abaixo e concorrer a uma das vagas n\u00e3o ocupadas na sele\u00e7\u00e3o regular.<\/p>\n\n\n\n<p><a href=\"https:\/\/forms.gle\/ep5fCRLnFXMa1NyTA\">Credenciamento para segundo Est\u00e1gio Profissional &#8211; 2022.2 &#8211; (concomitante)<\/a><\/p>\n","protected":false},"excerpt":{"rendered":"<p>Informa\u00e7\u00f5es Gerais: A sele\u00e7\u00e3o do est\u00e1gio obrigat\u00f3rio espec\u00edfico ocorre durante o sexto per\u00edodo, ap\u00f3s realiza\u00e7\u00e3o do Semin\u00e1rio do SPA e <a class=\"read-more\" href=\"https:\/\/institucional.ufrrj.br\/sepsi\/selecao-de-estagio\/ \" >&#8230; <span class=\"font-italic\">leia mais <i class=\"fas fa-angle-right\"><\/i><\/span><\/a><\/p>\n","protected":false},"author":634,"featured_media":0,"parent":0,"menu_order":0,"comment_status":"closed","ping_status":"closed","template":"","meta":{"_acf_changed":false,"footnotes":""},"class_list":["post-1539","page","type-page","status-publish","hentry"],"yoast_head":"<!-- This site is optimized with the Yoast SEO plugin v27.2 - https:\/\/yoast.com\/product\/yoast-seo-wordpress\/ -->\n<title>Sele\u00e7\u00e3o de est\u00e1gio - Servi\u00e7o de Psicologia Aplicada (SPA)<\/title>\n<meta name=\"robots\" content=\"index, follow, max-snippet:-1, max-image-preview:large, max-video-preview:-1\" \/>\n<link rel=\"canonical\" href=\"https:\/\/institucional.ufrrj.br\/sepsi\/selecao-de-estagio\/\" \/>\n<meta property=\"og:locale\" content=\"pt_BR\" \/>\n<meta property=\"og:type\" content=\"article\" \/>\n<meta property=\"og:title\" content=\"Sele\u00e7\u00e3o de est\u00e1gio - Servi\u00e7o de Psicologia Aplicada (SPA)\" \/>\n<meta property=\"og:description\" content=\"Informa\u00e7\u00f5es Gerais: A sele\u00e7\u00e3o do est\u00e1gio obrigat\u00f3rio espec\u00edfico ocorre durante o sexto per\u00edodo, ap\u00f3s realiza\u00e7\u00e3o do Semin\u00e1rio do SPA e ... leia mais\" \/>\n<meta property=\"og:url\" content=\"https:\/\/institucional.ufrrj.br\/sepsi\/selecao-de-estagio\/\" \/>\n<meta property=\"og:site_name\" content=\"Servi\u00e7o de Psicologia Aplicada (SPA)\" \/>\n<meta property=\"article:modified_time\" content=\"2022-09-01T00:24:55+00:00\" \/>\n<meta name=\"twitter:card\" content=\"summary_large_image\" \/>\n<meta name=\"twitter:label1\" content=\"Est. tempo de leitura\" \/>\n\t<meta name=\"twitter:data1\" content=\"2 minutos\" \/>\n<script type=\"application\/ld+json\" class=\"yoast-schema-graph\">{\"@context\":\"https:\/\/schema.org\",\"@graph\":[{\"@type\":\"WebPage\",\"@id\":\"https:\/\/institucional.ufrrj.br\/sepsi\/selecao-de-estagio\/\",\"url\":\"https:\/\/institucional.ufrrj.br\/sepsi\/selecao-de-estagio\/\",\"name\":\"Sele\u00e7\u00e3o de est\u00e1gio - Servi\u00e7o de Psicologia Aplicada (SPA)\",\"isPartOf\":{\"@id\":\"https:\/\/institucional.ufrrj.br\/sepsi\/#website\"},\"datePublished\":\"2021-07-12T15:10:52+00:00\",\"dateModified\":\"2022-09-01T00:24:55+00:00\",\"breadcrumb\":{\"@id\":\"https:\/\/institucional.ufrrj.br\/sepsi\/selecao-de-estagio\/#breadcrumb\"},\"inLanguage\":\"pt-BR\",\"potentialAction\":[{\"@type\":\"ReadAction\",\"target\":[\"https:\/\/institucional.ufrrj.br\/sepsi\/selecao-de-estagio\/\"]}]},{\"@type\":\"BreadcrumbList\",\"@id\":\"https:\/\/institucional.ufrrj.br\/sepsi\/selecao-de-estagio\/#breadcrumb\",\"itemListElement\":[{\"@type\":\"ListItem\",\"position\":1,\"name\":\"In\u00edcio\",\"item\":\"https:\/\/institucional.ufrrj.br\/sepsi\/\"},{\"@type\":\"ListItem\",\"position\":2,\"name\":\"Sele\u00e7\u00e3o de est\u00e1gio\"}]},{\"@type\":\"WebSite\",\"@id\":\"https:\/\/institucional.ufrrj.br\/sepsi\/#website\",\"url\":\"https:\/\/institucional.ufrrj.br\/sepsi\/\",\"name\":\"Servi\u00e7o de Psicologia Aplicada (SPA)\",\"description\":\"S\u00f3 mais um site institucional.ufrrj.br\",\"potentialAction\":[{\"@type\":\"SearchAction\",\"target\":{\"@type\":\"EntryPoint\",\"urlTemplate\":\"https:\/\/institucional.ufrrj.br\/sepsi\/?s={search_term_string}\"},\"query-input\":{\"@type\":\"PropertyValueSpecification\",\"valueRequired\":true,\"valueName\":\"search_term_string\"}}],\"inLanguage\":\"pt-BR\"}]}<\/script>\n<!-- \/ Yoast SEO plugin. -->","yoast_head_json":{"title":"Sele\u00e7\u00e3o de est\u00e1gio - Servi\u00e7o de Psicologia Aplicada (SPA)","robots":{"index":"index","follow":"follow","max-snippet":"max-snippet:-1","max-image-preview":"max-image-preview:large","max-video-preview":"max-video-preview:-1"},"canonical":"https:\/\/institucional.ufrrj.br\/sepsi\/selecao-de-estagio\/","og_locale":"pt_BR","og_type":"article","og_title":"Sele\u00e7\u00e3o de est\u00e1gio - Servi\u00e7o de Psicologia Aplicada (SPA)","og_description":"Informa\u00e7\u00f5es Gerais: A sele\u00e7\u00e3o do est\u00e1gio obrigat\u00f3rio espec\u00edfico ocorre durante o sexto per\u00edodo, ap\u00f3s realiza\u00e7\u00e3o do Semin\u00e1rio do SPA e ... leia mais","og_url":"https:\/\/institucional.ufrrj.br\/sepsi\/selecao-de-estagio\/","og_site_name":"Servi\u00e7o de Psicologia Aplicada (SPA)","article_modified_time":"2022-09-01T00:24:55+00:00","twitter_card":"summary_large_image","twitter_misc":{"Est. tempo de leitura":"2 minutos"},"schema":{"@context":"https:\/\/schema.org","@graph":[{"@type":"WebPage","@id":"https:\/\/institucional.ufrrj.br\/sepsi\/selecao-de-estagio\/","url":"https:\/\/institucional.ufrrj.br\/sepsi\/selecao-de-estagio\/","name":"Sele\u00e7\u00e3o de est\u00e1gio - Servi\u00e7o de Psicologia Aplicada (SPA)","isPartOf":{"@id":"https:\/\/institucional.ufrrj.br\/sepsi\/#website"},"datePublished":"2021-07-12T15:10:52+00:00","dateModified":"2022-09-01T00:24:55+00:00","breadcrumb":{"@id":"https:\/\/institucional.ufrrj.br\/sepsi\/selecao-de-estagio\/#breadcrumb"},"inLanguage":"pt-BR","potentialAction":[{"@type":"ReadAction","target":["https:\/\/institucional.ufrrj.br\/sepsi\/selecao-de-estagio\/"]}]},{"@type":"BreadcrumbList","@id":"https:\/\/institucional.ufrrj.br\/sepsi\/selecao-de-estagio\/#breadcrumb","itemListElement":[{"@type":"ListItem","position":1,"name":"In\u00edcio","item":"https:\/\/institucional.ufrrj.br\/sepsi\/"},{"@type":"ListItem","position":2,"name":"Sele\u00e7\u00e3o de est\u00e1gio"}]},{"@type":"WebSite","@id":"https:\/\/institucional.ufrrj.br\/sepsi\/#website","url":"https:\/\/institucional.ufrrj.br\/sepsi\/","name":"Servi\u00e7o de Psicologia Aplicada (SPA)","description":"S\u00f3 mais um site institucional.ufrrj.br","potentialAction":[{"@type":"SearchAction","target":{"@type":"EntryPoint","urlTemplate":"https:\/\/institucional.ufrrj.br\/sepsi\/?s={search_term_string}"},"query-input":{"@type":"PropertyValueSpecification","valueRequired":true,"valueName":"search_term_string"}}],"inLanguage":"pt-BR"}]}},"acf":[],"_links":{"self":[{"href":"https:\/\/institucional.ufrrj.br\/sepsi\/wp-json\/wp\/v2\/pages\/1539","targetHints":{"allow":["GET"]}}],"collection":[{"href":"https:\/\/institucional.ufrrj.br\/sepsi\/wp-json\/wp\/v2\/pages"}],"about":[{"href":"https:\/\/institucional.ufrrj.br\/sepsi\/wp-json\/wp\/v2\/types\/page"}],"author":[{"embeddable":true,"href":"https:\/\/institucional.ufrrj.br\/sepsi\/wp-json\/wp\/v2\/users\/634"}],"replies":[{"embeddable":true,"href":"https:\/\/institucional.ufrrj.br\/sepsi\/wp-json\/wp\/v2\/comments?post=1539"}],"version-history":[{"count":19,"href":"https:\/\/institucional.ufrrj.br\/sepsi\/wp-json\/wp\/v2\/pages\/1539\/revisions"}],"predecessor-version":[{"id":1760,"href":"https:\/\/institucional.ufrrj.br\/sepsi\/wp-json\/wp\/v2\/pages\/1539\/revisions\/1760"}],"wp:attachment":[{"href":"https:\/\/institucional.ufrrj.br\/sepsi\/wp-json\/wp\/v2\/media?parent=1539"}],"curies":[{"name":"wp","href":"https:\/\/api.w.org\/{rel}","templated":true}]}}