{"id":1535,"date":"2021-07-12T12:10:34","date_gmt":"2021-07-12T15:10:34","guid":{"rendered":"http:\/\/institucional.ufrrj.br\/sepsi\/?page_id=1535"},"modified":"2021-08-13T12:49:24","modified_gmt":"2021-08-13T15:49:24","slug":"tipos-de-estagio","status":"publish","type":"page","link":"https:\/\/institucional.ufrrj.br\/sepsi\/tipos-de-estagio\/","title":{"rendered":"Tipos de est\u00e1gio"},"content":{"rendered":"\n<p>O est\u00e1gio divide-se em obrigat\u00f3rio e n\u00e3o-obrigat\u00f3rio,\nem b\u00e1sico e espec\u00edfico, e em interno e externo.<\/p>\n\n\n\n<p><strong>Est\u00e1gio\nobrigat\u00f3rio<\/strong>:\ndefinido como tal no projeto do curso, cuja carga hor\u00e1ria \u00e9 requisito para\naprova\u00e7\u00e3o e obten\u00e7\u00e3o de diploma.<\/p>\n\n\n\n<p><strong>Est\u00e1gio\nn\u00e3o-obrigat\u00f3rio<\/strong>:\ndesenvolvido como atividade opcional e complementar \u00e0 forma\u00e7\u00e3o. Sua carga\nhor\u00e1ria n\u00e3o comp\u00f5e aquela regular e obrigat\u00f3ria do curso, mas pode ser\ncontabilizada para integraliza\u00e7\u00e3o das horas de Atividade Complementar.\nIndependente do tipo de est\u00e1gio, cabe \u00e0 institui\u00e7\u00e3o de ensino acompanhar o\naluno nesse processo.<\/p>\n\n\n\n<p>As\nDiretrizes Curriculares Nacionais do curso de Psicologia, publicadas em 2004 e\natualizadas em 2011, determinam que os&nbsp;<strong>est\u00e1gios obrigat\u00f3rios<\/strong>&nbsp;devem\nse estruturar em dois n\u00edveis: o b\u00e1sico e o espec\u00edfico, cada um com carga\nhor\u00e1ria pr\u00f3pria.<\/p>\n\n\n\n<p><strong>Est\u00e1gio\nb\u00e1sico<\/strong>&nbsp;(ou\nde n\u00facleo comum): visa \u00e0 integra\u00e7\u00e3o das compet\u00eancias e habilidades previstas no\nn\u00facleo comum de forma\u00e7\u00e3o. Na UFRRJ, os est\u00e1gios b\u00e1sicos s\u00e3o ofertados no 3\u00ba,\n4\u00ba, 5\u00ba e 6\u00ba per\u00edodos num total de 240 horas e sua conclus\u00e3o \u00e9 pr\u00e9-requisito\npara a realiza\u00e7\u00e3o do est\u00e1gio espec\u00edfico.<\/p>\n\n\n\n<p><strong>Est\u00e1gio\nespec\u00edfico<\/strong>&nbsp;(ou\nprofissional): visa \u00e0 integra\u00e7\u00e3o dos conhecimentos, habilidades e compet\u00eancias\nligadas a cada uma das \u00eanfases curriculares propostas pelo curso, a saber:\nPsicologia e Processos de Promo\u00e7\u00e3o e Preven\u00e7\u00e3o em Sa\u00fade, e Psicologia e Processos\nEducativos. Na UFRRJ, a op\u00e7\u00e3o pela \u00eanfase se d\u00e1 no final do 6\u00ba per\u00edodo, quando\nda escolha do est\u00e1gio espec\u00edfico. Esse est\u00e1gio deve ser feito ao longo de\nquatro per\u00edodos e com carga hor\u00e1ria de 480 horas.<\/p>\n\n\n\n<p>Do ponto de vista do campo de est\u00e1gio, ele pode ser\ndividido em interno e externo.<\/p>\n\n\n\n<p><strong>Est\u00e1gio interno<\/strong>\u00a0\u00e9 aquele realizado dentro das depend\u00eancias da ag\u00eancia formadora, n\u00e3o envolvendo, portanto, outras institui\u00e7\u00f5es ou profissionais como concedentes de est\u00e1gio. <\/p>\n\n\n\n<p><strong>Est\u00e1gio externo<\/strong>\u00a0\u00e9 realizado em diferentes contextos, fora das depend\u00eancias da UFRRJ, tais como hospitais, cl\u00ednicas, escolas, empresas, mediante celebra\u00e7\u00e3o de um termo de compromisso entre discente, parte concedente do est\u00e1gio e institui\u00e7\u00e3o de ensino. A supervis\u00e3o \u00e9 realizada pelo psic\u00f3logo que atua no campo, mas o curso de Psicologia da UFRRJ designa um professor-orientador que tamb\u00e9m acompanha o discente. <\/p>\n","protected":false},"excerpt":{"rendered":"<p>O est\u00e1gio divide-se em obrigat\u00f3rio e n\u00e3o-obrigat\u00f3rio, em b\u00e1sico e espec\u00edfico, e em interno e externo. Est\u00e1gio obrigat\u00f3rio: definido como <a class=\"read-more\" href=\"https:\/\/institucional.ufrrj.br\/sepsi\/tipos-de-estagio\/ \" >&#8230; <span class=\"font-italic\">leia mais <i class=\"fas fa-angle-right\"><\/i><\/span><\/a><\/p>\n","protected":false},"author":634,"featured_media":0,"parent":0,"menu_order":0,"comment_status":"closed","ping_status":"closed","template":"","meta":{"_acf_changed":false,"footnotes":""},"class_list":["post-1535","page","type-page","status-publish","hentry"],"yoast_head":"<!-- This site is optimized with the Yoast SEO plugin v27.2 - https:\/\/yoast.com\/product\/yoast-seo-wordpress\/ -->\n<title>Tipos de est\u00e1gio - Servi\u00e7o de Psicologia Aplicada (SPA)<\/title>\n<meta name=\"robots\" content=\"index, follow, max-snippet:-1, max-image-preview:large, max-video-preview:-1\" \/>\n<link rel=\"canonical\" href=\"https:\/\/institucional.ufrrj.br\/sepsi\/tipos-de-estagio\/\" \/>\n<meta property=\"og:locale\" content=\"pt_BR\" \/>\n<meta property=\"og:type\" content=\"article\" \/>\n<meta property=\"og:title\" content=\"Tipos de est\u00e1gio - Servi\u00e7o de Psicologia Aplicada (SPA)\" \/>\n<meta property=\"og:description\" content=\"O est\u00e1gio divide-se em obrigat\u00f3rio e n\u00e3o-obrigat\u00f3rio, em b\u00e1sico e espec\u00edfico, e em interno e externo. Est\u00e1gio obrigat\u00f3rio: definido como ... leia mais\" \/>\n<meta property=\"og:url\" content=\"https:\/\/institucional.ufrrj.br\/sepsi\/tipos-de-estagio\/\" \/>\n<meta property=\"og:site_name\" content=\"Servi\u00e7o de Psicologia Aplicada (SPA)\" \/>\n<meta property=\"article:modified_time\" content=\"2021-08-13T15:49:24+00:00\" \/>\n<meta name=\"twitter:card\" content=\"summary_large_image\" \/>\n<meta name=\"twitter:label1\" content=\"Est. tempo de leitura\" \/>\n\t<meta name=\"twitter:data1\" content=\"2 minutos\" \/>\n<script type=\"application\/ld+json\" class=\"yoast-schema-graph\">{\"@context\":\"https:\/\/schema.org\",\"@graph\":[{\"@type\":\"WebPage\",\"@id\":\"https:\/\/institucional.ufrrj.br\/sepsi\/tipos-de-estagio\/\",\"url\":\"https:\/\/institucional.ufrrj.br\/sepsi\/tipos-de-estagio\/\",\"name\":\"Tipos de est\u00e1gio - Servi\u00e7o de Psicologia Aplicada (SPA)\",\"isPartOf\":{\"@id\":\"https:\/\/institucional.ufrrj.br\/sepsi\/#website\"},\"datePublished\":\"2021-07-12T15:10:34+00:00\",\"dateModified\":\"2021-08-13T15:49:24+00:00\",\"breadcrumb\":{\"@id\":\"https:\/\/institucional.ufrrj.br\/sepsi\/tipos-de-estagio\/#breadcrumb\"},\"inLanguage\":\"pt-BR\",\"potentialAction\":[{\"@type\":\"ReadAction\",\"target\":[\"https:\/\/institucional.ufrrj.br\/sepsi\/tipos-de-estagio\/\"]}]},{\"@type\":\"BreadcrumbList\",\"@id\":\"https:\/\/institucional.ufrrj.br\/sepsi\/tipos-de-estagio\/#breadcrumb\",\"itemListElement\":[{\"@type\":\"ListItem\",\"position\":1,\"name\":\"In\u00edcio\",\"item\":\"https:\/\/institucional.ufrrj.br\/sepsi\/\"},{\"@type\":\"ListItem\",\"position\":2,\"name\":\"Tipos de est\u00e1gio\"}]},{\"@type\":\"WebSite\",\"@id\":\"https:\/\/institucional.ufrrj.br\/sepsi\/#website\",\"url\":\"https:\/\/institucional.ufrrj.br\/sepsi\/\",\"name\":\"Servi\u00e7o de Psicologia Aplicada (SPA)\",\"description\":\"S\u00f3 mais um site institucional.ufrrj.br\",\"potentialAction\":[{\"@type\":\"SearchAction\",\"target\":{\"@type\":\"EntryPoint\",\"urlTemplate\":\"https:\/\/institucional.ufrrj.br\/sepsi\/?s={search_term_string}\"},\"query-input\":{\"@type\":\"PropertyValueSpecification\",\"valueRequired\":true,\"valueName\":\"search_term_string\"}}],\"inLanguage\":\"pt-BR\"}]}<\/script>\n<!-- \/ Yoast SEO plugin. -->","yoast_head_json":{"title":"Tipos de est\u00e1gio - Servi\u00e7o de Psicologia Aplicada (SPA)","robots":{"index":"index","follow":"follow","max-snippet":"max-snippet:-1","max-image-preview":"max-image-preview:large","max-video-preview":"max-video-preview:-1"},"canonical":"https:\/\/institucional.ufrrj.br\/sepsi\/tipos-de-estagio\/","og_locale":"pt_BR","og_type":"article","og_title":"Tipos de est\u00e1gio - Servi\u00e7o de Psicologia Aplicada (SPA)","og_description":"O est\u00e1gio divide-se em obrigat\u00f3rio e n\u00e3o-obrigat\u00f3rio, em b\u00e1sico e espec\u00edfico, e em interno e externo. Est\u00e1gio obrigat\u00f3rio: definido como ... leia mais","og_url":"https:\/\/institucional.ufrrj.br\/sepsi\/tipos-de-estagio\/","og_site_name":"Servi\u00e7o de Psicologia Aplicada (SPA)","article_modified_time":"2021-08-13T15:49:24+00:00","twitter_card":"summary_large_image","twitter_misc":{"Est. tempo de leitura":"2 minutos"},"schema":{"@context":"https:\/\/schema.org","@graph":[{"@type":"WebPage","@id":"https:\/\/institucional.ufrrj.br\/sepsi\/tipos-de-estagio\/","url":"https:\/\/institucional.ufrrj.br\/sepsi\/tipos-de-estagio\/","name":"Tipos de est\u00e1gio - Servi\u00e7o de Psicologia Aplicada (SPA)","isPartOf":{"@id":"https:\/\/institucional.ufrrj.br\/sepsi\/#website"},"datePublished":"2021-07-12T15:10:34+00:00","dateModified":"2021-08-13T15:49:24+00:00","breadcrumb":{"@id":"https:\/\/institucional.ufrrj.br\/sepsi\/tipos-de-estagio\/#breadcrumb"},"inLanguage":"pt-BR","potentialAction":[{"@type":"ReadAction","target":["https:\/\/institucional.ufrrj.br\/sepsi\/tipos-de-estagio\/"]}]},{"@type":"BreadcrumbList","@id":"https:\/\/institucional.ufrrj.br\/sepsi\/tipos-de-estagio\/#breadcrumb","itemListElement":[{"@type":"ListItem","position":1,"name":"In\u00edcio","item":"https:\/\/institucional.ufrrj.br\/sepsi\/"},{"@type":"ListItem","position":2,"name":"Tipos de est\u00e1gio"}]},{"@type":"WebSite","@id":"https:\/\/institucional.ufrrj.br\/sepsi\/#website","url":"https:\/\/institucional.ufrrj.br\/sepsi\/","name":"Servi\u00e7o de Psicologia Aplicada (SPA)","description":"S\u00f3 mais um site institucional.ufrrj.br","potentialAction":[{"@type":"SearchAction","target":{"@type":"EntryPoint","urlTemplate":"https:\/\/institucional.ufrrj.br\/sepsi\/?s={search_term_string}"},"query-input":{"@type":"PropertyValueSpecification","valueRequired":true,"valueName":"search_term_string"}}],"inLanguage":"pt-BR"}]}},"acf":[],"_links":{"self":[{"href":"https:\/\/institucional.ufrrj.br\/sepsi\/wp-json\/wp\/v2\/pages\/1535","targetHints":{"allow":["GET"]}}],"collection":[{"href":"https:\/\/institucional.ufrrj.br\/sepsi\/wp-json\/wp\/v2\/pages"}],"about":[{"href":"https:\/\/institucional.ufrrj.br\/sepsi\/wp-json\/wp\/v2\/types\/page"}],"author":[{"embeddable":true,"href":"https:\/\/institucional.ufrrj.br\/sepsi\/wp-json\/wp\/v2\/users\/634"}],"replies":[{"embeddable":true,"href":"https:\/\/institucional.ufrrj.br\/sepsi\/wp-json\/wp\/v2\/comments?post=1535"}],"version-history":[{"count":3,"href":"https:\/\/institucional.ufrrj.br\/sepsi\/wp-json\/wp\/v2\/pages\/1535\/revisions"}],"predecessor-version":[{"id":1590,"href":"https:\/\/institucional.ufrrj.br\/sepsi\/wp-json\/wp\/v2\/pages\/1535\/revisions\/1590"}],"wp:attachment":[{"href":"https:\/\/institucional.ufrrj.br\/sepsi\/wp-json\/wp\/v2\/media?parent=1535"}],"curies":[{"name":"wp","href":"https:\/\/api.w.org\/{rel}","templated":true}]}}