{"id":1525,"date":"2021-07-12T12:09:43","date_gmt":"2021-07-12T15:09:43","guid":{"rendered":"http:\/\/institucional.ufrrj.br\/sepsi\/?page_id=1525"},"modified":"2021-07-20T16:11:52","modified_gmt":"2021-07-20T19:11:52","slug":"localizacao-e-contato","status":"publish","type":"page","link":"https:\/\/institucional.ufrrj.br\/sepsi\/localizacao-e-contato\/","title":{"rendered":"Localiza\u00e7\u00e3o e contato"},"content":{"rendered":"\n<p>O Servi\u00e7o-Escola de Psicologia est\u00e1 situado na BR 465, Km 9 Serop\u00e9dica, em frente \u00e0 Maternidade e \u00e0 Unidade de Pronto Atendimento (UPA).&nbsp;<\/p>\n\n\n\n<p>Hor\u00e1rio de funcionamento: segunda \u00e0s sexta-feira, das 8 \u00e0s 17 h.<\/p>\n\n\n\n<p>E-mail: <a href=\"mailto:spa.ufrrj@gmail.com\">spa.ufrrj@gmail.com<\/a> e <a href=\"mailto:servicodepsicologia@ufrrj.br\">servicodepsicologia@ufrrj.br<\/a><\/p>\n\n\n\n<p>Telefone: (21) 3787-3983<\/p>\n\n\n\n<p>O pr\u00e9dio do SEPsi foi adaptado para garantir acessibilidade arquitet\u00f4nica a pessoas com defici\u00eancia.<br><\/p>\n","protected":false},"excerpt":{"rendered":"<p>O Servi\u00e7o-Escola de Psicologia est\u00e1 situado na BR 465, Km 9 Serop\u00e9dica, em frente \u00e0 Maternidade e \u00e0 Unidade de <a class=\"read-more\" href=\"https:\/\/institucional.ufrrj.br\/sepsi\/localizacao-e-contato\/ \" >&#8230; <span class=\"font-italic\">leia mais <i class=\"fas fa-angle-right\"><\/i><\/span><\/a><\/p>\n","protected":false},"author":634,"featured_media":0,"parent":0,"menu_order":0,"comment_status":"closed","ping_status":"closed","template":"","meta":{"_acf_changed":false,"footnotes":""},"class_list":["post-1525","page","type-page","status-publish","hentry"],"yoast_head":"<!-- This site is optimized with the Yoast SEO plugin v27.2 - https:\/\/yoast.com\/product\/yoast-seo-wordpress\/ -->\n<title>Localiza\u00e7\u00e3o e contato - Servi\u00e7o de Psicologia Aplicada (SPA)<\/title>\n<meta name=\"robots\" content=\"index, follow, max-snippet:-1, max-image-preview:large, max-video-preview:-1\" \/>\n<link rel=\"canonical\" href=\"https:\/\/institucional.ufrrj.br\/sepsi\/localizacao-e-contato\/\" \/>\n<meta property=\"og:locale\" content=\"pt_BR\" \/>\n<meta property=\"og:type\" content=\"article\" \/>\n<meta property=\"og:title\" content=\"Localiza\u00e7\u00e3o e contato - Servi\u00e7o de Psicologia Aplicada (SPA)\" \/>\n<meta property=\"og:description\" content=\"O Servi\u00e7o-Escola de Psicologia est\u00e1 situado na BR 465, Km 9 Serop\u00e9dica, em frente \u00e0 Maternidade e \u00e0 Unidade de ... leia mais\" \/>\n<meta property=\"og:url\" content=\"https:\/\/institucional.ufrrj.br\/sepsi\/localizacao-e-contato\/\" \/>\n<meta property=\"og:site_name\" content=\"Servi\u00e7o de Psicologia Aplicada (SPA)\" \/>\n<meta property=\"article:modified_time\" content=\"2021-07-20T19:11:52+00:00\" \/>\n<meta name=\"twitter:card\" content=\"summary_large_image\" \/>\n<script type=\"application\/ld+json\" class=\"yoast-schema-graph\">{\"@context\":\"https:\/\/schema.org\",\"@graph\":[{\"@type\":\"WebPage\",\"@id\":\"https:\/\/institucional.ufrrj.br\/sepsi\/localizacao-e-contato\/\",\"url\":\"https:\/\/institucional.ufrrj.br\/sepsi\/localizacao-e-contato\/\",\"name\":\"Localiza\u00e7\u00e3o e contato - Servi\u00e7o de Psicologia Aplicada (SPA)\",\"isPartOf\":{\"@id\":\"https:\/\/institucional.ufrrj.br\/sepsi\/#website\"},\"datePublished\":\"2021-07-12T15:09:43+00:00\",\"dateModified\":\"2021-07-20T19:11:52+00:00\",\"breadcrumb\":{\"@id\":\"https:\/\/institucional.ufrrj.br\/sepsi\/localizacao-e-contato\/#breadcrumb\"},\"inLanguage\":\"pt-BR\",\"potentialAction\":[{\"@type\":\"ReadAction\",\"target\":[\"https:\/\/institucional.ufrrj.br\/sepsi\/localizacao-e-contato\/\"]}]},{\"@type\":\"BreadcrumbList\",\"@id\":\"https:\/\/institucional.ufrrj.br\/sepsi\/localizacao-e-contato\/#breadcrumb\",\"itemListElement\":[{\"@type\":\"ListItem\",\"position\":1,\"name\":\"In\u00edcio\",\"item\":\"https:\/\/institucional.ufrrj.br\/sepsi\/\"},{\"@type\":\"ListItem\",\"position\":2,\"name\":\"Localiza\u00e7\u00e3o e contato\"}]},{\"@type\":\"WebSite\",\"@id\":\"https:\/\/institucional.ufrrj.br\/sepsi\/#website\",\"url\":\"https:\/\/institucional.ufrrj.br\/sepsi\/\",\"name\":\"Servi\u00e7o de Psicologia Aplicada (SPA)\",\"description\":\"S\u00f3 mais um site institucional.ufrrj.br\",\"potentialAction\":[{\"@type\":\"SearchAction\",\"target\":{\"@type\":\"EntryPoint\",\"urlTemplate\":\"https:\/\/institucional.ufrrj.br\/sepsi\/?s={search_term_string}\"},\"query-input\":{\"@type\":\"PropertyValueSpecification\",\"valueRequired\":true,\"valueName\":\"search_term_string\"}}],\"inLanguage\":\"pt-BR\"}]}<\/script>\n<!-- \/ Yoast SEO plugin. -->","yoast_head_json":{"title":"Localiza\u00e7\u00e3o e contato - Servi\u00e7o de Psicologia Aplicada (SPA)","robots":{"index":"index","follow":"follow","max-snippet":"max-snippet:-1","max-image-preview":"max-image-preview:large","max-video-preview":"max-video-preview:-1"},"canonical":"https:\/\/institucional.ufrrj.br\/sepsi\/localizacao-e-contato\/","og_locale":"pt_BR","og_type":"article","og_title":"Localiza\u00e7\u00e3o e contato - Servi\u00e7o de Psicologia Aplicada (SPA)","og_description":"O Servi\u00e7o-Escola de Psicologia est\u00e1 situado na BR 465, Km 9 Serop\u00e9dica, em frente \u00e0 Maternidade e \u00e0 Unidade de ... leia mais","og_url":"https:\/\/institucional.ufrrj.br\/sepsi\/localizacao-e-contato\/","og_site_name":"Servi\u00e7o de Psicologia Aplicada (SPA)","article_modified_time":"2021-07-20T19:11:52+00:00","twitter_card":"summary_large_image","schema":{"@context":"https:\/\/schema.org","@graph":[{"@type":"WebPage","@id":"https:\/\/institucional.ufrrj.br\/sepsi\/localizacao-e-contato\/","url":"https:\/\/institucional.ufrrj.br\/sepsi\/localizacao-e-contato\/","name":"Localiza\u00e7\u00e3o e contato - Servi\u00e7o de Psicologia Aplicada (SPA)","isPartOf":{"@id":"https:\/\/institucional.ufrrj.br\/sepsi\/#website"},"datePublished":"2021-07-12T15:09:43+00:00","dateModified":"2021-07-20T19:11:52+00:00","breadcrumb":{"@id":"https:\/\/institucional.ufrrj.br\/sepsi\/localizacao-e-contato\/#breadcrumb"},"inLanguage":"pt-BR","potentialAction":[{"@type":"ReadAction","target":["https:\/\/institucional.ufrrj.br\/sepsi\/localizacao-e-contato\/"]}]},{"@type":"BreadcrumbList","@id":"https:\/\/institucional.ufrrj.br\/sepsi\/localizacao-e-contato\/#breadcrumb","itemListElement":[{"@type":"ListItem","position":1,"name":"In\u00edcio","item":"https:\/\/institucional.ufrrj.br\/sepsi\/"},{"@type":"ListItem","position":2,"name":"Localiza\u00e7\u00e3o e contato"}]},{"@type":"WebSite","@id":"https:\/\/institucional.ufrrj.br\/sepsi\/#website","url":"https:\/\/institucional.ufrrj.br\/sepsi\/","name":"Servi\u00e7o de Psicologia Aplicada (SPA)","description":"S\u00f3 mais um site institucional.ufrrj.br","potentialAction":[{"@type":"SearchAction","target":{"@type":"EntryPoint","urlTemplate":"https:\/\/institucional.ufrrj.br\/sepsi\/?s={search_term_string}"},"query-input":{"@type":"PropertyValueSpecification","valueRequired":true,"valueName":"search_term_string"}}],"inLanguage":"pt-BR"}]}},"acf":[],"_links":{"self":[{"href":"https:\/\/institucional.ufrrj.br\/sepsi\/wp-json\/wp\/v2\/pages\/1525","targetHints":{"allow":["GET"]}}],"collection":[{"href":"https:\/\/institucional.ufrrj.br\/sepsi\/wp-json\/wp\/v2\/pages"}],"about":[{"href":"https:\/\/institucional.ufrrj.br\/sepsi\/wp-json\/wp\/v2\/types\/page"}],"author":[{"embeddable":true,"href":"https:\/\/institucional.ufrrj.br\/sepsi\/wp-json\/wp\/v2\/users\/634"}],"replies":[{"embeddable":true,"href":"https:\/\/institucional.ufrrj.br\/sepsi\/wp-json\/wp\/v2\/comments?post=1525"}],"version-history":[{"count":2,"href":"https:\/\/institucional.ufrrj.br\/sepsi\/wp-json\/wp\/v2\/pages\/1525\/revisions"}],"predecessor-version":[{"id":1574,"href":"https:\/\/institucional.ufrrj.br\/sepsi\/wp-json\/wp\/v2\/pages\/1525\/revisions\/1574"}],"wp:attachment":[{"href":"https:\/\/institucional.ufrrj.br\/sepsi\/wp-json\/wp\/v2\/media?parent=1525"}],"curies":[{"name":"wp","href":"https:\/\/api.w.org\/{rel}","templated":true}]}}