{"id":15,"date":"2016-07-21T13:11:34","date_gmt":"2016-07-21T13:11:34","guid":{"rendered":"http:\/\/cursos.ufrrj.br\/grad\/psicologia\/?page_id=7"},"modified":"2021-07-20T16:13:01","modified_gmt":"2021-07-20T19:13:01","slug":"apresentacao","status":"publish","type":"page","link":"https:\/\/institucional.ufrrj.br\/sepsi\/apresentacao\/","title":{"rendered":"Apresenta\u00e7\u00e3o"},"content":{"rendered":"<p><span style=\"font-weight: 400\">O Servi\u00e7o-Escola do Curso de Psicologia da UFRRJ <\/span><b>(SEPsi), <\/b><span style=\"font-weight: 400\">novo nome do Servi\u00e7o de Psicologia Aplicada (SPA), visa oferecer condi\u00e7\u00f5es f\u00edsicas, materiais, administrativas e pedag\u00f3gicas para a realiza\u00e7\u00e3o dos est\u00e1gios obrigat\u00f3rios e n\u00e3o-obrigat\u00f3rios, prestar servi\u00e7os \u00e0 comunidade e propiciar pesquisas nos diversos campos de atua\u00e7\u00e3o do psic\u00f3logo. No \u00e2mbito do <\/span><b>SEPsi<\/b><span style=\"font-weight: 400\"> funciona a cl\u00ednica-escola, onde s\u00e3o realizados avalia\u00e7\u00e3o e acompanhamento cl\u00ednico em psicologia. Seu p\u00fablico-alvo \u00e9 preferencialmente a comunidade universit\u00e1ria e os moradores de Serop\u00e9dica e adjac\u00eancias. <\/span><\/p>\n","protected":false},"excerpt":{"rendered":"<p>O Servi\u00e7o-Escola do Curso de Psicologia da UFRRJ (SEPsi), novo nome do Servi\u00e7o de Psicologia Aplicada (SPA), visa oferecer condi\u00e7\u00f5es <a class=\"read-more\" href=\"https:\/\/institucional.ufrrj.br\/sepsi\/apresentacao\/ \" >&#8230; <span class=\"font-italic\">leia mais <i class=\"fas fa-angle-right\"><\/i><\/span><\/a><\/p>\n","protected":false},"author":634,"featured_media":0,"parent":0,"menu_order":0,"comment_status":"open","ping_status":"open","template":"","meta":{"_acf_changed":false,"footnotes":""},"class_list":["post-15","page","type-page","status-publish","hentry"],"yoast_head":"<!-- This site is optimized with the Yoast SEO plugin v27.2 - https:\/\/yoast.com\/product\/yoast-seo-wordpress\/ -->\n<title>Apresenta\u00e7\u00e3o - Servi\u00e7o de Psicologia Aplicada (SPA)<\/title>\n<meta name=\"robots\" content=\"index, follow, max-snippet:-1, max-image-preview:large, max-video-preview:-1\" \/>\n<link rel=\"canonical\" href=\"https:\/\/institucional.ufrrj.br\/sepsi\/apresentacao\/\" \/>\n<meta property=\"og:locale\" content=\"pt_BR\" \/>\n<meta property=\"og:type\" content=\"article\" \/>\n<meta property=\"og:title\" content=\"Apresenta\u00e7\u00e3o - Servi\u00e7o de Psicologia Aplicada (SPA)\" \/>\n<meta property=\"og:description\" content=\"O Servi\u00e7o-Escola do Curso de Psicologia da UFRRJ (SEPsi), novo nome do Servi\u00e7o de Psicologia Aplicada (SPA), visa oferecer condi\u00e7\u00f5es ... leia mais\" \/>\n<meta property=\"og:url\" content=\"https:\/\/institucional.ufrrj.br\/sepsi\/apresentacao\/\" \/>\n<meta property=\"og:site_name\" content=\"Servi\u00e7o de Psicologia Aplicada (SPA)\" \/>\n<meta property=\"article:modified_time\" content=\"2021-07-20T19:13:01+00:00\" \/>\n<meta name=\"twitter:card\" content=\"summary_large_image\" \/>\n<script type=\"application\/ld+json\" class=\"yoast-schema-graph\">{\"@context\":\"https:\/\/schema.org\",\"@graph\":[{\"@type\":\"WebPage\",\"@id\":\"https:\/\/institucional.ufrrj.br\/sepsi\/apresentacao\/\",\"url\":\"https:\/\/institucional.ufrrj.br\/sepsi\/apresentacao\/\",\"name\":\"Apresenta\u00e7\u00e3o - Servi\u00e7o de Psicologia Aplicada (SPA)\",\"isPartOf\":{\"@id\":\"https:\/\/institucional.ufrrj.br\/sepsi\/#website\"},\"datePublished\":\"2016-07-21T13:11:34+00:00\",\"dateModified\":\"2021-07-20T19:13:01+00:00\",\"breadcrumb\":{\"@id\":\"https:\/\/institucional.ufrrj.br\/sepsi\/apresentacao\/#breadcrumb\"},\"inLanguage\":\"pt-BR\",\"potentialAction\":[{\"@type\":\"ReadAction\",\"target\":[\"https:\/\/institucional.ufrrj.br\/sepsi\/apresentacao\/\"]}]},{\"@type\":\"BreadcrumbList\",\"@id\":\"https:\/\/institucional.ufrrj.br\/sepsi\/apresentacao\/#breadcrumb\",\"itemListElement\":[{\"@type\":\"ListItem\",\"position\":1,\"name\":\"In\u00edcio\",\"item\":\"https:\/\/institucional.ufrrj.br\/sepsi\/\"},{\"@type\":\"ListItem\",\"position\":2,\"name\":\"Apresenta\u00e7\u00e3o\"}]},{\"@type\":\"WebSite\",\"@id\":\"https:\/\/institucional.ufrrj.br\/sepsi\/#website\",\"url\":\"https:\/\/institucional.ufrrj.br\/sepsi\/\",\"name\":\"Servi\u00e7o de Psicologia Aplicada (SPA)\",\"description\":\"S\u00f3 mais um site institucional.ufrrj.br\",\"potentialAction\":[{\"@type\":\"SearchAction\",\"target\":{\"@type\":\"EntryPoint\",\"urlTemplate\":\"https:\/\/institucional.ufrrj.br\/sepsi\/?s={search_term_string}\"},\"query-input\":{\"@type\":\"PropertyValueSpecification\",\"valueRequired\":true,\"valueName\":\"search_term_string\"}}],\"inLanguage\":\"pt-BR\"}]}<\/script>\n<!-- \/ Yoast SEO plugin. -->","yoast_head_json":{"title":"Apresenta\u00e7\u00e3o - Servi\u00e7o de Psicologia Aplicada (SPA)","robots":{"index":"index","follow":"follow","max-snippet":"max-snippet:-1","max-image-preview":"max-image-preview:large","max-video-preview":"max-video-preview:-1"},"canonical":"https:\/\/institucional.ufrrj.br\/sepsi\/apresentacao\/","og_locale":"pt_BR","og_type":"article","og_title":"Apresenta\u00e7\u00e3o - Servi\u00e7o de Psicologia Aplicada (SPA)","og_description":"O Servi\u00e7o-Escola do Curso de Psicologia da UFRRJ (SEPsi), novo nome do Servi\u00e7o de Psicologia Aplicada (SPA), visa oferecer condi\u00e7\u00f5es ... leia mais","og_url":"https:\/\/institucional.ufrrj.br\/sepsi\/apresentacao\/","og_site_name":"Servi\u00e7o de Psicologia Aplicada (SPA)","article_modified_time":"2021-07-20T19:13:01+00:00","twitter_card":"summary_large_image","schema":{"@context":"https:\/\/schema.org","@graph":[{"@type":"WebPage","@id":"https:\/\/institucional.ufrrj.br\/sepsi\/apresentacao\/","url":"https:\/\/institucional.ufrrj.br\/sepsi\/apresentacao\/","name":"Apresenta\u00e7\u00e3o - Servi\u00e7o de Psicologia Aplicada (SPA)","isPartOf":{"@id":"https:\/\/institucional.ufrrj.br\/sepsi\/#website"},"datePublished":"2016-07-21T13:11:34+00:00","dateModified":"2021-07-20T19:13:01+00:00","breadcrumb":{"@id":"https:\/\/institucional.ufrrj.br\/sepsi\/apresentacao\/#breadcrumb"},"inLanguage":"pt-BR","potentialAction":[{"@type":"ReadAction","target":["https:\/\/institucional.ufrrj.br\/sepsi\/apresentacao\/"]}]},{"@type":"BreadcrumbList","@id":"https:\/\/institucional.ufrrj.br\/sepsi\/apresentacao\/#breadcrumb","itemListElement":[{"@type":"ListItem","position":1,"name":"In\u00edcio","item":"https:\/\/institucional.ufrrj.br\/sepsi\/"},{"@type":"ListItem","position":2,"name":"Apresenta\u00e7\u00e3o"}]},{"@type":"WebSite","@id":"https:\/\/institucional.ufrrj.br\/sepsi\/#website","url":"https:\/\/institucional.ufrrj.br\/sepsi\/","name":"Servi\u00e7o de Psicologia Aplicada (SPA)","description":"S\u00f3 mais um site institucional.ufrrj.br","potentialAction":[{"@type":"SearchAction","target":{"@type":"EntryPoint","urlTemplate":"https:\/\/institucional.ufrrj.br\/sepsi\/?s={search_term_string}"},"query-input":{"@type":"PropertyValueSpecification","valueRequired":true,"valueName":"search_term_string"}}],"inLanguage":"pt-BR"}]}},"acf":[],"_links":{"self":[{"href":"https:\/\/institucional.ufrrj.br\/sepsi\/wp-json\/wp\/v2\/pages\/15","targetHints":{"allow":["GET"]}}],"collection":[{"href":"https:\/\/institucional.ufrrj.br\/sepsi\/wp-json\/wp\/v2\/pages"}],"about":[{"href":"https:\/\/institucional.ufrrj.br\/sepsi\/wp-json\/wp\/v2\/types\/page"}],"author":[{"embeddable":true,"href":"https:\/\/institucional.ufrrj.br\/sepsi\/wp-json\/wp\/v2\/users\/634"}],"replies":[{"embeddable":true,"href":"https:\/\/institucional.ufrrj.br\/sepsi\/wp-json\/wp\/v2\/comments?post=15"}],"version-history":[{"count":1,"href":"https:\/\/institucional.ufrrj.br\/sepsi\/wp-json\/wp\/v2\/pages\/15\/revisions"}],"predecessor-version":[{"id":1575,"href":"https:\/\/institucional.ufrrj.br\/sepsi\/wp-json\/wp\/v2\/pages\/15\/revisions\/1575"}],"wp:attachment":[{"href":"https:\/\/institucional.ufrrj.br\/sepsi\/wp-json\/wp\/v2\/media?parent=15"}],"curies":[{"name":"wp","href":"https:\/\/api.w.org\/{rel}","templated":true}]}}