{"id":844,"date":"2021-10-09T00:50:37","date_gmt":"2021-10-09T00:50:37","guid":{"rendered":"http:\/\/institucional.ufrrj.br\/sap\/?page_id=844"},"modified":"2022-09-21T10:30:25","modified_gmt":"2022-09-21T13:30:25","slug":"inauguracao-museu-tokarnia","status":"publish","type":"page","link":"https:\/\/institucional.ufrrj.br\/sap\/inauguracao-museu-tokarnia\/","title":{"rendered":"Inaugura\u00e7\u00e3o Museu Tokarnia"},"content":{"rendered":"<p>Foi com muita satisfa\u00e7\u00e3o que o Museu de Anatomia Patol\u00f3gica Carlos Tokarnia (MAPCT) inaugurou seu novo espa\u00e7o, a Sala 3, localizada no Anexo I do Instituto de Veterin\u00e1ria.<\/p>\n<p>A festa contou com a participa\u00e7\u00e3o do Prof. C\u00e9sar Augusto Da Ros &#8211; Vice-Reitor da UFRRJ, da Profa Miliane Moreira Soares de Souza &#8211; representante do Instituto de Veterin\u00e1ria, do Prof. Carlos Alexandre Rey Matias \u2013 representante do Departamento de Epidemiologia e Sa\u00fade P\u00fablica, da Profa. Gabriela Rizo &#8211; representante da PROEXT e do N\u00facleo de Articula\u00e7\u00e3o de Acervos e Cole\u00e7\u00f5es -NAAC\/FFRRJ, da Profa. Marilene de Farias Brito Queiroz &#8211; Curadora do MAPCT, al\u00e9m das Profas do Setor de Anatomia Patol\u00f3gica Ticiana do Nascimento Fran\u00e7a e Vivian de Assun\u00e7\u00e3o Nogueira de Carvalho. Ainda estavam presentes a esposa do Prof. Tokarnia, Maria Luiza Tokarnia e a sobrinha B\u00e1rbara Tokarnia, Profa. Margareth Maria de Carvalho Queiroz &#8211; Fiocruz e do Prof. Carlos Luiz Massard do Departamento de Parasitologia Animal, alunos, bolsistas, residentes e do p\u00fablico em geral.<\/p>\n<p>O MAPCT disponibiliza aos jovens da Medicina Veterin\u00e1ria e \u00e0 sociedade um rico acervo de valor cient\u00edfico, cujas cole\u00e7\u00f5es, ordenadas de forma pedag\u00f3gica, s\u00e3o compostas de enfermidades de diversas esp\u00e9cies de animais dom\u00e9sticos, e em menor escala, de animais silvestres. As pe\u00e7as s\u00e3o organizadas nos diferentes sistemas org\u00e2nicos, de acordo com as patologias de natureza traum\u00e1tica, infecciosa, viral, bacteriana, parasit\u00e1ria, metab\u00f3lica, t\u00f3xica, neopl\u00e1sica, f\u00fangica, cong\u00eanita, muitas das quais de interesse econ\u00f4mico e em sa\u00fade p\u00fablica, como importantes afec\u00e7\u00f5es zoon\u00f3ticas.<\/p>\n<p>O MAPCT resgata uma hist\u00f3ria que come\u00e7ou em 1939 com o trabalho de v\u00e1rias gera\u00e7\u00f5es de em\u00e9ritos pesquisadores e patologistas da UFRRJ, cujas trajet\u00f3rias t\u00eam reconhecimento nacional e internacional.<\/p>\n<p>Inaugurado em 2007 (Sala 1), foi ampliado em 2016 (Sala 2) como uma homenagem de 1 ano do falecimento do Prof. Carlos Tokarnia (Centro de Mem\u00f3ria e acervo de Plantas T\u00f3xicas e Defici\u00eancias Minerais).<\/p>\n<p>No dia 1 de outubro de 2021 o MAPCT compartilha uma perspectiva de novas vis\u00f5es acerca das doen\u00e7as dos animais, de novas percep\u00e7\u00f5es e facetas de observa\u00e7\u00e3o da patologia, no intuito de criar compet\u00eancias e construir um movimento de mudan\u00e7as, mesmo em tempos t\u00e3o dif\u00edceis, como o da pandemia.<\/p>\n<p>Numa perspectiva de proporcionar \u00e0 sociedade novas possibilidades de ferramentas de aprendizado, o MAPCT objetiva envolver a comunidade em que a UFRRJ est\u00e1 inserida, com um engajamento pautado na responsabilidade coletiva, no esp\u00edrito p\u00fablico, de forma s\u00f3lida, num espa\u00e7o democratizado e solid\u00e1rio e ainda com a miss\u00e3o de capilarizar informa\u00e7\u00f5es sobre os diagn\u00f3sticos de uma grande diversidade de enfermidades. Com um perfil did\u00e1tico, tem voca\u00e7\u00e3o para crescimento cont\u00ednuo e a proposta de cumprir o papel de inclus\u00e3o social e difus\u00e3o do conhecimento.<\/p>\n<p>A marca do MAPCT \u00e9 a conserva\u00e7\u00e3o de um acervo que consiste em investir na ci\u00eancia, a fim de contribuir para a constru\u00e7\u00e3o da hist\u00f3ria passada, da atual e da que se busca construir para o futuro.<\/p>\n<p>Cada museu \u00e9 uma casa da mem\u00f3ria que estabelece uma rela\u00e7\u00e3o com a sociedade, que conta uma hist\u00f3ria, ensina, estimula e incentiva a pesquisa, desde idades escolares mais precoces; \u00e9 um local de trocas e conex\u00f5es, tanto no plano f\u00edsico como atrav\u00e9s das ferramentas de m\u00eddias sociais. A moderniza\u00e7\u00e3o do MAPCT abre possibilidades de ampliar rela\u00e7\u00f5es de multi e interdisciplinaridade, e prova que a ci\u00eancia tem plasticidade e demonstra que devemos estar sempre abertos \u00e0s inova\u00e7\u00f5es e \u00e0s possibilidades que se nos apresentam.<\/p>\n<p>Essa iniciativa vem de encontro \u00e0 salvaguarda desse patrim\u00f4nio cient\u00edfico, que agrega sustentabilidade e propuls\u00e3o do conhecimento atrav\u00e9s do turismo cient\u00edfico.<\/p>\n<p>Hoje o MAPCT oferece inova\u00e7\u00e3o, conforto e mobilidade, seguran\u00e7a laboral, respeito \u00e0 sa\u00fade dos usu\u00e1rios e ao meio ambiente, prote\u00e7\u00e3o do acervo, valoriza\u00e7\u00e3o e preserva\u00e7\u00e3o da Mem\u00f3ria Institucional. E visa a estimula\u00e7\u00e3o do p\u00fablico-alvo, integra\u00e7\u00e3o com a sociedade, disponibiliza\u00e7\u00e3o do acervo para estudos retrospectivos e sua utiliza\u00e7\u00e3o no ensino e na pesquisa, por meio da extens\u00e3o.<\/p>\n<p>Nessa perspectiva se projeta estimular, inspirar, incentivar e cultivar o gosto pela investiga\u00e7\u00e3o, pela ci\u00eancia e pela museologia, numa tem\u00e1tica socioeducativa.<\/p>\n<p>Os esfor\u00e7os de toda a equipe do MAPCT foram imprescind\u00edveis para que esse momento pudesse ser poss\u00edvel. A obra foi realizada com a generosidade de muitos colaboradores.<\/p>\n<p>Em nome da equipe do SAP, o MAPCT agradece a todos os envolvidos.<\/p>\n<p>Profa. Marilene de Farias Brito Queiroz<\/p>\n<p>Curadora do MAPCT<\/p>\n\n\n<h2 class=\"wp-block-heading\">V\u00eddeo<\/h2>\n\n\n\n<figure class=\"wp-block-embed is-type-video is-provider-youtube wp-block-embed-youtube wp-embed-aspect-16-9 wp-has-aspect-ratio\"><div class=\"wp-block-embed__wrapper\">\n<iframe loading=\"lazy\" title=\"Museu de Anatomia Patol\u00f3gica Carlos Tokarnia- UFRRJ | SNCT 2020\" width=\"500\" height=\"281\" src=\"https:\/\/www.youtube.com\/embed\/xTdnIo1K3EY?feature=oembed\" frameborder=\"0\" allow=\"accelerometer; autoplay; clipboard-write; encrypted-media; gyroscope; picture-in-picture; web-share\" referrerpolicy=\"strict-origin-when-cross-origin\" allowfullscreen><\/iframe>\n<\/div><\/figure>\n\n\n\n<h2 class=\"wp-block-heading\">Galeria<\/h2>\n\n\n\n<figure class=\"wp-block-gallery has-nested-images columns-default is-cropped wp-block-gallery-1 is-layout-flex wp-block-gallery-is-layout-flex\">\n<figure class=\"wp-block-image size-large\"><a href=\"https:\/\/institucional.ufrrj.br\/sap\/files\/2021\/10\/IMG_20211001_135403740.jpg\"><img loading=\"lazy\" decoding=\"async\" width=\"2000\" height=\"1500\" data-id=\"862\" src=\"https:\/\/institucional.ufrrj.br\/sap\/files\/2021\/10\/IMG_20211001_135403740.jpg\" alt=\"\" class=\"wp-image-862\" srcset=\"https:\/\/institucional.ufrrj.br\/sap\/files\/2021\/10\/IMG_20211001_135403740.jpg 2000w, https:\/\/institucional.ufrrj.br\/sap\/files\/2021\/10\/IMG_20211001_135403740-300x225.jpg 300w, https:\/\/institucional.ufrrj.br\/sap\/files\/2021\/10\/IMG_20211001_135403740-768x576.jpg 768w, https:\/\/institucional.ufrrj.br\/sap\/files\/2021\/10\/IMG_20211001_135403740-1024x768.jpg 1024w\" sizes=\"auto, (max-width: 2000px) 100vw, 2000px\" \/><\/a><\/figure>\n\n\n\n<figure class=\"wp-block-image size-large\"><a href=\"https:\/\/institucional.ufrrj.br\/sap\/files\/2021\/10\/WhatsApp-Image-2021-10-04-at-20.47.31-3.jpeg\"><img loading=\"lazy\" decoding=\"async\" width=\"1200\" height=\"1600\" data-id=\"861\" src=\"https:\/\/institucional.ufrrj.br\/sap\/files\/2021\/10\/WhatsApp-Image-2021-10-04-at-20.47.31-3.jpeg\" alt=\"\" class=\"wp-image-861\" srcset=\"https:\/\/institucional.ufrrj.br\/sap\/files\/2021\/10\/WhatsApp-Image-2021-10-04-at-20.47.31-3.jpeg 1200w, https:\/\/institucional.ufrrj.br\/sap\/files\/2021\/10\/WhatsApp-Image-2021-10-04-at-20.47.31-3-225x300.jpeg 225w, https:\/\/institucional.ufrrj.br\/sap\/files\/2021\/10\/WhatsApp-Image-2021-10-04-at-20.47.31-3-768x1024.jpeg 768w, https:\/\/institucional.ufrrj.br\/sap\/files\/2021\/10\/WhatsApp-Image-2021-10-04-at-20.47.31-3-150x200.jpeg 150w\" sizes=\"auto, (max-width: 1200px) 100vw, 1200px\" \/><\/a><\/figure>\n\n\n\n<figure class=\"wp-block-image size-large\"><a href=\"https:\/\/institucional.ufrrj.br\/sap\/files\/2021\/10\/WhatsApp-Image-2021-10-04-at-20.47.31-2.jpeg\"><img loading=\"lazy\" decoding=\"async\" width=\"1200\" height=\"1600\" data-id=\"860\" src=\"https:\/\/institucional.ufrrj.br\/sap\/files\/2021\/10\/WhatsApp-Image-2021-10-04-at-20.47.31-2.jpeg\" alt=\"\" class=\"wp-image-860\" srcset=\"https:\/\/institucional.ufrrj.br\/sap\/files\/2021\/10\/WhatsApp-Image-2021-10-04-at-20.47.31-2.jpeg 1200w, https:\/\/institucional.ufrrj.br\/sap\/files\/2021\/10\/WhatsApp-Image-2021-10-04-at-20.47.31-2-225x300.jpeg 225w, https:\/\/institucional.ufrrj.br\/sap\/files\/2021\/10\/WhatsApp-Image-2021-10-04-at-20.47.31-2-768x1024.jpeg 768w, https:\/\/institucional.ufrrj.br\/sap\/files\/2021\/10\/WhatsApp-Image-2021-10-04-at-20.47.31-2-150x200.jpeg 150w\" sizes=\"auto, (max-width: 1200px) 100vw, 1200px\" \/><\/a><\/figure>\n\n\n\n<figure class=\"wp-block-image size-large\"><a href=\"https:\/\/institucional.ufrrj.br\/sap\/files\/2021\/10\/WhatsApp-Image-2021-10-04-at-20.47.31-1.jpeg\"><img loading=\"lazy\" decoding=\"async\" width=\"1200\" height=\"1600\" data-id=\"859\" src=\"https:\/\/institucional.ufrrj.br\/sap\/files\/2021\/10\/WhatsApp-Image-2021-10-04-at-20.47.31-1.jpeg\" alt=\"\" class=\"wp-image-859\" srcset=\"https:\/\/institucional.ufrrj.br\/sap\/files\/2021\/10\/WhatsApp-Image-2021-10-04-at-20.47.31-1.jpeg 1200w, https:\/\/institucional.ufrrj.br\/sap\/files\/2021\/10\/WhatsApp-Image-2021-10-04-at-20.47.31-1-225x300.jpeg 225w, https:\/\/institucional.ufrrj.br\/sap\/files\/2021\/10\/WhatsApp-Image-2021-10-04-at-20.47.31-1-768x1024.jpeg 768w, https:\/\/institucional.ufrrj.br\/sap\/files\/2021\/10\/WhatsApp-Image-2021-10-04-at-20.47.31-1-150x200.jpeg 150w\" sizes=\"auto, (max-width: 1200px) 100vw, 1200px\" \/><\/a><\/figure>\n\n\n\n<figure class=\"wp-block-image size-large\"><a href=\"https:\/\/institucional.ufrrj.br\/sap\/files\/2021\/10\/WhatsApp-Image-2021-10-01-at-18.09.38-2.jpeg\"><img loading=\"lazy\" decoding=\"async\" width=\"768\" height=\"1024\" data-id=\"858\" src=\"https:\/\/institucional.ufrrj.br\/sap\/files\/2021\/10\/WhatsApp-Image-2021-10-01-at-18.09.38-2.jpeg\" alt=\"\" class=\"wp-image-858\" srcset=\"https:\/\/institucional.ufrrj.br\/sap\/files\/2021\/10\/WhatsApp-Image-2021-10-01-at-18.09.38-2.jpeg 768w, https:\/\/institucional.ufrrj.br\/sap\/files\/2021\/10\/WhatsApp-Image-2021-10-01-at-18.09.38-2-225x300.jpeg 225w, https:\/\/institucional.ufrrj.br\/sap\/files\/2021\/10\/WhatsApp-Image-2021-10-01-at-18.09.38-2-150x200.jpeg 150w\" sizes=\"auto, (max-width: 768px) 100vw, 768px\" \/><\/a><\/figure>\n\n\n\n<figure class=\"wp-block-image size-large\"><a href=\"https:\/\/institucional.ufrrj.br\/sap\/files\/2021\/10\/WhatsApp-Image-2021-10-01-at-18.09.38-1.jpeg\"><img loading=\"lazy\" decoding=\"async\" width=\"1024\" height=\"768\" data-id=\"857\" src=\"https:\/\/institucional.ufrrj.br\/sap\/files\/2021\/10\/WhatsApp-Image-2021-10-01-at-18.09.38-1.jpeg\" alt=\"\" class=\"wp-image-857\" srcset=\"https:\/\/institucional.ufrrj.br\/sap\/files\/2021\/10\/WhatsApp-Image-2021-10-01-at-18.09.38-1.jpeg 1024w, https:\/\/institucional.ufrrj.br\/sap\/files\/2021\/10\/WhatsApp-Image-2021-10-01-at-18.09.38-1-300x225.jpeg 300w, https:\/\/institucional.ufrrj.br\/sap\/files\/2021\/10\/WhatsApp-Image-2021-10-01-at-18.09.38-1-768x576.jpeg 768w\" sizes=\"auto, (max-width: 1024px) 100vw, 1024px\" \/><\/a><\/figure>\n\n\n\n<figure class=\"wp-block-image size-large\"><a href=\"https:\/\/institucional.ufrrj.br\/sap\/files\/2021\/10\/WhatsApp-Image-2021-10-01-at-17.24.39.jpeg\"><img loading=\"lazy\" decoding=\"async\" width=\"1280\" height=\"958\" data-id=\"856\" src=\"https:\/\/institucional.ufrrj.br\/sap\/files\/2021\/10\/WhatsApp-Image-2021-10-01-at-17.24.39.jpeg\" alt=\"\" class=\"wp-image-856\" srcset=\"https:\/\/institucional.ufrrj.br\/sap\/files\/2021\/10\/WhatsApp-Image-2021-10-01-at-17.24.39.jpeg 1280w, https:\/\/institucional.ufrrj.br\/sap\/files\/2021\/10\/WhatsApp-Image-2021-10-01-at-17.24.39-300x225.jpeg 300w, https:\/\/institucional.ufrrj.br\/sap\/files\/2021\/10\/WhatsApp-Image-2021-10-01-at-17.24.39-768x575.jpeg 768w, https:\/\/institucional.ufrrj.br\/sap\/files\/2021\/10\/WhatsApp-Image-2021-10-01-at-17.24.39-1024x766.jpeg 1024w\" sizes=\"auto, (max-width: 1280px) 100vw, 1280px\" \/><\/a><\/figure>\n\n\n\n<figure class=\"wp-block-image size-large\"><a href=\"https:\/\/institucional.ufrrj.br\/sap\/files\/2021\/10\/WhatsApp-Image-2021-10-01-at-14.55.57.jpeg\"><img loading=\"lazy\" decoding=\"async\" width=\"1600\" height=\"1200\" data-id=\"855\" src=\"https:\/\/institucional.ufrrj.br\/sap\/files\/2021\/10\/WhatsApp-Image-2021-10-01-at-14.55.57.jpeg\" alt=\"\" class=\"wp-image-855\" srcset=\"https:\/\/institucional.ufrrj.br\/sap\/files\/2021\/10\/WhatsApp-Image-2021-10-01-at-14.55.57.jpeg 1600w, https:\/\/institucional.ufrrj.br\/sap\/files\/2021\/10\/WhatsApp-Image-2021-10-01-at-14.55.57-300x225.jpeg 300w, https:\/\/institucional.ufrrj.br\/sap\/files\/2021\/10\/WhatsApp-Image-2021-10-01-at-14.55.57-768x576.jpeg 768w, https:\/\/institucional.ufrrj.br\/sap\/files\/2021\/10\/WhatsApp-Image-2021-10-01-at-14.55.57-1024x768.jpeg 1024w\" sizes=\"auto, (max-width: 1600px) 100vw, 1600px\" \/><\/a><\/figure>\n\n\n\n<figure class=\"wp-block-image size-large\"><a href=\"https:\/\/institucional.ufrrj.br\/sap\/files\/2021\/10\/IMG_7115.jpg\"><img loading=\"lazy\" decoding=\"async\" width=\"2000\" height=\"1333\" data-id=\"854\" src=\"https:\/\/institucional.ufrrj.br\/sap\/files\/2021\/10\/IMG_7115.jpg\" alt=\"\" class=\"wp-image-854\" srcset=\"https:\/\/institucional.ufrrj.br\/sap\/files\/2021\/10\/IMG_7115.jpg 2000w, https:\/\/institucional.ufrrj.br\/sap\/files\/2021\/10\/IMG_7115-300x200.jpg 300w, https:\/\/institucional.ufrrj.br\/sap\/files\/2021\/10\/IMG_7115-768x512.jpg 768w, https:\/\/institucional.ufrrj.br\/sap\/files\/2021\/10\/IMG_7115-1024x682.jpg 1024w\" sizes=\"auto, (max-width: 2000px) 100vw, 2000px\" \/><\/a><\/figure>\n\n\n\n<figure class=\"wp-block-image size-large\"><a href=\"https:\/\/institucional.ufrrj.br\/sap\/files\/2021\/10\/IMG_20211001_133329192.jpg\"><img loading=\"lazy\" decoding=\"async\" width=\"2000\" height=\"1500\" data-id=\"853\" src=\"https:\/\/institucional.ufrrj.br\/sap\/files\/2021\/10\/IMG_20211001_133329192.jpg\" alt=\"\" class=\"wp-image-853\" srcset=\"https:\/\/institucional.ufrrj.br\/sap\/files\/2021\/10\/IMG_20211001_133329192.jpg 2000w, https:\/\/institucional.ufrrj.br\/sap\/files\/2021\/10\/IMG_20211001_133329192-300x225.jpg 300w, https:\/\/institucional.ufrrj.br\/sap\/files\/2021\/10\/IMG_20211001_133329192-768x576.jpg 768w, https:\/\/institucional.ufrrj.br\/sap\/files\/2021\/10\/IMG_20211001_133329192-1024x768.jpg 1024w\" sizes=\"auto, (max-width: 2000px) 100vw, 2000px\" \/><\/a><\/figure>\n\n\n\n<figure class=\"wp-block-image size-large\"><a href=\"https:\/\/institucional.ufrrj.br\/sap\/files\/2021\/10\/IMG_20211001_133503797.jpg\"><img loading=\"lazy\" decoding=\"async\" width=\"1500\" height=\"2000\" data-id=\"852\" src=\"https:\/\/institucional.ufrrj.br\/sap\/files\/2021\/10\/IMG_20211001_133503797.jpg\" alt=\"\" class=\"wp-image-852\" srcset=\"https:\/\/institucional.ufrrj.br\/sap\/files\/2021\/10\/IMG_20211001_133503797.jpg 1500w, https:\/\/institucional.ufrrj.br\/sap\/files\/2021\/10\/IMG_20211001_133503797-225x300.jpg 225w, https:\/\/institucional.ufrrj.br\/sap\/files\/2021\/10\/IMG_20211001_133503797-768x1024.jpg 768w, https:\/\/institucional.ufrrj.br\/sap\/files\/2021\/10\/IMG_20211001_133503797-150x200.jpg 150w\" sizes=\"auto, (max-width: 1500px) 100vw, 1500px\" \/><\/a><\/figure>\n\n\n\n<figure class=\"wp-block-image size-large\"><a href=\"https:\/\/institucional.ufrrj.br\/sap\/files\/2021\/10\/IMG_20211001_134750701.jpg\"><img loading=\"lazy\" decoding=\"async\" width=\"2000\" height=\"1500\" data-id=\"851\" src=\"https:\/\/institucional.ufrrj.br\/sap\/files\/2021\/10\/IMG_20211001_134750701.jpg\" alt=\"\" class=\"wp-image-851\" srcset=\"https:\/\/institucional.ufrrj.br\/sap\/files\/2021\/10\/IMG_20211001_134750701.jpg 2000w, https:\/\/institucional.ufrrj.br\/sap\/files\/2021\/10\/IMG_20211001_134750701-300x225.jpg 300w, https:\/\/institucional.ufrrj.br\/sap\/files\/2021\/10\/IMG_20211001_134750701-768x576.jpg 768w, https:\/\/institucional.ufrrj.br\/sap\/files\/2021\/10\/IMG_20211001_134750701-1024x768.jpg 1024w\" sizes=\"auto, (max-width: 2000px) 100vw, 2000px\" \/><\/a><\/figure>\n\n\n\n<figure class=\"wp-block-image size-large\"><a href=\"https:\/\/institucional.ufrrj.br\/sap\/files\/2021\/10\/IMG_20211001_134753266.jpg\"><img loading=\"lazy\" decoding=\"async\" width=\"2000\" height=\"1500\" data-id=\"850\" src=\"https:\/\/institucional.ufrrj.br\/sap\/files\/2021\/10\/IMG_20211001_134753266.jpg\" alt=\"\" class=\"wp-image-850\" srcset=\"https:\/\/institucional.ufrrj.br\/sap\/files\/2021\/10\/IMG_20211001_134753266.jpg 2000w, https:\/\/institucional.ufrrj.br\/sap\/files\/2021\/10\/IMG_20211001_134753266-300x225.jpg 300w, https:\/\/institucional.ufrrj.br\/sap\/files\/2021\/10\/IMG_20211001_134753266-768x576.jpg 768w, https:\/\/institucional.ufrrj.br\/sap\/files\/2021\/10\/IMG_20211001_134753266-1024x768.jpg 1024w\" sizes=\"auto, (max-width: 2000px) 100vw, 2000px\" \/><\/a><\/figure>\n\n\n\n<figure class=\"wp-block-image size-large\"><a href=\"https:\/\/institucional.ufrrj.br\/sap\/files\/2021\/10\/IMG_20211001_135400500.jpg\"><img loading=\"lazy\" decoding=\"async\" width=\"2000\" height=\"1500\" data-id=\"849\" src=\"https:\/\/institucional.ufrrj.br\/sap\/files\/2021\/10\/IMG_20211001_135400500.jpg\" alt=\"\" class=\"wp-image-849\" srcset=\"https:\/\/institucional.ufrrj.br\/sap\/files\/2021\/10\/IMG_20211001_135400500.jpg 2000w, https:\/\/institucional.ufrrj.br\/sap\/files\/2021\/10\/IMG_20211001_135400500-300x225.jpg 300w, https:\/\/institucional.ufrrj.br\/sap\/files\/2021\/10\/IMG_20211001_135400500-768x576.jpg 768w, https:\/\/institucional.ufrrj.br\/sap\/files\/2021\/10\/IMG_20211001_135400500-1024x768.jpg 1024w\" sizes=\"auto, (max-width: 2000px) 100vw, 2000px\" \/><\/a><\/figure>\n<\/figure>\n","protected":false},"excerpt":{"rendered":"<p>Foi com muita satisfa\u00e7\u00e3o que o Museu de Anatomia Patol\u00f3gica Carlos Tokarnia (MAPCT) inaugurou seu novo espa\u00e7o, a Sala 3, <a class=\"read-more\" href=\"https:\/\/institucional.ufrrj.br\/sap\/inauguracao-museu-tokarnia\/ \" >&#8230; <span class=\"font-italic\">leia mais <i class=\"fas fa-angle-right\"><\/i><\/span><\/a><\/p>\n","protected":false},"author":229,"featured_media":0,"parent":0,"menu_order":0,"comment_status":"closed","ping_status":"closed","template":"","meta":{"_acf_changed":false,"footnotes":"","_links_to":"","_links_to_target":""},"class_list":["post-844","page","type-page","status-publish","hentry"],"yoast_head":"<!-- This site is optimized with the Yoast SEO plugin v27.2 - https:\/\/yoast.com\/product\/yoast-seo-wordpress\/ -->\n<title>Inaugura\u00e7\u00e3o Museu Tokarnia - SAP<\/title>\n<meta name=\"robots\" content=\"index, follow, max-snippet:-1, max-image-preview:large, max-video-preview:-1\" \/>\n<link rel=\"canonical\" href=\"https:\/\/institucional.ufrrj.br\/sap\/inauguracao-museu-tokarnia\/\" \/>\n<meta property=\"og:locale\" content=\"pt_BR\" \/>\n<meta property=\"og:type\" content=\"article\" \/>\n<meta property=\"og:title\" content=\"Inaugura\u00e7\u00e3o Museu Tokarnia - SAP\" \/>\n<meta property=\"og:description\" content=\"Foi com muita satisfa\u00e7\u00e3o que o Museu de Anatomia Patol\u00f3gica Carlos Tokarnia (MAPCT) inaugurou seu novo espa\u00e7o, a Sala 3, ... leia mais\" \/>\n<meta property=\"og:url\" content=\"https:\/\/institucional.ufrrj.br\/sap\/inauguracao-museu-tokarnia\/\" \/>\n<meta property=\"og:site_name\" content=\"SAP\" \/>\n<meta property=\"article:modified_time\" content=\"2022-09-21T13:30:25+00:00\" \/>\n<meta property=\"og:image\" content=\"https:\/\/institucional.ufrrj.br\/sap\/files\/2021\/10\/IMG_20211001_135403740.jpg\" \/>\n<meta name=\"twitter:card\" content=\"summary_large_image\" \/>\n<meta name=\"twitter:label1\" content=\"Est. tempo de leitura\" \/>\n\t<meta name=\"twitter:data1\" content=\"7 minutos\" \/>\n<script type=\"application\/ld+json\" class=\"yoast-schema-graph\">{\"@context\":\"https:\/\/schema.org\",\"@graph\":[{\"@type\":\"WebPage\",\"@id\":\"https:\/\/institucional.ufrrj.br\/sap\/inauguracao-museu-tokarnia\/\",\"url\":\"https:\/\/institucional.ufrrj.br\/sap\/inauguracao-museu-tokarnia\/\",\"name\":\"Inaugura\u00e7\u00e3o Museu Tokarnia - SAP\",\"isPartOf\":{\"@id\":\"https:\/\/institucional.ufrrj.br\/sap\/#website\"},\"primaryImageOfPage\":{\"@id\":\"https:\/\/institucional.ufrrj.br\/sap\/inauguracao-museu-tokarnia\/#primaryimage\"},\"image\":{\"@id\":\"https:\/\/institucional.ufrrj.br\/sap\/inauguracao-museu-tokarnia\/#primaryimage\"},\"thumbnailUrl\":\"https:\/\/institucional.ufrrj.br\/sap\/files\/2021\/10\/IMG_20211001_135403740.jpg\",\"datePublished\":\"2021-10-09T00:50:37+00:00\",\"dateModified\":\"2022-09-21T13:30:25+00:00\",\"breadcrumb\":{\"@id\":\"https:\/\/institucional.ufrrj.br\/sap\/inauguracao-museu-tokarnia\/#breadcrumb\"},\"inLanguage\":\"pt-BR\",\"potentialAction\":[{\"@type\":\"ReadAction\",\"target\":[\"https:\/\/institucional.ufrrj.br\/sap\/inauguracao-museu-tokarnia\/\"]}]},{\"@type\":\"ImageObject\",\"inLanguage\":\"pt-BR\",\"@id\":\"https:\/\/institucional.ufrrj.br\/sap\/inauguracao-museu-tokarnia\/#primaryimage\",\"url\":\"https:\/\/institucional.ufrrj.br\/sap\/files\/2021\/10\/IMG_20211001_135403740.jpg\",\"contentUrl\":\"https:\/\/institucional.ufrrj.br\/sap\/files\/2021\/10\/IMG_20211001_135403740.jpg\",\"width\":2000,\"height\":1500},{\"@type\":\"BreadcrumbList\",\"@id\":\"https:\/\/institucional.ufrrj.br\/sap\/inauguracao-museu-tokarnia\/#breadcrumb\",\"itemListElement\":[{\"@type\":\"ListItem\",\"position\":1,\"name\":\"In\u00edcio\",\"item\":\"https:\/\/institucional.ufrrj.br\/sap\/\"},{\"@type\":\"ListItem\",\"position\":2,\"name\":\"Inaugura\u00e7\u00e3o Museu Tokarnia\"}]},{\"@type\":\"WebSite\",\"@id\":\"https:\/\/institucional.ufrrj.br\/sap\/#website\",\"url\":\"https:\/\/institucional.ufrrj.br\/sap\/\",\"name\":\"SAP\",\"description\":\"Setor de Anatomia Pat\u00f3logica\",\"potentialAction\":[{\"@type\":\"SearchAction\",\"target\":{\"@type\":\"EntryPoint\",\"urlTemplate\":\"https:\/\/institucional.ufrrj.br\/sap\/?s={search_term_string}\"},\"query-input\":{\"@type\":\"PropertyValueSpecification\",\"valueRequired\":true,\"valueName\":\"search_term_string\"}}],\"inLanguage\":\"pt-BR\"}]}<\/script>\n<!-- \/ Yoast SEO plugin. -->","yoast_head_json":{"title":"Inaugura\u00e7\u00e3o Museu Tokarnia - SAP","robots":{"index":"index","follow":"follow","max-snippet":"max-snippet:-1","max-image-preview":"max-image-preview:large","max-video-preview":"max-video-preview:-1"},"canonical":"https:\/\/institucional.ufrrj.br\/sap\/inauguracao-museu-tokarnia\/","og_locale":"pt_BR","og_type":"article","og_title":"Inaugura\u00e7\u00e3o Museu Tokarnia - SAP","og_description":"Foi com muita satisfa\u00e7\u00e3o que o Museu de Anatomia Patol\u00f3gica Carlos Tokarnia (MAPCT) inaugurou seu novo espa\u00e7o, a Sala 3, ... leia mais","og_url":"https:\/\/institucional.ufrrj.br\/sap\/inauguracao-museu-tokarnia\/","og_site_name":"SAP","article_modified_time":"2022-09-21T13:30:25+00:00","og_image":[{"url":"https:\/\/institucional.ufrrj.br\/sap\/files\/2021\/10\/IMG_20211001_135403740.jpg","type":"","width":"","height":""}],"twitter_card":"summary_large_image","twitter_misc":{"Est. tempo de leitura":"7 minutos"},"schema":{"@context":"https:\/\/schema.org","@graph":[{"@type":"WebPage","@id":"https:\/\/institucional.ufrrj.br\/sap\/inauguracao-museu-tokarnia\/","url":"https:\/\/institucional.ufrrj.br\/sap\/inauguracao-museu-tokarnia\/","name":"Inaugura\u00e7\u00e3o Museu Tokarnia - SAP","isPartOf":{"@id":"https:\/\/institucional.ufrrj.br\/sap\/#website"},"primaryImageOfPage":{"@id":"https:\/\/institucional.ufrrj.br\/sap\/inauguracao-museu-tokarnia\/#primaryimage"},"image":{"@id":"https:\/\/institucional.ufrrj.br\/sap\/inauguracao-museu-tokarnia\/#primaryimage"},"thumbnailUrl":"https:\/\/institucional.ufrrj.br\/sap\/files\/2021\/10\/IMG_20211001_135403740.jpg","datePublished":"2021-10-09T00:50:37+00:00","dateModified":"2022-09-21T13:30:25+00:00","breadcrumb":{"@id":"https:\/\/institucional.ufrrj.br\/sap\/inauguracao-museu-tokarnia\/#breadcrumb"},"inLanguage":"pt-BR","potentialAction":[{"@type":"ReadAction","target":["https:\/\/institucional.ufrrj.br\/sap\/inauguracao-museu-tokarnia\/"]}]},{"@type":"ImageObject","inLanguage":"pt-BR","@id":"https:\/\/institucional.ufrrj.br\/sap\/inauguracao-museu-tokarnia\/#primaryimage","url":"https:\/\/institucional.ufrrj.br\/sap\/files\/2021\/10\/IMG_20211001_135403740.jpg","contentUrl":"https:\/\/institucional.ufrrj.br\/sap\/files\/2021\/10\/IMG_20211001_135403740.jpg","width":2000,"height":1500},{"@type":"BreadcrumbList","@id":"https:\/\/institucional.ufrrj.br\/sap\/inauguracao-museu-tokarnia\/#breadcrumb","itemListElement":[{"@type":"ListItem","position":1,"name":"In\u00edcio","item":"https:\/\/institucional.ufrrj.br\/sap\/"},{"@type":"ListItem","position":2,"name":"Inaugura\u00e7\u00e3o Museu Tokarnia"}]},{"@type":"WebSite","@id":"https:\/\/institucional.ufrrj.br\/sap\/#website","url":"https:\/\/institucional.ufrrj.br\/sap\/","name":"SAP","description":"Setor de Anatomia Pat\u00f3logica","potentialAction":[{"@type":"SearchAction","target":{"@type":"EntryPoint","urlTemplate":"https:\/\/institucional.ufrrj.br\/sap\/?s={search_term_string}"},"query-input":{"@type":"PropertyValueSpecification","valueRequired":true,"valueName":"search_term_string"}}],"inLanguage":"pt-BR"}]}},"acf":[],"_links":{"self":[{"href":"https:\/\/institucional.ufrrj.br\/sap\/wp-json\/wp\/v2\/pages\/844","targetHints":{"allow":["GET"]}}],"collection":[{"href":"https:\/\/institucional.ufrrj.br\/sap\/wp-json\/wp\/v2\/pages"}],"about":[{"href":"https:\/\/institucional.ufrrj.br\/sap\/wp-json\/wp\/v2\/types\/page"}],"author":[{"embeddable":true,"href":"https:\/\/institucional.ufrrj.br\/sap\/wp-json\/wp\/v2\/users\/229"}],"replies":[{"embeddable":true,"href":"https:\/\/institucional.ufrrj.br\/sap\/wp-json\/wp\/v2\/comments?post=844"}],"version-history":[{"count":5,"href":"https:\/\/institucional.ufrrj.br\/sap\/wp-json\/wp\/v2\/pages\/844\/revisions"}],"predecessor-version":[{"id":1441,"href":"https:\/\/institucional.ufrrj.br\/sap\/wp-json\/wp\/v2\/pages\/844\/revisions\/1441"}],"wp:attachment":[{"href":"https:\/\/institucional.ufrrj.br\/sap\/wp-json\/wp\/v2\/media?parent=844"}],"curies":[{"name":"wp","href":"https:\/\/api.w.org\/{rel}","templated":true}]}}