{"id":819,"date":"2021-03-21T02:06:34","date_gmt":"2021-03-21T02:06:34","guid":{"rendered":"http:\/\/institucional.ufrrj.br\/sap\/?page_id=819"},"modified":"2025-08-01T20:06:17","modified_gmt":"2025-08-01T23:06:17","slug":"tuberculose","status":"publish","type":"page","link":"https:\/\/institucional.ufrrj.br\/sap\/tuberculose\/","title":{"rendered":"Tuberculose"},"content":{"rendered":"\n<p>O Acervo de Tuberculose do Museu Carlos Tokarnia re\u00fane esp\u00e9cimes anat\u00f4mico-patol\u00f3gicos representativos das diversas manifesta\u00e7\u00f5es morfol\u00f3gicas da tuberculose em animais dom\u00e9sticos e silvestres. Este conjunto de pe\u00e7as tem valor cient\u00edfico e did\u00e1tico significativo, pois ilustra les\u00f5es t\u00edpicas e at\u00edpicas causadas por <em>Mycobacterium bovis<\/em> e outras micobact\u00e9rias do complexo <em>M. tuberculosis<\/em>, contribuindo para o estudo da patogenia, diagn\u00f3stico diferencial e impacto zoon\u00f3tico da enfermidade. As fichas t\u00e9cnicas associadas visam apoiar atividades de ensino, pesquisa e extens\u00e3o nas \u00e1reas de Medicina Veterin\u00e1ria Preventiva, Patologia Animal e Sa\u00fade P\u00fablica.<\/p>\n\n\n\n<div data-wp-interactive=\"core\/file\" class=\"wp-block-file\"><object data-wp-bind--hidden=\"!state.hasPdfPreview\" hidden class=\"wp-block-file__embed\" data=\"https:\/\/institucional.ufrrj.br\/sap\/files\/2021\/03\/Tuberculose.pdf\" type=\"application\/pdf\" style=\"width:100%;height:600px\" aria-label=\"Incorporado de Tuberculose.\"><\/object><a id=\"wp-block-file--media-0e251d3b-5d37-446c-85a6-403411a5f332\" href=\"https:\/\/institucional.ufrrj.br\/sap\/files\/2021\/03\/Tuberculose.pdf\">Tuberculose<\/a><a href=\"https:\/\/institucional.ufrrj.br\/sap\/files\/2021\/03\/Tuberculose.pdf\" class=\"wp-block-file__button wp-element-button\" download aria-describedby=\"wp-block-file--media-0e251d3b-5d37-446c-85a6-403411a5f332\">Baixar<\/a><\/div>\n\n\n\n<div data-wp-interactive=\"core\/file\" class=\"wp-block-file\"><object data-wp-bind--hidden=\"!state.hasPdfPreview\" hidden class=\"wp-block-file__embed\" data=\"https:\/\/institucional.ufrrj.br\/sap\/files\/2025\/08\/2-7-2025-ficha-tecnica-Turbeculose-museu-Tokarnia-.pdf\" type=\"application\/pdf\" style=\"width:100%;height:600px\" aria-label=\"Incorporado de 2-7-2025 ficha tecnica Turbeculose museu Tokarnia.\"><\/object><a id=\"wp-block-file--media-2c971a38-8b17-44a5-a938-99c4a5696113\" href=\"https:\/\/institucional.ufrrj.br\/sap\/files\/2025\/08\/2-7-2025-ficha-tecnica-Turbeculose-museu-Tokarnia-.pdf\">2-7-2025 ficha tecnica Turbeculose museu Tokarnia<\/a><a href=\"https:\/\/institucional.ufrrj.br\/sap\/files\/2025\/08\/2-7-2025-ficha-tecnica-Turbeculose-museu-Tokarnia-.pdf\" class=\"wp-block-file__button wp-element-button\" download aria-describedby=\"wp-block-file--media-2c971a38-8b17-44a5-a938-99c4a5696113\">Baixar<\/a><\/div>\n","protected":false},"excerpt":{"rendered":"<p>O Acervo de Tuberculose do Museu Carlos Tokarnia re\u00fane esp\u00e9cimes anat\u00f4mico-patol\u00f3gicos representativos das diversas manifesta\u00e7\u00f5es morfol\u00f3gicas da tuberculose em animais <a class=\"read-more\" href=\"https:\/\/institucional.ufrrj.br\/sap\/tuberculose\/ \" >&#8230; <span class=\"font-italic\">leia mais <i class=\"fas fa-angle-right\"><\/i><\/span><\/a><\/p>\n","protected":false},"author":229,"featured_media":0,"parent":0,"menu_order":0,"comment_status":"closed","ping_status":"closed","template":"","meta":{"_acf_changed":false,"footnotes":"","_links_to":"","_links_to_target":""},"class_list":["post-819","page","type-page","status-publish","hentry"],"yoast_head":"<!-- This site is optimized with the Yoast SEO plugin v27.2 - https:\/\/yoast.com\/product\/yoast-seo-wordpress\/ -->\n<title>Tuberculose - SAP<\/title>\n<meta name=\"robots\" content=\"index, follow, max-snippet:-1, max-image-preview:large, max-video-preview:-1\" \/>\n<link rel=\"canonical\" href=\"https:\/\/institucional.ufrrj.br\/sap\/tuberculose\/\" \/>\n<meta property=\"og:locale\" content=\"pt_BR\" \/>\n<meta property=\"og:type\" content=\"article\" \/>\n<meta property=\"og:title\" content=\"Tuberculose - SAP\" \/>\n<meta property=\"og:description\" content=\"O Acervo de Tuberculose do Museu Carlos Tokarnia re\u00fane esp\u00e9cimes anat\u00f4mico-patol\u00f3gicos representativos das diversas manifesta\u00e7\u00f5es morfol\u00f3gicas da tuberculose em animais ... leia mais\" \/>\n<meta property=\"og:url\" content=\"https:\/\/institucional.ufrrj.br\/sap\/tuberculose\/\" \/>\n<meta property=\"og:site_name\" content=\"SAP\" \/>\n<meta property=\"article:modified_time\" content=\"2025-08-01T23:06:17+00:00\" \/>\n<meta name=\"twitter:card\" content=\"summary_large_image\" \/>\n<meta name=\"twitter:label1\" content=\"Est. tempo de leitura\" \/>\n\t<meta name=\"twitter:data1\" content=\"1 minuto\" \/>\n<script type=\"application\/ld+json\" class=\"yoast-schema-graph\">{\"@context\":\"https:\/\/schema.org\",\"@graph\":[{\"@type\":\"WebPage\",\"@id\":\"https:\/\/institucional.ufrrj.br\/sap\/tuberculose\/\",\"url\":\"https:\/\/institucional.ufrrj.br\/sap\/tuberculose\/\",\"name\":\"Tuberculose - SAP\",\"isPartOf\":{\"@id\":\"https:\/\/institucional.ufrrj.br\/sap\/#website\"},\"datePublished\":\"2021-03-21T02:06:34+00:00\",\"dateModified\":\"2025-08-01T23:06:17+00:00\",\"breadcrumb\":{\"@id\":\"https:\/\/institucional.ufrrj.br\/sap\/tuberculose\/#breadcrumb\"},\"inLanguage\":\"pt-BR\",\"potentialAction\":[{\"@type\":\"ReadAction\",\"target\":[\"https:\/\/institucional.ufrrj.br\/sap\/tuberculose\/\"]}]},{\"@type\":\"BreadcrumbList\",\"@id\":\"https:\/\/institucional.ufrrj.br\/sap\/tuberculose\/#breadcrumb\",\"itemListElement\":[{\"@type\":\"ListItem\",\"position\":1,\"name\":\"In\u00edcio\",\"item\":\"https:\/\/institucional.ufrrj.br\/sap\/\"},{\"@type\":\"ListItem\",\"position\":2,\"name\":\"Tuberculose\"}]},{\"@type\":\"WebSite\",\"@id\":\"https:\/\/institucional.ufrrj.br\/sap\/#website\",\"url\":\"https:\/\/institucional.ufrrj.br\/sap\/\",\"name\":\"SAP\",\"description\":\"Setor de Anatomia Pat\u00f3logica\",\"potentialAction\":[{\"@type\":\"SearchAction\",\"target\":{\"@type\":\"EntryPoint\",\"urlTemplate\":\"https:\/\/institucional.ufrrj.br\/sap\/?s={search_term_string}\"},\"query-input\":{\"@type\":\"PropertyValueSpecification\",\"valueRequired\":true,\"valueName\":\"search_term_string\"}}],\"inLanguage\":\"pt-BR\"}]}<\/script>\n<!-- \/ Yoast SEO plugin. -->","yoast_head_json":{"title":"Tuberculose - SAP","robots":{"index":"index","follow":"follow","max-snippet":"max-snippet:-1","max-image-preview":"max-image-preview:large","max-video-preview":"max-video-preview:-1"},"canonical":"https:\/\/institucional.ufrrj.br\/sap\/tuberculose\/","og_locale":"pt_BR","og_type":"article","og_title":"Tuberculose - SAP","og_description":"O Acervo de Tuberculose do Museu Carlos Tokarnia re\u00fane esp\u00e9cimes anat\u00f4mico-patol\u00f3gicos representativos das diversas manifesta\u00e7\u00f5es morfol\u00f3gicas da tuberculose em animais ... leia mais","og_url":"https:\/\/institucional.ufrrj.br\/sap\/tuberculose\/","og_site_name":"SAP","article_modified_time":"2025-08-01T23:06:17+00:00","twitter_card":"summary_large_image","twitter_misc":{"Est. tempo de leitura":"1 minuto"},"schema":{"@context":"https:\/\/schema.org","@graph":[{"@type":"WebPage","@id":"https:\/\/institucional.ufrrj.br\/sap\/tuberculose\/","url":"https:\/\/institucional.ufrrj.br\/sap\/tuberculose\/","name":"Tuberculose - SAP","isPartOf":{"@id":"https:\/\/institucional.ufrrj.br\/sap\/#website"},"datePublished":"2021-03-21T02:06:34+00:00","dateModified":"2025-08-01T23:06:17+00:00","breadcrumb":{"@id":"https:\/\/institucional.ufrrj.br\/sap\/tuberculose\/#breadcrumb"},"inLanguage":"pt-BR","potentialAction":[{"@type":"ReadAction","target":["https:\/\/institucional.ufrrj.br\/sap\/tuberculose\/"]}]},{"@type":"BreadcrumbList","@id":"https:\/\/institucional.ufrrj.br\/sap\/tuberculose\/#breadcrumb","itemListElement":[{"@type":"ListItem","position":1,"name":"In\u00edcio","item":"https:\/\/institucional.ufrrj.br\/sap\/"},{"@type":"ListItem","position":2,"name":"Tuberculose"}]},{"@type":"WebSite","@id":"https:\/\/institucional.ufrrj.br\/sap\/#website","url":"https:\/\/institucional.ufrrj.br\/sap\/","name":"SAP","description":"Setor de Anatomia Pat\u00f3logica","potentialAction":[{"@type":"SearchAction","target":{"@type":"EntryPoint","urlTemplate":"https:\/\/institucional.ufrrj.br\/sap\/?s={search_term_string}"},"query-input":{"@type":"PropertyValueSpecification","valueRequired":true,"valueName":"search_term_string"}}],"inLanguage":"pt-BR"}]}},"acf":[],"_links":{"self":[{"href":"https:\/\/institucional.ufrrj.br\/sap\/wp-json\/wp\/v2\/pages\/819","targetHints":{"allow":["GET"]}}],"collection":[{"href":"https:\/\/institucional.ufrrj.br\/sap\/wp-json\/wp\/v2\/pages"}],"about":[{"href":"https:\/\/institucional.ufrrj.br\/sap\/wp-json\/wp\/v2\/types\/page"}],"author":[{"embeddable":true,"href":"https:\/\/institucional.ufrrj.br\/sap\/wp-json\/wp\/v2\/users\/229"}],"replies":[{"embeddable":true,"href":"https:\/\/institucional.ufrrj.br\/sap\/wp-json\/wp\/v2\/comments?post=819"}],"version-history":[{"count":6,"href":"https:\/\/institucional.ufrrj.br\/sap\/wp-json\/wp\/v2\/pages\/819\/revisions"}],"predecessor-version":[{"id":1918,"href":"https:\/\/institucional.ufrrj.br\/sap\/wp-json\/wp\/v2\/pages\/819\/revisions\/1918"}],"wp:attachment":[{"href":"https:\/\/institucional.ufrrj.br\/sap\/wp-json\/wp\/v2\/media?parent=819"}],"curies":[{"name":"wp","href":"https:\/\/api.w.org\/{rel}","templated":true}]}}