{"id":116,"date":"2014-12-10T15:58:34","date_gmt":"2014-12-10T15:58:34","guid":{"rendered":"http:\/\/institucional.ufrrj.br\/sap\/?page_id=116"},"modified":"2022-05-05T14:54:24","modified_gmt":"2022-05-05T17:54:24","slug":"nossa-historia","status":"publish","type":"page","link":"https:\/\/institucional.ufrrj.br\/sap\/nossa-historia\/","title":{"rendered":"Nossa Hist\u00f3ria"},"content":{"rendered":"\n<p><strong>A hist\u00f3ria da Se\u00e7\u00e3o de Anatomia Patol\u00f3gica do Instituto de Biologia Animal (IBA), do Minist\u00e9rio da Agricultura (MA)<\/strong><\/p>\n\n\n\n<p>A Se\u00e7\u00e3o de Anatomia Patol\u00f3gica (SAP) f\u00eaz parte do Instituto de Biologia Animal (IBA). Esse Instituto era o \u00fanico Instituto Federal do Minist\u00e9rio da Agricultura, respons\u00e1vel para todo o Brasil, nas \u00e1reas de diagn\u00f3stico de doen\u00e7as de animais de produ\u00e7\u00e3o, pesquisa, produ\u00e7\u00e3o de vacinas e ant\u00edgenos, e para o registro de produtos farmac\u00eauticos no campo da veterin\u00e1ria.<\/p>\n\n\n\n<p>As incumb\u00eancias da Se\u00e7\u00e3o de Anatomia Patol\u00f3gica era o atendimento de solicita\u00e7\u00f5es por fazendeiros, colegas e autoridades para o diagn\u00f3stico de mortandades em animais de produ\u00e7\u00e3o, atrav\u00e9s de viagens \u00e0s diversas regi\u00f5es do Brasil, com exames dos rebanhos e, principalmente, a realiza\u00e7\u00e3o de necropsias complementadas por exames histopatol\u00f3gicos, e caso necess\u00e1rio, pelo encaminhamento de material para exames bacteriol\u00f3gicos, virol\u00f3gicos, parasitol\u00f3gicos, qu\u00edmicos e de outra natureza para as respectivas se\u00e7\u00f5es do IBA. A Se\u00e7\u00e3o de Anatomia Patol\u00f3gica (SAP) recebia tamb\u00e9m animais mortos de \u00e1reas pr\u00f3ximas ao IBA para necropsia e muito material fixado em formol para exames histopatol\u00f3gicos enviado por colegas de todo Brasil.<\/p>\n\n\n\n<p>Nessas atividades dois assuntos se destacaram por falta de dados para o diagn\u00f3stico de enfermidades de animais de produ\u00e7\u00e3o no pa\u00eds. Da\u00ed surgiram dois projetos de pesquisa desenvolvidos por J\u00dcRGEN D\u00d6BEREINER e CARLOS HUBINGER TOKARNIA, que prevaleceram durante suas atividades nos \u00faltimos 60 anos, que s\u00e3o da maior import\u00e2ncia na patologia animal no Brasil: Doen\u00e7as causadas por Defici\u00eancias Minerais e Doen\u00e7as causadas por Plantas T\u00f3xicas.<\/p>\n\n\n\n<p>H\u00e1 diversos livros guardados no SAP, que permitem rever as atividades realizadas pela Se\u00e7\u00e3o de Anatomia Patol\u00f3gica. Em uma s\u00e9rie de livros, intitulada REGISTRO DE MATERIAL, verifica-se que a entrada do primeiro material (n<sup>o<\/sup> 1) foi em 1933, com assinatura prov\u00e1vel de VIOLANTINO DOS SANTOS. Nestes livros de REGISTRO DE MATERIAL est\u00e3o registrados em ordem cronol\u00f3gica todos os materiais que foram processados para exame histopatol\u00f3gico, isto \u00e9, fragmentos de \u00f3rg\u00e3os coletados durante necropsias realizadas pelos veterin\u00e1rios do SAP no decorrer de trabalhos de diagn\u00f3stico ou de pesquisa, ou de fragmentos de \u00f3rg\u00e3os fixados em formol enviados por veterin\u00e1rios de todo Brasil. Este REGISTRO DE MATERIAL continua at\u00e9 hoje, e em 17.9.2014 estava com o n\u00famero 32.973.<\/p>\n\n\n\n<p>Na s\u00e9rie de livros intitulada LAUDO DE NECROPSIAS, os achados das necropsias, realizadas pelos veterin\u00e1rios do SAP foram registrados em formul\u00e1rios. Esta s\u00e9rie foi iniciada (n<sup>o<\/sup>.1) em 1939 por PAULO DACORSO FILHO e segue at\u00e9 o n. 633 em 18.1.1952.<\/p>\n\n\n\n<p>Por fim h\u00e1 uma s\u00e9rie de livros intitulada RELAT\u00d3RIOS, iniciada em 1940 (com o no. 1\/40), por PAULO DACORSO FILHO. Esta s\u00e9rie inicialmente serviu para as descri\u00e7\u00f5es histol\u00f3gicas do material que consta nos livros de REGISTRO DE MATERIAL, mas a partir de 1946 mudou de finalidade. N\u00e3o constam mais descri\u00e7\u00f5es histol\u00f3gicas, mas os principais dados relativos \u00e0s necropsias realizadas no SAP, sem a descri\u00e7\u00e3o histol\u00f3gica. Esses RELAT\u00d3RIOS foram realizados at\u00e9 1958 (\u00faltimo relat\u00f3rio 21\/58). N\u00e3o encontramos registro das necropsias realizadas no per\u00edodo ap\u00f3s 1958 a 1964. A partir de 1964 o registro dos dados referentes \u00e0s necropsias realizados pelos veterin\u00e1rios do SAP foi retomado, de maneira semelhante como realizado no per\u00edodo de 1946 a 1958.<\/p>\n\n\n\n<p>O IBA foi criado em 1933 e era localizado no bairro Maracan\u00e3, na cidade do Rio de Janeiro. Em 1952, sob a dire\u00e7\u00e3o do ent\u00e3o diretor, Dr. SILVIO TORRES; o IBA foi transferido para a \u00e1rea do Centro Nacional de Ensino e Pesquisas Agron\u00f4micas (CNEPA), na \u00e9poca munic\u00edpio de Itagua\u00ed, RJ, ocupando pr\u00e9dio que era inicialmente destinado ao Instituto do \u00d3leo do Departamento de Produ\u00e7\u00e3o Vegetal do MA, cujos funcion\u00e1rios se recusaram a se mudar do Rio para a ent\u00e3o long\u00ednqua \u00e1rea localizada no KM 47 da antiga estrada Rio-S\u00e3o Paulo.<\/p>\n\n\n\n<p>Pelo que sabemos, o primeiro Chefe do Se\u00e7\u00e3o de Anatomia Patol\u00f3gica do IBA, foi VIOLANTINO DOS SANTOS, depois PAULO DACORSO FILHO, seguido por JEFFERSON ANDRADE DOS SANTOS e finalmente J\u00dcRGEN D\u00d6BEREINER.<\/p>\n\n\n\n<p>Todos, al\u00e9m das atribui\u00e7\u00f5es acima especificadas (necropsias e exames histopatol\u00f3gicos), realizaram pesquisas no campo da Patologia Animal, com publica\u00e7\u00e3o de trabalhos, e contribu\u00edram para a forma\u00e7\u00e3o de um MUSEU rec\u00e9m-reorganizado e atualizado em 2008 nas novas instala\u00e7\u00f5es, pela Profa. MARILENE FARIAS BRITO que hoje serve para o ensino do Curso de Medicina Veterin\u00e1ria da Universidade Federal Rural do Rio Janeiro (UFRRJ), e conta com cerca de 700 pe\u00e7as. Em 1963 o IBA, teve sua \u00e1rea de atua\u00e7\u00e3o restrita \u00e0 regi\u00e3o Sudeste, dentro do Instituto de Pesquisas Agropecu\u00e1rias da Regi\u00e3o Sudeste (IPEACS).<\/p>\n\n\n\n<p>Em 1976, com a cria\u00e7\u00e3o da Embrapa, o IBA deixou de existir oficialmente. Uma parte do pessoal t\u00e9cnico e auxiliar optou por ingressar na Embrapa e ficou nas instala\u00e7\u00f5es do Instituto que continuou a funcionar em condi\u00e7\u00f5es prec\u00e1rias e provis\u00f3rias sob sucessivas denomina\u00e7\u00f5es (UAPNPSA, UPSA, NPSA). Outros foram transferidos para outras entidades da Embrapa pelo Brasil. Os que n\u00e3o optaram pela Embrapa, foram transferidos para diversos \u00f3rg\u00e3os ou servi\u00e7os do MA.<\/p>\n\n\n\n<p>No in\u00edcio da d\u00e9cada de 1980 a Embrapa firmou um Conv\u00eanio com a UFRRJ, denominado Projeto Sanidade Animal Embrapa\/UFRRJ, e Professores e pessoal t\u00e9cnico da UFRRJ vieram para as instala\u00e7\u00f5es do ex-IBA.<\/p>\n\n\n\n<p>Em 2008 parte do Setor de Anatomia Patol\u00f3gica (o Laborat\u00f3rio de Histopatologia, as disciplinas de histopatologia Geral e Histopatologia Especial, a Anatomia Patol\u00f3gica Especial \u2013 parte te\u00f3rica e as disciplinas da \u00e1rea de Patologia do Curso de P\u00f3s-Gradua\u00e7\u00e3o em Medicina Veterin\u00e1ria)&nbsp; do Instituto de Veterin\u00e1ria da UFRRJ, que at\u00e9 ent\u00e3o funcionava nas depend\u00eancias do pr\u00e9dio principal do Instituto de Veterin\u00e1ria, se transferiu para as instala\u00e7\u00f5es do ex-IBA.<\/p>\n\n\n\n<p>Com o passar do tempo os \u00faltimos funcion\u00e1rios da Embrapa que ainda executavam servi\u00e7os no ex-IBA foram transferidos para outras entidades da Embrapa ou se aposentaram; o \u00faltimo foi o Dr. J\u00dcRGEN D\u00d6BEREINER, em 2010. &nbsp;Os diversos setores do ex-IBA, ent\u00e3o j\u00e1 sem funcion\u00e1rios da Embrapa, passaram a fazer parte do Instituto de Veterin\u00e1ria da UFRRJ. &nbsp;Em 2015 o restante do Setor de Anatomia Patol\u00f3gica do Instituto de Veterin\u00e1ria da UFRRJ ser\u00e1 transferido definitivamente para o ex-IBA.<\/p>\n\n\n\n<p>CARLOS HUBINGER TOKARNIA<\/p>\n\n\n\n<p>J\u00dcRGEN D\u00d6BEREINER<\/p>\n","protected":false},"excerpt":{"rendered":"<p>A hist\u00f3ria da Se\u00e7\u00e3o de Anatomia Patol\u00f3gica do Instituto de Biologia Animal (IBA), do Minist\u00e9rio da Agricultura (MA) A Se\u00e7\u00e3o <a class=\"read-more\" href=\"https:\/\/institucional.ufrrj.br\/sap\/nossa-historia\/ \" >&#8230; <span class=\"font-italic\">leia mais <i class=\"fas fa-angle-right\"><\/i><\/span><\/a><\/p>\n","protected":false},"author":1,"featured_media":0,"parent":0,"menu_order":0,"comment_status":"open","ping_status":"open","template":"","meta":{"_acf_changed":false,"footnotes":"","_links_to":"","_links_to_target":""},"class_list":["post-116","page","type-page","status-publish","hentry"],"yoast_head":"<!-- This site is optimized with the Yoast SEO plugin v27.2 - https:\/\/yoast.com\/product\/yoast-seo-wordpress\/ -->\n<title>Nossa Hist\u00f3ria - SAP<\/title>\n<meta name=\"robots\" content=\"index, follow, max-snippet:-1, max-image-preview:large, max-video-preview:-1\" \/>\n<link rel=\"canonical\" href=\"https:\/\/institucional.ufrrj.br\/sap\/nossa-historia\/\" \/>\n<meta property=\"og:locale\" content=\"pt_BR\" \/>\n<meta property=\"og:type\" content=\"article\" \/>\n<meta property=\"og:title\" content=\"Nossa Hist\u00f3ria - SAP\" \/>\n<meta property=\"og:description\" content=\"A hist\u00f3ria da Se\u00e7\u00e3o de Anatomia Patol\u00f3gica do Instituto de Biologia Animal (IBA), do Minist\u00e9rio da Agricultura (MA) A Se\u00e7\u00e3o ... leia mais\" \/>\n<meta property=\"og:url\" content=\"https:\/\/institucional.ufrrj.br\/sap\/nossa-historia\/\" \/>\n<meta property=\"og:site_name\" content=\"SAP\" \/>\n<meta property=\"article:modified_time\" content=\"2022-05-05T17:54:24+00:00\" \/>\n<meta name=\"twitter:card\" content=\"summary_large_image\" \/>\n<meta name=\"twitter:label1\" content=\"Est. tempo de leitura\" \/>\n\t<meta name=\"twitter:data1\" content=\"6 minutos\" \/>\n<script type=\"application\/ld+json\" class=\"yoast-schema-graph\">{\"@context\":\"https:\/\/schema.org\",\"@graph\":[{\"@type\":\"WebPage\",\"@id\":\"https:\/\/institucional.ufrrj.br\/sap\/nossa-historia\/\",\"url\":\"https:\/\/institucional.ufrrj.br\/sap\/nossa-historia\/\",\"name\":\"Nossa Hist\u00f3ria - SAP\",\"isPartOf\":{\"@id\":\"https:\/\/institucional.ufrrj.br\/sap\/#website\"},\"datePublished\":\"2014-12-10T15:58:34+00:00\",\"dateModified\":\"2022-05-05T17:54:24+00:00\",\"breadcrumb\":{\"@id\":\"https:\/\/institucional.ufrrj.br\/sap\/nossa-historia\/#breadcrumb\"},\"inLanguage\":\"pt-BR\",\"potentialAction\":[{\"@type\":\"ReadAction\",\"target\":[\"https:\/\/institucional.ufrrj.br\/sap\/nossa-historia\/\"]}]},{\"@type\":\"BreadcrumbList\",\"@id\":\"https:\/\/institucional.ufrrj.br\/sap\/nossa-historia\/#breadcrumb\",\"itemListElement\":[{\"@type\":\"ListItem\",\"position\":1,\"name\":\"In\u00edcio\",\"item\":\"https:\/\/institucional.ufrrj.br\/sap\/\"},{\"@type\":\"ListItem\",\"position\":2,\"name\":\"Nossa Hist\u00f3ria\"}]},{\"@type\":\"WebSite\",\"@id\":\"https:\/\/institucional.ufrrj.br\/sap\/#website\",\"url\":\"https:\/\/institucional.ufrrj.br\/sap\/\",\"name\":\"SAP\",\"description\":\"Setor de Anatomia Pat\u00f3logica\",\"potentialAction\":[{\"@type\":\"SearchAction\",\"target\":{\"@type\":\"EntryPoint\",\"urlTemplate\":\"https:\/\/institucional.ufrrj.br\/sap\/?s={search_term_string}\"},\"query-input\":{\"@type\":\"PropertyValueSpecification\",\"valueRequired\":true,\"valueName\":\"search_term_string\"}}],\"inLanguage\":\"pt-BR\"}]}<\/script>\n<!-- \/ Yoast SEO plugin. -->","yoast_head_json":{"title":"Nossa Hist\u00f3ria - SAP","robots":{"index":"index","follow":"follow","max-snippet":"max-snippet:-1","max-image-preview":"max-image-preview:large","max-video-preview":"max-video-preview:-1"},"canonical":"https:\/\/institucional.ufrrj.br\/sap\/nossa-historia\/","og_locale":"pt_BR","og_type":"article","og_title":"Nossa Hist\u00f3ria - SAP","og_description":"A hist\u00f3ria da Se\u00e7\u00e3o de Anatomia Patol\u00f3gica do Instituto de Biologia Animal (IBA), do Minist\u00e9rio da Agricultura (MA) A Se\u00e7\u00e3o ... leia mais","og_url":"https:\/\/institucional.ufrrj.br\/sap\/nossa-historia\/","og_site_name":"SAP","article_modified_time":"2022-05-05T17:54:24+00:00","twitter_card":"summary_large_image","twitter_misc":{"Est. tempo de leitura":"6 minutos"},"schema":{"@context":"https:\/\/schema.org","@graph":[{"@type":"WebPage","@id":"https:\/\/institucional.ufrrj.br\/sap\/nossa-historia\/","url":"https:\/\/institucional.ufrrj.br\/sap\/nossa-historia\/","name":"Nossa Hist\u00f3ria - SAP","isPartOf":{"@id":"https:\/\/institucional.ufrrj.br\/sap\/#website"},"datePublished":"2014-12-10T15:58:34+00:00","dateModified":"2022-05-05T17:54:24+00:00","breadcrumb":{"@id":"https:\/\/institucional.ufrrj.br\/sap\/nossa-historia\/#breadcrumb"},"inLanguage":"pt-BR","potentialAction":[{"@type":"ReadAction","target":["https:\/\/institucional.ufrrj.br\/sap\/nossa-historia\/"]}]},{"@type":"BreadcrumbList","@id":"https:\/\/institucional.ufrrj.br\/sap\/nossa-historia\/#breadcrumb","itemListElement":[{"@type":"ListItem","position":1,"name":"In\u00edcio","item":"https:\/\/institucional.ufrrj.br\/sap\/"},{"@type":"ListItem","position":2,"name":"Nossa Hist\u00f3ria"}]},{"@type":"WebSite","@id":"https:\/\/institucional.ufrrj.br\/sap\/#website","url":"https:\/\/institucional.ufrrj.br\/sap\/","name":"SAP","description":"Setor de Anatomia Pat\u00f3logica","potentialAction":[{"@type":"SearchAction","target":{"@type":"EntryPoint","urlTemplate":"https:\/\/institucional.ufrrj.br\/sap\/?s={search_term_string}"},"query-input":{"@type":"PropertyValueSpecification","valueRequired":true,"valueName":"search_term_string"}}],"inLanguage":"pt-BR"}]}},"acf":[],"_links":{"self":[{"href":"https:\/\/institucional.ufrrj.br\/sap\/wp-json\/wp\/v2\/pages\/116","targetHints":{"allow":["GET"]}}],"collection":[{"href":"https:\/\/institucional.ufrrj.br\/sap\/wp-json\/wp\/v2\/pages"}],"about":[{"href":"https:\/\/institucional.ufrrj.br\/sap\/wp-json\/wp\/v2\/types\/page"}],"author":[{"embeddable":true,"href":"https:\/\/institucional.ufrrj.br\/sap\/wp-json\/wp\/v2\/users\/1"}],"replies":[{"embeddable":true,"href":"https:\/\/institucional.ufrrj.br\/sap\/wp-json\/wp\/v2\/comments?post=116"}],"version-history":[{"count":8,"href":"https:\/\/institucional.ufrrj.br\/sap\/wp-json\/wp\/v2\/pages\/116\/revisions"}],"predecessor-version":[{"id":997,"href":"https:\/\/institucional.ufrrj.br\/sap\/wp-json\/wp\/v2\/pages\/116\/revisions\/997"}],"wp:attachment":[{"href":"https:\/\/institucional.ufrrj.br\/sap\/wp-json\/wp\/v2\/media?parent=116"}],"curies":[{"name":"wp","href":"https:\/\/api.w.org\/{rel}","templated":true}]}}