{"id":62,"date":"2019-02-14T10:55:59","date_gmt":"2019-02-14T12:55:59","guid":{"rendered":"http:\/\/institucional.ufrrj.br\/prefeiturauniversitaria\/?page_id=62"},"modified":"2025-09-30T09:33:59","modified_gmt":"2025-09-30T12:33:59","slug":"conservacao-de-edificio","status":"publish","type":"page","link":"https:\/\/institucional.ufrrj.br\/prefeiturauniversitaria\/setores\/conservacao-de-edificio\/","title":{"rendered":"Conserva\u00e7\u00e3o de Edif\u00edcio"},"content":{"rendered":"\n<p><strong>Ao Setor de Conserva\u00e7\u00e3o de Edif\u00edcios compete:<\/strong><\/p>\n\n\n\n<ul class=\"wp-block-list\">\n<li>Dirigir e executar os servi\u00e7os de manuten\u00e7\u00e3o e reparos dos edif\u00edcios da UFRRJ;<\/li>\n\n\n\n<li>Manter e conservar a esta\u00e7\u00e3o de tratamento das redes internas de \u00e1gua e esgoto dos edif\u00edcios p\u00fablicos.<\/li>\n<\/ul>\n\n\n\n<p><strong>Respons\u00e1vel:<\/strong>&nbsp;Jos\u00e9 Galdino de Lima<\/p>\n\n\n\n<h5 class=\"wp-block-heading\">Servi\u00e7os \u00e0 comunidade da UFRRJ:<\/h5>\n\n\n\n<ul class=\"wp-block-list\">\n<li>Consertos nos pr\u00e9dios da UFRRJ, como vazamentos em torneiras, vasos, canos, etc;<\/li>\n\n\n\n<li>Desentupimento de rede de esgoto;<\/li>\n\n\n\n<li>Falta de \u00e1gua.<\/li>\n<\/ul>\n\n\n\n<p>A\u00a0solicita\u00e7\u00e3o dos servi\u00e7os\u00a0do\u00a0Setor de Conserva\u00e7\u00e3o de Edif\u00edcios\u00a0\u00e9 realizada atrav\u00e9s da Prefeitura Universit\u00e1ria. Os servi\u00e7os de\u00a0manuten\u00e7\u00e3o dos alojamentos estudantis\u00a0s\u00e3o realizados pelo\u00a0Centro de Manuten\u00e7\u00e3o\u00a0que fica localizado no Alojamento, sendo o respons\u00e1vel o servidor Josu\u00e9 Bahia.<\/p>\n\n\n\n<h5 class=\"wp-block-heading\">Entre em contato com a Prefeitura: <\/h5>\n\n\n\n<p><strong>Telefone<\/strong>: (21) 2682-1130<\/p>\n\n\n\n<p><strong>E-mail<\/strong>: prefeitura@ufrrj.br <\/p>\n\n\n\n<p>O interessado tamb\u00e9m pode ir&nbsp;pessoalmente&nbsp;at\u00e9 a Secretaria da Prefeitura Universit\u00e1ria ou enviar comunicado interno, via&nbsp;Sipac.<\/p>\n","protected":false},"excerpt":{"rendered":"<p>Ao Setor de Conserva\u00e7\u00e3o de Edif\u00edcios compete: Respons\u00e1vel:&nbsp;Jos\u00e9 Galdino de Lima Servi\u00e7os \u00e0 comunidade da UFRRJ: A\u00a0solicita\u00e7\u00e3o dos servi\u00e7os\u00a0do\u00a0Setor de <a class=\"read-more\" href=\"https:\/\/institucional.ufrrj.br\/prefeiturauniversitaria\/setores\/conservacao-de-edificio\/ \" >&#8230; <span class=\"font-italic\">leia mais <i class=\"fas fa-angle-right\"><\/i><\/span><\/a><\/p>\n","protected":false},"author":634,"featured_media":0,"parent":281,"menu_order":0,"comment_status":"closed","ping_status":"closed","template":"","meta":{"_acf_changed":false,"footnotes":""},"class_list":["post-62","page","type-page","status-publish","hentry"],"yoast_head":"<!-- This site is optimized with the Yoast SEO plugin v27.2 - https:\/\/yoast.com\/product\/yoast-seo-wordpress\/ -->\n<title>Conserva\u00e7\u00e3o de Edif\u00edcio - Prefeitura Universit\u00e1ria<\/title>\n<meta name=\"robots\" content=\"index, follow, max-snippet:-1, max-image-preview:large, max-video-preview:-1\" \/>\n<link rel=\"canonical\" href=\"https:\/\/institucional.ufrrj.br\/prefeiturauniversitaria\/setores\/conservacao-de-edificio\/\" \/>\n<meta property=\"og:locale\" content=\"pt_BR\" \/>\n<meta property=\"og:type\" content=\"article\" \/>\n<meta property=\"og:title\" content=\"Conserva\u00e7\u00e3o de Edif\u00edcio - Prefeitura Universit\u00e1ria\" \/>\n<meta property=\"og:description\" content=\"Ao Setor de Conserva\u00e7\u00e3o de Edif\u00edcios compete: Respons\u00e1vel:&nbsp;Jos\u00e9 Galdino de Lima Servi\u00e7os \u00e0 comunidade da UFRRJ: A\u00a0solicita\u00e7\u00e3o dos servi\u00e7os\u00a0do\u00a0Setor de ... leia mais\" \/>\n<meta property=\"og:url\" content=\"https:\/\/institucional.ufrrj.br\/prefeiturauniversitaria\/setores\/conservacao-de-edificio\/\" \/>\n<meta property=\"og:site_name\" content=\"Prefeitura Universit\u00e1ria\" \/>\n<meta property=\"article:modified_time\" content=\"2025-09-30T12:33:59+00:00\" \/>\n<meta name=\"twitter:card\" content=\"summary_large_image\" \/>\n<meta name=\"twitter:label1\" content=\"Est. tempo de leitura\" \/>\n\t<meta name=\"twitter:data1\" content=\"1 minuto\" \/>\n<script type=\"application\/ld+json\" class=\"yoast-schema-graph\">{\"@context\":\"https:\/\/schema.org\",\"@graph\":[{\"@type\":\"WebPage\",\"@id\":\"https:\/\/institucional.ufrrj.br\/prefeiturauniversitaria\/setores\/conservacao-de-edificio\/\",\"url\":\"https:\/\/institucional.ufrrj.br\/prefeiturauniversitaria\/setores\/conservacao-de-edificio\/\",\"name\":\"Conserva\u00e7\u00e3o de Edif\u00edcio - Prefeitura Universit\u00e1ria\",\"isPartOf\":{\"@id\":\"https:\/\/institucional.ufrrj.br\/prefeiturauniversitaria\/#website\"},\"datePublished\":\"2019-02-14T12:55:59+00:00\",\"dateModified\":\"2025-09-30T12:33:59+00:00\",\"breadcrumb\":{\"@id\":\"https:\/\/institucional.ufrrj.br\/prefeiturauniversitaria\/setores\/conservacao-de-edificio\/#breadcrumb\"},\"inLanguage\":\"pt-BR\",\"potentialAction\":[{\"@type\":\"ReadAction\",\"target\":[\"https:\/\/institucional.ufrrj.br\/prefeiturauniversitaria\/setores\/conservacao-de-edificio\/\"]}]},{\"@type\":\"BreadcrumbList\",\"@id\":\"https:\/\/institucional.ufrrj.br\/prefeiturauniversitaria\/setores\/conservacao-de-edificio\/#breadcrumb\",\"itemListElement\":[{\"@type\":\"ListItem\",\"position\":1,\"name\":\"In\u00edcio\",\"item\":\"https:\/\/institucional.ufrrj.br\/prefeiturauniversitaria\/\"},{\"@type\":\"ListItem\",\"position\":2,\"name\":\"Setores\",\"item\":\"https:\/\/institucional.ufrrj.br\/prefeiturauniversitaria\/setores\/\"},{\"@type\":\"ListItem\",\"position\":3,\"name\":\"Conserva\u00e7\u00e3o de Edif\u00edcio\"}]},{\"@type\":\"WebSite\",\"@id\":\"https:\/\/institucional.ufrrj.br\/prefeiturauniversitaria\/#website\",\"url\":\"https:\/\/institucional.ufrrj.br\/prefeiturauniversitaria\/\",\"name\":\"Prefeitura Universit\u00e1ria\",\"description\":\"CAMPUS SEROP\u00c9DICA \u2013 UFRRJ\",\"potentialAction\":[{\"@type\":\"SearchAction\",\"target\":{\"@type\":\"EntryPoint\",\"urlTemplate\":\"https:\/\/institucional.ufrrj.br\/prefeiturauniversitaria\/?s={search_term_string}\"},\"query-input\":{\"@type\":\"PropertyValueSpecification\",\"valueRequired\":true,\"valueName\":\"search_term_string\"}}],\"inLanguage\":\"pt-BR\"}]}<\/script>\n<!-- \/ Yoast SEO plugin. -->","yoast_head_json":{"title":"Conserva\u00e7\u00e3o de Edif\u00edcio - Prefeitura Universit\u00e1ria","robots":{"index":"index","follow":"follow","max-snippet":"max-snippet:-1","max-image-preview":"max-image-preview:large","max-video-preview":"max-video-preview:-1"},"canonical":"https:\/\/institucional.ufrrj.br\/prefeiturauniversitaria\/setores\/conservacao-de-edificio\/","og_locale":"pt_BR","og_type":"article","og_title":"Conserva\u00e7\u00e3o de Edif\u00edcio - Prefeitura Universit\u00e1ria","og_description":"Ao Setor de Conserva\u00e7\u00e3o de Edif\u00edcios compete: Respons\u00e1vel:&nbsp;Jos\u00e9 Galdino de Lima Servi\u00e7os \u00e0 comunidade da UFRRJ: A\u00a0solicita\u00e7\u00e3o dos servi\u00e7os\u00a0do\u00a0Setor de ... leia mais","og_url":"https:\/\/institucional.ufrrj.br\/prefeiturauniversitaria\/setores\/conservacao-de-edificio\/","og_site_name":"Prefeitura Universit\u00e1ria","article_modified_time":"2025-09-30T12:33:59+00:00","twitter_card":"summary_large_image","twitter_misc":{"Est. tempo de leitura":"1 minuto"},"schema":{"@context":"https:\/\/schema.org","@graph":[{"@type":"WebPage","@id":"https:\/\/institucional.ufrrj.br\/prefeiturauniversitaria\/setores\/conservacao-de-edificio\/","url":"https:\/\/institucional.ufrrj.br\/prefeiturauniversitaria\/setores\/conservacao-de-edificio\/","name":"Conserva\u00e7\u00e3o de Edif\u00edcio - Prefeitura Universit\u00e1ria","isPartOf":{"@id":"https:\/\/institucional.ufrrj.br\/prefeiturauniversitaria\/#website"},"datePublished":"2019-02-14T12:55:59+00:00","dateModified":"2025-09-30T12:33:59+00:00","breadcrumb":{"@id":"https:\/\/institucional.ufrrj.br\/prefeiturauniversitaria\/setores\/conservacao-de-edificio\/#breadcrumb"},"inLanguage":"pt-BR","potentialAction":[{"@type":"ReadAction","target":["https:\/\/institucional.ufrrj.br\/prefeiturauniversitaria\/setores\/conservacao-de-edificio\/"]}]},{"@type":"BreadcrumbList","@id":"https:\/\/institucional.ufrrj.br\/prefeiturauniversitaria\/setores\/conservacao-de-edificio\/#breadcrumb","itemListElement":[{"@type":"ListItem","position":1,"name":"In\u00edcio","item":"https:\/\/institucional.ufrrj.br\/prefeiturauniversitaria\/"},{"@type":"ListItem","position":2,"name":"Setores","item":"https:\/\/institucional.ufrrj.br\/prefeiturauniversitaria\/setores\/"},{"@type":"ListItem","position":3,"name":"Conserva\u00e7\u00e3o de Edif\u00edcio"}]},{"@type":"WebSite","@id":"https:\/\/institucional.ufrrj.br\/prefeiturauniversitaria\/#website","url":"https:\/\/institucional.ufrrj.br\/prefeiturauniversitaria\/","name":"Prefeitura Universit\u00e1ria","description":"CAMPUS SEROP\u00c9DICA \u2013 UFRRJ","potentialAction":[{"@type":"SearchAction","target":{"@type":"EntryPoint","urlTemplate":"https:\/\/institucional.ufrrj.br\/prefeiturauniversitaria\/?s={search_term_string}"},"query-input":{"@type":"PropertyValueSpecification","valueRequired":true,"valueName":"search_term_string"}}],"inLanguage":"pt-BR"}]}},"acf":[],"_links":{"self":[{"href":"https:\/\/institucional.ufrrj.br\/prefeiturauniversitaria\/wp-json\/wp\/v2\/pages\/62","targetHints":{"allow":["GET"]}}],"collection":[{"href":"https:\/\/institucional.ufrrj.br\/prefeiturauniversitaria\/wp-json\/wp\/v2\/pages"}],"about":[{"href":"https:\/\/institucional.ufrrj.br\/prefeiturauniversitaria\/wp-json\/wp\/v2\/types\/page"}],"author":[{"embeddable":true,"href":"https:\/\/institucional.ufrrj.br\/prefeiturauniversitaria\/wp-json\/wp\/v2\/users\/634"}],"replies":[{"embeddable":true,"href":"https:\/\/institucional.ufrrj.br\/prefeiturauniversitaria\/wp-json\/wp\/v2\/comments?post=62"}],"version-history":[{"count":6,"href":"https:\/\/institucional.ufrrj.br\/prefeiturauniversitaria\/wp-json\/wp\/v2\/pages\/62\/revisions"}],"predecessor-version":[{"id":1234,"href":"https:\/\/institucional.ufrrj.br\/prefeiturauniversitaria\/wp-json\/wp\/v2\/pages\/62\/revisions\/1234"}],"up":[{"embeddable":true,"href":"https:\/\/institucional.ufrrj.br\/prefeiturauniversitaria\/wp-json\/wp\/v2\/pages\/281"}],"wp:attachment":[{"href":"https:\/\/institucional.ufrrj.br\/prefeiturauniversitaria\/wp-json\/wp\/v2\/media?parent=62"}],"curies":[{"name":"wp","href":"https:\/\/api.w.org\/{rel}","templated":true}]}}