{"id":422,"date":"2023-01-31T10:21:15","date_gmt":"2023-01-31T13:21:15","guid":{"rendered":"https:\/\/institucional.ufrrj.br\/prefeiturauniversitaria\/?page_id=422"},"modified":"2025-09-19T11:56:02","modified_gmt":"2025-09-19T14:56:02","slug":"xxxxxx","status":"publish","type":"page","link":"https:\/\/institucional.ufrrj.br\/prefeiturauniversitaria\/xxxxxx\/","title":{"rendered":"Setor de Transporte"},"content":{"rendered":"\n<div id=\"wp-block-themeisle-blocks-slider-acc099ff\" class=\"wp-block-themeisle-blocks-slider glide\" data-per-view=\"1\" data-gap=\"0\" data-peek=\"0\" data-autoplay=\"true\" data-height=\"400px\" data-hide-arrows=\"false\"><div class=\"glide__track\" data-glide-el=\"track\"><div class=\"glide__slides\"><div class=\"wp-block-themeisle-blocks-slider-item-wrapper glide__slide\"><figure><img decoding=\"async\" class=\"wp-block-themeisle-blocks-slider-item\" src=\"https:\/\/institucional.ufrrj.br\/prefeiturauniversitaria\/files\/2025\/09\/Design-sem-nome-2.jpg\" alt=\"\" title=\"\" data-id=\"748\" \/><\/figure><\/div><div class=\"wp-block-themeisle-blocks-slider-item-wrapper glide__slide\"><figure><img decoding=\"async\" class=\"wp-block-themeisle-blocks-slider-item\" src=\"https:\/\/institucional.ufrrj.br\/prefeiturauniversitaria\/files\/2025\/09\/Manutencao-Predial-9-1.jpg\" alt=\"\" title=\"\" data-id=\"888\" \/><\/figure><\/div><\/div><div class=\"glide__bullets\" data-glide-el=\"controls[nav]\"><button class=\"glide__bullet\" data-glide-dir=\"=0\"><\/button><button class=\"glide__bullet\" data-glide-dir=\"=1\"><\/button><\/div><\/div><\/div>\n\n\n\n<p><\/p>\n\n\n\n<h3 class=\"wp-block-heading\">Setor de Transportes \u2013 UFRRJ<\/h3>\n\n\n\n<p>O <strong>Setor de Transportes da Universidade Federal Rural do Rio de Janeiro (UFRRJ)<\/strong> \u00e9 respons\u00e1vel pela gest\u00e3o, coordena\u00e7\u00e3o e execu\u00e7\u00e3o dos servi\u00e7os de transporte institucional da Universidade. Sua atua\u00e7\u00e3o garante o deslocamento seguro e eficiente da comunidade acad\u00eamica, apoiando atividades administrativas, acad\u00eamicas, cient\u00edficas e de extens\u00e3o.<\/p>\n\n\n\n<p>Entre suas atribui\u00e7\u00f5es est\u00e3o:<\/p>\n\n\n\n<ul class=\"wp-block-list\">\n<li>Disponibilizar ve\u00edculos para transporte de servidores, estudantes e materiais, quando autorizado;<\/li>\n\n\n\n<li>Atender \u00e0s demandas de transporte em atividades de ensino, pesquisa e extens\u00e3o;<\/li>\n\n\n\n<li>Gerenciar a frota da Universidade, assegurando manuten\u00e7\u00e3o preventiva e corretiva;<\/li>\n\n\n\n<li>Organizar itiner\u00e1rios internos e externos de acordo com as necessidades institucionais;<\/li>\n\n\n\n<li>Promover a racionaliza\u00e7\u00e3o do uso dos ve\u00edculos oficiais, assegurando economia e efici\u00eancia.<\/li>\n<\/ul>\n\n\n\n<p>O setor atua como suporte essencial ao funcionamento da Universidade, contribuindo para a integra\u00e7\u00e3o entre os campi e para a realiza\u00e7\u00e3o das atividades acad\u00eamicas em diferentes localidades<\/p>\n","protected":false},"excerpt":{"rendered":"<p>Setor de Transportes \u2013 UFRRJ O Setor de Transportes da Universidade Federal Rural do Rio de Janeiro (UFRRJ) \u00e9 respons\u00e1vel <a class=\"read-more\" href=\"https:\/\/institucional.ufrrj.br\/prefeiturauniversitaria\/xxxxxx\/ \" >&#8230; <span class=\"font-italic\">leia mais <i class=\"fas fa-angle-right\"><\/i><\/span><\/a><\/p>\n","protected":false},"author":835,"featured_media":898,"parent":0,"menu_order":0,"comment_status":"closed","ping_status":"closed","template":"","meta":{"_acf_changed":false,"footnotes":""},"class_list":["post-422","page","type-page","status-publish","has-post-thumbnail","hentry"],"yoast_head":"<!-- This site is optimized with the Yoast SEO plugin v27.2 - https:\/\/yoast.com\/product\/yoast-seo-wordpress\/ -->\n<title>Setor de Transporte - Prefeitura Universit\u00e1ria<\/title>\n<meta name=\"robots\" content=\"index, follow, max-snippet:-1, max-image-preview:large, max-video-preview:-1\" \/>\n<link rel=\"canonical\" href=\"https:\/\/institucional.ufrrj.br\/prefeiturauniversitaria\/xxxxxx\/\" \/>\n<meta property=\"og:locale\" content=\"pt_BR\" \/>\n<meta property=\"og:type\" content=\"article\" \/>\n<meta property=\"og:title\" content=\"Setor de Transporte - Prefeitura Universit\u00e1ria\" \/>\n<meta property=\"og:description\" content=\"Setor de Transportes \u2013 UFRRJ O Setor de Transportes da Universidade Federal Rural do Rio de Janeiro (UFRRJ) \u00e9 respons\u00e1vel ... leia mais\" \/>\n<meta property=\"og:url\" content=\"https:\/\/institucional.ufrrj.br\/prefeiturauniversitaria\/xxxxxx\/\" \/>\n<meta property=\"og:site_name\" content=\"Prefeitura Universit\u00e1ria\" \/>\n<meta property=\"article:modified_time\" content=\"2025-09-19T14:56:02+00:00\" \/>\n<meta property=\"og:image\" content=\"https:\/\/institucional.ufrrj.br\/prefeiturauniversitaria\/files\/2025\/09\/Comunitarios-2.png\" \/>\n\t<meta property=\"og:image:width\" content=\"285\" \/>\n\t<meta property=\"og:image:height\" content=\"285\" \/>\n\t<meta property=\"og:image:type\" content=\"image\/png\" \/>\n<meta name=\"twitter:card\" content=\"summary_large_image\" \/>\n<meta name=\"twitter:label1\" content=\"Est. tempo de leitura\" \/>\n\t<meta name=\"twitter:data1\" content=\"1 minuto\" \/>\n<script type=\"application\/ld+json\" class=\"yoast-schema-graph\">{\"@context\":\"https:\/\/schema.org\",\"@graph\":[{\"@type\":\"WebPage\",\"@id\":\"https:\/\/institucional.ufrrj.br\/prefeiturauniversitaria\/xxxxxx\/\",\"url\":\"https:\/\/institucional.ufrrj.br\/prefeiturauniversitaria\/xxxxxx\/\",\"name\":\"Setor de Transporte - Prefeitura Universit\u00e1ria\",\"isPartOf\":{\"@id\":\"https:\/\/institucional.ufrrj.br\/prefeiturauniversitaria\/#website\"},\"primaryImageOfPage\":{\"@id\":\"https:\/\/institucional.ufrrj.br\/prefeiturauniversitaria\/xxxxxx\/#primaryimage\"},\"image\":{\"@id\":\"https:\/\/institucional.ufrrj.br\/prefeiturauniversitaria\/xxxxxx\/#primaryimage\"},\"thumbnailUrl\":\"https:\/\/institucional.ufrrj.br\/prefeiturauniversitaria\/files\/2025\/09\/Comunitarios-2.png\",\"datePublished\":\"2023-01-31T13:21:15+00:00\",\"dateModified\":\"2025-09-19T14:56:02+00:00\",\"breadcrumb\":{\"@id\":\"https:\/\/institucional.ufrrj.br\/prefeiturauniversitaria\/xxxxxx\/#breadcrumb\"},\"inLanguage\":\"pt-BR\",\"potentialAction\":[{\"@type\":\"ReadAction\",\"target\":[\"https:\/\/institucional.ufrrj.br\/prefeiturauniversitaria\/xxxxxx\/\"]}]},{\"@type\":\"ImageObject\",\"inLanguage\":\"pt-BR\",\"@id\":\"https:\/\/institucional.ufrrj.br\/prefeiturauniversitaria\/xxxxxx\/#primaryimage\",\"url\":\"https:\/\/institucional.ufrrj.br\/prefeiturauniversitaria\/files\/2025\/09\/Comunitarios-2.png\",\"contentUrl\":\"https:\/\/institucional.ufrrj.br\/prefeiturauniversitaria\/files\/2025\/09\/Comunitarios-2.png\",\"width\":285,\"height\":285},{\"@type\":\"BreadcrumbList\",\"@id\":\"https:\/\/institucional.ufrrj.br\/prefeiturauniversitaria\/xxxxxx\/#breadcrumb\",\"itemListElement\":[{\"@type\":\"ListItem\",\"position\":1,\"name\":\"In\u00edcio\",\"item\":\"https:\/\/institucional.ufrrj.br\/prefeiturauniversitaria\/\"},{\"@type\":\"ListItem\",\"position\":2,\"name\":\"Setor de Transporte\"}]},{\"@type\":\"WebSite\",\"@id\":\"https:\/\/institucional.ufrrj.br\/prefeiturauniversitaria\/#website\",\"url\":\"https:\/\/institucional.ufrrj.br\/prefeiturauniversitaria\/\",\"name\":\"Prefeitura Universit\u00e1ria\",\"description\":\"CAMPUS SEROP\u00c9DICA \u2013 UFRRJ\",\"potentialAction\":[{\"@type\":\"SearchAction\",\"target\":{\"@type\":\"EntryPoint\",\"urlTemplate\":\"https:\/\/institucional.ufrrj.br\/prefeiturauniversitaria\/?s={search_term_string}\"},\"query-input\":{\"@type\":\"PropertyValueSpecification\",\"valueRequired\":true,\"valueName\":\"search_term_string\"}}],\"inLanguage\":\"pt-BR\"}]}<\/script>\n<!-- \/ Yoast SEO plugin. -->","yoast_head_json":{"title":"Setor de Transporte - Prefeitura Universit\u00e1ria","robots":{"index":"index","follow":"follow","max-snippet":"max-snippet:-1","max-image-preview":"max-image-preview:large","max-video-preview":"max-video-preview:-1"},"canonical":"https:\/\/institucional.ufrrj.br\/prefeiturauniversitaria\/xxxxxx\/","og_locale":"pt_BR","og_type":"article","og_title":"Setor de Transporte - Prefeitura Universit\u00e1ria","og_description":"Setor de Transportes \u2013 UFRRJ O Setor de Transportes da Universidade Federal Rural do Rio de Janeiro (UFRRJ) \u00e9 respons\u00e1vel ... leia mais","og_url":"https:\/\/institucional.ufrrj.br\/prefeiturauniversitaria\/xxxxxx\/","og_site_name":"Prefeitura Universit\u00e1ria","article_modified_time":"2025-09-19T14:56:02+00:00","og_image":[{"width":285,"height":285,"url":"https:\/\/institucional.ufrrj.br\/prefeiturauniversitaria\/files\/2025\/09\/Comunitarios-2.png","type":"image\/png"}],"twitter_card":"summary_large_image","twitter_misc":{"Est. tempo de leitura":"1 minuto"},"schema":{"@context":"https:\/\/schema.org","@graph":[{"@type":"WebPage","@id":"https:\/\/institucional.ufrrj.br\/prefeiturauniversitaria\/xxxxxx\/","url":"https:\/\/institucional.ufrrj.br\/prefeiturauniversitaria\/xxxxxx\/","name":"Setor de Transporte - Prefeitura Universit\u00e1ria","isPartOf":{"@id":"https:\/\/institucional.ufrrj.br\/prefeiturauniversitaria\/#website"},"primaryImageOfPage":{"@id":"https:\/\/institucional.ufrrj.br\/prefeiturauniversitaria\/xxxxxx\/#primaryimage"},"image":{"@id":"https:\/\/institucional.ufrrj.br\/prefeiturauniversitaria\/xxxxxx\/#primaryimage"},"thumbnailUrl":"https:\/\/institucional.ufrrj.br\/prefeiturauniversitaria\/files\/2025\/09\/Comunitarios-2.png","datePublished":"2023-01-31T13:21:15+00:00","dateModified":"2025-09-19T14:56:02+00:00","breadcrumb":{"@id":"https:\/\/institucional.ufrrj.br\/prefeiturauniversitaria\/xxxxxx\/#breadcrumb"},"inLanguage":"pt-BR","potentialAction":[{"@type":"ReadAction","target":["https:\/\/institucional.ufrrj.br\/prefeiturauniversitaria\/xxxxxx\/"]}]},{"@type":"ImageObject","inLanguage":"pt-BR","@id":"https:\/\/institucional.ufrrj.br\/prefeiturauniversitaria\/xxxxxx\/#primaryimage","url":"https:\/\/institucional.ufrrj.br\/prefeiturauniversitaria\/files\/2025\/09\/Comunitarios-2.png","contentUrl":"https:\/\/institucional.ufrrj.br\/prefeiturauniversitaria\/files\/2025\/09\/Comunitarios-2.png","width":285,"height":285},{"@type":"BreadcrumbList","@id":"https:\/\/institucional.ufrrj.br\/prefeiturauniversitaria\/xxxxxx\/#breadcrumb","itemListElement":[{"@type":"ListItem","position":1,"name":"In\u00edcio","item":"https:\/\/institucional.ufrrj.br\/prefeiturauniversitaria\/"},{"@type":"ListItem","position":2,"name":"Setor de Transporte"}]},{"@type":"WebSite","@id":"https:\/\/institucional.ufrrj.br\/prefeiturauniversitaria\/#website","url":"https:\/\/institucional.ufrrj.br\/prefeiturauniversitaria\/","name":"Prefeitura Universit\u00e1ria","description":"CAMPUS SEROP\u00c9DICA \u2013 UFRRJ","potentialAction":[{"@type":"SearchAction","target":{"@type":"EntryPoint","urlTemplate":"https:\/\/institucional.ufrrj.br\/prefeiturauniversitaria\/?s={search_term_string}"},"query-input":{"@type":"PropertyValueSpecification","valueRequired":true,"valueName":"search_term_string"}}],"inLanguage":"pt-BR"}]}},"acf":[],"_links":{"self":[{"href":"https:\/\/institucional.ufrrj.br\/prefeiturauniversitaria\/wp-json\/wp\/v2\/pages\/422","targetHints":{"allow":["GET"]}}],"collection":[{"href":"https:\/\/institucional.ufrrj.br\/prefeiturauniversitaria\/wp-json\/wp\/v2\/pages"}],"about":[{"href":"https:\/\/institucional.ufrrj.br\/prefeiturauniversitaria\/wp-json\/wp\/v2\/types\/page"}],"author":[{"embeddable":true,"href":"https:\/\/institucional.ufrrj.br\/prefeiturauniversitaria\/wp-json\/wp\/v2\/users\/835"}],"replies":[{"embeddable":true,"href":"https:\/\/institucional.ufrrj.br\/prefeiturauniversitaria\/wp-json\/wp\/v2\/comments?post=422"}],"version-history":[{"count":8,"href":"https:\/\/institucional.ufrrj.br\/prefeiturauniversitaria\/wp-json\/wp\/v2\/pages\/422\/revisions"}],"predecessor-version":[{"id":889,"href":"https:\/\/institucional.ufrrj.br\/prefeiturauniversitaria\/wp-json\/wp\/v2\/pages\/422\/revisions\/889"}],"wp:featuredmedia":[{"embeddable":true,"href":"https:\/\/institucional.ufrrj.br\/prefeiturauniversitaria\/wp-json\/wp\/v2\/media\/898"}],"wp:attachment":[{"href":"https:\/\/institucional.ufrrj.br\/prefeiturauniversitaria\/wp-json\/wp\/v2\/media?parent=422"}],"curies":[{"name":"wp","href":"https:\/\/api.w.org\/{rel}","templated":true}]}}