{"id":256,"date":"2022-12-15T09:47:18","date_gmt":"2022-12-15T12:47:18","guid":{"rendered":"https:\/\/institucional.ufrrj.br\/prefeiturauniversitaria\/?page_id=256"},"modified":"2025-09-22T08:29:18","modified_gmt":"2025-09-22T11:29:18","slug":"gestores","status":"publish","type":"page","link":"https:\/\/institucional.ufrrj.br\/prefeiturauniversitaria\/gestores\/","title":{"rendered":"Gestores"},"content":{"rendered":"\n<p><strong>Equipe Gestora da Prefeitura Universit\u00e1ria UFRRJ <\/strong><\/p>\n\n\n\n<div class=\"wp-block-columns is-layout-flex wp-container-core-columns-is-layout-9d6595d7 wp-block-columns-is-layout-flex\">\n<div class=\"wp-block-column is-vertically-aligned-center has-cinzac-background-color has-background is-layout-flow wp-block-column-is-layout-flow\"><div class=\"wp-block-image\">\n<figure class=\"aligncenter size-full is-resized\"><img loading=\"lazy\" decoding=\"async\" width=\"512\" height=\"512\" src=\"https:\/\/institucional.ufrrj.br\/prefeiturauniversitaria\/files\/2023\/01\/comunidade-1.png\" alt=\"\" class=\"wp-image-376\" style=\"width:128px;height:128px\" srcset=\"https:\/\/institucional.ufrrj.br\/prefeiturauniversitaria\/files\/2023\/01\/comunidade-1.png 512w, https:\/\/institucional.ufrrj.br\/prefeiturauniversitaria\/files\/2023\/01\/comunidade-1-300x300.png 300w, https:\/\/institucional.ufrrj.br\/prefeiturauniversitaria\/files\/2023\/01\/comunidade-1-150x150.png 150w, https:\/\/institucional.ufrrj.br\/prefeiturauniversitaria\/files\/2023\/01\/comunidade-1-75x75.png 75w, https:\/\/institucional.ufrrj.br\/prefeiturauniversitaria\/files\/2023\/01\/comunidade-1-100x100.png 100w\" sizes=\"auto, (max-width: 512px) 100vw, 512px\" \/><\/figure>\n<\/div><\/div>\n\n\n\n<div class=\"wp-block-column is-layout-flow wp-block-column-is-layout-flow\" style=\"flex-basis:70%\">\n<p><\/p>\n\n\n\n<h2 class=\"wp-block-heading\">Paulo Henrique Correia Chaves <\/h2>\n\n\n\n<p>Prefeito Universit\u00e1rio <\/p>\n\n\n\n<div class=\"wp-block-buttons is-layout-flex wp-block-buttons-is-layout-flex\">\n<div class=\"wp-block-button has-custom-width wp-block-button__width-25 has-custom-font-size is-style-fill has-small-font-size\"><a class=\"wp-block-button__link has-branco-color has-azulm-background-color has-text-color has-background wp-element-button\" href=\"\" target=\"_blank\" rel=\"noreferrer noopener\">Acessar Lattes<\/a><\/div>\n<\/div>\n<\/div>\n<\/div>\n\n\n\n<div class=\"wp-block-columns is-layout-flex wp-container-core-columns-is-layout-9d6595d7 wp-block-columns-is-layout-flex\">\n<div class=\"wp-block-column is-vertically-aligned-center has-cinzac-background-color has-background is-layout-flow wp-block-column-is-layout-flow\"><div class=\"wp-block-image\">\n<figure class=\"aligncenter size-full is-resized\"><img loading=\"lazy\" decoding=\"async\" width=\"512\" height=\"512\" src=\"https:\/\/institucional.ufrrj.br\/prefeiturauniversitaria\/files\/2023\/01\/comunidade-1.png\" alt=\"\" class=\"wp-image-376\" style=\"width:128px;height:128px\" srcset=\"https:\/\/institucional.ufrrj.br\/prefeiturauniversitaria\/files\/2023\/01\/comunidade-1.png 512w, https:\/\/institucional.ufrrj.br\/prefeiturauniversitaria\/files\/2023\/01\/comunidade-1-300x300.png 300w, https:\/\/institucional.ufrrj.br\/prefeiturauniversitaria\/files\/2023\/01\/comunidade-1-150x150.png 150w, https:\/\/institucional.ufrrj.br\/prefeiturauniversitaria\/files\/2023\/01\/comunidade-1-75x75.png 75w, https:\/\/institucional.ufrrj.br\/prefeiturauniversitaria\/files\/2023\/01\/comunidade-1-100x100.png 100w\" sizes=\"auto, (max-width: 512px) 100vw, 512px\" \/><\/figure>\n<\/div><\/div>\n\n\n\n<div class=\"wp-block-column is-layout-flow wp-block-column-is-layout-flow\" style=\"flex-basis:70%\">\n<p><\/p>\n\n\n\n<h2 class=\"wp-block-heading\">Edson Ricardo Ferreira Macedo<\/h2>\n\n\n\n<p>Divis\u00e3o de Servi\u00e7os Gerias <\/p>\n\n\n\n<div class=\"wp-block-buttons is-layout-flex wp-block-buttons-is-layout-flex\">\n<div class=\"wp-block-button has-custom-width wp-block-button__width-25 has-custom-font-size is-style-fill has-small-font-size\"><a class=\"wp-block-button__link has-branco-color has-azulm-background-color has-text-color has-background wp-element-button\" href=\"\" target=\"_blank\" rel=\"noreferrer noopener\">Acessar Lattes<\/a><\/div>\n<\/div>\n<\/div>\n<\/div>\n\n\n\n<hr class=\"wp-block-separator has-text-color has-cinzac-color has-alpha-channel-opacity has-cinzac-background-color has-background is-style-wide\" \/>\n\n\n\n<div class=\"wp-block-columns is-layout-flex wp-container-core-columns-is-layout-9d6595d7 wp-block-columns-is-layout-flex\">\n<div class=\"wp-block-column is-vertically-aligned-center has-cinzac-background-color has-background is-layout-flow wp-block-column-is-layout-flow\"><div class=\"wp-block-image\">\n<figure class=\"aligncenter size-full is-resized\"><img loading=\"lazy\" decoding=\"async\" width=\"512\" height=\"512\" src=\"https:\/\/institucional.ufrrj.br\/prefeiturauniversitaria\/files\/2023\/01\/comunidade-1.png\" alt=\"\" class=\"wp-image-376\" style=\"width:128px;height:128px\" srcset=\"https:\/\/institucional.ufrrj.br\/prefeiturauniversitaria\/files\/2023\/01\/comunidade-1.png 512w, https:\/\/institucional.ufrrj.br\/prefeiturauniversitaria\/files\/2023\/01\/comunidade-1-300x300.png 300w, https:\/\/institucional.ufrrj.br\/prefeiturauniversitaria\/files\/2023\/01\/comunidade-1-150x150.png 150w, https:\/\/institucional.ufrrj.br\/prefeiturauniversitaria\/files\/2023\/01\/comunidade-1-75x75.png 75w, https:\/\/institucional.ufrrj.br\/prefeiturauniversitaria\/files\/2023\/01\/comunidade-1-100x100.png 100w\" sizes=\"auto, (max-width: 512px) 100vw, 512px\" \/><\/figure>\n<\/div><\/div>\n\n\n\n<div class=\"wp-block-column is-layout-flow wp-block-column-is-layout-flow\" style=\"flex-basis:70%\">\n<h2 class=\"wp-block-heading\">Dorival Carvalho de Andrade J\u00fanior<\/h2>\n\n\n\n<p>Setor de Transportes <\/p>\n\n\n\n<div class=\"wp-block-buttons is-layout-flex wp-block-buttons-is-layout-flex\">\n<div class=\"wp-block-button has-custom-width wp-block-button__width-25 has-custom-font-size has-small-font-size\"><a class=\"wp-block-button__link has-branco-color has-azulm-background-color has-text-color has-background wp-element-button\" href=\"\" target=\"_blank\" rel=\"noreferrer noopener\">Acessar Lattes<\/a><\/div>\n<\/div>\n<\/div>\n<\/div>\n\n\n\n<div class=\"wp-block-columns is-layout-flex wp-container-core-columns-is-layout-9d6595d7 wp-block-columns-is-layout-flex\">\n<div class=\"wp-block-column is-vertically-aligned-center has-cinzac-background-color has-background is-layout-flow wp-block-column-is-layout-flow\"><div class=\"wp-block-image\">\n<figure class=\"aligncenter size-full is-resized\"><img loading=\"lazy\" decoding=\"async\" width=\"512\" height=\"512\" src=\"https:\/\/institucional.ufrrj.br\/prefeiturauniversitaria\/files\/2023\/01\/comunidade-1.png\" alt=\"\" class=\"wp-image-376\" style=\"width:128px;height:128px\" srcset=\"https:\/\/institucional.ufrrj.br\/prefeiturauniversitaria\/files\/2023\/01\/comunidade-1.png 512w, https:\/\/institucional.ufrrj.br\/prefeiturauniversitaria\/files\/2023\/01\/comunidade-1-300x300.png 300w, https:\/\/institucional.ufrrj.br\/prefeiturauniversitaria\/files\/2023\/01\/comunidade-1-150x150.png 150w, https:\/\/institucional.ufrrj.br\/prefeiturauniversitaria\/files\/2023\/01\/comunidade-1-75x75.png 75w, https:\/\/institucional.ufrrj.br\/prefeiturauniversitaria\/files\/2023\/01\/comunidade-1-100x100.png 100w\" sizes=\"auto, (max-width: 512px) 100vw, 512px\" \/><\/figure>\n<\/div><\/div>\n\n\n\n<div class=\"wp-block-column is-layout-flow wp-block-column-is-layout-flow\" style=\"flex-basis:70%\">\n<h2 class=\"wp-block-heading\"> Maria Gabriela Ferreira da Mata<\/h2>\n\n\n\n<p>Setor de Conserva\u00e7\u00e3o de Parques e Jardins <\/p>\n\n\n\n<div class=\"wp-block-buttons is-layout-flex wp-block-buttons-is-layout-flex\">\n<div class=\"wp-block-button has-custom-width wp-block-button__width-25 has-custom-font-size has-small-font-size\"><a class=\"wp-block-button__link has-branco-color has-azulm-background-color has-text-color has-background wp-element-button\" href=\"\" target=\"_blank\" rel=\"noreferrer noopener\">Acessar Lattes<\/a><\/div>\n<\/div>\n<\/div>\n<\/div>\n\n\n\n<div style=\"height:50px\" aria-hidden=\"true\" class=\"wp-block-spacer\"><\/div>\n\n\n\n<div class=\"wp-block-columns is-layout-flex wp-container-core-columns-is-layout-9d6595d7 wp-block-columns-is-layout-flex\">\n<div class=\"wp-block-column is-layout-flow wp-block-column-is-layout-flow\"><\/div>\n<\/div>\n\n\n\n<p><\/p>\n","protected":false},"excerpt":{"rendered":"<p>Equipe Gestora da Prefeitura Universit\u00e1ria UFRRJ Paulo Henrique Correia Chaves Prefeito Universit\u00e1rio Edson Ricardo Ferreira Macedo Divis\u00e3o de Servi\u00e7os Gerias <a class=\"read-more\" href=\"https:\/\/institucional.ufrrj.br\/prefeiturauniversitaria\/gestores\/ \" >&#8230; <span class=\"font-italic\">leia mais <i class=\"fas fa-angle-right\"><\/i><\/span><\/a><\/p>\n","protected":false},"author":634,"featured_media":0,"parent":0,"menu_order":0,"comment_status":"closed","ping_status":"closed","template":"","meta":{"_acf_changed":false,"footnotes":""},"class_list":["post-256","page","type-page","status-publish","hentry"],"yoast_head":"<!-- This site is optimized with the Yoast SEO plugin v27.2 - https:\/\/yoast.com\/product\/yoast-seo-wordpress\/ -->\n<title>Gestores - Prefeitura Universit\u00e1ria<\/title>\n<meta name=\"robots\" content=\"index, follow, max-snippet:-1, max-image-preview:large, max-video-preview:-1\" \/>\n<link rel=\"canonical\" href=\"https:\/\/institucional.ufrrj.br\/prefeiturauniversitaria\/gestores\/\" \/>\n<meta property=\"og:locale\" content=\"pt_BR\" \/>\n<meta property=\"og:type\" content=\"article\" \/>\n<meta property=\"og:title\" content=\"Gestores - Prefeitura Universit\u00e1ria\" \/>\n<meta property=\"og:description\" content=\"Equipe Gestora da Prefeitura Universit\u00e1ria UFRRJ Paulo Henrique Correia Chaves Prefeito Universit\u00e1rio Edson Ricardo Ferreira Macedo Divis\u00e3o de Servi\u00e7os Gerias ... leia mais\" \/>\n<meta property=\"og:url\" content=\"https:\/\/institucional.ufrrj.br\/prefeiturauniversitaria\/gestores\/\" \/>\n<meta property=\"og:site_name\" content=\"Prefeitura Universit\u00e1ria\" \/>\n<meta property=\"article:modified_time\" content=\"2025-09-22T11:29:18+00:00\" \/>\n<meta property=\"og:image\" content=\"https:\/\/institucional.ufrrj.br\/prefeiturauniversitaria\/files\/2023\/01\/comunidade-1.png\" \/>\n\t<meta property=\"og:image:width\" content=\"512\" \/>\n\t<meta property=\"og:image:height\" content=\"512\" \/>\n\t<meta property=\"og:image:type\" content=\"image\/png\" \/>\n<meta name=\"twitter:card\" content=\"summary_large_image\" \/>\n<script type=\"application\/ld+json\" class=\"yoast-schema-graph\">{\"@context\":\"https:\/\/schema.org\",\"@graph\":[{\"@type\":\"WebPage\",\"@id\":\"https:\/\/institucional.ufrrj.br\/prefeiturauniversitaria\/gestores\/\",\"url\":\"https:\/\/institucional.ufrrj.br\/prefeiturauniversitaria\/gestores\/\",\"name\":\"Gestores - Prefeitura Universit\u00e1ria\",\"isPartOf\":{\"@id\":\"https:\/\/institucional.ufrrj.br\/prefeiturauniversitaria\/#website\"},\"primaryImageOfPage\":{\"@id\":\"https:\/\/institucional.ufrrj.br\/prefeiturauniversitaria\/gestores\/#primaryimage\"},\"image\":{\"@id\":\"https:\/\/institucional.ufrrj.br\/prefeiturauniversitaria\/gestores\/#primaryimage\"},\"thumbnailUrl\":\"https:\/\/institucional.ufrrj.br\/prefeiturauniversitaria\/files\/2023\/01\/comunidade-1.png\",\"datePublished\":\"2022-12-15T12:47:18+00:00\",\"dateModified\":\"2025-09-22T11:29:18+00:00\",\"breadcrumb\":{\"@id\":\"https:\/\/institucional.ufrrj.br\/prefeiturauniversitaria\/gestores\/#breadcrumb\"},\"inLanguage\":\"pt-BR\",\"potentialAction\":[{\"@type\":\"ReadAction\",\"target\":[\"https:\/\/institucional.ufrrj.br\/prefeiturauniversitaria\/gestores\/\"]}]},{\"@type\":\"ImageObject\",\"inLanguage\":\"pt-BR\",\"@id\":\"https:\/\/institucional.ufrrj.br\/prefeiturauniversitaria\/gestores\/#primaryimage\",\"url\":\"https:\/\/institucional.ufrrj.br\/prefeiturauniversitaria\/files\/2023\/01\/comunidade-1.png\",\"contentUrl\":\"https:\/\/institucional.ufrrj.br\/prefeiturauniversitaria\/files\/2023\/01\/comunidade-1.png\",\"width\":512,\"height\":512},{\"@type\":\"BreadcrumbList\",\"@id\":\"https:\/\/institucional.ufrrj.br\/prefeiturauniversitaria\/gestores\/#breadcrumb\",\"itemListElement\":[{\"@type\":\"ListItem\",\"position\":1,\"name\":\"In\u00edcio\",\"item\":\"https:\/\/institucional.ufrrj.br\/prefeiturauniversitaria\/\"},{\"@type\":\"ListItem\",\"position\":2,\"name\":\"Gestores\"}]},{\"@type\":\"WebSite\",\"@id\":\"https:\/\/institucional.ufrrj.br\/prefeiturauniversitaria\/#website\",\"url\":\"https:\/\/institucional.ufrrj.br\/prefeiturauniversitaria\/\",\"name\":\"Prefeitura Universit\u00e1ria\",\"description\":\"CAMPUS SEROP\u00c9DICA \u2013 UFRRJ\",\"potentialAction\":[{\"@type\":\"SearchAction\",\"target\":{\"@type\":\"EntryPoint\",\"urlTemplate\":\"https:\/\/institucional.ufrrj.br\/prefeiturauniversitaria\/?s={search_term_string}\"},\"query-input\":{\"@type\":\"PropertyValueSpecification\",\"valueRequired\":true,\"valueName\":\"search_term_string\"}}],\"inLanguage\":\"pt-BR\"}]}<\/script>\n<!-- \/ Yoast SEO plugin. -->","yoast_head_json":{"title":"Gestores - Prefeitura Universit\u00e1ria","robots":{"index":"index","follow":"follow","max-snippet":"max-snippet:-1","max-image-preview":"max-image-preview:large","max-video-preview":"max-video-preview:-1"},"canonical":"https:\/\/institucional.ufrrj.br\/prefeiturauniversitaria\/gestores\/","og_locale":"pt_BR","og_type":"article","og_title":"Gestores - Prefeitura Universit\u00e1ria","og_description":"Equipe Gestora da Prefeitura Universit\u00e1ria UFRRJ Paulo Henrique Correia Chaves Prefeito Universit\u00e1rio Edson Ricardo Ferreira Macedo Divis\u00e3o de Servi\u00e7os Gerias ... leia mais","og_url":"https:\/\/institucional.ufrrj.br\/prefeiturauniversitaria\/gestores\/","og_site_name":"Prefeitura Universit\u00e1ria","article_modified_time":"2025-09-22T11:29:18+00:00","og_image":[{"width":512,"height":512,"url":"https:\/\/institucional.ufrrj.br\/prefeiturauniversitaria\/files\/2023\/01\/comunidade-1.png","type":"image\/png"}],"twitter_card":"summary_large_image","schema":{"@context":"https:\/\/schema.org","@graph":[{"@type":"WebPage","@id":"https:\/\/institucional.ufrrj.br\/prefeiturauniversitaria\/gestores\/","url":"https:\/\/institucional.ufrrj.br\/prefeiturauniversitaria\/gestores\/","name":"Gestores - Prefeitura Universit\u00e1ria","isPartOf":{"@id":"https:\/\/institucional.ufrrj.br\/prefeiturauniversitaria\/#website"},"primaryImageOfPage":{"@id":"https:\/\/institucional.ufrrj.br\/prefeiturauniversitaria\/gestores\/#primaryimage"},"image":{"@id":"https:\/\/institucional.ufrrj.br\/prefeiturauniversitaria\/gestores\/#primaryimage"},"thumbnailUrl":"https:\/\/institucional.ufrrj.br\/prefeiturauniversitaria\/files\/2023\/01\/comunidade-1.png","datePublished":"2022-12-15T12:47:18+00:00","dateModified":"2025-09-22T11:29:18+00:00","breadcrumb":{"@id":"https:\/\/institucional.ufrrj.br\/prefeiturauniversitaria\/gestores\/#breadcrumb"},"inLanguage":"pt-BR","potentialAction":[{"@type":"ReadAction","target":["https:\/\/institucional.ufrrj.br\/prefeiturauniversitaria\/gestores\/"]}]},{"@type":"ImageObject","inLanguage":"pt-BR","@id":"https:\/\/institucional.ufrrj.br\/prefeiturauniversitaria\/gestores\/#primaryimage","url":"https:\/\/institucional.ufrrj.br\/prefeiturauniversitaria\/files\/2023\/01\/comunidade-1.png","contentUrl":"https:\/\/institucional.ufrrj.br\/prefeiturauniversitaria\/files\/2023\/01\/comunidade-1.png","width":512,"height":512},{"@type":"BreadcrumbList","@id":"https:\/\/institucional.ufrrj.br\/prefeiturauniversitaria\/gestores\/#breadcrumb","itemListElement":[{"@type":"ListItem","position":1,"name":"In\u00edcio","item":"https:\/\/institucional.ufrrj.br\/prefeiturauniversitaria\/"},{"@type":"ListItem","position":2,"name":"Gestores"}]},{"@type":"WebSite","@id":"https:\/\/institucional.ufrrj.br\/prefeiturauniversitaria\/#website","url":"https:\/\/institucional.ufrrj.br\/prefeiturauniversitaria\/","name":"Prefeitura Universit\u00e1ria","description":"CAMPUS SEROP\u00c9DICA \u2013 UFRRJ","potentialAction":[{"@type":"SearchAction","target":{"@type":"EntryPoint","urlTemplate":"https:\/\/institucional.ufrrj.br\/prefeiturauniversitaria\/?s={search_term_string}"},"query-input":{"@type":"PropertyValueSpecification","valueRequired":true,"valueName":"search_term_string"}}],"inLanguage":"pt-BR"}]}},"acf":[],"_links":{"self":[{"href":"https:\/\/institucional.ufrrj.br\/prefeiturauniversitaria\/wp-json\/wp\/v2\/pages\/256","targetHints":{"allow":["GET"]}}],"collection":[{"href":"https:\/\/institucional.ufrrj.br\/prefeiturauniversitaria\/wp-json\/wp\/v2\/pages"}],"about":[{"href":"https:\/\/institucional.ufrrj.br\/prefeiturauniversitaria\/wp-json\/wp\/v2\/types\/page"}],"author":[{"embeddable":true,"href":"https:\/\/institucional.ufrrj.br\/prefeiturauniversitaria\/wp-json\/wp\/v2\/users\/634"}],"replies":[{"embeddable":true,"href":"https:\/\/institucional.ufrrj.br\/prefeiturauniversitaria\/wp-json\/wp\/v2\/comments?post=256"}],"version-history":[{"count":22,"href":"https:\/\/institucional.ufrrj.br\/prefeiturauniversitaria\/wp-json\/wp\/v2\/pages\/256\/revisions"}],"predecessor-version":[{"id":941,"href":"https:\/\/institucional.ufrrj.br\/prefeiturauniversitaria\/wp-json\/wp\/v2\/pages\/256\/revisions\/941"}],"wp:attachment":[{"href":"https:\/\/institucional.ufrrj.br\/prefeiturauniversitaria\/wp-json\/wp\/v2\/media?parent=256"}],"curies":[{"name":"wp","href":"https:\/\/api.w.org\/{rel}","templated":true}]}}