{"id":231,"date":"2022-12-13T13:52:36","date_gmt":"2022-12-13T16:52:36","guid":{"rendered":"https:\/\/institucional.ufrrj.br\/prefeiturauniversitaria\/?page_id=231"},"modified":"2025-11-06T11:41:17","modified_gmt":"2025-11-06T14:41:17","slug":"manutencao-predial","status":"publish","type":"page","link":"https:\/\/institucional.ufrrj.br\/prefeiturauniversitaria\/manutencao-predial\/","title":{"rendered":"Manuten\u00e7\u00e3o predial"},"content":{"rendered":"\n<p class=\"has-text-align-left\">A Manuten\u00e7\u00e3o Predial na UFRRJ \u00e9 respons\u00e1vel por conservar, reparar e aprimorar os edif\u00edcios e estruturas do campus. Atua em setores como el\u00e9trica, hidr\u00e1ulica, alvenaria, serralheria, refrigera\u00e7\u00e3o e m\u00e1quinas, garantindo seguran\u00e7a, funcionalidade e conforto para toda a comunidade universit\u00e1ria.<\/p>\n\n\n\n<div class=\"wp-block-media-text is-stacked-on-mobile\"><figure class=\"wp-block-media-text__media\"><img loading=\"lazy\" decoding=\"async\" width=\"1024\" height=\"576\" src=\"https:\/\/institucional.ufrrj.br\/prefeiturauniversitaria\/files\/2025\/09\/Manutencao-Predial-8-1024x576.jpg\" alt=\"\" class=\"wp-image-877 size-full\" srcset=\"https:\/\/institucional.ufrrj.br\/prefeiturauniversitaria\/files\/2025\/09\/Manutencao-Predial-8-1024x576.jpg 1024w, https:\/\/institucional.ufrrj.br\/prefeiturauniversitaria\/files\/2025\/09\/Manutencao-Predial-8-300x169.jpg 300w, https:\/\/institucional.ufrrj.br\/prefeiturauniversitaria\/files\/2025\/09\/Manutencao-Predial-8-768x432.jpg 768w, https:\/\/institucional.ufrrj.br\/prefeiturauniversitaria\/files\/2025\/09\/Manutencao-Predial-8.jpg 1366w\" sizes=\"auto, (max-width: 1024px) 100vw, 1024px\" \/><\/figure><div class=\"wp-block-media-text__content\">\n<p><\/p>\n\n\n\n<p class=\"has-text-color has-link-color wp-elements-13caa29a3482fbf85b0f4e5978ac5a34\" style=\"color:#070731\"><strong>El\u00e9trica<\/strong> <\/p>\n\n\n\n<p class=\"has-text-color has-link-color wp-elements-9bcaec27cb788a28fe8214d3502db067\" style=\"color:#070731\">O setor de El\u00e9trica realiza a instala\u00e7\u00e3o, manuten\u00e7\u00e3o e reparo das redes el\u00e9tricas, ilumina\u00e7\u00e3o e equipamentos do campus. Atua na preven\u00e7\u00e3o de falhas, garantindo seguran\u00e7a, funcionamento adequado e conforto para todos os espa\u00e7os da universidade.<\/p>\n\n\n\n<p><\/p>\n<\/div><\/div>\n\n\n\n<div class=\"wp-block-media-text is-stacked-on-mobile\"><figure class=\"wp-block-media-text__media\"><img loading=\"lazy\" decoding=\"async\" width=\"1024\" height=\"586\" src=\"https:\/\/institucional.ufrrj.br\/prefeiturauniversitaria\/files\/2025\/09\/WhatsApp-Image-2025-09-18-at-09.16.16-1-1-1024x586.jpg\" alt=\"\" class=\"wp-image-964 size-full\" srcset=\"https:\/\/institucional.ufrrj.br\/prefeiturauniversitaria\/files\/2025\/09\/WhatsApp-Image-2025-09-18-at-09.16.16-1-1-1024x586.jpg 1024w, https:\/\/institucional.ufrrj.br\/prefeiturauniversitaria\/files\/2025\/09\/WhatsApp-Image-2025-09-18-at-09.16.16-1-1-300x172.jpg 300w, https:\/\/institucional.ufrrj.br\/prefeiturauniversitaria\/files\/2025\/09\/WhatsApp-Image-2025-09-18-at-09.16.16-1-1-768x439.jpg 768w, https:\/\/institucional.ufrrj.br\/prefeiturauniversitaria\/files\/2025\/09\/WhatsApp-Image-2025-09-18-at-09.16.16-1-1.jpg 1280w\" sizes=\"auto, (max-width: 1024px) 100vw, 1024px\" \/><\/figure><div class=\"wp-block-media-text__content\">\n<p><\/p>\n\n\n\n<p class=\"has-text-color has-link-color wp-elements-c2ebbd559f6c10a34094189375eebc75\" style=\"color:#070731\"><strong>Hidr\u00e1ulica <\/strong><\/p>\n\n\n\n<p class=\"has-text-color has-link-color wp-elements-920d500198d1af2b5e1586fbaec07a40\" style=\"color:#070731\">O setor de Hidr\u00e1ulica \u00e9 respons\u00e1vel pela instala\u00e7\u00e3o e manuten\u00e7\u00e3o de redes de \u00e1gua e esgoto, al\u00e9m do reparo de torneiras, descargas e encanamentos. Atua tanto na preven\u00e7\u00e3o quanto na solu\u00e7\u00e3o de emerg\u00eancias, assegurando o pleno funcionamento das instala\u00e7\u00f5es hidr\u00e1ulicas.<\/p>\n\n\n\n<p><\/p>\n<\/div><\/div>\n\n\n\n<div class=\"wp-block-media-text is-stacked-on-mobile\"><figure class=\"wp-block-media-text__media\"><img loading=\"lazy\" decoding=\"async\" width=\"751\" height=\"408\" src=\"https:\/\/institucional.ufrrj.br\/prefeiturauniversitaria\/files\/2025\/09\/WhatsApp-Image-2020-08-26-at-16.13.27-1.jpg\" alt=\"\" class=\"wp-image-962 size-full\" srcset=\"https:\/\/institucional.ufrrj.br\/prefeiturauniversitaria\/files\/2025\/09\/WhatsApp-Image-2020-08-26-at-16.13.27-1.jpg 751w, https:\/\/institucional.ufrrj.br\/prefeiturauniversitaria\/files\/2025\/09\/WhatsApp-Image-2020-08-26-at-16.13.27-1-300x163.jpg 300w\" sizes=\"auto, (max-width: 751px) 100vw, 751px\" \/><\/figure><div class=\"wp-block-media-text__content\">\n<p><\/p>\n\n\n\n<p class=\"has-text-color has-link-color wp-elements-9813f113d254a7e0cb1e333d524691ea\" style=\"color:#070731\"><strong>Refrigera\u00e7\u00e3o <\/strong><\/p>\n\n\n\n<p class=\"has-text-color has-link-color wp-elements-42a1d8b69257d7b2eabf49721878617a\" style=\"color:#070731\">O setor de Refrigera\u00e7\u00e3o \u00e9 respons\u00e1vel pela instala\u00e7\u00e3o, manuten\u00e7\u00e3o e reparo de aparelhos de ar-condicionado, bebedouros e sistemas de climatiza\u00e7\u00e3o. Atua na limpeza, troca de pe\u00e7as e ajustes t\u00e9cnicos, garantindo conforto t\u00e9rmico, efici\u00eancia e qualidade nos ambientes da universidade.<\/p>\n<\/div><\/div>\n\n\n\n<div class=\"wp-block-media-text is-stacked-on-mobile\"><figure class=\"wp-block-media-text__media\"><img loading=\"lazy\" decoding=\"async\" width=\"626\" height=\"417\" src=\"https:\/\/institucional.ufrrj.br\/prefeiturauniversitaria\/files\/2025\/09\/WhatsApp-Image-2025-09-18-at-09.02.28-1.jpeg\" alt=\"\" class=\"wp-image-883 size-full\" srcset=\"https:\/\/institucional.ufrrj.br\/prefeiturauniversitaria\/files\/2025\/09\/WhatsApp-Image-2025-09-18-at-09.02.28-1.jpeg 626w, https:\/\/institucional.ufrrj.br\/prefeiturauniversitaria\/files\/2025\/09\/WhatsApp-Image-2025-09-18-at-09.02.28-1-300x200.jpeg 300w\" sizes=\"auto, (max-width: 626px) 100vw, 626px\" \/><\/figure><div class=\"wp-block-media-text__content\">\n<p><\/p>\n\n\n\n<p class=\"has-text-color has-link-color wp-elements-2526a2963cbe6d24caf989213bafd49a\" style=\"color:#070731\"><strong>Serralheria <\/strong><\/p>\n\n\n\n<p class=\"has-text-color has-link-color wp-elements-dca33711cf5a8bf6c837f647f67826bf\" style=\"color:#070731\">O setor de Serralheria realiza constru\u00e7\u00e3o, manuten\u00e7\u00e3o e reparo de estruturas met\u00e1licas, como grades, port\u00f5es, corrim\u00e3os e suportes, garantindo seguran\u00e7a e funcionalidade nos espa\u00e7os da universidade.<\/p>\n\n\n\n<p class=\"has-text-color has-link-color wp-elements-1c6b379175ac71070d9f28401f90184f\" style=\"color:#070731\"><\/p>\n<\/div><\/div>\n\n\n\n<div class=\"wp-block-media-text is-stacked-on-mobile\"><figure class=\"wp-block-media-text__media\"><img loading=\"lazy\" decoding=\"async\" width=\"1024\" height=\"574\" src=\"https:\/\/institucional.ufrrj.br\/prefeiturauniversitaria\/files\/2025\/09\/WhatsApp-Image-2025-09-22-at-10.56.15-1024x574.jpeg\" alt=\"\" class=\"wp-image-960 size-full\" srcset=\"https:\/\/institucional.ufrrj.br\/prefeiturauniversitaria\/files\/2025\/09\/WhatsApp-Image-2025-09-22-at-10.56.15-1024x574.jpeg 1024w, https:\/\/institucional.ufrrj.br\/prefeiturauniversitaria\/files\/2025\/09\/WhatsApp-Image-2025-09-22-at-10.56.15-300x168.jpeg 300w, https:\/\/institucional.ufrrj.br\/prefeiturauniversitaria\/files\/2025\/09\/WhatsApp-Image-2025-09-22-at-10.56.15-768x431.jpeg 768w, https:\/\/institucional.ufrrj.br\/prefeiturauniversitaria\/files\/2025\/09\/WhatsApp-Image-2025-09-22-at-10.56.15.jpeg 1280w\" sizes=\"auto, (max-width: 1024px) 100vw, 1024px\" \/><\/figure><div class=\"wp-block-media-text__content\">\n<p><\/p>\n\n\n\n<p class=\"has-text-color has-link-color wp-elements-cf896e2f973dee8d78482c4c7c1e8e53\" style=\"color:#070731\"><strong>Alvenaria <\/strong><\/p>\n\n\n\n<p class=\"has-text-color has-link-color wp-elements-945da00778c06ecda6cfbb1d129376ac\" style=\"color:#070731\">O setor de Alvenaria realiza servi\u00e7os de constru\u00e7\u00e3o, manuten\u00e7\u00e3o e reparo em paredes, pisos e revestimentos. Tamb\u00e9m executa rebocos e pequenas reformas, garantindo a conserva\u00e7\u00e3o e o bom funcionamento dos espa\u00e7os da universidade.<\/p>\n<\/div><\/div>\n\n\n\n<div class=\"wp-block-media-text is-stacked-on-mobile\"><figure class=\"wp-block-media-text__media\"><img loading=\"lazy\" decoding=\"async\" width=\"828\" height=\"446\" src=\"https:\/\/institucional.ufrrj.br\/prefeiturauniversitaria\/files\/2025\/09\/Design-sem-nome-1-1-1.jpg\" alt=\"\" class=\"wp-image-1115 size-full\" srcset=\"https:\/\/institucional.ufrrj.br\/prefeiturauniversitaria\/files\/2025\/09\/Design-sem-nome-1-1-1.jpg 828w, https:\/\/institucional.ufrrj.br\/prefeiturauniversitaria\/files\/2025\/09\/Design-sem-nome-1-1-1-300x162.jpg 300w, https:\/\/institucional.ufrrj.br\/prefeiturauniversitaria\/files\/2025\/09\/Design-sem-nome-1-1-1-768x414.jpg 768w\" sizes=\"auto, (max-width: 828px) 100vw, 828px\" \/><\/figure><div class=\"wp-block-media-text__content\">\n<p><\/p>\n\n\n\n<p class=\"has-text-color has-link-color wp-elements-51cfcf151e6782886c0ec45daf511af3\" style=\"color:#070731\"><strong>M\u00e1quinas<\/strong> <\/p>\n\n\n\n<p class=\"has-text-color has-link-color wp-elements-375eda56f8aa02fcd3578db9c8061646\" style=\"color:#070731\">O setor de M\u00e1quinas opera e mant\u00e9m equipamentos pesados, como tratores, ro\u00e7adeiras e retroescavadeiras, apoiando servi\u00e7os de obras, limpeza e conserva\u00e7\u00e3o em todo o campus.<\/p>\n<\/div><\/div>\n\n\n\n<h5 class=\"wp-block-heading\"><strong>Solicita\u00e7\u00e3o de servi\u00e7os<\/strong><\/h5>\n\n\n\n<p>Para solicitar servi\u00e7os de manuten\u00e7\u00e3o predial na Universidade, entre em contato com a Prefeitura Universit\u00e1ria pelo telefone <strong>2682-1130 <\/strong>ou pelo e-mail <strong><a>prefeitura@ufrrj.br<\/a><\/strong>.<\/p>\n\n\n\n<p>Os servidores cadastrados tamb\u00e9m podem registrar e acompanhar solicita\u00e7\u00f5es diretamente pelo sistema <strong>Leankeep<\/strong>, acessando o link: <a href=\"https:\/\/software.leankeep.com\/login\">https:\/\/software.leankeep.com\/login<\/a>.<\/p>\n\n\n\n<p>Garantimos agilidade no atendimento e acompanhamento de todas as demandas.<\/p>\n\n\n\n<p class=\"has-text-align-left\"><\/p>\n\n\n\n<p><\/p>\n\n\n\n<p><\/p>\n\n\n\n<p class=\"has-text-align-left\"><\/p>\n\n\n\n<div id=\"wp-block-themeisle-blocks-advanced-columns-9453e7fc\" class=\"wp-block-themeisle-blocks-advanced-columns alignfull has-2-columns has-desktop-equal-layout has-tablet-equal-layout has-mobile-collapsedRows-layout has-vertical-unset\"><div class=\"wp-block-themeisle-blocks-advanced-columns-overlay\"><\/div><div class=\"innerblocks-wrap\">\n\n<div id=\"wp-block-themeisle-blocks-advanced-column-20b419a0\" class=\"wp-block-themeisle-blocks-advanced-column\"><\/div>\n\n\n<div id=\"wp-block-themeisle-blocks-advanced-column-001e5ba6\" class=\"wp-block-themeisle-blocks-advanced-column\"><\/div>\n\n<\/div><\/div>\n","protected":false},"excerpt":{"rendered":"<p>A Manuten\u00e7\u00e3o Predial na UFRRJ \u00e9 respons\u00e1vel por conservar, reparar e aprimorar os edif\u00edcios e estruturas do campus. Atua em <a class=\"read-more\" href=\"https:\/\/institucional.ufrrj.br\/prefeiturauniversitaria\/manutencao-predial\/ \" >&#8230; <span class=\"font-italic\">leia mais <i class=\"fas fa-angle-right\"><\/i><\/span><\/a><\/p>\n","protected":false},"author":634,"featured_media":896,"parent":0,"menu_order":0,"comment_status":"closed","ping_status":"closed","template":"","meta":{"_acf_changed":false,"footnotes":""},"class_list":["post-231","page","type-page","status-publish","has-post-thumbnail","hentry"],"yoast_head":"<!-- This site is optimized with the Yoast SEO plugin v27.2 - https:\/\/yoast.com\/product\/yoast-seo-wordpress\/ -->\n<title>Manuten\u00e7\u00e3o predial - Prefeitura Universit\u00e1ria<\/title>\n<meta name=\"robots\" content=\"index, follow, max-snippet:-1, max-image-preview:large, max-video-preview:-1\" \/>\n<link rel=\"canonical\" href=\"https:\/\/institucional.ufrrj.br\/prefeiturauniversitaria\/manutencao-predial\/\" \/>\n<meta property=\"og:locale\" content=\"pt_BR\" \/>\n<meta property=\"og:type\" content=\"article\" \/>\n<meta property=\"og:title\" content=\"Manuten\u00e7\u00e3o predial - Prefeitura Universit\u00e1ria\" \/>\n<meta property=\"og:description\" content=\"A Manuten\u00e7\u00e3o Predial na UFRRJ \u00e9 respons\u00e1vel por conservar, reparar e aprimorar os edif\u00edcios e estruturas do campus. Atua em ... leia mais\" \/>\n<meta property=\"og:url\" content=\"https:\/\/institucional.ufrrj.br\/prefeiturauniversitaria\/manutencao-predial\/\" \/>\n<meta property=\"og:site_name\" content=\"Prefeitura Universit\u00e1ria\" \/>\n<meta property=\"article:modified_time\" content=\"2025-11-06T14:41:17+00:00\" \/>\n<meta property=\"og:image\" content=\"https:\/\/institucional.ufrrj.br\/prefeiturauniversitaria\/files\/2025\/09\/Comunitarios-1.png\" \/>\n\t<meta property=\"og:image:width\" content=\"285\" \/>\n\t<meta property=\"og:image:height\" content=\"285\" \/>\n\t<meta property=\"og:image:type\" content=\"image\/png\" \/>\n<meta name=\"twitter:card\" content=\"summary_large_image\" \/>\n<meta name=\"twitter:label1\" content=\"Est. tempo de leitura\" \/>\n\t<meta name=\"twitter:data1\" content=\"4 minutos\" \/>\n<script type=\"application\/ld+json\" class=\"yoast-schema-graph\">{\"@context\":\"https:\/\/schema.org\",\"@graph\":[{\"@type\":\"WebPage\",\"@id\":\"https:\/\/institucional.ufrrj.br\/prefeiturauniversitaria\/manutencao-predial\/\",\"url\":\"https:\/\/institucional.ufrrj.br\/prefeiturauniversitaria\/manutencao-predial\/\",\"name\":\"Manuten\u00e7\u00e3o predial - Prefeitura Universit\u00e1ria\",\"isPartOf\":{\"@id\":\"https:\/\/institucional.ufrrj.br\/prefeiturauniversitaria\/#website\"},\"primaryImageOfPage\":{\"@id\":\"https:\/\/institucional.ufrrj.br\/prefeiturauniversitaria\/manutencao-predial\/#primaryimage\"},\"image\":{\"@id\":\"https:\/\/institucional.ufrrj.br\/prefeiturauniversitaria\/manutencao-predial\/#primaryimage\"},\"thumbnailUrl\":\"https:\/\/institucional.ufrrj.br\/prefeiturauniversitaria\/files\/2025\/09\/Comunitarios-1.png\",\"datePublished\":\"2022-12-13T16:52:36+00:00\",\"dateModified\":\"2025-11-06T14:41:17+00:00\",\"breadcrumb\":{\"@id\":\"https:\/\/institucional.ufrrj.br\/prefeiturauniversitaria\/manutencao-predial\/#breadcrumb\"},\"inLanguage\":\"pt-BR\",\"potentialAction\":[{\"@type\":\"ReadAction\",\"target\":[\"https:\/\/institucional.ufrrj.br\/prefeiturauniversitaria\/manutencao-predial\/\"]}]},{\"@type\":\"ImageObject\",\"inLanguage\":\"pt-BR\",\"@id\":\"https:\/\/institucional.ufrrj.br\/prefeiturauniversitaria\/manutencao-predial\/#primaryimage\",\"url\":\"https:\/\/institucional.ufrrj.br\/prefeiturauniversitaria\/files\/2025\/09\/Comunitarios-1.png\",\"contentUrl\":\"https:\/\/institucional.ufrrj.br\/prefeiturauniversitaria\/files\/2025\/09\/Comunitarios-1.png\",\"width\":285,\"height\":285},{\"@type\":\"BreadcrumbList\",\"@id\":\"https:\/\/institucional.ufrrj.br\/prefeiturauniversitaria\/manutencao-predial\/#breadcrumb\",\"itemListElement\":[{\"@type\":\"ListItem\",\"position\":1,\"name\":\"In\u00edcio\",\"item\":\"https:\/\/institucional.ufrrj.br\/prefeiturauniversitaria\/\"},{\"@type\":\"ListItem\",\"position\":2,\"name\":\"Manuten\u00e7\u00e3o predial\"}]},{\"@type\":\"WebSite\",\"@id\":\"https:\/\/institucional.ufrrj.br\/prefeiturauniversitaria\/#website\",\"url\":\"https:\/\/institucional.ufrrj.br\/prefeiturauniversitaria\/\",\"name\":\"Prefeitura Universit\u00e1ria\",\"description\":\"CAMPUS SEROP\u00c9DICA \u2013 UFRRJ\",\"potentialAction\":[{\"@type\":\"SearchAction\",\"target\":{\"@type\":\"EntryPoint\",\"urlTemplate\":\"https:\/\/institucional.ufrrj.br\/prefeiturauniversitaria\/?s={search_term_string}\"},\"query-input\":{\"@type\":\"PropertyValueSpecification\",\"valueRequired\":true,\"valueName\":\"search_term_string\"}}],\"inLanguage\":\"pt-BR\"}]}<\/script>\n<!-- \/ Yoast SEO plugin. -->","yoast_head_json":{"title":"Manuten\u00e7\u00e3o predial - Prefeitura Universit\u00e1ria","robots":{"index":"index","follow":"follow","max-snippet":"max-snippet:-1","max-image-preview":"max-image-preview:large","max-video-preview":"max-video-preview:-1"},"canonical":"https:\/\/institucional.ufrrj.br\/prefeiturauniversitaria\/manutencao-predial\/","og_locale":"pt_BR","og_type":"article","og_title":"Manuten\u00e7\u00e3o predial - Prefeitura Universit\u00e1ria","og_description":"A Manuten\u00e7\u00e3o Predial na UFRRJ \u00e9 respons\u00e1vel por conservar, reparar e aprimorar os edif\u00edcios e estruturas do campus. Atua em ... leia mais","og_url":"https:\/\/institucional.ufrrj.br\/prefeiturauniversitaria\/manutencao-predial\/","og_site_name":"Prefeitura Universit\u00e1ria","article_modified_time":"2025-11-06T14:41:17+00:00","og_image":[{"width":285,"height":285,"url":"https:\/\/institucional.ufrrj.br\/prefeiturauniversitaria\/files\/2025\/09\/Comunitarios-1.png","type":"image\/png"}],"twitter_card":"summary_large_image","twitter_misc":{"Est. tempo de leitura":"4 minutos"},"schema":{"@context":"https:\/\/schema.org","@graph":[{"@type":"WebPage","@id":"https:\/\/institucional.ufrrj.br\/prefeiturauniversitaria\/manutencao-predial\/","url":"https:\/\/institucional.ufrrj.br\/prefeiturauniversitaria\/manutencao-predial\/","name":"Manuten\u00e7\u00e3o predial - Prefeitura Universit\u00e1ria","isPartOf":{"@id":"https:\/\/institucional.ufrrj.br\/prefeiturauniversitaria\/#website"},"primaryImageOfPage":{"@id":"https:\/\/institucional.ufrrj.br\/prefeiturauniversitaria\/manutencao-predial\/#primaryimage"},"image":{"@id":"https:\/\/institucional.ufrrj.br\/prefeiturauniversitaria\/manutencao-predial\/#primaryimage"},"thumbnailUrl":"https:\/\/institucional.ufrrj.br\/prefeiturauniversitaria\/files\/2025\/09\/Comunitarios-1.png","datePublished":"2022-12-13T16:52:36+00:00","dateModified":"2025-11-06T14:41:17+00:00","breadcrumb":{"@id":"https:\/\/institucional.ufrrj.br\/prefeiturauniversitaria\/manutencao-predial\/#breadcrumb"},"inLanguage":"pt-BR","potentialAction":[{"@type":"ReadAction","target":["https:\/\/institucional.ufrrj.br\/prefeiturauniversitaria\/manutencao-predial\/"]}]},{"@type":"ImageObject","inLanguage":"pt-BR","@id":"https:\/\/institucional.ufrrj.br\/prefeiturauniversitaria\/manutencao-predial\/#primaryimage","url":"https:\/\/institucional.ufrrj.br\/prefeiturauniversitaria\/files\/2025\/09\/Comunitarios-1.png","contentUrl":"https:\/\/institucional.ufrrj.br\/prefeiturauniversitaria\/files\/2025\/09\/Comunitarios-1.png","width":285,"height":285},{"@type":"BreadcrumbList","@id":"https:\/\/institucional.ufrrj.br\/prefeiturauniversitaria\/manutencao-predial\/#breadcrumb","itemListElement":[{"@type":"ListItem","position":1,"name":"In\u00edcio","item":"https:\/\/institucional.ufrrj.br\/prefeiturauniversitaria\/"},{"@type":"ListItem","position":2,"name":"Manuten\u00e7\u00e3o predial"}]},{"@type":"WebSite","@id":"https:\/\/institucional.ufrrj.br\/prefeiturauniversitaria\/#website","url":"https:\/\/institucional.ufrrj.br\/prefeiturauniversitaria\/","name":"Prefeitura Universit\u00e1ria","description":"CAMPUS SEROP\u00c9DICA \u2013 UFRRJ","potentialAction":[{"@type":"SearchAction","target":{"@type":"EntryPoint","urlTemplate":"https:\/\/institucional.ufrrj.br\/prefeiturauniversitaria\/?s={search_term_string}"},"query-input":{"@type":"PropertyValueSpecification","valueRequired":true,"valueName":"search_term_string"}}],"inLanguage":"pt-BR"}]}},"acf":[],"_links":{"self":[{"href":"https:\/\/institucional.ufrrj.br\/prefeiturauniversitaria\/wp-json\/wp\/v2\/pages\/231","targetHints":{"allow":["GET"]}}],"collection":[{"href":"https:\/\/institucional.ufrrj.br\/prefeiturauniversitaria\/wp-json\/wp\/v2\/pages"}],"about":[{"href":"https:\/\/institucional.ufrrj.br\/prefeiturauniversitaria\/wp-json\/wp\/v2\/types\/page"}],"author":[{"embeddable":true,"href":"https:\/\/institucional.ufrrj.br\/prefeiturauniversitaria\/wp-json\/wp\/v2\/users\/634"}],"replies":[{"embeddable":true,"href":"https:\/\/institucional.ufrrj.br\/prefeiturauniversitaria\/wp-json\/wp\/v2\/comments?post=231"}],"version-history":[{"count":2,"href":"https:\/\/institucional.ufrrj.br\/prefeiturauniversitaria\/wp-json\/wp\/v2\/pages\/231\/revisions"}],"predecessor-version":[{"id":1292,"href":"https:\/\/institucional.ufrrj.br\/prefeiturauniversitaria\/wp-json\/wp\/v2\/pages\/231\/revisions\/1292"}],"wp:featuredmedia":[{"embeddable":true,"href":"https:\/\/institucional.ufrrj.br\/prefeiturauniversitaria\/wp-json\/wp\/v2\/media\/896"}],"wp:attachment":[{"href":"https:\/\/institucional.ufrrj.br\/prefeiturauniversitaria\/wp-json\/wp\/v2\/media?parent=231"}],"curies":[{"name":"wp","href":"https:\/\/api.w.org\/{rel}","templated":true}]}}