{"id":22,"date":"2019-02-07T15:00:34","date_gmt":"2019-02-07T17:00:34","guid":{"rendered":"http:\/\/institucional.ufrrj.br\/prefeiturauniversitaria\/?page_id=22"},"modified":"2022-12-15T10:46:21","modified_gmt":"2022-12-15T13:46:21","slug":"teste","status":"publish","type":"page","link":"https:\/\/institucional.ufrrj.br\/prefeiturauniversitaria\/setores\/teste\/","title":{"rendered":"Divis\u00e3o de Servi\u00e7os Gerais"},"content":{"rendered":"\n<p><strong>Ao Setor de Servi\u00e7os Gerais compete:<\/strong><\/p>\n\n\n\n<ul class=\"wp-block-list\"><li>A guarda e registro das viaturas e m\u00e1quinas agr\u00edcolas;<\/li><li>Efetuar o abastecimento das viaturas, anotar o controle dos combust\u00edveis e lubrificantes utilizados nos mesmos;<\/li><li>Manter o controle das lavagens e lubrifica\u00e7\u00e3o das viaturas;<\/li><li>Executar os servi\u00e7os de pintura conserva\u00e7\u00e3o e reparos das viaturas e m\u00e1quinas agr\u00edcolas compreendendo os de lanternagens, pinturas, capoteiro, borracheiro, eletricista, mec\u00e2nica e outros;<\/li><li>Aquisi\u00e7\u00e3o e controle de material;<\/li><li>Manter em dia as documenta\u00e7\u00f5es e vistoria dos ve\u00edculos oficiais;<\/li><li>Solicita\u00e7\u00e3o de material para a Prefeitura Universit\u00e1ria.<\/li><\/ul>\n\n\n\n<p><strong>Respons\u00e1vel:<\/strong>&nbsp;Edson Ricardo Ferreira Macedo<\/p>\n\n\n\n<h3 class=\"wp-block-heading\">Servi\u00e7os \u00e0 comunidade da UFRRJ:<\/h3>\n\n\n\n<p><strong>Conserto de ve\u00edculos oficiais<\/strong><\/p>\n\n\n\n<p><strong>Passo 1)&nbsp;<\/strong>&nbsp;O solicitante do conserto deve levar o ve\u00edculo para o setor de oficina mec\u00e2nica. O mec\u00e2nico constatar\u00e1 o problema do ve\u00edculo.<\/p>\n\n\n\n<p><strong>Passo 2)<\/strong>&nbsp;Solicitar \u00e0 oficina a ordem de servi\u00e7o (OS) para a solu\u00e7\u00e3o do problema apresentado. A OS ser\u00e1 encaminhada para a Divis\u00e3o de Servi\u00e7os Gerais, que ir\u00e1 selecionar as oficinas para realizar o conserto do ve\u00edculo.<\/p>\n\n\n\n<p><strong>Passo 3)<\/strong>&nbsp;A autoriza\u00e7\u00e3o de servi\u00e7o \u00e9 feita pelo chefe da Divis\u00e3o de Servi\u00e7os Gerais. O solicitante dever\u00e1 entrar em contado com a Divis\u00e3o de Servi\u00e7os Gerais para confirmar se o pedido foi autorizado. O contato pode ser realizado pelo telefone (21) 2682-2877.<\/p>\n\n\n\n<p><em><strong>OBS:<\/strong><\/em>&nbsp;Se o problema apresentado&nbsp;<strong>permite<\/strong>&nbsp;que o ve\u00edculo continue a rodar, o condutor&nbsp;<strong>n\u00e3o<\/strong>&nbsp;deixar\u00e1 o veiculo na oficina. Se&nbsp;o problema apresentado&nbsp;<strong>n\u00e3o permitir<\/strong>&nbsp;que o ve\u00edculo continue a rodar, o condutor&nbsp;<strong>deixar\u00e1 o ve\u00edculo<\/strong>&nbsp;<strong>na oficina<\/strong>.<\/p>\n","protected":false},"excerpt":{"rendered":"<p>Ao Setor de Servi\u00e7os Gerais compete: A guarda e registro das viaturas e m\u00e1quinas agr\u00edcolas; Efetuar o abastecimento das viaturas, <a class=\"read-more\" href=\"https:\/\/institucional.ufrrj.br\/prefeiturauniversitaria\/setores\/teste\/ \" >&#8230; <span class=\"font-italic\">leia mais <i class=\"fas fa-angle-right\"><\/i><\/span><\/a><\/p>\n","protected":false},"author":634,"featured_media":95,"parent":281,"menu_order":0,"comment_status":"closed","ping_status":"closed","template":"","meta":{"_acf_changed":false,"footnotes":""},"class_list":["post-22","page","type-page","status-publish","has-post-thumbnail","hentry"],"yoast_head":"<!-- This site is optimized with the Yoast SEO plugin v27.2 - https:\/\/yoast.com\/product\/yoast-seo-wordpress\/ -->\n<title>Divis\u00e3o de Servi\u00e7os Gerais - Prefeitura Universit\u00e1ria<\/title>\n<meta name=\"robots\" content=\"index, follow, max-snippet:-1, max-image-preview:large, max-video-preview:-1\" \/>\n<link rel=\"canonical\" href=\"https:\/\/institucional.ufrrj.br\/prefeiturauniversitaria\/setores\/teste\/\" \/>\n<meta property=\"og:locale\" content=\"pt_BR\" \/>\n<meta property=\"og:type\" content=\"article\" \/>\n<meta property=\"og:title\" content=\"Divis\u00e3o de Servi\u00e7os Gerais - Prefeitura Universit\u00e1ria\" \/>\n<meta property=\"og:description\" content=\"Ao Setor de Servi\u00e7os Gerais compete: A guarda e registro das viaturas e m\u00e1quinas agr\u00edcolas; Efetuar o abastecimento das viaturas, ... leia mais\" \/>\n<meta property=\"og:url\" content=\"https:\/\/institucional.ufrrj.br\/prefeiturauniversitaria\/setores\/teste\/\" \/>\n<meta property=\"og:site_name\" content=\"Prefeitura Universit\u00e1ria\" \/>\n<meta property=\"article:modified_time\" content=\"2022-12-15T13:46:21+00:00\" \/>\n<meta property=\"og:image\" content=\"https:\/\/institucional.ufrrj.br\/prefeiturauniversitaria\/files\/2019\/02\/PU-lateral.png\" \/>\n\t<meta property=\"og:image:width\" content=\"819\" \/>\n\t<meta property=\"og:image:height\" content=\"606\" \/>\n\t<meta property=\"og:image:type\" content=\"image\/png\" \/>\n<meta name=\"twitter:card\" content=\"summary_large_image\" \/>\n<meta name=\"twitter:label1\" content=\"Est. tempo de leitura\" \/>\n\t<meta name=\"twitter:data1\" content=\"1 minuto\" \/>\n<script type=\"application\/ld+json\" class=\"yoast-schema-graph\">{\"@context\":\"https:\/\/schema.org\",\"@graph\":[{\"@type\":\"WebPage\",\"@id\":\"https:\/\/institucional.ufrrj.br\/prefeiturauniversitaria\/setores\/teste\/\",\"url\":\"https:\/\/institucional.ufrrj.br\/prefeiturauniversitaria\/setores\/teste\/\",\"name\":\"Divis\u00e3o de Servi\u00e7os Gerais - Prefeitura Universit\u00e1ria\",\"isPartOf\":{\"@id\":\"https:\/\/institucional.ufrrj.br\/prefeiturauniversitaria\/#website\"},\"primaryImageOfPage\":{\"@id\":\"https:\/\/institucional.ufrrj.br\/prefeiturauniversitaria\/setores\/teste\/#primaryimage\"},\"image\":{\"@id\":\"https:\/\/institucional.ufrrj.br\/prefeiturauniversitaria\/setores\/teste\/#primaryimage\"},\"thumbnailUrl\":\"https:\/\/institucional.ufrrj.br\/prefeiturauniversitaria\/files\/2019\/02\/PU-lateral.png\",\"datePublished\":\"2019-02-07T17:00:34+00:00\",\"dateModified\":\"2022-12-15T13:46:21+00:00\",\"breadcrumb\":{\"@id\":\"https:\/\/institucional.ufrrj.br\/prefeiturauniversitaria\/setores\/teste\/#breadcrumb\"},\"inLanguage\":\"pt-BR\",\"potentialAction\":[{\"@type\":\"ReadAction\",\"target\":[\"https:\/\/institucional.ufrrj.br\/prefeiturauniversitaria\/setores\/teste\/\"]}]},{\"@type\":\"ImageObject\",\"inLanguage\":\"pt-BR\",\"@id\":\"https:\/\/institucional.ufrrj.br\/prefeiturauniversitaria\/setores\/teste\/#primaryimage\",\"url\":\"https:\/\/institucional.ufrrj.br\/prefeiturauniversitaria\/files\/2019\/02\/PU-lateral.png\",\"contentUrl\":\"https:\/\/institucional.ufrrj.br\/prefeiturauniversitaria\/files\/2019\/02\/PU-lateral.png\",\"width\":819,\"height\":606},{\"@type\":\"BreadcrumbList\",\"@id\":\"https:\/\/institucional.ufrrj.br\/prefeiturauniversitaria\/setores\/teste\/#breadcrumb\",\"itemListElement\":[{\"@type\":\"ListItem\",\"position\":1,\"name\":\"In\u00edcio\",\"item\":\"https:\/\/institucional.ufrrj.br\/prefeiturauniversitaria\/\"},{\"@type\":\"ListItem\",\"position\":2,\"name\":\"Setores\",\"item\":\"https:\/\/institucional.ufrrj.br\/prefeiturauniversitaria\/setores\/\"},{\"@type\":\"ListItem\",\"position\":3,\"name\":\"Divis\u00e3o de Servi\u00e7os Gerais\"}]},{\"@type\":\"WebSite\",\"@id\":\"https:\/\/institucional.ufrrj.br\/prefeiturauniversitaria\/#website\",\"url\":\"https:\/\/institucional.ufrrj.br\/prefeiturauniversitaria\/\",\"name\":\"Prefeitura Universit\u00e1ria\",\"description\":\"CAMPUS SEROP\u00c9DICA \u2013 UFRRJ\",\"potentialAction\":[{\"@type\":\"SearchAction\",\"target\":{\"@type\":\"EntryPoint\",\"urlTemplate\":\"https:\/\/institucional.ufrrj.br\/prefeiturauniversitaria\/?s={search_term_string}\"},\"query-input\":{\"@type\":\"PropertyValueSpecification\",\"valueRequired\":true,\"valueName\":\"search_term_string\"}}],\"inLanguage\":\"pt-BR\"}]}<\/script>\n<!-- \/ Yoast SEO plugin. -->","yoast_head_json":{"title":"Divis\u00e3o de Servi\u00e7os Gerais - Prefeitura Universit\u00e1ria","robots":{"index":"index","follow":"follow","max-snippet":"max-snippet:-1","max-image-preview":"max-image-preview:large","max-video-preview":"max-video-preview:-1"},"canonical":"https:\/\/institucional.ufrrj.br\/prefeiturauniversitaria\/setores\/teste\/","og_locale":"pt_BR","og_type":"article","og_title":"Divis\u00e3o de Servi\u00e7os Gerais - Prefeitura Universit\u00e1ria","og_description":"Ao Setor de Servi\u00e7os Gerais compete: A guarda e registro das viaturas e m\u00e1quinas agr\u00edcolas; Efetuar o abastecimento das viaturas, ... leia mais","og_url":"https:\/\/institucional.ufrrj.br\/prefeiturauniversitaria\/setores\/teste\/","og_site_name":"Prefeitura Universit\u00e1ria","article_modified_time":"2022-12-15T13:46:21+00:00","og_image":[{"width":819,"height":606,"url":"https:\/\/institucional.ufrrj.br\/prefeiturauniversitaria\/files\/2019\/02\/PU-lateral.png","type":"image\/png"}],"twitter_card":"summary_large_image","twitter_misc":{"Est. tempo de leitura":"1 minuto"},"schema":{"@context":"https:\/\/schema.org","@graph":[{"@type":"WebPage","@id":"https:\/\/institucional.ufrrj.br\/prefeiturauniversitaria\/setores\/teste\/","url":"https:\/\/institucional.ufrrj.br\/prefeiturauniversitaria\/setores\/teste\/","name":"Divis\u00e3o de Servi\u00e7os Gerais - Prefeitura Universit\u00e1ria","isPartOf":{"@id":"https:\/\/institucional.ufrrj.br\/prefeiturauniversitaria\/#website"},"primaryImageOfPage":{"@id":"https:\/\/institucional.ufrrj.br\/prefeiturauniversitaria\/setores\/teste\/#primaryimage"},"image":{"@id":"https:\/\/institucional.ufrrj.br\/prefeiturauniversitaria\/setores\/teste\/#primaryimage"},"thumbnailUrl":"https:\/\/institucional.ufrrj.br\/prefeiturauniversitaria\/files\/2019\/02\/PU-lateral.png","datePublished":"2019-02-07T17:00:34+00:00","dateModified":"2022-12-15T13:46:21+00:00","breadcrumb":{"@id":"https:\/\/institucional.ufrrj.br\/prefeiturauniversitaria\/setores\/teste\/#breadcrumb"},"inLanguage":"pt-BR","potentialAction":[{"@type":"ReadAction","target":["https:\/\/institucional.ufrrj.br\/prefeiturauniversitaria\/setores\/teste\/"]}]},{"@type":"ImageObject","inLanguage":"pt-BR","@id":"https:\/\/institucional.ufrrj.br\/prefeiturauniversitaria\/setores\/teste\/#primaryimage","url":"https:\/\/institucional.ufrrj.br\/prefeiturauniversitaria\/files\/2019\/02\/PU-lateral.png","contentUrl":"https:\/\/institucional.ufrrj.br\/prefeiturauniversitaria\/files\/2019\/02\/PU-lateral.png","width":819,"height":606},{"@type":"BreadcrumbList","@id":"https:\/\/institucional.ufrrj.br\/prefeiturauniversitaria\/setores\/teste\/#breadcrumb","itemListElement":[{"@type":"ListItem","position":1,"name":"In\u00edcio","item":"https:\/\/institucional.ufrrj.br\/prefeiturauniversitaria\/"},{"@type":"ListItem","position":2,"name":"Setores","item":"https:\/\/institucional.ufrrj.br\/prefeiturauniversitaria\/setores\/"},{"@type":"ListItem","position":3,"name":"Divis\u00e3o de Servi\u00e7os Gerais"}]},{"@type":"WebSite","@id":"https:\/\/institucional.ufrrj.br\/prefeiturauniversitaria\/#website","url":"https:\/\/institucional.ufrrj.br\/prefeiturauniversitaria\/","name":"Prefeitura Universit\u00e1ria","description":"CAMPUS SEROP\u00c9DICA \u2013 UFRRJ","potentialAction":[{"@type":"SearchAction","target":{"@type":"EntryPoint","urlTemplate":"https:\/\/institucional.ufrrj.br\/prefeiturauniversitaria\/?s={search_term_string}"},"query-input":{"@type":"PropertyValueSpecification","valueRequired":true,"valueName":"search_term_string"}}],"inLanguage":"pt-BR"}]}},"acf":[],"_links":{"self":[{"href":"https:\/\/institucional.ufrrj.br\/prefeiturauniversitaria\/wp-json\/wp\/v2\/pages\/22","targetHints":{"allow":["GET"]}}],"collection":[{"href":"https:\/\/institucional.ufrrj.br\/prefeiturauniversitaria\/wp-json\/wp\/v2\/pages"}],"about":[{"href":"https:\/\/institucional.ufrrj.br\/prefeiturauniversitaria\/wp-json\/wp\/v2\/types\/page"}],"author":[{"embeddable":true,"href":"https:\/\/institucional.ufrrj.br\/prefeiturauniversitaria\/wp-json\/wp\/v2\/users\/634"}],"replies":[{"embeddable":true,"href":"https:\/\/institucional.ufrrj.br\/prefeiturauniversitaria\/wp-json\/wp\/v2\/comments?post=22"}],"version-history":[{"count":7,"href":"https:\/\/institucional.ufrrj.br\/prefeiturauniversitaria\/wp-json\/wp\/v2\/pages\/22\/revisions"}],"predecessor-version":[{"id":288,"href":"https:\/\/institucional.ufrrj.br\/prefeiturauniversitaria\/wp-json\/wp\/v2\/pages\/22\/revisions\/288"}],"up":[{"embeddable":true,"href":"https:\/\/institucional.ufrrj.br\/prefeiturauniversitaria\/wp-json\/wp\/v2\/pages\/281"}],"wp:featuredmedia":[{"embeddable":true,"href":"https:\/\/institucional.ufrrj.br\/prefeiturauniversitaria\/wp-json\/wp\/v2\/media\/95"}],"wp:attachment":[{"href":"https:\/\/institucional.ufrrj.br\/prefeiturauniversitaria\/wp-json\/wp\/v2\/media?parent=22"}],"curies":[{"name":"wp","href":"https:\/\/api.w.org\/{rel}","templated":true}]}}