{"id":1002,"date":"2025-09-23T09:20:43","date_gmt":"2025-09-23T12:20:43","guid":{"rendered":"https:\/\/institucional.ufrrj.br\/prefeiturauniversitaria\/?page_id=1002"},"modified":"2025-12-02T12:02:33","modified_gmt":"2025-12-02T15:02:33","slug":"itinerario-circular","status":"publish","type":"page","link":"https:\/\/institucional.ufrrj.br\/prefeiturauniversitaria\/itinerario-circular\/","title":{"rendered":"Itiner\u00e1rio Circular"},"content":{"rendered":"\n<figure class=\"wp-block-image size-large\"><img loading=\"lazy\" decoding=\"async\" width=\"1024\" height=\"299\" src=\"https:\/\/institucional.ufrrj.br\/prefeiturauniversitaria\/files\/2025\/09\/prefeitura-ufrrj-13-1024x299.jpg\" alt=\"\" class=\"wp-image-1027\" srcset=\"https:\/\/institucional.ufrrj.br\/prefeiturauniversitaria\/files\/2025\/09\/prefeitura-ufrrj-13-1024x299.jpg 1024w, https:\/\/institucional.ufrrj.br\/prefeiturauniversitaria\/files\/2025\/09\/prefeitura-ufrrj-13-300x88.jpg 300w, https:\/\/institucional.ufrrj.br\/prefeiturauniversitaria\/files\/2025\/09\/prefeitura-ufrrj-13-768x224.jpg 768w, https:\/\/institucional.ufrrj.br\/prefeiturauniversitaria\/files\/2025\/09\/prefeitura-ufrrj-13.jpg 1200w\" sizes=\"auto, (max-width: 1024px) 100vw, 1024px\" \/><\/figure>\n\n\n\n<div style=\"height:27px\" aria-hidden=\"true\" class=\"wp-block-spacer\"><\/div>\n\n\n\n<p>O \u00f4nibus circular passa por todos os institutos da sede do campus Serop\u00e9dica. <\/p>\n\n\n\n<p>Em hor\u00e1rios espec\u00edficos (manh\u00e3, tarde e noite), a rota \u00e9 estendida para incluir o centro de Serop\u00e9dica. <\/p>\n\n\n\n<p>H\u00e1 v\u00e1rios trajetos poss\u00edveis dependendo do hor\u00e1rio, cobrindo institutos como:<\/p>\n\n\n\n<ul class=\"wp-block-list\">\n<li>Prefeitura Universit\u00e1ria (PU) <\/li>\n\n\n\n<li>Instituto de Zootecnia (IZ) <\/li>\n\n\n\n<li>Instituto de Tecnologia (IT) <\/li>\n\n\n\n<li>Departamento de Geoci\u00eancias (DG) <\/li>\n\n\n\n<li>Instituto de Ci\u00eancias Humanas e Sociais (ICHS) <\/li>\n\n\n\n<li>Instituto de Biologia (IB), de Veterin\u00e1ria (IV), de Florestas (IF), de Agronomia (IA) <\/li>\n<\/ul>\n\n\n\n<p>O tempo de viagem varia conforme o trajeto, mas para muitos trechos internos dentro do campus dura em torno de<strong> <\/strong>20 a 25 minutos. Al\u00e9m disso, a plataforma Instagram da Prefeitura Universit\u00e1ria <strong><a href=\"https:\/\/www.instagram.com\/prefeiturauniversitaria\/\" data-type=\"link\" data-id=\"https:\/\/www.instagram.com\/prefeiturauniversitaria\/\">(@prefeiturauniversitaria)<\/a><\/strong> sempre disponibiliza informa\u00e7\u00f5es atualizadas sobre hor\u00e1rios e poss\u00edveis mudan\u00e7as no transporte.<\/p>\n\n\n\n<div style=\"height:27px\" aria-hidden=\"true\" class=\"wp-block-spacer\"><\/div>\n\n\n\n<p>\ud83d\udd3d <strong>Baixe agora os hor\u00e1rios completos do Circular UFRRJ<\/strong>:<\/p>\n\n\n\n<div style=\"height:27px\" aria-hidden=\"true\" class=\"wp-block-spacer\"><\/div>\n\n\n\n<div class=\"wp-block-buttons is-layout-flex wp-block-buttons-is-layout-flex\">\n<div class=\"wp-block-button is-style-outline is-style-outline--1\"><a class=\"wp-block-button__link has-branco-color has-azulm-background-color has-text-color has-background has-link-color has-small-font-size has-custom-font-size wp-element-button\" href=\"https:\/\/drive.google.com\/file\/d\/1Yn8esJcL5ijcv-FGyGyGRHfwTZI6a2KJ\/view?usp=drive_link\">Itiner\u00e1rio Circular \u2013 Baixar<\/a><\/div>\n<\/div>\n\n\n\n<div style=\"height:27px\" aria-hidden=\"true\" class=\"wp-block-spacer\"><\/div>\n\n\n\n<div class=\"wp-block-columns is-layout-flex wp-container-core-columns-is-layout-9d6595d7 wp-block-columns-is-layout-flex\">\n<div class=\"wp-block-column is-layout-flow wp-block-column-is-layout-flow\">\n<figure class=\"wp-block-image size-large\"><img loading=\"lazy\" decoding=\"async\" width=\"819\" height=\"1024\" src=\"https:\/\/institucional.ufrrj.br\/prefeiturauniversitaria\/files\/2025\/12\/WhatsApp-Image-2025-12-02-at-12.00.57-819x1024.jpeg\" alt=\"\" class=\"wp-image-1335\" srcset=\"https:\/\/institucional.ufrrj.br\/prefeiturauniversitaria\/files\/2025\/12\/WhatsApp-Image-2025-12-02-at-12.00.57-819x1024.jpeg 819w, https:\/\/institucional.ufrrj.br\/prefeiturauniversitaria\/files\/2025\/12\/WhatsApp-Image-2025-12-02-at-12.00.57-240x300.jpeg 240w, https:\/\/institucional.ufrrj.br\/prefeiturauniversitaria\/files\/2025\/12\/WhatsApp-Image-2025-12-02-at-12.00.57-768x960.jpeg 768w, https:\/\/institucional.ufrrj.br\/prefeiturauniversitaria\/files\/2025\/12\/WhatsApp-Image-2025-12-02-at-12.00.57.jpeg 1080w\" sizes=\"auto, (max-width: 819px) 100vw, 819px\" \/><\/figure>\n<\/div>\n\n\n\n<div class=\"wp-block-column is-layout-flow wp-block-column-is-layout-flow\">\n<figure class=\"wp-block-image size-large\"><img loading=\"lazy\" decoding=\"async\" width=\"819\" height=\"1024\" src=\"https:\/\/institucional.ufrrj.br\/prefeiturauniversitaria\/files\/2025\/12\/WhatsApp-Image-2025-12-02-at-12.00.57-1-819x1024.jpeg\" alt=\"\" class=\"wp-image-1334\" srcset=\"https:\/\/institucional.ufrrj.br\/prefeiturauniversitaria\/files\/2025\/12\/WhatsApp-Image-2025-12-02-at-12.00.57-1-819x1024.jpeg 819w, https:\/\/institucional.ufrrj.br\/prefeiturauniversitaria\/files\/2025\/12\/WhatsApp-Image-2025-12-02-at-12.00.57-1-240x300.jpeg 240w, https:\/\/institucional.ufrrj.br\/prefeiturauniversitaria\/files\/2025\/12\/WhatsApp-Image-2025-12-02-at-12.00.57-1-768x960.jpeg 768w, https:\/\/institucional.ufrrj.br\/prefeiturauniversitaria\/files\/2025\/12\/WhatsApp-Image-2025-12-02-at-12.00.57-1.jpeg 1080w\" sizes=\"auto, (max-width: 819px) 100vw, 819px\" \/><\/figure>\n<\/div>\n<\/div>\n","protected":false},"excerpt":{"rendered":"<p>O \u00f4nibus circular passa por todos os institutos da sede do campus Serop\u00e9dica. Em hor\u00e1rios espec\u00edficos (manh\u00e3, tarde e noite), <a class=\"read-more\" href=\"https:\/\/institucional.ufrrj.br\/prefeiturauniversitaria\/itinerario-circular\/ \" >&#8230; <span class=\"font-italic\">leia mais <i class=\"fas fa-angle-right\"><\/i><\/span><\/a><\/p>\n","protected":false},"author":835,"featured_media":0,"parent":0,"menu_order":0,"comment_status":"closed","ping_status":"closed","template":"","meta":{"_acf_changed":false,"footnotes":""},"class_list":["post-1002","page","type-page","status-publish","hentry"],"yoast_head":"<!-- This site is optimized with the Yoast SEO plugin v27.2 - https:\/\/yoast.com\/product\/yoast-seo-wordpress\/ -->\n<title>Itiner\u00e1rio Circular - Prefeitura Universit\u00e1ria<\/title>\n<meta name=\"robots\" content=\"index, follow, max-snippet:-1, max-image-preview:large, max-video-preview:-1\" \/>\n<link rel=\"canonical\" href=\"https:\/\/institucional.ufrrj.br\/prefeiturauniversitaria\/itinerario-circular\/\" \/>\n<meta property=\"og:locale\" content=\"pt_BR\" \/>\n<meta property=\"og:type\" content=\"article\" \/>\n<meta property=\"og:title\" content=\"Itiner\u00e1rio Circular - Prefeitura Universit\u00e1ria\" \/>\n<meta property=\"og:description\" content=\"O \u00f4nibus circular passa por todos os institutos da sede do campus Serop\u00e9dica. Em hor\u00e1rios espec\u00edficos (manh\u00e3, tarde e noite), ... leia mais\" \/>\n<meta property=\"og:url\" content=\"https:\/\/institucional.ufrrj.br\/prefeiturauniversitaria\/itinerario-circular\/\" \/>\n<meta property=\"og:site_name\" content=\"Prefeitura Universit\u00e1ria\" \/>\n<meta property=\"article:modified_time\" content=\"2025-12-02T15:02:33+00:00\" \/>\n<meta property=\"og:image\" content=\"https:\/\/institucional.ufrrj.br\/prefeiturauniversitaria\/files\/2025\/09\/prefeitura-ufrrj-13.jpg\" \/>\n\t<meta property=\"og:image:width\" content=\"1200\" \/>\n\t<meta property=\"og:image:height\" content=\"350\" \/>\n\t<meta property=\"og:image:type\" content=\"image\/jpeg\" \/>\n<meta name=\"twitter:card\" content=\"summary_large_image\" \/>\n<meta name=\"twitter:label1\" content=\"Est. tempo de leitura\" \/>\n\t<meta name=\"twitter:data1\" content=\"2 minutos\" \/>\n<script type=\"application\/ld+json\" class=\"yoast-schema-graph\">{\"@context\":\"https:\/\/schema.org\",\"@graph\":[{\"@type\":\"WebPage\",\"@id\":\"https:\/\/institucional.ufrrj.br\/prefeiturauniversitaria\/itinerario-circular\/\",\"url\":\"https:\/\/institucional.ufrrj.br\/prefeiturauniversitaria\/itinerario-circular\/\",\"name\":\"Itiner\u00e1rio Circular - Prefeitura Universit\u00e1ria\",\"isPartOf\":{\"@id\":\"https:\/\/institucional.ufrrj.br\/prefeiturauniversitaria\/#website\"},\"primaryImageOfPage\":{\"@id\":\"https:\/\/institucional.ufrrj.br\/prefeiturauniversitaria\/itinerario-circular\/#primaryimage\"},\"image\":{\"@id\":\"https:\/\/institucional.ufrrj.br\/prefeiturauniversitaria\/itinerario-circular\/#primaryimage\"},\"thumbnailUrl\":\"https:\/\/institucional.ufrrj.br\/prefeiturauniversitaria\/files\/2025\/09\/prefeitura-ufrrj-13-1024x299.jpg\",\"datePublished\":\"2025-09-23T12:20:43+00:00\",\"dateModified\":\"2025-12-02T15:02:33+00:00\",\"breadcrumb\":{\"@id\":\"https:\/\/institucional.ufrrj.br\/prefeiturauniversitaria\/itinerario-circular\/#breadcrumb\"},\"inLanguage\":\"pt-BR\",\"potentialAction\":[{\"@type\":\"ReadAction\",\"target\":[\"https:\/\/institucional.ufrrj.br\/prefeiturauniversitaria\/itinerario-circular\/\"]}]},{\"@type\":\"ImageObject\",\"inLanguage\":\"pt-BR\",\"@id\":\"https:\/\/institucional.ufrrj.br\/prefeiturauniversitaria\/itinerario-circular\/#primaryimage\",\"url\":\"https:\/\/institucional.ufrrj.br\/prefeiturauniversitaria\/files\/2025\/09\/prefeitura-ufrrj-13.jpg\",\"contentUrl\":\"https:\/\/institucional.ufrrj.br\/prefeiturauniversitaria\/files\/2025\/09\/prefeitura-ufrrj-13.jpg\",\"width\":1200,\"height\":350},{\"@type\":\"BreadcrumbList\",\"@id\":\"https:\/\/institucional.ufrrj.br\/prefeiturauniversitaria\/itinerario-circular\/#breadcrumb\",\"itemListElement\":[{\"@type\":\"ListItem\",\"position\":1,\"name\":\"In\u00edcio\",\"item\":\"https:\/\/institucional.ufrrj.br\/prefeiturauniversitaria\/\"},{\"@type\":\"ListItem\",\"position\":2,\"name\":\"Itiner\u00e1rio Circular\"}]},{\"@type\":\"WebSite\",\"@id\":\"https:\/\/institucional.ufrrj.br\/prefeiturauniversitaria\/#website\",\"url\":\"https:\/\/institucional.ufrrj.br\/prefeiturauniversitaria\/\",\"name\":\"Prefeitura Universit\u00e1ria\",\"description\":\"CAMPUS SEROP\u00c9DICA \u2013 UFRRJ\",\"potentialAction\":[{\"@type\":\"SearchAction\",\"target\":{\"@type\":\"EntryPoint\",\"urlTemplate\":\"https:\/\/institucional.ufrrj.br\/prefeiturauniversitaria\/?s={search_term_string}\"},\"query-input\":{\"@type\":\"PropertyValueSpecification\",\"valueRequired\":true,\"valueName\":\"search_term_string\"}}],\"inLanguage\":\"pt-BR\"}]}<\/script>\n<!-- \/ Yoast SEO plugin. -->","yoast_head_json":{"title":"Itiner\u00e1rio Circular - Prefeitura Universit\u00e1ria","robots":{"index":"index","follow":"follow","max-snippet":"max-snippet:-1","max-image-preview":"max-image-preview:large","max-video-preview":"max-video-preview:-1"},"canonical":"https:\/\/institucional.ufrrj.br\/prefeiturauniversitaria\/itinerario-circular\/","og_locale":"pt_BR","og_type":"article","og_title":"Itiner\u00e1rio Circular - Prefeitura Universit\u00e1ria","og_description":"O \u00f4nibus circular passa por todos os institutos da sede do campus Serop\u00e9dica. Em hor\u00e1rios espec\u00edficos (manh\u00e3, tarde e noite), ... leia mais","og_url":"https:\/\/institucional.ufrrj.br\/prefeiturauniversitaria\/itinerario-circular\/","og_site_name":"Prefeitura Universit\u00e1ria","article_modified_time":"2025-12-02T15:02:33+00:00","og_image":[{"width":1200,"height":350,"url":"https:\/\/institucional.ufrrj.br\/prefeiturauniversitaria\/files\/2025\/09\/prefeitura-ufrrj-13.jpg","type":"image\/jpeg"}],"twitter_card":"summary_large_image","twitter_misc":{"Est. tempo de leitura":"2 minutos"},"schema":{"@context":"https:\/\/schema.org","@graph":[{"@type":"WebPage","@id":"https:\/\/institucional.ufrrj.br\/prefeiturauniversitaria\/itinerario-circular\/","url":"https:\/\/institucional.ufrrj.br\/prefeiturauniversitaria\/itinerario-circular\/","name":"Itiner\u00e1rio Circular - Prefeitura Universit\u00e1ria","isPartOf":{"@id":"https:\/\/institucional.ufrrj.br\/prefeiturauniversitaria\/#website"},"primaryImageOfPage":{"@id":"https:\/\/institucional.ufrrj.br\/prefeiturauniversitaria\/itinerario-circular\/#primaryimage"},"image":{"@id":"https:\/\/institucional.ufrrj.br\/prefeiturauniversitaria\/itinerario-circular\/#primaryimage"},"thumbnailUrl":"https:\/\/institucional.ufrrj.br\/prefeiturauniversitaria\/files\/2025\/09\/prefeitura-ufrrj-13-1024x299.jpg","datePublished":"2025-09-23T12:20:43+00:00","dateModified":"2025-12-02T15:02:33+00:00","breadcrumb":{"@id":"https:\/\/institucional.ufrrj.br\/prefeiturauniversitaria\/itinerario-circular\/#breadcrumb"},"inLanguage":"pt-BR","potentialAction":[{"@type":"ReadAction","target":["https:\/\/institucional.ufrrj.br\/prefeiturauniversitaria\/itinerario-circular\/"]}]},{"@type":"ImageObject","inLanguage":"pt-BR","@id":"https:\/\/institucional.ufrrj.br\/prefeiturauniversitaria\/itinerario-circular\/#primaryimage","url":"https:\/\/institucional.ufrrj.br\/prefeiturauniversitaria\/files\/2025\/09\/prefeitura-ufrrj-13.jpg","contentUrl":"https:\/\/institucional.ufrrj.br\/prefeiturauniversitaria\/files\/2025\/09\/prefeitura-ufrrj-13.jpg","width":1200,"height":350},{"@type":"BreadcrumbList","@id":"https:\/\/institucional.ufrrj.br\/prefeiturauniversitaria\/itinerario-circular\/#breadcrumb","itemListElement":[{"@type":"ListItem","position":1,"name":"In\u00edcio","item":"https:\/\/institucional.ufrrj.br\/prefeiturauniversitaria\/"},{"@type":"ListItem","position":2,"name":"Itiner\u00e1rio Circular"}]},{"@type":"WebSite","@id":"https:\/\/institucional.ufrrj.br\/prefeiturauniversitaria\/#website","url":"https:\/\/institucional.ufrrj.br\/prefeiturauniversitaria\/","name":"Prefeitura Universit\u00e1ria","description":"CAMPUS SEROP\u00c9DICA \u2013 UFRRJ","potentialAction":[{"@type":"SearchAction","target":{"@type":"EntryPoint","urlTemplate":"https:\/\/institucional.ufrrj.br\/prefeiturauniversitaria\/?s={search_term_string}"},"query-input":{"@type":"PropertyValueSpecification","valueRequired":true,"valueName":"search_term_string"}}],"inLanguage":"pt-BR"}]}},"acf":[],"_links":{"self":[{"href":"https:\/\/institucional.ufrrj.br\/prefeiturauniversitaria\/wp-json\/wp\/v2\/pages\/1002","targetHints":{"allow":["GET"]}}],"collection":[{"href":"https:\/\/institucional.ufrrj.br\/prefeiturauniversitaria\/wp-json\/wp\/v2\/pages"}],"about":[{"href":"https:\/\/institucional.ufrrj.br\/prefeiturauniversitaria\/wp-json\/wp\/v2\/types\/page"}],"author":[{"embeddable":true,"href":"https:\/\/institucional.ufrrj.br\/prefeiturauniversitaria\/wp-json\/wp\/v2\/users\/835"}],"replies":[{"embeddable":true,"href":"https:\/\/institucional.ufrrj.br\/prefeiturauniversitaria\/wp-json\/wp\/v2\/comments?post=1002"}],"version-history":[{"count":1,"href":"https:\/\/institucional.ufrrj.br\/prefeiturauniversitaria\/wp-json\/wp\/v2\/pages\/1002\/revisions"}],"predecessor-version":[{"id":1336,"href":"https:\/\/institucional.ufrrj.br\/prefeiturauniversitaria\/wp-json\/wp\/v2\/pages\/1002\/revisions\/1336"}],"wp:attachment":[{"href":"https:\/\/institucional.ufrrj.br\/prefeiturauniversitaria\/wp-json\/wp\/v2\/media?parent=1002"}],"curies":[{"name":"wp","href":"https:\/\/api.w.org\/{rel}","templated":true}]}}