{"id":688,"date":"2011-09-05T16:03:36","date_gmt":"2011-09-05T16:03:36","guid":{"rendered":"http:\/\/r1.ufrrj.br\/cpda\/?page_id=688"},"modified":"2018-09-04T17:35:19","modified_gmt":"2018-09-04T20:35:19","slug":"dissertacoes-mestrado-2005","status":"publish","type":"page","link":"https:\/\/institucional.ufrrj.br\/portalcpda\/dissertacoes-mestrado-2005\/","title":{"rendered":"Disserta\u00e7\u00f5es Mestrado 2005"},"content":{"rendered":"<p>&nbsp;<\/p>\n<p><strong>MARIA HELENA ALVES SILVA<br \/>\n<a href=\"https:\/\/institucional.ufrrj.br\/portalcpda\/files\/2018\/09\/2005-Maria-Helena-Silva.pdf\" target=\"_blank\" rel=\"noopener\">Participa\u00e7\u00e3o Social e desenvolvimento local: o caso dos agricultores familiares de Berilo \u2013 Vale do Jequitinhonha, Minas Gerais<\/a><\/strong><\/p>\n<p>Defesa: 22\/02\/2005<br \/>\nOrientador: Peter Herman May (CPDA\/UFRRJ)<\/p>\n<p>&nbsp;<\/p>\n<hr \/>\n<p><strong>MAUR\u00cdLIO LIMA BOTELHO<br \/>\nA rela\u00e7\u00e3o campo-cidade em \u201cO Capital\u201d de Marx: Um estudo dial\u00e9tico<\/strong><\/p>\n<p>Defesa: 24\/02\/2005<br \/>\nOrientador: Roberto Jos\u00e9 Moreira (CPDA\/UFRRJ)<\/p>\n<p>&nbsp;<\/p>\n<hr \/>\n<p><strong>ANDR\u00c9 KUHN RAUPP<br \/>\nPol\u00edticas p\u00fablicas e agroind\u00fastrias de pequeno porte da agricultura familiar em considera\u00e7\u00f5es a partir de experi\u00eancia no Rio Grande do Sul<\/strong><\/p>\n<p>Defesa: 29\/04\/2005<br \/>\nOrientador: John Wilkinson (CPDA\/UFRRJ)<\/p>\n<p>&nbsp;<\/p>\n<hr \/>\n<p><strong>MANOEL VIEIRA GOMES JUNIOR<br \/>\nO espa\u00e7o cai\u00e7ara e o dom da terra. Um estudo s\u00f3cio espacial da Praia Grande da Caja\u00edba\/Reserva Ecol\u00f3gica da Juatinga-RJ<\/strong><\/p>\n<p>Defesa: 31\/05\/2005<br \/>\nOrientadora: Eli de F\u00e1tima Napole\u00e3o de Lima (CPDA\/UFRRJ)<\/p>\n<p>&nbsp;<\/p>\n<hr \/>\n<p><strong>PABLO DE LAS TORRES SPINELLI FONSECA<br \/>\n<a href=\"https:\/\/institucional.ufrrj.br\/portalcpda\/files\/2018\/09\/2005-Pablo-Spinelli-Vers\u00fao-Maio-2007-Definitiva.pdf\" target=\"_blank\" rel=\"noopener\">Jorge Amado Constituinte &amp; Literato<\/a><\/strong><\/p>\n<p>Defesa: 08\/06\/2005<br \/>\nOrientadora: Eli de F\u00e1tima Napole\u00e3o de Lima (CPDA\/UFRRJ)<\/p>\n<p>&nbsp;<\/p>\n<hr \/>\n<p><strong>JOANA FILIPA DIAS VIL\u00c3O DA ROCHA DIAS<br \/>\n<a href=\"https:\/\/institucional.ufrrj.br\/portalcpda\/files\/2018\/08\/2005.disserta\u00ba\u00fao.joana_dias.pdf\" target=\"_blank\" rel=\"noopener\">A Constru\u00e7\u00e3o Institucional da Qualidade em Produtos Tradicionais<\/a><\/strong><\/p>\n<p>Defesa: 29\/07\/2005<br \/>\nOrientador: John Wilkinson (CPDA\/UFRRJ)<\/p>\n<p>&nbsp;<\/p>\n<hr \/>\n<p><strong>SALOM\u00c9 LIMA FERREIRA<br \/>\n<a href=\"https:\/\/institucional.ufrrj.br\/portalcpda\/files\/2018\/08\/2005.disserta\u00ba\u00fao.salome_lima_ferreira.pdf\" target=\"_blank\" rel=\"noopener\">Lideran\u00e7a religiosa e lideran\u00e7a pol\u00edtica em um assentamento rural<\/a><\/strong><\/p>\n<p>Defesa: 17\/08\/2005<br \/>\nOrientador: John Comerford (CPDA\/UFRRJ)<\/p>\n<p>&nbsp;<\/p>\n<hr \/>\n<p><strong>DELUCIANA SOFIATTI<br \/>\n<a href=\"https:\/\/institucional.ufrrj.br\/portalcpda\/files\/2018\/08\/2005.disserta\u00ba\u00fao.deluciana_sofiatti.pdf\" target=\"_blank\" rel=\"noopener\">Os espa\u00e7os p\u00fablicos de participa\u00e7\u00e3o na elabora\u00e7\u00e3o de pol\u00edticas p\u00fablicas: O caso do Conselho Estadual de Seguran\u00e7a Alimentar do Rio de Janeiro<\/a><\/strong><\/p>\n<p>Defesa: 22\/08\/2005<br \/>\nOrientador: Nelson Giordano Delgado (CPDA\/UFRRJ)<\/p>\n<p>&nbsp;<\/p>\n<hr \/>\n<p><strong>HENRIQUE CAMPOS MOREIRA ROSA<br \/>\n<a href=\"https:\/\/institucional.ufrrj.br\/portalcpda\/files\/2018\/09\/2005-Henrique-Campos.pdf\" target=\"_blank\" rel=\"noopener\">Atores e interesses que articulam as transforma\u00e7\u00f5es s\u00f3cio-espaciais de uma localidade cai\u00e7ara: o caso de Pouso do Caja\u00edba no litoral sul fluminense<\/a><\/strong><\/p>\n<p>Defesa: 24\/08\/2005<br \/>\nOrientador: Nelson Giordano Delgado (CPDA\/UFRRJ)<\/p>\n<p>&nbsp;<\/p>\n<hr \/>\n<p><strong>JULIANA SIM\u00d5ES SPERANZA<br \/>\n<a href=\"https:\/\/institucional.ufrrj.br\/portalcpda\/files\/2018\/08\/2005.disserta\u00ba\u00fao.juliana_simoes_speranza.pdf\" target=\"_blank\" rel=\"noopener\">Desenvolvimento local. Aproxima\u00e7\u00f5es entre o Banco Mundial e o debate brasileiro: limites ou possibilidades?<\/a><\/strong><\/p>\n<p>Defesa: 26\/08\/2005<br \/>\nOrientador: Nelson Giordano Delgado (CPDA\/UFRRJ)<\/p>\n<p>&nbsp;<\/p>\n<hr \/>\n<p><strong>VIVIAN BRAGA DE OLIVEIRA MIELNICZUK<br \/>\n<a href=\"https:\/\/institucional.ufrrj.br\/portalcpda\/files\/2018\/08\/2005.disserta\u00ba\u00fao.vivian_braga.pdf\" target=\"_blank\" rel=\"noopener\">Gosto ou necessidade? Os significativos da alimenta\u00e7\u00e3o escolar no munic\u00edpio do Rio de Janeiro<\/a><\/strong><\/p>\n<p>Defesa: 29\/08\/2005<br \/>\nOrientadora: Maria Jos\u00e9 Teixeira Carneiro (CPDA\/UFRRJ)<\/p>\n<p>&nbsp;<\/p>\n<hr \/>\n<p><strong>GABRIELLE MACHADO PIMENTEL<br \/>\n<a href=\"https:\/\/institucional.ufrrj.br\/portalcpda\/files\/2018\/08\/2005.disserta\u00ba\u00fao.gabrielle_pimentel.pdf\" target=\"_blank\" rel=\"noopener\">A Atua\u00e7\u00e3o do grande varejo na constru\u00e7\u00e3o social da demanda de produtos org\u00e2nicos: O caso P\u00e3o de A\u00e7\u00facar na cadeia de frutas, legumes e verduras org\u00e2nicos na cidade de S\u00e3o Paulo<\/a><\/strong><\/p>\n<p>Defesa: 29\/08\/2005<br \/>\nOrientador: John Wilkinson (CPDA\/UFRRJ)<\/p>\n<p>&nbsp;<\/p>\n<hr \/>\n<p><strong>NARA N\u00daBIA DE MOURA<br \/>\nPercep\u00e7\u00e3o de risco do uso de agrot\u00f3xicos: o caso dos produtores de S\u00e3o Jos\u00e9 de Ub\u00e1\/RJ<\/strong><\/p>\n<p>Defesa: 30\/08\/2005<br \/>\nOrientador: Peter Herman May (CPDA\/UFRRJ)<\/p>\n<p>&nbsp;<\/p>\n<hr \/>\n<p><strong>MAUR\u00cdCIO MARTINS DE OLIVEIRA<br \/>\n<a href=\"https:\/\/institucional.ufrrj.br\/portalcpda\/files\/2018\/08\/2005.disserta\u00ba\u00fao.mauricio_martins-de-oliveira.pdf\" target=\"_blank\" rel=\"noopener\">Do Rio a Maric\u00e1: estrat\u00e9gia e experi\u00eancia do \u00eaxodo urbano no Estado do Rio de Janeiro<\/a><\/strong><\/p>\n<p>Defesa: 31\/08\/2005<br \/>\nOrientador: Luiz Fl\u00e1vio de Carvalho Costa (CPDA\/UFRRJ)<\/p>\n<p>&nbsp;<\/p>\n<hr \/>\n<p><strong>RITA ARA\u00daJO COSENZA<br \/>\n<a href=\"https:\/\/institucional.ufrrj.br\/portalcpda\/files\/2018\/08\/2005.disserta\u00ba\u00fao.rita_de_cassia_cosenza.pdf\" target=\"_blank\" rel=\"noopener\">Das Matas \u00e0 Vila: mudan\u00e7as no processo de trabalho e forma\u00e7\u00e3o do assalariado florestal. Um estudo de caso em Baixa Verde, Minas Gerais<\/a><\/strong><\/p>\n<p>Defesa: 06\/09\/2005<br \/>\nOrientadora: Leonilde S\u00e9rvolo de Medeiros (CPDA\/UFRRJ)<\/p>\n<p>&nbsp;<\/p>\n<hr \/>\n<p><strong>FAGNER MOURA DA COSTA<br \/>\n<a href=\"https:\/\/institucional.ufrrj.br\/portalcpda\/files\/2018\/08\/2005.disserta\u00ba\u00fao.fagner_moura.pdf\" target=\"_blank\" rel=\"noopener\">O Plano Municipal de Desenvolvimento Rural do Munic\u00edpio de Porci\u00fancula (RJ) e as contribui\u00e7\u00f5es do enfoque da multifuncionalidade da agricultura<\/a><\/strong><\/p>\n<p>Defesa: 29\/09\/2005<br \/>\nOrientador: Renato S. Maluf (CPDA\/UFRRJ)<\/p>\n<p>&nbsp;<\/p>\n<hr \/>\n<p><strong>CLOVIOMAR CARARINE PEREIRA<br \/>\n<a href=\"https:\/\/institucional.ufrrj.br\/portalcpda\/files\/2018\/08\/2005.disserta\u00ba\u00fao.cloviomar-pereira.pdf\" target=\"_blank\" rel=\"noopener\">Devo n\u00e3o nego, pago quando puder: entendendo a inadimpl\u00eancia no assentamento Rural Casa Altas, Serop\u00e9dica (RJ)<\/a><\/strong><\/p>\n<p>Defesa: 29\/11\/2005<br \/>\nOrientadora: Regina \u00c2ngela Landim Bruno (CPDA\/UFRRJ)<\/p>\n<p>&nbsp;<\/p>\n<hr \/>\n<p><strong>CAMILA MORENO<br \/>\n<a href=\"https:\/\/institucional.ufrrj.br\/portalcpda\/files\/2018\/09\/2005-camila-moreno.pdf\" target=\"_blank\" rel=\"noopener\">Marx visita a Monsanto: para pensar a quest\u00e3o agr\u00e1ria no s\u00e9culo XXI<\/a><\/strong><\/p>\n<p>Defesa: 07\/12\/2005<br \/>\nOrientador: H\u00e9ctor Alimonda (CPDA\/UFRRJ)<\/p>\n<p>&nbsp;<\/p>\n<hr \/>\n<p><strong>CARMEN VER\u00d4NICA DOS SANTOS CASTRO<br \/>\n<a href=\"https:\/\/institucional.ufrrj.br\/portalcpda\/files\/2018\/08\/2005.disserta\u00ba\u00fao.carmen_veronica_dos_santos-castro.pdf\" target=\"_blank\" rel=\"noopener\">A m\u00edstica de tornar-se jovem no MST &#8211; a experi\u00eancia do I Curso de Realidade Brasileira para jovens do meio rural (1999)<\/a><\/strong><\/p>\n<p>Defesa: 19\/12\/2005<br \/>\nOrientadora: Regina \u00c2ngela Landim Bruno (CPDA\/UFRRJ)<\/p>\n<p>&nbsp;<\/p>\n<p>&nbsp;<\/p>\n","protected":false},"excerpt":{"rendered":"<p>&nbsp; MARIA HELENA ALVES SILVA Participa\u00e7\u00e3o Social e desenvolvimento local: o caso dos agricultores familiares de Berilo \u2013 Vale do <a class=\"read-more\" href=\"https:\/\/institucional.ufrrj.br\/portalcpda\/dissertacoes-mestrado-2005\/ \" >&#8230; <span class=\"font-italic\">leia mais <i class=\"fas fa-angle-right\"><\/i><\/span><\/a><\/p>\n","protected":false},"author":634,"featured_media":0,"parent":0,"menu_order":0,"comment_status":"open","ping_status":"open","template":"","meta":{"_acf_changed":false,"footnotes":""},"class_list":["post-688","page","type-page","status-publish","hentry"],"acf":[],"_links":{"self":[{"href":"https:\/\/institucional.ufrrj.br\/portalcpda\/wp-json\/wp\/v2\/pages\/688","targetHints":{"allow":["GET"]}}],"collection":[{"href":"https:\/\/institucional.ufrrj.br\/portalcpda\/wp-json\/wp\/v2\/pages"}],"about":[{"href":"https:\/\/institucional.ufrrj.br\/portalcpda\/wp-json\/wp\/v2\/types\/page"}],"author":[{"embeddable":true,"href":"https:\/\/institucional.ufrrj.br\/portalcpda\/wp-json\/wp\/v2\/users\/634"}],"replies":[{"embeddable":true,"href":"https:\/\/institucional.ufrrj.br\/portalcpda\/wp-json\/wp\/v2\/comments?post=688"}],"version-history":[{"count":20,"href":"https:\/\/institucional.ufrrj.br\/portalcpda\/wp-json\/wp\/v2\/pages\/688\/revisions"}],"predecessor-version":[{"id":15842,"href":"https:\/\/institucional.ufrrj.br\/portalcpda\/wp-json\/wp\/v2\/pages\/688\/revisions\/15842"}],"wp:attachment":[{"href":"https:\/\/institucional.ufrrj.br\/portalcpda\/wp-json\/wp\/v2\/media?parent=688"}],"curies":[{"name":"wp","href":"https:\/\/api.w.org\/{rel}","templated":true}]}}