{"id":113,"date":"2011-07-05T17:55:36","date_gmt":"2011-07-05T17:55:36","guid":{"rendered":"http:\/\/r1.ufrrj.br\/cpda\/?page_id=113"},"modified":"2018-06-29T16:15:28","modified_gmt":"2018-06-29T19:15:28","slug":"teoria-politica","status":"publish","type":"page","link":"https:\/\/institucional.ufrrj.br\/portalcpda\/teoria-politica\/","title":{"rendered":"Teoria pol\u00edtica"},"content":{"rendered":"<p style=\"text-align: justify\">IH 1517<\/p>\n<p style=\"text-align: justify\">Disciplina fundamental do Mestrado<br \/>\nN\u00famero de cr\u00e9ditos: 3<br \/>\nHoras aula: 4 (2 te\u00f3ricas e 2 pr\u00e1ticas)<br \/>\nProfessores respons\u00e1veis: John Comerford<\/p>\n<p style=\"text-align: justify\"><strong>Objetivo<\/strong><\/p>\n<p style=\"text-align: justify\">Esta disciplina se prop\u00f5e discutir elabora\u00e7\u00f5es           te\u00f3ricas vinculadas com as formula\u00e7\u00f5es estrat\u00e9gicas           de poder em rela\u00e7\u00e3o \u00e0s dimens\u00f5es discursivas         da realidade social.<\/p>\n<p style=\"text-align: justify\">&nbsp;<\/p>\n<p style=\"text-align: justify\"><strong>Ementa <\/strong><\/p>\n<p style=\"text-align: justify\">An\u00e1lises de forma\u00e7\u00e3o de hegemonias e de propostas           alternativas, dos dispositivos de enuncia\u00e7\u00e3o e de produ\u00e7\u00e3o           de significa\u00e7\u00f5es, incluindo os visuais, e de toda a s\u00e9rie           de pr\u00e1ticas e opera\u00e7\u00f5es discursivas que constituem           a identidade dos atores sociais. Conceitos de poder e domina\u00e7\u00e3o           e a import\u00e2ncia desses conceitos para analisar a atividade pol\u00edtica           em diferentes contextos sociais e hist\u00f3ricos, bem como as diferentes           representa\u00e7\u00f5es a respeito da pol\u00edtica. Processos           e atores sociais e pol\u00edticos vinculados com pr\u00e1ticas           de apropria\u00e7\u00e3o e controle da Natureza, bem como \u00e0 dimens\u00e3o           simb\u00f3lica do poder e suas modalidades de constru\u00e7\u00e3o           atrav\u00e9s da mobiliza\u00e7\u00e3o e envolvimento de redes         e grupos sociais em dramas e rituais concebidos como pol\u00edticos.<\/p>\n<p style=\"text-align: justify\"><strong>Bibliografia<\/strong><\/p>\n<p style=\"text-align: justify\">LACLAU Ernesto e MOUFFE, Chantal Hegemonia y estrategia socialista             (para una radicalizaci\u00f3n de la democracia). M\u00e9xico:             Siglo XXI ,1985. ESCOBAR, Arturo El final del salvaje (Naturaleza, cultura y pol\u00edtica           en la antropolog\u00eda contempor\u00e1nea). Santaf\u00e9 de           Bogot\u00e1: Ican\/Serec, 1999. ALTVATER, Elmar. O Pre\u00e7o da Riqueza. S\u00e3o Paulo: Unesp,           1995. WEBER, Max. Economy and society. University of California Press, 1978<br \/>\nFOUCAULT, Michel. Microf\u00edsica do poder, Rio de Janeiro: Graal,           1979<br \/>\nBOURDIEU, Pierre. O poder simb\u00f3lico. Lisboa: Difel, 1989<br \/>\nGEERTZ, Clifford. Negara. The theatre State in nineteenth century:Bali. Princeton: Princeton University Press, 1980<\/p>\n","protected":false},"excerpt":{"rendered":"<p>IH 1517 Disciplina fundamental do Mestrado N\u00famero de cr\u00e9ditos: 3 Horas aula: 4 (2 te\u00f3ricas e 2 pr\u00e1ticas) Professores respons\u00e1veis: <a class=\"read-more\" href=\"https:\/\/institucional.ufrrj.br\/portalcpda\/teoria-politica\/ \" >&#8230; <span class=\"font-italic\">leia mais <i class=\"fas fa-angle-right\"><\/i><\/span><\/a><\/p>\n","protected":false},"author":634,"featured_media":0,"parent":0,"menu_order":0,"comment_status":"open","ping_status":"open","template":"","meta":{"_acf_changed":false,"footnotes":""},"class_list":["post-113","page","type-page","status-publish","hentry"],"yoast_head":"<!-- This site is optimized with the Yoast SEO plugin v27.2 - https:\/\/yoast.com\/product\/yoast-seo-wordpress\/ -->\n<title>Teoria pol\u00edtica - CPDA<\/title>\n<meta name=\"robots\" content=\"index, follow, max-snippet:-1, max-image-preview:large, max-video-preview:-1\" \/>\n<link rel=\"canonical\" href=\"https:\/\/institucional.ufrrj.br\/portalcpda\/teoria-politica\/\" \/>\n<meta property=\"og:locale\" content=\"pt_BR\" \/>\n<meta property=\"og:type\" content=\"article\" \/>\n<meta property=\"og:title\" content=\"Teoria pol\u00edtica - CPDA\" \/>\n<meta property=\"og:description\" content=\"IH 1517 Disciplina fundamental do Mestrado N\u00famero de cr\u00e9ditos: 3 Horas aula: 4 (2 te\u00f3ricas e 2 pr\u00e1ticas) Professores respons\u00e1veis: ... leia mais\" \/>\n<meta property=\"og:url\" content=\"https:\/\/institucional.ufrrj.br\/portalcpda\/teoria-politica\/\" \/>\n<meta property=\"og:site_name\" content=\"CPDA\" \/>\n<meta property=\"article:modified_time\" content=\"2018-06-29T19:15:28+00:00\" \/>\n<meta name=\"twitter:card\" content=\"summary_large_image\" \/>\n<meta name=\"twitter:label1\" content=\"Est. tempo de leitura\" \/>\n\t<meta name=\"twitter:data1\" content=\"1 minuto\" \/>\n<script type=\"application\/ld+json\" class=\"yoast-schema-graph\">{\"@context\":\"https:\/\/schema.org\",\"@graph\":[{\"@type\":\"WebPage\",\"@id\":\"https:\/\/institucional.ufrrj.br\/portalcpda\/teoria-politica\/\",\"url\":\"https:\/\/institucional.ufrrj.br\/portalcpda\/teoria-politica\/\",\"name\":\"Teoria pol\u00edtica - CPDA\",\"isPartOf\":{\"@id\":\"https:\/\/institucional.ufrrj.br\/portalcpda\/#website\"},\"datePublished\":\"2011-07-05T17:55:36+00:00\",\"dateModified\":\"2018-06-29T19:15:28+00:00\",\"breadcrumb\":{\"@id\":\"https:\/\/institucional.ufrrj.br\/portalcpda\/teoria-politica\/#breadcrumb\"},\"inLanguage\":\"pt-BR\",\"potentialAction\":[{\"@type\":\"ReadAction\",\"target\":[\"https:\/\/institucional.ufrrj.br\/portalcpda\/teoria-politica\/\"]}]},{\"@type\":\"BreadcrumbList\",\"@id\":\"https:\/\/institucional.ufrrj.br\/portalcpda\/teoria-politica\/#breadcrumb\",\"itemListElement\":[{\"@type\":\"ListItem\",\"position\":1,\"name\":\"In\u00edcio\",\"item\":\"https:\/\/institucional.ufrrj.br\/portalcpda\/\"},{\"@type\":\"ListItem\",\"position\":2,\"name\":\"Teoria pol\u00edtica\"}]},{\"@type\":\"WebSite\",\"@id\":\"https:\/\/institucional.ufrrj.br\/portalcpda\/#website\",\"url\":\"https:\/\/institucional.ufrrj.br\/portalcpda\/\",\"name\":\"CPDA\",\"description\":\"institucional.ufrrj.br\",\"potentialAction\":[{\"@type\":\"SearchAction\",\"target\":{\"@type\":\"EntryPoint\",\"urlTemplate\":\"https:\/\/institucional.ufrrj.br\/portalcpda\/?s={search_term_string}\"},\"query-input\":{\"@type\":\"PropertyValueSpecification\",\"valueRequired\":true,\"valueName\":\"search_term_string\"}}],\"inLanguage\":\"pt-BR\"}]}<\/script>\n<!-- \/ Yoast SEO plugin. -->","yoast_head_json":{"title":"Teoria pol\u00edtica - CPDA","robots":{"index":"index","follow":"follow","max-snippet":"max-snippet:-1","max-image-preview":"max-image-preview:large","max-video-preview":"max-video-preview:-1"},"canonical":"https:\/\/institucional.ufrrj.br\/portalcpda\/teoria-politica\/","og_locale":"pt_BR","og_type":"article","og_title":"Teoria pol\u00edtica - CPDA","og_description":"IH 1517 Disciplina fundamental do Mestrado N\u00famero de cr\u00e9ditos: 3 Horas aula: 4 (2 te\u00f3ricas e 2 pr\u00e1ticas) Professores respons\u00e1veis: ... leia mais","og_url":"https:\/\/institucional.ufrrj.br\/portalcpda\/teoria-politica\/","og_site_name":"CPDA","article_modified_time":"2018-06-29T19:15:28+00:00","twitter_card":"summary_large_image","twitter_misc":{"Est. tempo de leitura":"1 minuto"},"schema":{"@context":"https:\/\/schema.org","@graph":[{"@type":"WebPage","@id":"https:\/\/institucional.ufrrj.br\/portalcpda\/teoria-politica\/","url":"https:\/\/institucional.ufrrj.br\/portalcpda\/teoria-politica\/","name":"Teoria pol\u00edtica - CPDA","isPartOf":{"@id":"https:\/\/institucional.ufrrj.br\/portalcpda\/#website"},"datePublished":"2011-07-05T17:55:36+00:00","dateModified":"2018-06-29T19:15:28+00:00","breadcrumb":{"@id":"https:\/\/institucional.ufrrj.br\/portalcpda\/teoria-politica\/#breadcrumb"},"inLanguage":"pt-BR","potentialAction":[{"@type":"ReadAction","target":["https:\/\/institucional.ufrrj.br\/portalcpda\/teoria-politica\/"]}]},{"@type":"BreadcrumbList","@id":"https:\/\/institucional.ufrrj.br\/portalcpda\/teoria-politica\/#breadcrumb","itemListElement":[{"@type":"ListItem","position":1,"name":"In\u00edcio","item":"https:\/\/institucional.ufrrj.br\/portalcpda\/"},{"@type":"ListItem","position":2,"name":"Teoria pol\u00edtica"}]},{"@type":"WebSite","@id":"https:\/\/institucional.ufrrj.br\/portalcpda\/#website","url":"https:\/\/institucional.ufrrj.br\/portalcpda\/","name":"CPDA","description":"institucional.ufrrj.br","potentialAction":[{"@type":"SearchAction","target":{"@type":"EntryPoint","urlTemplate":"https:\/\/institucional.ufrrj.br\/portalcpda\/?s={search_term_string}"},"query-input":{"@type":"PropertyValueSpecification","valueRequired":true,"valueName":"search_term_string"}}],"inLanguage":"pt-BR"}]}},"acf":[],"_links":{"self":[{"href":"https:\/\/institucional.ufrrj.br\/portalcpda\/wp-json\/wp\/v2\/pages\/113","targetHints":{"allow":["GET"]}}],"collection":[{"href":"https:\/\/institucional.ufrrj.br\/portalcpda\/wp-json\/wp\/v2\/pages"}],"about":[{"href":"https:\/\/institucional.ufrrj.br\/portalcpda\/wp-json\/wp\/v2\/types\/page"}],"author":[{"embeddable":true,"href":"https:\/\/institucional.ufrrj.br\/portalcpda\/wp-json\/wp\/v2\/users\/634"}],"replies":[{"embeddable":true,"href":"https:\/\/institucional.ufrrj.br\/portalcpda\/wp-json\/wp\/v2\/comments?post=113"}],"version-history":[{"count":1,"href":"https:\/\/institucional.ufrrj.br\/portalcpda\/wp-json\/wp\/v2\/pages\/113\/revisions"}],"predecessor-version":[{"id":14449,"href":"https:\/\/institucional.ufrrj.br\/portalcpda\/wp-json\/wp\/v2\/pages\/113\/revisions\/14449"}],"wp:attachment":[{"href":"https:\/\/institucional.ufrrj.br\/portalcpda\/wp-json\/wp\/v2\/media?parent=113"}],"curies":[{"name":"wp","href":"https:\/\/api.w.org\/{rel}","templated":true}]}}