{"id":1116,"date":"2019-09-06T20:57:04","date_gmt":"2019-09-06T23:57:04","guid":{"rendered":"http:\/\/institucional.ufrrj.br\/fazendinha\/?page_id=1116"},"modified":"2019-11-19T20:02:45","modified_gmt":"2019-11-19T23:02:45","slug":"producao-de-hortalicas-e-frutas","status":"publish","type":"page","link":"https:\/\/institucional.ufrrj.br\/fazendinha\/producao-de-hortalicas-e-frutas\/","title":{"rendered":"M\u00f3dulo de produ\u00e7\u00e3o intensiva de hortali\u00e7as org\u00e2nicas"},"content":{"rendered":"<div id=\"attachment_501\" style=\"width: 650px\" class=\"wp-caption aligncenter\"><img loading=\"lazy\" decoding=\"async\" aria-describedby=\"caption-attachment-501\" class=\"wp-image-501 size-full\" src=\"https:\/\/institucional.ufrrj.br\/fazendinha\/files\/2019\/05\/article2.jpg\" alt=\"\" width=\"640\" height=\"480\" srcset=\"https:\/\/institucional.ufrrj.br\/fazendinha\/files\/2019\/05\/article2.jpg 640w, https:\/\/institucional.ufrrj.br\/fazendinha\/files\/2019\/05\/article2-300x225.jpg 300w\" sizes=\"auto, (max-width: 640px) 100vw, 640px\" \/><p id=\"caption-attachment-501\" class=\"wp-caption-text\">M\u00f3dulo de produ\u00e7\u00e3o intensiva de hortali\u00e7as org\u00e2nicas na Fazendinha Agroecol\u00f3gica Km 47.<\/p><\/div>\n<p>O m\u00f3dulo destinado ao cultivo org\u00e2nico intensivo de hortali\u00e7as busca gerar bases tecnol\u00f3gicas para agricultores que n\u00e3o t\u00eam acesso ao emprego de estercos para fertiliza\u00e7\u00e3o das culturas. S\u00e3o monitorados aspectos sobre as caracter\u00edsticas do solo, as t\u00e9cnicas de cultivo das hortali\u00e7as, os custos monet\u00e1rios da produ\u00e7\u00e3o e o balan\u00e7o de nutrientes.<\/p>\n<p>O sistema tem como princ\u00edpio o cultivo de esp\u00e9cies destinadas \u00e0 produ\u00e7\u00e3o de biomassa &#8211; tanto para obten\u00e7\u00e3o de material vegetal para forma\u00e7\u00e3o de cobertura morta quanto para a aduba\u00e7\u00e3o verde e o emprego de adubos org\u00e2nicos vegetais.<\/p>\n<p>A aduba\u00e7\u00e3o verde feita com leguminosas anuais, como a mucuna, o feij\u00e3o-de-porco e a crotal\u00e1ria, \u00e9 introduzida no per\u00edodo de primavera-ver\u00e3o, na forma de cons\u00f3rcio, principalmente junto ao milho, ou em \u00e1reas mantidas sob pousio. O sistema de produ\u00e7\u00e3o \u00e9 diversificado e compreende o cultivo de cerca de 20 esp\u00e9cies de hortali\u00e7as ao longo do ano, sobretudo o grupo das folhosas.<\/p>\n<p>Para fertiliza\u00e7\u00e3o dos canteiros, utiliza-se o adubo org\u00e2nico Bokashi que \u00e9 um produto agr\u00edcola de baixo custo, de f\u00e1cil fabrica\u00e7\u00e3o e n\u00e3o agressivo ao meio ambiente,\u00a0 obtido a partir de uma mistura vegetal fermentada com microrganismos eficazes anaer\u00f3bicos. O Bokashi promove o equil\u00edbrio biol\u00f3gico do solo, que por sua vez, melhora as condi\u00e7\u00f5es f\u00edsicas (proporcionando a forma\u00e7\u00e3o de agregados com melhoria na estrutura do solo), qu\u00edmicas (diminuindo as perdas por lixivia\u00e7\u00e3o e promovendo maior disponibiliza\u00e7\u00e3o de nutrientes a partir da fermenta\u00e7\u00e3o da mat\u00e9ria org\u00e2nica) e sanit\u00e1rias (diminui\u00e7\u00e3o das popula\u00e7\u00f5es de fitopat\u00f3genos do solo).<\/p>\n<div id=\"attachment_624\" style=\"width: 791px\" class=\"wp-caption aligncenter\"><img loading=\"lazy\" decoding=\"async\" aria-describedby=\"caption-attachment-624\" class=\"wp-image-624 size-full\" src=\"https:\/\/institucional.ufrrj.br\/fazendinha\/files\/2019\/05\/BOKASHI-ENOK.png\" alt=\"\" width=\"781\" height=\"569\" srcset=\"https:\/\/institucional.ufrrj.br\/fazendinha\/files\/2019\/05\/BOKASHI-ENOK.png 781w, https:\/\/institucional.ufrrj.br\/fazendinha\/files\/2019\/05\/BOKASHI-ENOK-300x219.png 300w, https:\/\/institucional.ufrrj.br\/fazendinha\/files\/2019\/05\/BOKASHI-ENOK-768x560.png 768w\" sizes=\"auto, (max-width: 781px) 100vw, 781px\" \/><p id=\"caption-attachment-624\" class=\"wp-caption-text\">Produ\u00e7\u00e3o de Bokashi na Fazendinha Agroecol\u00f3gica km 47.<\/p><\/div>\n<p><a href=\"https:\/\/institucional.ufrrj.br\/fazendinha\/sistema-de-producao-de-mudas\/\" target=\"_blank\" rel=\"noopener noreferrer\">As mudas<\/a> utilizadas no m\u00f3dulo s\u00e3o produzidas na Fazendinha a partir da vermicompostagem do esterco dos bovinos.<\/p>\n<p>No m\u00f3dulo utiliza-se cobertura morta, a partir da compostagem de materiais como a palhada de leguminosas (<em>Gliricidia sepium<\/em>) e de capim-elefante (<em>Pennisetum purpureum<\/em>), materiais ricos em nitrog\u00eanio\u00a0 e carbono, respectivamente. Ap\u00f3s 90 dias, o material \u00e9 usado como cobertura vegetal\u00a0 (mulching) nos canteiros.<\/p>\n<p>Para saber mais:<\/p>\n<p><a href=\"http:\/\/www.ia.ufrrj.br\/cpacs\/arquivos\/teses_dissert\/318_(ME-2012)_Maria_Gabriela_Ferreira_da_Mata.pdf\" target=\"_blank\" rel=\"noopener noreferrer\">MATA, M. G.F. Qualidade do solo e avalia\u00e7\u00e3o microecon\u00f4mica de um modelo experimental de produ\u00e7\u00e3o org\u00e2nica de hortali\u00e7as.<\/a><\/p>\n<p><a href=\"\/Users\/Anelise\/Downloads\/19430-1-86783-1-10-20180122%20(2).pdf\" target=\"_blank\" rel=\"noopener noreferrer\">PIAN, L.B. et al. Atributos do solo em um m\u00f3dulo de cultivo intensivo de hortali\u00e7as org\u00e2nicas.\u00a0<\/a><\/p>\n<p>&nbsp;<\/p>\n<hr \/>\n<p>&nbsp;<\/p>\n<p>&nbsp;<\/p>\n","protected":false},"excerpt":{"rendered":"<p>O m\u00f3dulo destinado ao cultivo org\u00e2nico intensivo de hortali\u00e7as busca gerar bases tecnol\u00f3gicas para agricultores que n\u00e3o t\u00eam acesso ao <a class=\"read-more\" href=\"https:\/\/institucional.ufrrj.br\/fazendinha\/producao-de-hortalicas-e-frutas\/ \" >&#8230; <span class=\"font-italic\">leia mais <i class=\"fas fa-angle-right\"><\/i><\/span><\/a><\/p>\n","protected":false},"author":743,"featured_media":0,"parent":0,"menu_order":0,"comment_status":"closed","ping_status":"closed","template":"","meta":{"_acf_changed":false,"footnotes":""},"class_list":["post-1116","page","type-page","status-publish","hentry"],"yoast_head":"<!-- This site is optimized with the Yoast SEO plugin v27.2 - https:\/\/yoast.com\/product\/yoast-seo-wordpress\/ -->\n<title>M\u00f3dulo de produ\u00e7\u00e3o intensiva de hortali\u00e7as org\u00e2nicas - Fazendinha<\/title>\n<meta name=\"robots\" content=\"index, follow, max-snippet:-1, max-image-preview:large, max-video-preview:-1\" \/>\n<link rel=\"canonical\" href=\"https:\/\/institucional.ufrrj.br\/fazendinha\/producao-de-hortalicas-e-frutas\/\" \/>\n<meta property=\"og:locale\" content=\"pt_BR\" \/>\n<meta property=\"og:type\" content=\"article\" \/>\n<meta property=\"og:title\" content=\"M\u00f3dulo de produ\u00e7\u00e3o intensiva de hortali\u00e7as org\u00e2nicas - Fazendinha\" \/>\n<meta property=\"og:description\" content=\"O m\u00f3dulo destinado ao cultivo org\u00e2nico intensivo de hortali\u00e7as busca gerar bases tecnol\u00f3gicas para agricultores que n\u00e3o t\u00eam acesso ao ... leia mais\" \/>\n<meta property=\"og:url\" content=\"https:\/\/institucional.ufrrj.br\/fazendinha\/producao-de-hortalicas-e-frutas\/\" \/>\n<meta property=\"og:site_name\" content=\"Fazendinha\" \/>\n<meta property=\"article:modified_time\" content=\"2019-11-19T23:02:45+00:00\" \/>\n<meta property=\"og:image\" content=\"http:\/\/institucional.ufrrj.br\/fazendinha\/files\/2019\/05\/article2.jpg\" \/>\n<meta name=\"twitter:card\" content=\"summary_large_image\" \/>\n<meta name=\"twitter:label1\" content=\"Est. tempo de leitura\" \/>\n\t<meta name=\"twitter:data1\" content=\"2 minutos\" \/>\n<script type=\"application\/ld+json\" class=\"yoast-schema-graph\">{\"@context\":\"https:\/\/schema.org\",\"@graph\":[{\"@type\":\"WebPage\",\"@id\":\"https:\/\/institucional.ufrrj.br\/fazendinha\/producao-de-hortalicas-e-frutas\/\",\"url\":\"https:\/\/institucional.ufrrj.br\/fazendinha\/producao-de-hortalicas-e-frutas\/\",\"name\":\"M\u00f3dulo de produ\u00e7\u00e3o intensiva de hortali\u00e7as org\u00e2nicas - Fazendinha\",\"isPartOf\":{\"@id\":\"https:\/\/institucional.ufrrj.br\/fazendinha\/#website\"},\"primaryImageOfPage\":{\"@id\":\"https:\/\/institucional.ufrrj.br\/fazendinha\/producao-de-hortalicas-e-frutas\/#primaryimage\"},\"image\":{\"@id\":\"https:\/\/institucional.ufrrj.br\/fazendinha\/producao-de-hortalicas-e-frutas\/#primaryimage\"},\"thumbnailUrl\":\"http:\/\/institucional.ufrrj.br\/fazendinha\/files\/2019\/05\/article2.jpg\",\"datePublished\":\"2019-09-06T23:57:04+00:00\",\"dateModified\":\"2019-11-19T23:02:45+00:00\",\"breadcrumb\":{\"@id\":\"https:\/\/institucional.ufrrj.br\/fazendinha\/producao-de-hortalicas-e-frutas\/#breadcrumb\"},\"inLanguage\":\"pt-BR\",\"potentialAction\":[{\"@type\":\"ReadAction\",\"target\":[\"https:\/\/institucional.ufrrj.br\/fazendinha\/producao-de-hortalicas-e-frutas\/\"]}]},{\"@type\":\"ImageObject\",\"inLanguage\":\"pt-BR\",\"@id\":\"https:\/\/institucional.ufrrj.br\/fazendinha\/producao-de-hortalicas-e-frutas\/#primaryimage\",\"url\":\"http:\/\/institucional.ufrrj.br\/fazendinha\/files\/2019\/05\/article2.jpg\",\"contentUrl\":\"http:\/\/institucional.ufrrj.br\/fazendinha\/files\/2019\/05\/article2.jpg\"},{\"@type\":\"BreadcrumbList\",\"@id\":\"https:\/\/institucional.ufrrj.br\/fazendinha\/producao-de-hortalicas-e-frutas\/#breadcrumb\",\"itemListElement\":[{\"@type\":\"ListItem\",\"position\":1,\"name\":\"In\u00edcio\",\"item\":\"https:\/\/institucional.ufrrj.br\/fazendinha\/\"},{\"@type\":\"ListItem\",\"position\":2,\"name\":\"M\u00f3dulo de produ\u00e7\u00e3o intensiva de hortali\u00e7as org\u00e2nicas\"}]},{\"@type\":\"WebSite\",\"@id\":\"https:\/\/institucional.ufrrj.br\/fazendinha\/#website\",\"url\":\"https:\/\/institucional.ufrrj.br\/fazendinha\/\",\"name\":\"Fazendinha\",\"description\":\"S\u00f3 mais um site institucional.ufrrj.br\",\"potentialAction\":[{\"@type\":\"SearchAction\",\"target\":{\"@type\":\"EntryPoint\",\"urlTemplate\":\"https:\/\/institucional.ufrrj.br\/fazendinha\/?s={search_term_string}\"},\"query-input\":{\"@type\":\"PropertyValueSpecification\",\"valueRequired\":true,\"valueName\":\"search_term_string\"}}],\"inLanguage\":\"pt-BR\"}]}<\/script>\n<!-- \/ Yoast SEO plugin. -->","yoast_head_json":{"title":"M\u00f3dulo de produ\u00e7\u00e3o intensiva de hortali\u00e7as org\u00e2nicas - Fazendinha","robots":{"index":"index","follow":"follow","max-snippet":"max-snippet:-1","max-image-preview":"max-image-preview:large","max-video-preview":"max-video-preview:-1"},"canonical":"https:\/\/institucional.ufrrj.br\/fazendinha\/producao-de-hortalicas-e-frutas\/","og_locale":"pt_BR","og_type":"article","og_title":"M\u00f3dulo de produ\u00e7\u00e3o intensiva de hortali\u00e7as org\u00e2nicas - Fazendinha","og_description":"O m\u00f3dulo destinado ao cultivo org\u00e2nico intensivo de hortali\u00e7as busca gerar bases tecnol\u00f3gicas para agricultores que n\u00e3o t\u00eam acesso ao ... leia mais","og_url":"https:\/\/institucional.ufrrj.br\/fazendinha\/producao-de-hortalicas-e-frutas\/","og_site_name":"Fazendinha","article_modified_time":"2019-11-19T23:02:45+00:00","og_image":[{"url":"http:\/\/institucional.ufrrj.br\/fazendinha\/files\/2019\/05\/article2.jpg","type":"","width":"","height":""}],"twitter_card":"summary_large_image","twitter_misc":{"Est. tempo de leitura":"2 minutos"},"schema":{"@context":"https:\/\/schema.org","@graph":[{"@type":"WebPage","@id":"https:\/\/institucional.ufrrj.br\/fazendinha\/producao-de-hortalicas-e-frutas\/","url":"https:\/\/institucional.ufrrj.br\/fazendinha\/producao-de-hortalicas-e-frutas\/","name":"M\u00f3dulo de produ\u00e7\u00e3o intensiva de hortali\u00e7as org\u00e2nicas - Fazendinha","isPartOf":{"@id":"https:\/\/institucional.ufrrj.br\/fazendinha\/#website"},"primaryImageOfPage":{"@id":"https:\/\/institucional.ufrrj.br\/fazendinha\/producao-de-hortalicas-e-frutas\/#primaryimage"},"image":{"@id":"https:\/\/institucional.ufrrj.br\/fazendinha\/producao-de-hortalicas-e-frutas\/#primaryimage"},"thumbnailUrl":"http:\/\/institucional.ufrrj.br\/fazendinha\/files\/2019\/05\/article2.jpg","datePublished":"2019-09-06T23:57:04+00:00","dateModified":"2019-11-19T23:02:45+00:00","breadcrumb":{"@id":"https:\/\/institucional.ufrrj.br\/fazendinha\/producao-de-hortalicas-e-frutas\/#breadcrumb"},"inLanguage":"pt-BR","potentialAction":[{"@type":"ReadAction","target":["https:\/\/institucional.ufrrj.br\/fazendinha\/producao-de-hortalicas-e-frutas\/"]}]},{"@type":"ImageObject","inLanguage":"pt-BR","@id":"https:\/\/institucional.ufrrj.br\/fazendinha\/producao-de-hortalicas-e-frutas\/#primaryimage","url":"http:\/\/institucional.ufrrj.br\/fazendinha\/files\/2019\/05\/article2.jpg","contentUrl":"http:\/\/institucional.ufrrj.br\/fazendinha\/files\/2019\/05\/article2.jpg"},{"@type":"BreadcrumbList","@id":"https:\/\/institucional.ufrrj.br\/fazendinha\/producao-de-hortalicas-e-frutas\/#breadcrumb","itemListElement":[{"@type":"ListItem","position":1,"name":"In\u00edcio","item":"https:\/\/institucional.ufrrj.br\/fazendinha\/"},{"@type":"ListItem","position":2,"name":"M\u00f3dulo de produ\u00e7\u00e3o intensiva de hortali\u00e7as org\u00e2nicas"}]},{"@type":"WebSite","@id":"https:\/\/institucional.ufrrj.br\/fazendinha\/#website","url":"https:\/\/institucional.ufrrj.br\/fazendinha\/","name":"Fazendinha","description":"S\u00f3 mais um site institucional.ufrrj.br","potentialAction":[{"@type":"SearchAction","target":{"@type":"EntryPoint","urlTemplate":"https:\/\/institucional.ufrrj.br\/fazendinha\/?s={search_term_string}"},"query-input":{"@type":"PropertyValueSpecification","valueRequired":true,"valueName":"search_term_string"}}],"inLanguage":"pt-BR"}]}},"acf":[],"_links":{"self":[{"href":"https:\/\/institucional.ufrrj.br\/fazendinha\/wp-json\/wp\/v2\/pages\/1116","targetHints":{"allow":["GET"]}}],"collection":[{"href":"https:\/\/institucional.ufrrj.br\/fazendinha\/wp-json\/wp\/v2\/pages"}],"about":[{"href":"https:\/\/institucional.ufrrj.br\/fazendinha\/wp-json\/wp\/v2\/types\/page"}],"author":[{"embeddable":true,"href":"https:\/\/institucional.ufrrj.br\/fazendinha\/wp-json\/wp\/v2\/users\/743"}],"replies":[{"embeddable":true,"href":"https:\/\/institucional.ufrrj.br\/fazendinha\/wp-json\/wp\/v2\/comments?post=1116"}],"version-history":[{"count":13,"href":"https:\/\/institucional.ufrrj.br\/fazendinha\/wp-json\/wp\/v2\/pages\/1116\/revisions"}],"predecessor-version":[{"id":1631,"href":"https:\/\/institucional.ufrrj.br\/fazendinha\/wp-json\/wp\/v2\/pages\/1116\/revisions\/1631"}],"wp:attachment":[{"href":"https:\/\/institucional.ufrrj.br\/fazendinha\/wp-json\/wp\/v2\/media?parent=1116"}],"curies":[{"name":"wp","href":"https:\/\/api.w.org\/{rel}","templated":true}]}}