{"id":1628,"date":"2024-02-07T14:14:51","date_gmt":"2024-02-07T17:14:51","guid":{"rendered":"https:\/\/institucional.ufrrj.br\/ccs\/?page_id=1628"},"modified":"2025-12-22T16:27:42","modified_gmt":"2025-12-22T19:27:42","slug":"design","status":"publish","type":"page","link":"https:\/\/institucional.ufrrj.br\/ccs\/design\/","title":{"rendered":"Design"},"content":{"rendered":"\n<p class=\" eplus-wrapper\">A nossa universidade possui uma marca forte, bela e expressiva, e \u00e9 fundamental que todas as demais marcas internas acompanhem a sua linguagem visual. Dessa forma, fortalecemos nossa imagem, tanto interna quanto externamente, facilitando a comunica\u00e7\u00e3o como um todo.<\/p>\n\n\n\n<p class=\" eplus-wrapper\"><\/p>\n\n\n\n<p class=\" eplus-wrapper\">A partir de 2015, com a chegada de profissionais de design na universidade e seu consequente impacto na comunica\u00e7\u00e3o institucional, foi constatada a necessidade de uma identidade visual \u00fanica, agregando a miss\u00e3o, vis\u00e3o e os valores da UFRRJ, que pudesse expressar, ou traduzir, de forma gr\u00e1fica, a personalidade, a diversidade e o esp\u00edrito inovador da institui\u00e7\u00e3o. Esse trabalho culminou na expans\u00e3o do <strong><a href=\"https:\/\/institucional.ufrrj.br\/ccs\/manual-da-marca\/\" target=\"_blank\" rel=\"noreferrer noopener\">Manual de Identidade Visual da UFRRJ<\/a><\/strong>. <\/p>\n\n\n\n<p class=\" eplus-wrapper\">Mas ele n\u00e3o para por a\u00ed, vem sendo desenvolvido constantemente, de acordo com as necessidades que v\u00e3o sendo verificadas e a participa\u00e7\u00e3o ativa da comunidade acad\u00eamica, fazendo uma integra\u00e7\u00e3o visual cada vez maior entre os diversos setores da Universidade.<\/p>\n\n\n\n<p class=\" eplus-wrapper\"><\/p>\n\n\n\n<figure data-wp-context=\"{&quot;imageId&quot;:&quot;69f3fe316a8c6&quot;}\" data-wp-interactive=\"core\/image\" data-wp-key=\"69f3fe316a8c6\" class=\"wp-block-image size-large eplus-wrapper wp-lightbox-container\"><img loading=\"lazy\" decoding=\"async\" width=\"1024\" height=\"457\" data-wp-class--hide=\"state.isContentHidden\" data-wp-class--show=\"state.isContentVisible\" data-wp-init=\"callbacks.setButtonStyles\" data-wp-on--click=\"actions.showLightbox\" data-wp-on--load=\"callbacks.setButtonStyles\" data-wp-on-window--resize=\"callbacks.setButtonStyles\" src=\"https:\/\/institucional.ufrrj.br\/ccs\/files\/2025\/01\/layout_institutos_pro-reitorias-1024x457.jpg\" alt=\"\" class=\"wp-image-1868\" title=\"Clique para ampliar\" srcset=\"https:\/\/institucional.ufrrj.br\/ccs\/files\/2025\/01\/layout_institutos_pro-reitorias-1024x457.jpg 1024w, https:\/\/institucional.ufrrj.br\/ccs\/files\/2025\/01\/layout_institutos_pro-reitorias-300x134.jpg 300w, https:\/\/institucional.ufrrj.br\/ccs\/files\/2025\/01\/layout_institutos_pro-reitorias-768x343.jpg 768w, https:\/\/institucional.ufrrj.br\/ccs\/files\/2025\/01\/layout_institutos_pro-reitorias.jpg 1496w\" sizes=\"auto, (max-width: 1024px) 100vw, 1024px\" \/><button\n\t\t\tclass=\"lightbox-trigger\"\n\t\t\ttype=\"button\"\n\t\t\taria-haspopup=\"dialog\"\n\t\t\taria-label=\"Ampliar\"\n\t\t\tdata-wp-init=\"callbacks.initTriggerButton\"\n\t\t\tdata-wp-on--click=\"actions.showLightbox\"\n\t\t\tdata-wp-style--right=\"state.imageButtonRight\"\n\t\t\tdata-wp-style--top=\"state.imageButtonTop\"\n\t\t>\n\t\t\t<svg xmlns=\"http:\/\/www.w3.org\/2000\/svg\" width=\"12\" height=\"12\" fill=\"none\" viewBox=\"0 0 12 12\">\n\t\t\t\t<path fill=\"#fff\" d=\"M2 0a2 2 0 0 0-2 2v2h1.5V2a.5.5 0 0 1 .5-.5h2V0H2Zm2 10.5H2a.5.5 0 0 1-.5-.5V8H0v2a2 2 0 0 0 2 2h2v-1.5ZM8 12v-1.5h2a.5.5 0 0 0 .5-.5V8H12v2a2 2 0 0 1-2 2H8Zm2-12a2 2 0 0 1 2 2v2h-1.5V2a.5.5 0 0 0-.5-.5H8V0h2Z\" \/>\n\t\t\t<\/svg>\n\t\t<\/button><figcaption class=\"wp-element-caption\"><em>Esquema das molduras para as marcas dos institutos e das pr\u00f3-reitorias<\/em><\/figcaption><\/figure>\n\n\n\n<div style=\"height:30px\" aria-hidden=\"true\" class=\" wp-block-spacer eplus-wrapper\"><\/div>\n\n\n\n<figure data-wp-context=\"{&quot;imageId&quot;:&quot;69f3fe316b1ec&quot;}\" data-wp-interactive=\"core\/image\" data-wp-key=\"69f3fe316b1ec\" class=\"wp-block-image size-large eplus-wrapper wp-lightbox-container\"><img loading=\"lazy\" decoding=\"async\" width=\"1024\" height=\"491\" data-wp-class--hide=\"state.isContentHidden\" data-wp-class--show=\"state.isContentVisible\" data-wp-init=\"callbacks.setButtonStyles\" data-wp-on--click=\"actions.showLightbox\" data-wp-on--load=\"callbacks.setButtonStyles\" data-wp-on-window--resize=\"callbacks.setButtonStyles\" src=\"https:\/\/institucional.ufrrj.br\/ccs\/files\/2025\/01\/marcas_intitutos-1024x491.jpg\" alt=\"\" class=\"wp-image-1878\" title=\"clique para ampliar\" srcset=\"https:\/\/institucional.ufrrj.br\/ccs\/files\/2025\/01\/marcas_intitutos-1024x491.jpg 1024w, https:\/\/institucional.ufrrj.br\/ccs\/files\/2025\/01\/marcas_intitutos-300x144.jpg 300w, https:\/\/institucional.ufrrj.br\/ccs\/files\/2025\/01\/marcas_intitutos-768x369.jpg 768w, https:\/\/institucional.ufrrj.br\/ccs\/files\/2025\/01\/marcas_intitutos-365x175.jpg 365w, https:\/\/institucional.ufrrj.br\/ccs\/files\/2025\/01\/marcas_intitutos.jpg 1417w\" sizes=\"auto, (max-width: 1024px) 100vw, 1024px\" \/><button\n\t\t\tclass=\"lightbox-trigger\"\n\t\t\ttype=\"button\"\n\t\t\taria-haspopup=\"dialog\"\n\t\t\taria-label=\"Ampliar\"\n\t\t\tdata-wp-init=\"callbacks.initTriggerButton\"\n\t\t\tdata-wp-on--click=\"actions.showLightbox\"\n\t\t\tdata-wp-style--right=\"state.imageButtonRight\"\n\t\t\tdata-wp-style--top=\"state.imageButtonTop\"\n\t\t>\n\t\t\t<svg xmlns=\"http:\/\/www.w3.org\/2000\/svg\" width=\"12\" height=\"12\" fill=\"none\" viewBox=\"0 0 12 12\">\n\t\t\t\t<path fill=\"#fff\" d=\"M2 0a2 2 0 0 0-2 2v2h1.5V2a.5.5 0 0 1 .5-.5h2V0H2Zm2 10.5H2a.5.5 0 0 1-.5-.5V8H0v2a2 2 0 0 0 2 2h2v-1.5ZM8 12v-1.5h2a.5.5 0 0 0 .5-.5V8H12v2a2 2 0 0 1-2 2H8Zm2-12a2 2 0 0 1 2 2v2h-1.5V2a.5.5 0 0 0-.5-.5H8V0h2Z\" \/>\n\t\t\t<\/svg>\n\t\t<\/button><figcaption class=\"wp-element-caption\"><em>Algumas das marcas dos Institutos<\/em><\/figcaption><\/figure>\n\n\n\n<div style=\"height:34px\" aria-hidden=\"true\" class=\" wp-block-spacer eplus-wrapper\"><\/div>\n\n\n\n<figure data-wp-context=\"{&quot;imageId&quot;:&quot;69f3fe316b938&quot;}\" data-wp-interactive=\"core\/image\" data-wp-key=\"69f3fe316b938\" class=\"wp-block-image size-large eplus-wrapper wp-lightbox-container\"><img loading=\"lazy\" decoding=\"async\" width=\"1024\" height=\"286\" data-wp-class--hide=\"state.isContentHidden\" data-wp-class--show=\"state.isContentVisible\" data-wp-init=\"callbacks.setButtonStyles\" data-wp-on--click=\"actions.showLightbox\" data-wp-on--load=\"callbacks.setButtonStyles\" data-wp-on-window--resize=\"callbacks.setButtonStyles\" src=\"https:\/\/institucional.ufrrj.br\/ccs\/files\/2025\/01\/marcas_pro-reitorias-1024x286.jpg\" alt=\"\" class=\"wp-image-1892\" title=\"Clique para ampliar\" srcset=\"https:\/\/institucional.ufrrj.br\/ccs\/files\/2025\/01\/marcas_pro-reitorias-1024x286.jpg 1024w, https:\/\/institucional.ufrrj.br\/ccs\/files\/2025\/01\/marcas_pro-reitorias-300x84.jpg 300w, https:\/\/institucional.ufrrj.br\/ccs\/files\/2025\/01\/marcas_pro-reitorias-768x215.jpg 768w, https:\/\/institucional.ufrrj.br\/ccs\/files\/2025\/01\/marcas_pro-reitorias.jpg 1495w\" sizes=\"auto, (max-width: 1024px) 100vw, 1024px\" \/><button\n\t\t\tclass=\"lightbox-trigger\"\n\t\t\ttype=\"button\"\n\t\t\taria-haspopup=\"dialog\"\n\t\t\taria-label=\"Ampliar\"\n\t\t\tdata-wp-init=\"callbacks.initTriggerButton\"\n\t\t\tdata-wp-on--click=\"actions.showLightbox\"\n\t\t\tdata-wp-style--right=\"state.imageButtonRight\"\n\t\t\tdata-wp-style--top=\"state.imageButtonTop\"\n\t\t>\n\t\t\t<svg xmlns=\"http:\/\/www.w3.org\/2000\/svg\" width=\"12\" height=\"12\" fill=\"none\" viewBox=\"0 0 12 12\">\n\t\t\t\t<path fill=\"#fff\" d=\"M2 0a2 2 0 0 0-2 2v2h1.5V2a.5.5 0 0 1 .5-.5h2V0H2Zm2 10.5H2a.5.5 0 0 1-.5-.5V8H0v2a2 2 0 0 0 2 2h2v-1.5ZM8 12v-1.5h2a.5.5 0 0 0 .5-.5V8H12v2a2 2 0 0 1-2 2H8Zm2-12a2 2 0 0 1 2 2v2h-1.5V2a.5.5 0 0 0-.5-.5H8V0h2Z\" \/>\n\t\t\t<\/svg>\n\t\t<\/button><figcaption class=\"wp-element-caption\"><em>Marcas das Pr\u00f3-reitorias<\/em><\/figcaption><\/figure>\n\n\n\n<div style=\"height:35px\" aria-hidden=\"true\" class=\" wp-block-spacer eplus-wrapper\"><\/div>\n\n\n\n<p class=\" eplus-wrapper\">Se voc\u00ea deseja um servi\u00e7o ou demanda de design para o seu setor, atividade ou evento, alinhado com as diretrizes adotadas, observe os prazos e crit\u00e9rios abaixo e depois entre em contato conosco, para avaliarmos e retornarmos com a melhor solu\u00e7\u00e3o para cada caso.<\/p>\n\n\n\n<p class=\" eplus-wrapper\">Ressaltamos a import\u00e2ncia de solicitar o servi\u00e7o depois de observados todos os crit\u00e9rios, pois s\u00e3o poucos profissionais para uma grande quantidade de trabalhos, al\u00e9m das solicita\u00e7\u00f5es institucionais sempre frequentes.<\/p>\n\n\n\n<p class=\" eplus-wrapper\"><\/p>\n\n\n\n<div style=\"height:35px\" aria-hidden=\"true\" class=\" wp-block-spacer eplus-wrapper\"><\/div>\n\n\n\n<h3 class=\" wp-block-heading eplus-wrapper\"><strong>Diretrizes Institucionais<\/strong><\/h3>\n\n\n\n<p class=\" eplus-wrapper\">O estudo da estrutura institucional e o desenvolvimento de diversas marcas visuais dentro da Universidade v\u00eam mostrando a necessidade da ado\u00e7\u00e3o de alguns par\u00e2metros, visando a maior integra\u00e7\u00e3o visual das diversas unidades da Rural:<\/p>\n\n\n\n<p class=\" eplus-wrapper\">\u2022 <strong>Setores administrativos<\/strong>, <br>(conselhos, departamentos, n\u00facleos e coordena\u00e7\u00f5es, por ex.) que n\u00e3o demandam de divulga\u00e7\u00e3o externa, comunicam-se apenas internamente na universidade: marcas tipogr\u00e1ficas sem a utiliza\u00e7\u00e3o de s\u00edmbolos.<\/p>\n\n\n\n<p class=\" eplus-wrapper\"><\/p>\n\n\n\n<figure data-wp-context=\"{&quot;imageId&quot;:&quot;69f3fe316c2b4&quot;}\" data-wp-interactive=\"core\/image\" data-wp-key=\"69f3fe316c2b4\" class=\"wp-block-image size-large eplus-wrapper wp-lightbox-container\"><img loading=\"lazy\" decoding=\"async\" width=\"1024\" height=\"325\" data-wp-class--hide=\"state.isContentHidden\" data-wp-class--show=\"state.isContentVisible\" data-wp-init=\"callbacks.setButtonStyles\" data-wp-on--click=\"actions.showLightbox\" data-wp-on--load=\"callbacks.setButtonStyles\" data-wp-on-window--resize=\"callbacks.setButtonStyles\" src=\"https:\/\/institucional.ufrrj.br\/ccs\/files\/2025\/01\/logomarcas_alltype_novo-1024x325.jpg\" alt=\"Exemplos de marcas tipogr\u00e1ficas\" class=\"wp-image-1885\" title=\"Clique para ampliar\" srcset=\"https:\/\/institucional.ufrrj.br\/ccs\/files\/2025\/01\/logomarcas_alltype_novo-1024x325.jpg 1024w, https:\/\/institucional.ufrrj.br\/ccs\/files\/2025\/01\/logomarcas_alltype_novo-300x95.jpg 300w, https:\/\/institucional.ufrrj.br\/ccs\/files\/2025\/01\/logomarcas_alltype_novo-768x244.jpg 768w, https:\/\/institucional.ufrrj.br\/ccs\/files\/2025\/01\/logomarcas_alltype_novo-1536x488.jpg 1536w, https:\/\/institucional.ufrrj.br\/ccs\/files\/2025\/01\/logomarcas_alltype_novo.jpg 1575w\" sizes=\"auto, (max-width: 1024px) 100vw, 1024px\" \/><button\n\t\t\tclass=\"lightbox-trigger\"\n\t\t\ttype=\"button\"\n\t\t\taria-haspopup=\"dialog\"\n\t\t\taria-label=\"Ampliar\"\n\t\t\tdata-wp-init=\"callbacks.initTriggerButton\"\n\t\t\tdata-wp-on--click=\"actions.showLightbox\"\n\t\t\tdata-wp-style--right=\"state.imageButtonRight\"\n\t\t\tdata-wp-style--top=\"state.imageButtonTop\"\n\t\t>\n\t\t\t<svg xmlns=\"http:\/\/www.w3.org\/2000\/svg\" width=\"12\" height=\"12\" fill=\"none\" viewBox=\"0 0 12 12\">\n\t\t\t\t<path fill=\"#fff\" d=\"M2 0a2 2 0 0 0-2 2v2h1.5V2a.5.5 0 0 1 .5-.5h2V0H2Zm2 10.5H2a.5.5 0 0 1-.5-.5V8H0v2a2 2 0 0 0 2 2h2v-1.5ZM8 12v-1.5h2a.5.5 0 0 0 .5-.5V8H12v2a2 2 0 0 1-2 2H8Zm2-12a2 2 0 0 1 2 2v2h-1.5V2a.5.5 0 0 0-.5-.5H8V0h2Z\" \/>\n\t\t\t<\/svg>\n\t\t<\/button><\/figure>\n\n\n\n<div style=\"height:35px\" aria-hidden=\"true\" class=\" wp-block-spacer eplus-wrapper\"><\/div>\n\n\n\n<p class=\" eplus-wrapper\"><\/p>\n\n\n\n<p class=\" eplus-wrapper\"><strong>\u2022 Setores que demandam divulga\u00e7\u00e3o<\/strong>, principalmente externa, poder\u00e3o ter s\u00edmbolos, mantendo o padr\u00e3o visual com conceito linear.<\/p>\n\n\n\n<p class=\" eplus-wrapper\"><\/p>\n\n\n\n<figure data-wp-context=\"{&quot;imageId&quot;:&quot;69f3fe316cb33&quot;}\" data-wp-interactive=\"core\/image\" data-wp-key=\"69f3fe316cb33\" class=\"wp-block-image size-large eplus-wrapper wp-lightbox-container\"><img loading=\"lazy\" decoding=\"async\" width=\"1024\" height=\"317\" data-wp-class--hide=\"state.isContentHidden\" data-wp-class--show=\"state.isContentVisible\" data-wp-init=\"callbacks.setButtonStyles\" data-wp-on--click=\"actions.showLightbox\" data-wp-on--load=\"callbacks.setButtonStyles\" data-wp-on-window--resize=\"callbacks.setButtonStyles\" src=\"https:\/\/institucional.ufrrj.br\/ccs\/files\/2025\/01\/marcas_c_simbolo-1024x317.jpg\" alt=\"Exemplo de marcas com s\u00edmbolo\" class=\"wp-image-1899\" title=\"Clique para ampliar\" srcset=\"https:\/\/institucional.ufrrj.br\/ccs\/files\/2025\/01\/marcas_c_simbolo-1024x317.jpg 1024w, https:\/\/institucional.ufrrj.br\/ccs\/files\/2025\/01\/marcas_c_simbolo-300x93.jpg 300w, https:\/\/institucional.ufrrj.br\/ccs\/files\/2025\/01\/marcas_c_simbolo-768x237.jpg 768w, https:\/\/institucional.ufrrj.br\/ccs\/files\/2025\/01\/marcas_c_simbolo-1536x475.jpg 1536w, https:\/\/institucional.ufrrj.br\/ccs\/files\/2025\/01\/marcas_c_simbolo.jpg 1575w\" sizes=\"auto, (max-width: 1024px) 100vw, 1024px\" \/><button\n\t\t\tclass=\"lightbox-trigger\"\n\t\t\ttype=\"button\"\n\t\t\taria-haspopup=\"dialog\"\n\t\t\taria-label=\"Ampliar\"\n\t\t\tdata-wp-init=\"callbacks.initTriggerButton\"\n\t\t\tdata-wp-on--click=\"actions.showLightbox\"\n\t\t\tdata-wp-style--right=\"state.imageButtonRight\"\n\t\t\tdata-wp-style--top=\"state.imageButtonTop\"\n\t\t>\n\t\t\t<svg xmlns=\"http:\/\/www.w3.org\/2000\/svg\" width=\"12\" height=\"12\" fill=\"none\" viewBox=\"0 0 12 12\">\n\t\t\t\t<path fill=\"#fff\" d=\"M2 0a2 2 0 0 0-2 2v2h1.5V2a.5.5 0 0 1 .5-.5h2V0H2Zm2 10.5H2a.5.5 0 0 1-.5-.5V8H0v2a2 2 0 0 0 2 2h2v-1.5ZM8 12v-1.5h2a.5.5 0 0 0 .5-.5V8H12v2a2 2 0 0 1-2 2H8Zm2-12a2 2 0 0 1 2 2v2h-1.5V2a.5.5 0 0 0-.5-.5H8V0h2Z\" \/>\n\t\t\t<\/svg>\n\t\t<\/button><\/figure>\n\n\n\n<div style=\"height:35px\" aria-hidden=\"true\" class=\" wp-block-spacer eplus-wrapper\"><\/div>\n\n\n\n<p class=\" eplus-wrapper\">\u2022 <strong>Atividades tais como eventos tempor\u00e1rios<\/strong>, empresas j\u00faniores, grupos de estudos, etc. poder\u00e3o ter, no desenho das marcas, um car\u00e1ter mais livre.<\/p>\n\n\n\n<p class=\" eplus-wrapper\"><\/p>\n\n\n\n<figure data-wp-context=\"{&quot;imageId&quot;:&quot;69f3fe316d38f&quot;}\" data-wp-interactive=\"core\/image\" data-wp-key=\"69f3fe316d38f\" class=\"wp-block-image size-large eplus-wrapper wp-lightbox-container\"><img loading=\"lazy\" decoding=\"async\" width=\"1024\" height=\"384\" data-wp-class--hide=\"state.isContentHidden\" data-wp-class--show=\"state.isContentVisible\" data-wp-init=\"callbacks.setButtonStyles\" data-wp-on--click=\"actions.showLightbox\" data-wp-on--load=\"callbacks.setButtonStyles\" data-wp-on-window--resize=\"callbacks.setButtonStyles\" src=\"https:\/\/institucional.ufrrj.br\/ccs\/files\/2025\/01\/eventos-e-outras-marcas_novo-1024x384.jpg\" alt=\"Exemplos de marcas de eventos e marca de liga acad\u00eamica\" class=\"wp-image-1933\" title=\"Clique para ampliar\" srcset=\"https:\/\/institucional.ufrrj.br\/ccs\/files\/2025\/01\/eventos-e-outras-marcas_novo-1024x384.jpg 1024w, https:\/\/institucional.ufrrj.br\/ccs\/files\/2025\/01\/eventos-e-outras-marcas_novo-300x113.jpg 300w, https:\/\/institucional.ufrrj.br\/ccs\/files\/2025\/01\/eventos-e-outras-marcas_novo-768x288.jpg 768w, https:\/\/institucional.ufrrj.br\/ccs\/files\/2025\/01\/eventos-e-outras-marcas_novo-1536x576.jpg 1536w, https:\/\/institucional.ufrrj.br\/ccs\/files\/2025\/01\/eventos-e-outras-marcas_novo.jpg 1600w\" sizes=\"auto, (max-width: 1024px) 100vw, 1024px\" \/><button\n\t\t\tclass=\"lightbox-trigger\"\n\t\t\ttype=\"button\"\n\t\t\taria-haspopup=\"dialog\"\n\t\t\taria-label=\"Ampliar\"\n\t\t\tdata-wp-init=\"callbacks.initTriggerButton\"\n\t\t\tdata-wp-on--click=\"actions.showLightbox\"\n\t\t\tdata-wp-style--right=\"state.imageButtonRight\"\n\t\t\tdata-wp-style--top=\"state.imageButtonTop\"\n\t\t>\n\t\t\t<svg xmlns=\"http:\/\/www.w3.org\/2000\/svg\" width=\"12\" height=\"12\" fill=\"none\" viewBox=\"0 0 12 12\">\n\t\t\t\t<path fill=\"#fff\" d=\"M2 0a2 2 0 0 0-2 2v2h1.5V2a.5.5 0 0 1 .5-.5h2V0H2Zm2 10.5H2a.5.5 0 0 1-.5-.5V8H0v2a2 2 0 0 0 2 2h2v-1.5ZM8 12v-1.5h2a.5.5 0 0 0 .5-.5V8H12v2a2 2 0 0 1-2 2H8Zm2-12a2 2 0 0 1 2 2v2h-1.5V2a.5.5 0 0 0-.5-.5H8V0h2Z\" \/>\n\t\t\t<\/svg>\n\t\t<\/button><\/figure>\n\n\n\n<div style=\"height:35px\" aria-hidden=\"true\" class=\" wp-block-spacer eplus-wrapper\"><\/div>\n\n\n\n<h5 class=\" wp-block-heading eplus-wrapper\"><strong>Sobre a cria\u00e7\u00e3o de marcas<\/strong><\/h5>\n\n\n\n<p class=\" eplus-wrapper\">Temos criado a marca de diversos \u00f3rg\u00e3os da universidade, alinhando seu desenho \u00e0 identidade da Rural. Por\u00e9m, principalmente ap\u00f3s a publica\u00e7\u00e3o do manual, temos recebido uma demanda muito maior do que a nossa capacidade. A cria\u00e7\u00e3o de marcas \u00e9 um processo relativamente longo e mesmo ap\u00f3s o produto terminado, ainda \u00e9 necess\u00e1rio o desenvolvimento de um \u201cManual de Aplica\u00e7\u00e3o da Marca\u201d, com orienta\u00e7\u00f5es b\u00e1sicas de como usar corretamente os arquivos. <strong>Ent\u00e3o, antes de fazer o pedido, fa\u00e7a uma an\u00e1lise.<\/strong><\/p>\n\n\n\n<p class=\" eplus-wrapper\">\u2022 &nbsp; Seu setor realmente precisa de uma marca? <br>\n\u2022 &nbsp; Quais as suas reais necessidades? <br>\n\u2022 &nbsp; Marca com s\u00edmbolo ou tipogr\u00e1fica? <br>\n\u2022 &nbsp; Existem normas e crit\u00e9rios a serem seguidos <br>\n\u2022 &nbsp; Assim como prazos e ordem de import\u00e2ncia dos trabalhos em andamento.<\/p>\n\n\n\n<div style=\"height:35px\" aria-hidden=\"true\" class=\" wp-block-spacer eplus-wrapper\"><\/div>\n\n\n\n<p class=\" eplus-wrapper\"><strong>INFORMA\u00c7\u00c2O IMPORTANTE<\/strong>: Voc\u00ea ou seu setor tamb\u00e9m podem criar a sua pr\u00f3pria marca e nos enviar para uma avalia\u00e7\u00e3o e consultoria. Isso \u00e9 poss\u00edvel, podemos acompanhar e lhes dar aux\u00edlio\/acompanhamento \u00e0 sua cria\u00e7\u00e3o. Mas para desenvolver uma ideia dentro dos padr\u00f5es da institui\u00e7\u00e3o, \u00e9 necess\u00e1rio seguir as informa\u00e7\u00f5es contidas no <strong><a href=\"https:\/\/institucional.ufrrj.br\/ccs\/manual-da-marca\/\">Manual de Identidade Visual da UFRRJ<\/a><\/strong>. <\/p>\n\n\n\n<p class=\" eplus-wrapper\"><\/p>\n\n\n\n<div style=\"height:35px\" aria-hidden=\"true\" class=\" wp-block-spacer eplus-wrapper\"><\/div>\n\n\n\n<h3 class=\" wp-block-heading eplus-wrapper\"><strong>Prazos:<\/strong> <\/h3>\n\n\n\n<p class=\" eplus-wrapper\">Os prazos abaixo est\u00e3o descritos a partir do in\u00edcio do servi\u00e7o.<\/p>\n\n\n\n<p class=\" eplus-wrapper\"><strong>Cria\u00e7\u00e3o de Marcas<\/strong><\/p>\n\n\n\n<ul class=\" wp-block-list eplus-wrapper\">\n<li class=\" eplus-wrapper\">\u2022&nbsp; Setores administrativos (marcas tipogr\u00e1ficas): m\u00edn. 30 dias<\/li>\n\n\n\n<li class=\" eplus-wrapper\">\u2022&nbsp; Setores que demandam divulga\u00e7\u00e3o (marcas com s\u00edmbolos): m\u00edn. 45 dias<\/li>\n\n\n\n<li class=\" eplus-wrapper\">\u2022&nbsp; Outros (atividades como eventos tempor\u00e1rios, empresas juniores, grupos de estudos, etc): m\u00edn. 45 dias.<\/li>\n<\/ul>\n\n\n\n<p class=\" eplus-wrapper\"><strong>Manual de Aplica\u00e7\u00e3o da Marca<\/strong> (para as marcas criadas): m\u00edn. 30 dias a partir do in\u00edcio do trabalho.<\/p>\n\n\n\n<p class=\" eplus-wrapper\"><strong>Papelaria institucional personalizada<\/strong> (pap\u00e9is timbrados, cart\u00f5es de visita, etc): m\u00edn. 20 dias a partir do in\u00edcio do trabalho.<\/p>\n\n\n\n<p class=\" eplus-wrapper\"><strong>M\u00eddias para divulga\u00e7\u00e3o de eventos<\/strong> ou institucional digital ou impressa (cards para redes sociais, flyers, cartazes, etc.): m\u00edn. 30 dias a partir do in\u00edcio do trabalho.<\/p>\n\n\n\n<p class=\" eplus-wrapper\"><\/p>\n\n\n\n<div style=\"height:35px\" aria-hidden=\"true\" class=\" wp-block-spacer eplus-wrapper\"><\/div>\n\n\n\n<h3 class=\" wp-block-heading eplus-wrapper\"><strong>Regras<\/strong>:<\/h3>\n\n\n\n<p class=\" eplus-wrapper\">\u2022 &nbsp; A forma de comunica\u00e7\u00e3o entre as partes ser\u00e1 prioritariamente pelo e-mail institucional;&nbsp;<br> \u2022&nbsp; Para a fluidez do servi\u00e7o, \u00e9 necess\u00e1rio um prazo para resposta. Servi\u00e7os sem resposta ou retorno por mais de 21 dias voltam para o final da planilha de trabalhos de design;<br> \u2022&nbsp; Quando necess\u00e1rio, o trabalho pode ser divido em etapas, e cada uma delas dever\u00e1 ter um prazo definido e que dever\u00e1 ser cumprido;<br> \u2022&nbsp; Sugerimos que o trabalho tenha at\u00e9 3 revis\u00f5es, no m\u00e1ximo;<br> \u2022&nbsp; Idas e vindas com pequenas corre\u00e7\u00f5es ou acertos prejudicam o cronograma do servi\u00e7o. Revise com calma, re\u00fana todas as informa\u00e7\u00f5es pertinentes, liste todas as altera\u00e7\u00f5es e envie o pedido com TODAS as mudan\u00e7as necess\u00e1rias;<br> \u2022&nbsp; O nosso trabalho depende de suas informa\u00e7\u00f5es. Procure reunir todas as que forem importantes (imagens, textos ou outras) para o trabalho e procure repass\u00e1-las com clareza.<\/p>\n\n\n\n<p class=\" eplus-wrapper\"><\/p>\n","protected":false},"excerpt":{"rendered":"<p>A nossa universidade possui uma marca forte, bela e expressiva, e \u00e9 fundamental que todas as demais marcas internas acompanhem <a class=\"read-more\" href=\"https:\/\/institucional.ufrrj.br\/ccs\/design\/ \" >&#8230; <span class=\"font-italic\">leia mais <i class=\"fas fa-angle-right\"><\/i><\/span><\/a><\/p>\n","protected":false},"author":730,"featured_media":0,"parent":0,"menu_order":0,"comment_status":"closed","ping_status":"closed","template":"","meta":{"_acf_changed":false,"footnotes":"[]"},"class_list":["post-1628","page","type-page","status-publish","hentry"],"yoast_head":"<!-- This site is optimized with the Yoast SEO plugin v27.2 - https:\/\/yoast.com\/product\/yoast-seo-wordpress\/ -->\n<title>Design - Coordenadoria de Comunica\u00e7\u00e3o Social - CCS<\/title>\n<meta name=\"robots\" content=\"index, follow, max-snippet:-1, max-image-preview:large, max-video-preview:-1\" \/>\n<link rel=\"canonical\" href=\"https:\/\/institucional.ufrrj.br\/ccs\/design\/\" \/>\n<meta property=\"og:locale\" content=\"pt_BR\" \/>\n<meta property=\"og:type\" content=\"article\" \/>\n<meta property=\"og:title\" content=\"Design - Coordenadoria de Comunica\u00e7\u00e3o Social - CCS\" \/>\n<meta property=\"og:description\" content=\"A nossa universidade possui uma marca forte, bela e expressiva, e \u00e9 fundamental que todas as demais marcas internas acompanhem ... leia mais\" \/>\n<meta property=\"og:url\" content=\"https:\/\/institucional.ufrrj.br\/ccs\/design\/\" \/>\n<meta property=\"og:site_name\" content=\"Coordenadoria de Comunica\u00e7\u00e3o Social - CCS\" \/>\n<meta property=\"article:publisher\" content=\"https:\/\/www.facebook.com\/universidadefederalrural\" \/>\n<meta property=\"article:modified_time\" content=\"2025-12-22T19:27:42+00:00\" \/>\n<meta property=\"og:image\" content=\"https:\/\/institucional.ufrrj.br\/ccs\/files\/2025\/01\/layout_institutos_pro-reitorias-1024x457.jpg\" \/>\n<meta name=\"twitter:card\" content=\"summary_large_image\" \/>\n<meta name=\"twitter:site\" content=\"@ufrrjbr\" \/>\n<meta name=\"twitter:label1\" content=\"Est. tempo de leitura\" \/>\n\t<meta name=\"twitter:data1\" content=\"6 minutos\" \/>\n<script type=\"application\/ld+json\" class=\"yoast-schema-graph\">{\"@context\":\"https:\/\/schema.org\",\"@graph\":[{\"@type\":\"WebPage\",\"@id\":\"https:\/\/institucional.ufrrj.br\/ccs\/design\/\",\"url\":\"https:\/\/institucional.ufrrj.br\/ccs\/design\/\",\"name\":\"Design - Coordenadoria de Comunica\u00e7\u00e3o Social - CCS\",\"isPartOf\":{\"@id\":\"https:\/\/institucional.ufrrj.br\/ccs\/#website\"},\"primaryImageOfPage\":{\"@id\":\"https:\/\/institucional.ufrrj.br\/ccs\/design\/#primaryimage\"},\"image\":{\"@id\":\"https:\/\/institucional.ufrrj.br\/ccs\/design\/#primaryimage\"},\"thumbnailUrl\":\"https:\/\/institucional.ufrrj.br\/ccs\/files\/2025\/01\/layout_institutos_pro-reitorias-1024x457.jpg\",\"datePublished\":\"2024-02-07T17:14:51+00:00\",\"dateModified\":\"2025-12-22T19:27:42+00:00\",\"breadcrumb\":{\"@id\":\"https:\/\/institucional.ufrrj.br\/ccs\/design\/#breadcrumb\"},\"inLanguage\":\"pt-BR\",\"potentialAction\":[{\"@type\":\"ReadAction\",\"target\":[\"https:\/\/institucional.ufrrj.br\/ccs\/design\/\"]}]},{\"@type\":\"ImageObject\",\"inLanguage\":\"pt-BR\",\"@id\":\"https:\/\/institucional.ufrrj.br\/ccs\/design\/#primaryimage\",\"url\":\"https:\/\/institucional.ufrrj.br\/ccs\/files\/2025\/01\/layout_institutos_pro-reitorias.jpg\",\"contentUrl\":\"https:\/\/institucional.ufrrj.br\/ccs\/files\/2025\/01\/layout_institutos_pro-reitorias.jpg\",\"width\":1496,\"height\":668},{\"@type\":\"BreadcrumbList\",\"@id\":\"https:\/\/institucional.ufrrj.br\/ccs\/design\/#breadcrumb\",\"itemListElement\":[{\"@type\":\"ListItem\",\"position\":1,\"name\":\"In\u00edcio\",\"item\":\"https:\/\/institucional.ufrrj.br\/ccs\/\"},{\"@type\":\"ListItem\",\"position\":2,\"name\":\"Design\"}]},{\"@type\":\"WebSite\",\"@id\":\"https:\/\/institucional.ufrrj.br\/ccs\/#website\",\"url\":\"https:\/\/institucional.ufrrj.br\/ccs\/\",\"name\":\"Coordenadoria de Comunica\u00e7\u00e3o Social - CCS\",\"description\":\"Coordenadoria de Comunica\u00e7\u00e3o Social - CCS\",\"potentialAction\":[{\"@type\":\"SearchAction\",\"target\":{\"@type\":\"EntryPoint\",\"urlTemplate\":\"https:\/\/institucional.ufrrj.br\/ccs\/?s={search_term_string}\"},\"query-input\":{\"@type\":\"PropertyValueSpecification\",\"valueRequired\":true,\"valueName\":\"search_term_string\"}}],\"inLanguage\":\"pt-BR\"}]}<\/script>\n<!-- \/ Yoast SEO plugin. -->","yoast_head_json":{"title":"Design - Coordenadoria de Comunica\u00e7\u00e3o Social - CCS","robots":{"index":"index","follow":"follow","max-snippet":"max-snippet:-1","max-image-preview":"max-image-preview:large","max-video-preview":"max-video-preview:-1"},"canonical":"https:\/\/institucional.ufrrj.br\/ccs\/design\/","og_locale":"pt_BR","og_type":"article","og_title":"Design - Coordenadoria de Comunica\u00e7\u00e3o Social - CCS","og_description":"A nossa universidade possui uma marca forte, bela e expressiva, e \u00e9 fundamental que todas as demais marcas internas acompanhem ... leia mais","og_url":"https:\/\/institucional.ufrrj.br\/ccs\/design\/","og_site_name":"Coordenadoria de Comunica\u00e7\u00e3o Social - CCS","article_publisher":"https:\/\/www.facebook.com\/universidadefederalrural","article_modified_time":"2025-12-22T19:27:42+00:00","og_image":[{"url":"https:\/\/institucional.ufrrj.br\/ccs\/files\/2025\/01\/layout_institutos_pro-reitorias-1024x457.jpg","type":"","width":"","height":""}],"twitter_card":"summary_large_image","twitter_site":"@ufrrjbr","twitter_misc":{"Est. tempo de leitura":"6 minutos"},"schema":{"@context":"https:\/\/schema.org","@graph":[{"@type":"WebPage","@id":"https:\/\/institucional.ufrrj.br\/ccs\/design\/","url":"https:\/\/institucional.ufrrj.br\/ccs\/design\/","name":"Design - Coordenadoria de Comunica\u00e7\u00e3o Social - CCS","isPartOf":{"@id":"https:\/\/institucional.ufrrj.br\/ccs\/#website"},"primaryImageOfPage":{"@id":"https:\/\/institucional.ufrrj.br\/ccs\/design\/#primaryimage"},"image":{"@id":"https:\/\/institucional.ufrrj.br\/ccs\/design\/#primaryimage"},"thumbnailUrl":"https:\/\/institucional.ufrrj.br\/ccs\/files\/2025\/01\/layout_institutos_pro-reitorias-1024x457.jpg","datePublished":"2024-02-07T17:14:51+00:00","dateModified":"2025-12-22T19:27:42+00:00","breadcrumb":{"@id":"https:\/\/institucional.ufrrj.br\/ccs\/design\/#breadcrumb"},"inLanguage":"pt-BR","potentialAction":[{"@type":"ReadAction","target":["https:\/\/institucional.ufrrj.br\/ccs\/design\/"]}]},{"@type":"ImageObject","inLanguage":"pt-BR","@id":"https:\/\/institucional.ufrrj.br\/ccs\/design\/#primaryimage","url":"https:\/\/institucional.ufrrj.br\/ccs\/files\/2025\/01\/layout_institutos_pro-reitorias.jpg","contentUrl":"https:\/\/institucional.ufrrj.br\/ccs\/files\/2025\/01\/layout_institutos_pro-reitorias.jpg","width":1496,"height":668},{"@type":"BreadcrumbList","@id":"https:\/\/institucional.ufrrj.br\/ccs\/design\/#breadcrumb","itemListElement":[{"@type":"ListItem","position":1,"name":"In\u00edcio","item":"https:\/\/institucional.ufrrj.br\/ccs\/"},{"@type":"ListItem","position":2,"name":"Design"}]},{"@type":"WebSite","@id":"https:\/\/institucional.ufrrj.br\/ccs\/#website","url":"https:\/\/institucional.ufrrj.br\/ccs\/","name":"Coordenadoria de Comunica\u00e7\u00e3o Social - CCS","description":"Coordenadoria de Comunica\u00e7\u00e3o Social - CCS","potentialAction":[{"@type":"SearchAction","target":{"@type":"EntryPoint","urlTemplate":"https:\/\/institucional.ufrrj.br\/ccs\/?s={search_term_string}"},"query-input":{"@type":"PropertyValueSpecification","valueRequired":true,"valueName":"search_term_string"}}],"inLanguage":"pt-BR"}]}},"acf":[],"_links":{"self":[{"href":"https:\/\/institucional.ufrrj.br\/ccs\/wp-json\/wp\/v2\/pages\/1628","targetHints":{"allow":["GET"]}}],"collection":[{"href":"https:\/\/institucional.ufrrj.br\/ccs\/wp-json\/wp\/v2\/pages"}],"about":[{"href":"https:\/\/institucional.ufrrj.br\/ccs\/wp-json\/wp\/v2\/types\/page"}],"author":[{"embeddable":true,"href":"https:\/\/institucional.ufrrj.br\/ccs\/wp-json\/wp\/v2\/users\/730"}],"replies":[{"embeddable":true,"href":"https:\/\/institucional.ufrrj.br\/ccs\/wp-json\/wp\/v2\/comments?post=1628"}],"version-history":[{"count":2,"href":"https:\/\/institucional.ufrrj.br\/ccs\/wp-json\/wp\/v2\/pages\/1628\/revisions"}],"predecessor-version":[{"id":2461,"href":"https:\/\/institucional.ufrrj.br\/ccs\/wp-json\/wp\/v2\/pages\/1628\/revisions\/2461"}],"wp:attachment":[{"href":"https:\/\/institucional.ufrrj.br\/ccs\/wp-json\/wp\/v2\/media?parent=1628"}],"curies":[{"name":"wp","href":"https:\/\/api.w.org\/{rel}","templated":true}]}}