{"id":356,"date":"2020-04-16T11:25:41","date_gmt":"2020-04-16T14:25:41","guid":{"rendered":"http:\/\/institucional.ufrrj.br\/acessoainformacao\/?page_id=356"},"modified":"2022-05-09T16:19:33","modified_gmt":"2022-05-09T19:19:33","slug":"acoes-e-programas","status":"publish","type":"page","link":"https:\/\/institucional.ufrrj.br\/acessoainformacao\/acoes-e-programas\/","title":{"rendered":"A\u00e7\u00f5es e Programas"},"content":{"rendered":"\n<p>Nesta Se\u00e7\u00e3o sa\u0303o divulgadas as informac\u0327o\u0303es pertinentes aos programas, ac\u0327o\u0303es, projetos e atividades implementadas pela Universidade Federal Rural do Rio de Janeiro \u2013 UFRRJ<\/p>\n\n\n\n<p>As informa\u00e7\u00f5es referentes aos principais a\u00e7\u00f5es e programas desenvolvidas pela UFRRJ est\u00e3o inseridas em seu Plano de Desenvolvimento Institucional (PDI).<\/p>\n\n\n\n<div style=\"height:50px\" aria-hidden=\"true\" class=\"wp-block-spacer\"><\/div>\n\n\n\n<h2 class=\"wp-block-heading\">PLANO DE DESENVOLVIMENTO INSTITUCIONAL (PDI)<\/h2>\n\n\n\n<p>Todas as a\u00e7\u00f5es e programas realizados pela Universidade est\u00e3o baseadas no Plano de Desenvolvimento Institucional (PDI). O PDI possui um conjunto de objetivos, estrat\u00e9gias e indicadores, divididos em diferentes eixos norteadores, todos relacionados \u00e0s atividades fim da Institui\u00e7\u00e3o. A execu\u00e7\u00e3o do PDI se d\u00e1 por meio de a\u00e7\u00f5es, realizadas anualmente pelas Unidades Acad\u00eamicas e Administrativas da Universidade, vinculadas aos Programas definidos no pr\u00f3prio PDI.<\/p>\n\n\n\n<div class=\"wp-block-buttons is-layout-flex wp-block-buttons-is-layout-flex\">\n<div class=\"wp-block-button\"><a class=\"wp-block-button__link has-branco-color has-text-color\" href=\"https:\/\/institucional.ufrrj.br\/pdi\/\">Acessar<\/a><\/div>\n<\/div>\n\n\n\n<div style=\"height:50px\" aria-hidden=\"true\" class=\"wp-block-spacer\"><\/div>\n\n\n\n<h2 class=\"wp-block-heading\">PLANO INSTITUCIONAL DE RISCOS<\/h2>\n\n\n\n<p>O plano cujo objetivo \u00e9 estruturar uma orienta\u00e7\u00e3o sistem\u00e1tica para a gest\u00e3o de riscos na UFRRJ, envolvendo os processos de estabelecimento do contexto, identifica\u00e7\u00e3o, avalia\u00e7\u00e3o, tratamento,<br>monitoramento e comunica\u00e7\u00e3o dos riscos da Institui\u00e7\u00e3o, de modo a oferecer aos dirigentes as informa\u00e7\u00f5es necess\u00e1rias, que contribuam, com as tomadas de decis\u00f5es e com o alcance dos objetivos<br>institucionais, conforme preconiza a Pol\u00edtica de Gest\u00e3o de Riscos da UFRRJ.<\/p>\n\n\n\n<div class=\"wp-block-buttons is-layout-flex wp-block-buttons-is-layout-flex\">\n<div class=\"wp-block-button\"><a class=\"wp-block-button__link has-branco-color has-text-color\" href=\"https:\/\/institucional.ufrrj.br\/soc\/files\/2018\/10\/Delib046CONSU2018.pdf\">Acessar<\/a><\/div>\n<\/div>\n\n\n\n<div style=\"height:50px\" aria-hidden=\"true\" class=\"wp-block-spacer\"><\/div>\n\n\n\n<h2 class=\"wp-block-heading\">PLANO DE INTEGRIDADE<\/h2>\n\n\n\n<p>O Plano de Integridade busca desenvolver e adequar ao cotidiano da UFRRJ \u00e0s orienta\u00e7\u00f5es por ela assentada. Sua exist\u00eancia visa a inibir e, quando for o caso, combater e punir desvios comportamentais que venham a ocorrer no Servi\u00e7o P\u00fablico, desvios esses que, em boa hora, a pr\u00f3pria sociedade deliberou coibir. Outro n\u00e3o pode ser o comportamento do Servidor P\u00fablico.<\/p>\n\n\n\n<div class=\"wp-block-buttons is-layout-flex wp-block-buttons-is-layout-flex\">\n<div class=\"wp-block-button\"><a class=\"wp-block-button__link has-branco-color has-text-color\" href=\"https:\/\/institucional.ufrrj.br\/soc\/files\/2018\/12\/Delib069CONSU2018.pdf\">Acessar<\/a><\/div>\n<\/div>\n\n\n\n<div style=\"height:50px\" aria-hidden=\"true\" class=\"wp-block-spacer\"><\/div>\n\n\n\n<h2 class=\"wp-block-heading\">PLANO DIRETOR DE TECNOLOGIA DA INFORMA\u00c7\u00c3O &#8211; PDTI<\/h2>\n\n\n\n<p>O Plano Diretor de Tecnologia da Informa\u00e7\u00e3o e Comunica\u00e7\u00e3o (PDTIC) \u00e9 o instrumento de planejamento das a\u00e7\u00f5es de Tecnologia da Informa\u00e7\u00e3o e Comunica\u00e7\u00e3o (TIC) da Universidade Federal Rural do Rio e Janeiro (UFRN). Com isso, buscam-se justificar os recursos aplicados em TIC, minimizar o desperd\u00edcio, garantir o controle e aplicar esfor\u00e7os naquilo que \u00e9 considerado mais relevante a fim de otimizar o gasto p\u00fablico e melhorar o servi\u00e7o prestado \u00e0 comunidade.<\/p>\n\n\n\n<div class=\"wp-block-buttons is-layout-flex wp-block-buttons-is-layout-flex\">\n<div class=\"wp-block-button\"><a class=\"wp-block-button__link has-branco-color has-text-color\" href=\"https:\/\/cotic.ufrrj.br\/quem-somos\/pdtic\/\">Acessar<\/a><\/div>\n<\/div>\n\n\n\n<div style=\"height:50px\" aria-hidden=\"true\" class=\"wp-block-spacer\"><\/div>\n\n\n\n<h2 class=\"wp-block-heading\">PLANO DE DADOS ABERTOS &#8211; PDA<\/h2>\n\n\n\n<p>O Plano de Dados Abertos (PDA) tem como objetivo orientar as ac\u0327o\u0303es de implementac\u0327a\u0303o e de promoc\u0327a\u0303o da iniciativa de abertura de dados da Universidade Federal Rural do Rio de Janeiro. O PDA atende a\u0300s exige\u0302ncias estabelecidas no Decreto no 8.777 de 2016 e suas ac\u0327o\u0303es esta\u0303o em consona\u0302ncia com o disposto na Lei de Acesso a\u0300 Informac\u0327a\u0303o \u2013 LAI; Lei Nacional de Protec\u0327a\u0303o de Dados Pessoais &#8211; LGDP, no art. 48 da Lei Complementar no 101, de 4 de maio de 2000; na Instruc\u0327a\u0303o Normativa SLTI no 4, de 13 de abril de 2012 (que institui a Infraestrutura Nacional de Dados Abertos); no Decreto Presidencial no 6.666, de 27 de novembro de 2008 (que institui a Infraestrutura Nacional de Dados Espaciais); assim como com os compromissos assumidos pelo Executivo Federal no a\u0302mbito da Parceria para Governo Aberto (Open Government Partnership \u2013 OGP).<\/p>\n\n\n\n<div class=\"wp-block-buttons is-layout-flex wp-block-buttons-is-layout-flex\">\n<div class=\"wp-block-button\"><a class=\"wp-block-button__link has-branco-color has-text-color\" href=\"https:\/\/institucional.ufrrj.br\/acessoainformacao\/files\/2020\/07\/Plano_de_dados_abertos_da_UFRRJ_-_2020-2022.pdf\">Acessar<\/a><\/div>\n<\/div>\n\n\n\n<div style=\"height:50px\" aria-hidden=\"true\" class=\"wp-block-spacer\"><\/div>\n\n\n\n<p>A Carta de Servi\u00e7os \u00e9 um documento elaborado por uma organiza\u00e7\u00e3o p\u00fablica que visa informar aos cidad\u00e3os quais os servi\u00e7os prestados por ela, como acessar e obter esses servi\u00e7os e quais s\u00e3o os compromissos de atendimento estabelecidos. Com a sua elabora\u00e7\u00e3o, a Universidade Federal Rural do Rio de Janeiro firma mais uma vez seu compromisso com a popula\u00e7\u00e3o, uma vez que oferece mais informa\u00e7\u00e3o e transpar\u00eancia sobre os seus servi\u00e7os. A expectativa \u00e9 que, com isso, o cidad\u00e3o possa, exercendo o seu controle social, nos ajudar a aprimorar a qualidade e a presteza do atendimento.<\/p>\n\n\n\n<div class=\"wp-block-buttons is-layout-flex wp-block-buttons-is-layout-flex\">\n<div class=\"wp-block-button\"><a class=\"wp-block-button__link has-branco-color has-text-color\" href=\"https:\/\/portal.ufrrj.br\/servicos\/carta-de-servico\/\">Acessar<\/a><\/div>\n<\/div>\n\n\n\n<div style=\"height:50px\" aria-hidden=\"true\" class=\"wp-block-spacer\"><\/div>\n\n\n\n<p>A UFRRJ n\u00e3o desenvolve programas, ac\u0327\u00f5es, projetos e atividades que resultem em ren\u00fancias de receitas.<br>A UFRRJ n\u00e3o desenvolve programas, ac\u0327\u00f5es, projetos e atividades financiados pelo Fundo de Amparo ao Trabalhador (FAT).<\/p>\n","protected":false},"excerpt":{"rendered":"<p>Nesta Se\u00e7\u00e3o sa\u0303o divulgadas as informac\u0327o\u0303es pertinentes aos programas, ac\u0327o\u0303es, projetos e atividades implementadas pela Universidade Federal Rural do Rio <a class=\"read-more\" href=\"https:\/\/institucional.ufrrj.br\/acessoainformacao\/acoes-e-programas\/ \" >&#8230; <span class=\"font-italic\">leia mais <i class=\"fas fa-angle-right\"><\/i><\/span><\/a><\/p>\n","protected":false},"author":634,"featured_media":0,"parent":0,"menu_order":0,"comment_status":"closed","ping_status":"closed","template":"","meta":{"footnotes":""},"class_list":["post-356","page","type-page","status-publish","hentry"],"yoast_head":"<!-- This site is optimized with the Yoast SEO plugin v27.2 - https:\/\/yoast.com\/product\/yoast-seo-wordpress\/ -->\n<title>A\u00e7\u00f5es e Programas - Acesso \u00e0 Informa\u00e7\u00e3o<\/title>\n<meta name=\"robots\" content=\"index, follow, max-snippet:-1, max-image-preview:large, max-video-preview:-1\" \/>\n<link rel=\"canonical\" href=\"https:\/\/institucional.ufrrj.br\/acessoainformacao\/acoes-e-programas\/\" \/>\n<meta property=\"og:locale\" content=\"pt_BR\" \/>\n<meta property=\"og:type\" content=\"article\" \/>\n<meta property=\"og:title\" content=\"A\u00e7\u00f5es e Programas - Acesso \u00e0 Informa\u00e7\u00e3o\" \/>\n<meta property=\"og:description\" content=\"Nesta Se\u00e7\u00e3o sa\u0303o divulgadas as informac\u0327o\u0303es pertinentes aos programas, ac\u0327o\u0303es, projetos e atividades implementadas pela Universidade Federal Rural do Rio ... leia mais\" \/>\n<meta property=\"og:url\" content=\"https:\/\/institucional.ufrrj.br\/acessoainformacao\/acoes-e-programas\/\" \/>\n<meta property=\"og:site_name\" content=\"Acesso \u00e0 Informa\u00e7\u00e3o\" \/>\n<meta property=\"article:modified_time\" content=\"2022-05-09T19:19:33+00:00\" \/>\n<meta name=\"twitter:card\" content=\"summary_large_image\" \/>\n<meta name=\"twitter:label1\" content=\"Est. tempo de leitura\" \/>\n\t<meta name=\"twitter:data1\" content=\"3 minutos\" \/>\n<script type=\"application\/ld+json\" class=\"yoast-schema-graph\">{\"@context\":\"https:\/\/schema.org\",\"@graph\":[{\"@type\":\"WebPage\",\"@id\":\"https:\/\/institucional.ufrrj.br\/acessoainformacao\/acoes-e-programas\/\",\"url\":\"https:\/\/institucional.ufrrj.br\/acessoainformacao\/acoes-e-programas\/\",\"name\":\"A\u00e7\u00f5es e Programas - Acesso \u00e0 Informa\u00e7\u00e3o\",\"isPartOf\":{\"@id\":\"https:\/\/institucional.ufrrj.br\/acessoainformacao\/#website\"},\"datePublished\":\"2020-04-16T14:25:41+00:00\",\"dateModified\":\"2022-05-09T19:19:33+00:00\",\"breadcrumb\":{\"@id\":\"https:\/\/institucional.ufrrj.br\/acessoainformacao\/acoes-e-programas\/#breadcrumb\"},\"inLanguage\":\"pt-BR\",\"potentialAction\":[{\"@type\":\"ReadAction\",\"target\":[\"https:\/\/institucional.ufrrj.br\/acessoainformacao\/acoes-e-programas\/\"]}]},{\"@type\":\"BreadcrumbList\",\"@id\":\"https:\/\/institucional.ufrrj.br\/acessoainformacao\/acoes-e-programas\/#breadcrumb\",\"itemListElement\":[{\"@type\":\"ListItem\",\"position\":1,\"name\":\"In\u00edcio\",\"item\":\"https:\/\/institucional.ufrrj.br\/acessoainformacao\/\"},{\"@type\":\"ListItem\",\"position\":2,\"name\":\"A\u00e7\u00f5es e Programas\"}]},{\"@type\":\"WebSite\",\"@id\":\"https:\/\/institucional.ufrrj.br\/acessoainformacao\/#website\",\"url\":\"https:\/\/institucional.ufrrj.br\/acessoainformacao\/\",\"name\":\"Acesso \u00e0 Informa\u00e7\u00e3o\",\"description\":\"UFRRJ\",\"potentialAction\":[{\"@type\":\"SearchAction\",\"target\":{\"@type\":\"EntryPoint\",\"urlTemplate\":\"https:\/\/institucional.ufrrj.br\/acessoainformacao\/?s={search_term_string}\"},\"query-input\":{\"@type\":\"PropertyValueSpecification\",\"valueRequired\":true,\"valueName\":\"search_term_string\"}}],\"inLanguage\":\"pt-BR\"}]}<\/script>\n<!-- \/ Yoast SEO plugin. -->","yoast_head_json":{"title":"A\u00e7\u00f5es e Programas - Acesso \u00e0 Informa\u00e7\u00e3o","robots":{"index":"index","follow":"follow","max-snippet":"max-snippet:-1","max-image-preview":"max-image-preview:large","max-video-preview":"max-video-preview:-1"},"canonical":"https:\/\/institucional.ufrrj.br\/acessoainformacao\/acoes-e-programas\/","og_locale":"pt_BR","og_type":"article","og_title":"A\u00e7\u00f5es e Programas - Acesso \u00e0 Informa\u00e7\u00e3o","og_description":"Nesta Se\u00e7\u00e3o sa\u0303o divulgadas as informac\u0327o\u0303es pertinentes aos programas, ac\u0327o\u0303es, projetos e atividades implementadas pela Universidade Federal Rural do Rio ... leia mais","og_url":"https:\/\/institucional.ufrrj.br\/acessoainformacao\/acoes-e-programas\/","og_site_name":"Acesso \u00e0 Informa\u00e7\u00e3o","article_modified_time":"2022-05-09T19:19:33+00:00","twitter_card":"summary_large_image","twitter_misc":{"Est. tempo de leitura":"3 minutos"},"schema":{"@context":"https:\/\/schema.org","@graph":[{"@type":"WebPage","@id":"https:\/\/institucional.ufrrj.br\/acessoainformacao\/acoes-e-programas\/","url":"https:\/\/institucional.ufrrj.br\/acessoainformacao\/acoes-e-programas\/","name":"A\u00e7\u00f5es e Programas - Acesso \u00e0 Informa\u00e7\u00e3o","isPartOf":{"@id":"https:\/\/institucional.ufrrj.br\/acessoainformacao\/#website"},"datePublished":"2020-04-16T14:25:41+00:00","dateModified":"2022-05-09T19:19:33+00:00","breadcrumb":{"@id":"https:\/\/institucional.ufrrj.br\/acessoainformacao\/acoes-e-programas\/#breadcrumb"},"inLanguage":"pt-BR","potentialAction":[{"@type":"ReadAction","target":["https:\/\/institucional.ufrrj.br\/acessoainformacao\/acoes-e-programas\/"]}]},{"@type":"BreadcrumbList","@id":"https:\/\/institucional.ufrrj.br\/acessoainformacao\/acoes-e-programas\/#breadcrumb","itemListElement":[{"@type":"ListItem","position":1,"name":"In\u00edcio","item":"https:\/\/institucional.ufrrj.br\/acessoainformacao\/"},{"@type":"ListItem","position":2,"name":"A\u00e7\u00f5es e Programas"}]},{"@type":"WebSite","@id":"https:\/\/institucional.ufrrj.br\/acessoainformacao\/#website","url":"https:\/\/institucional.ufrrj.br\/acessoainformacao\/","name":"Acesso \u00e0 Informa\u00e7\u00e3o","description":"UFRRJ","potentialAction":[{"@type":"SearchAction","target":{"@type":"EntryPoint","urlTemplate":"https:\/\/institucional.ufrrj.br\/acessoainformacao\/?s={search_term_string}"},"query-input":{"@type":"PropertyValueSpecification","valueRequired":true,"valueName":"search_term_string"}}],"inLanguage":"pt-BR"}]}},"_links":{"self":[{"href":"https:\/\/institucional.ufrrj.br\/acessoainformacao\/wp-json\/wp\/v2\/pages\/356","targetHints":{"allow":["GET"]}}],"collection":[{"href":"https:\/\/institucional.ufrrj.br\/acessoainformacao\/wp-json\/wp\/v2\/pages"}],"about":[{"href":"https:\/\/institucional.ufrrj.br\/acessoainformacao\/wp-json\/wp\/v2\/types\/page"}],"author":[{"embeddable":true,"href":"https:\/\/institucional.ufrrj.br\/acessoainformacao\/wp-json\/wp\/v2\/users\/634"}],"replies":[{"embeddable":true,"href":"https:\/\/institucional.ufrrj.br\/acessoainformacao\/wp-json\/wp\/v2\/comments?post=356"}],"version-history":[{"count":15,"href":"https:\/\/institucional.ufrrj.br\/acessoainformacao\/wp-json\/wp\/v2\/pages\/356\/revisions"}],"predecessor-version":[{"id":593,"href":"https:\/\/institucional.ufrrj.br\/acessoainformacao\/wp-json\/wp\/v2\/pages\/356\/revisions\/593"}],"wp:attachment":[{"href":"https:\/\/institucional.ufrrj.br\/acessoainformacao\/wp-json\/wp\/v2\/media?parent=356"}],"curies":[{"name":"wp","href":"https:\/\/api.w.org\/{rel}","templated":true}]}}